{"id":3,"date":"2023-12-21T00:47:54","date_gmt":"2023-12-20T23:47:54","guid":{"rendered":"https:\/\/mueblesdetena.es\/?page_id=3"},"modified":"2024-01-25T18:48:27","modified_gmt":"2024-01-25T17:48:27","slug":"politica-privacidad","status":"publish","type":"page","link":"https:\/\/mueblesdetena.es\/ru_ru\/politica-privacidad\/","title":{"rendered":"Pol\u00edtica de privacidad"},"content":{"rendered":"\n<p class=\"wp-block-paragraph\">La visita a la Web <a href=\"https:\/\/mueblesdetena.es\/\">mueblesdetena.es<\/a> no implica que el usuario se registre o que deba facilitar datos de car\u00e1cter personal. En el caso que se soliciten datos, la web le informar\u00e1 sobre esta pol\u00edtica de privacidad.<\/p>\n\n\n\n<p class=\"wp-block-paragraph\">El tratamiento de datos de contacto y en su caso los relativos a la funci\u00f3n o puesto desempe\u00f1ado de las personas f\u00edsicas, que presten servicios en una persona jur\u00eddica, as\u00ed como, de empresarios individuales y profesionales liberales; se referir\u00e1 \u00fanicamente a los datos necesarios para su localizaci\u00f3n profesional, y para mantener relaciones comerciales.<\/p>\n\n\n\n<p class=\"wp-block-paragraph\">En cumplimiento con el Reglamento EU 2016\/679 del Parlamento Europeo y del Consejo, de 27 de abril de 2016, relativo a la protecci\u00f3n de las personas f\u00edsicas en lo que respecta al tratamiento de datos personales y a la libre circulaci\u00f3n de estos datos (RGPD); Muebles Detena informa a los usuarios del sitio web de su Pol\u00edtica de Privacidad, para que determinen libre y voluntariamente si desean facilitar los datos personales que les sean requeridos con ocasi\u00f3n de la cumplimentaci\u00f3n de cualquier formulario de contacto o correo electr\u00f3nico.<\/p>\n\n\n\n<p class=\"wp-block-paragraph\">Cuando usted quiera contactar con nosotros puede rellenar un formulario de contacto donde se le informar\u00e1 sobre el car\u00e1cter obligatorio de facilitar algunos datos, o mediante otros canales de comunicaci\u00f3n y redes sociales; los datos obligatorios ser\u00e1n indicados mediante un asterisco [*].<\/p>\n\n\n\n<h2 class=\"wp-block-heading\"><a><\/a>\u00bfA d\u00f3nde van tus datos?<\/h2>\n\n\n\n<p class=\"wp-block-paragraph\">Los datos personales que nos facilite suponen un consentimiento expreso, para ser tratados e incorporados a un fichero responsabilidad de Muebles Detena con domicilio en Avinguda Catalunya, 81 \u2013 08930 Sant Adri\u00e0 del Bes\u00f2s, Barcelona y email de contacto: detenaxp@yahoo.es.<\/p>\n\n\n\n<h2 class=\"wp-block-heading\"><a><\/a> \u00bfPara qu\u00e9 necesitamos tus datos?<\/h2>\n\n\n\n<p class=\"wp-block-paragraph\">Los datos recabados ser\u00e1n tratados por Muebles Detena, con las siguientes finalidades:<\/p>\n\n\n\n<ul class=\"wp-block-list\">\n<li><strong>Atender, gestionar y responder a sus consultas<\/strong> y\/o peticiones que puedan efectuar mediante formularios de contacto, a trav\u00e9s de email, redes sociales y otros canales de comunicaci\u00f3n como WhatsApp, Messenger, Linkedin, etc.<\/li>\n\n\n\n<li><strong>Cumplimiento de los servicios contratados.<\/strong><\/li>\n\n\n\n<li><strong>Fidelizaci\u00f3n de clientes y clientes potenciales. <\/strong>Env\u00edo de comunicaciones comerciales por cualquier medio (postal, correo electr\u00f3nico o tel\u00e9fono), relacionada con los servicios comercializados por Muebles Detena para clientes y personas interesadas en nuestros servicios. Podr\u00e1n ser personalizadas en atenci\u00f3n a los intereses y las preferencias del usuario.<\/li>\n<\/ul>\n\n\n\n<p class=\"wp-block-paragraph\">Muebles Detena informa de que los datos proporcionados por el usuario no ser\u00e1n segmentados ni utilizados con fines distintos a los anteriormente expuestos; excepto de forma anonimizada para los estudios estad\u00edsticos e hist\u00f3ricos internos de la compa\u00f1\u00eda.<\/p>\n\n\n\n<h2 class=\"wp-block-heading\"><a><\/a>\u00bfCu\u00e1l es la base legal del tratamiento?<\/h2>\n\n\n\n<p class=\"wp-block-paragraph\">El consentimiento del usuario y\/o el cumplimiento de una obligaci\u00f3n contractual, as\u00ed como el inter\u00e9s leg\u00edtimo de Muebles Detena. El env\u00edo de formularios de contacto son acciones positivas e inequ\u00edvocas de consentimiento para el tratamiento de los datos, en la medida que sea necesario para el cumplimiento de las finalidades arriba expuestas.<\/p>\n\n\n\n<h2 class=\"wp-block-heading\"><a><\/a>\u00bfSe compartir\u00e1 su informaci\u00f3n con alguien?<\/h2>\n\n\n\n<p class=\"wp-block-paragraph\">Muebles Detena no cede los datos personales sin previo consentimiento del usuario, salvo para el cumplimiento de obligaciones legales.<\/p>\n\n\n\n<p class=\"wp-block-paragraph\"><strong>\u00bfUtiliza Muebles Detena<\/strong> <strong>cookies y otras tecnolog\u00edas de seguimiento?<\/strong><\/p>\n\n\n\n<p class=\"wp-block-paragraph\">Muebles Detena puede utilizar cookies y tecnolog\u00edas de seguimiento similares (como balizas web y p\u00edxeles) para acceder o almacenar informaci\u00f3n. La informaci\u00f3n espec\u00edfica sobre c\u00f3mo Muebles Detena utiliza dichas tecnolog\u00edas y c\u00f3mo puede rechazar determinadas cookies se establece en nuestra <a href=\"\/pol%C3%ADtica-de-cookies\/\">Pol\u00ed<\/a><a href=\"\/pol%C3%ADtica-de-cookies\/\">tica de cookies<\/a>.<\/p>\n\n\n\n<h2 class=\"wp-block-heading\"><a><\/a>\u00bfCu\u00e1nto tiempo conservamos tus datos?<\/h2>\n\n\n\n<p class=\"wp-block-paragraph\">Los datos ser\u00e1n conservados y tratados mientras se mantenga la relaci\u00f3n comercial con el usuario o hasta que Usted nos solicite su cancelaci\u00f3n, y como m\u00ednimo, por el tiempo que venga impuesto por imperativos legales vigentes a Muebles Detena.<\/p>\n\n\n\n<p class=\"wp-block-paragraph\"><strong>\u00bfQu\u00e9 datos precisamos?<\/strong><\/p>\n\n\n\n<p class=\"wp-block-paragraph\">Los datos que se recaban son datos identificativos b\u00e1sicos como nombre, correo electr\u00f3nico, datos de contacto e informaci\u00f3n de su entorno.<\/p>\n\n\n\n<p class=\"wp-block-paragraph\">Las casillas marcadas con el s\u00edmbolo [*] son de car\u00e1cter obligatorio, y su relleno supone la aceptaci\u00f3n plena e incondicional de esta pol\u00edtica de privacidad.<\/p>\n\n\n\n<p class=\"wp-block-paragraph\">Veracidad de los datos<\/p>\n\n\n\n<p class=\"wp-block-paragraph\">El usuario responder\u00e1, en cualquier caso, de la veracidad de los datos facilitados, reserv\u00e1ndose mueblesdetena.es el derecho a excluir a todo usuario que haya facilitado datos falsos, sin perjuicio de las dem\u00e1s acciones que procedan en Derecho.<\/p>\n\n\n\n<h2 class=\"wp-block-heading\"><a><\/a>\u00bfQu\u00e9 derechos y obligaciones tienes frente a este tratamiento?<\/h2>\n\n\n\n<p class=\"wp-block-paragraph\">Es responsabilidad del usuario facilitar todos los datos actualizados que se requieran como obligatorios para el uso y disfrute de la Web. Los datos y la informaci\u00f3n proporcionados se supondr\u00e1n como ciertos, veraces y actuales, siendo responsabilidad del usuario modificar y\/o actualizar en todo momento dicha informaci\u00f3n; en caso contrario, se entender\u00e1 que los datos no han sido modificados y que son exactos y actuales.<\/p>\n\n\n\n<p class=\"wp-block-paragraph\">Si usted nos ha facilitado datos personales de un tercero deber\u00e1, con car\u00e1cter previo a su inclusi\u00f3n, haberle informado y solicitado su consentimiento de los extremos aqu\u00ed expuestos.<\/p>\n\n\n\n<p class=\"wp-block-paragraph\">En cualquier momento, usted podr\u00e1 ejercer sus derechos de acceso, rectificaci\u00f3n, supresi\u00f3n, oposici\u00f3n y limitaci\u00f3n del tratamiento, dirigi\u00e9ndose por escrito indicando PROTECCI\u00d3N DE DATOS a la direcci\u00f3n de nuestro domicilio social situado en Avinguda Catalunya, 81 \u2013 08930 Sant Adri\u00e0 del Bes\u00f2s, Barcelona, o por correo electr\u00f3nico a la direcci\u00f3n detenaxp@yahoo.es. En caso de marketing o comunicaciones electr\u00f3nicas directas, los env\u00edos ofrecer\u00e1n un sistema autom\u00e1tico para rechazar la recepci\u00f3n de comunicaciones comerciales futuras; todo ello sin efectos retroactivos sobre el anterior tratamiento o cesi\u00f3n de datos a terceros, y sin menoscabo de las obligaciones y consecuencias legales que de ello se deriven.<\/p>\n\n\n\n<p class=\"wp-block-paragraph\">En concreto el contenido general de sus derechos son:<\/p>\n\n\n\n<p class=\"wp-block-paragraph\"><strong>(1) Derecho de Acceso.<\/strong> Derecho a confirmar que estamos tratando sus datos personales y, en caso afirmativo, a obtener una copia de dichos datos e informaci\u00f3n completa sobre el tratamiento.<\/p>\n\n\n\n<p class=\"wp-block-paragraph\"><strong>(2) Derecho de rectificaci\u00f3<\/strong><strong>n.<\/strong> Derecho a corregir errores, modificar los datos inexactos o incompletos y garantizar la certeza de la informaci\u00f3n objeto de tratamiento.<\/p>\n\n\n\n<p class=\"wp-block-paragraph\"><strong>(3) Derecho de supresi\u00f3<\/strong><strong>n.<\/strong> Derecho a solicitar la supresi\u00f3n de sus datos sin dilaci\u00f3n indebida, en caso de que el tratamiento sea il\u00edcito o la finalidad que motiv\u00f3 su tratamiento o recogida hubiera desaparecido.<\/p>\n\n\n\n<p class=\"wp-block-paragraph\"><strong>(4) Derecho a la limitaci\u00f3n del tratamiento.<\/strong> Derecho a solicitar la suspensi\u00f3n del tratamiento en caso de que \u00e9ste sea il\u00edcito o la exactitud de los datos haya sido impugnada.<\/p>\n\n\n\n<p class=\"wp-block-paragraph\"><strong>(5) Derecho de oposici\u00f3<\/strong><strong>n.<\/strong> Derecho a oponerse al tratamiento de sus datos cuando tenga por objeto el marketing directo o cuando deba cesar el tratamiento por motivos relacionados con su situaci\u00f3n personal, salvo que se acredite un inter\u00e9s leg\u00edtimo o sea necesario para el ejercicio o defensa de reclamaciones.<\/p>\n\n\n\n<p class=\"wp-block-paragraph\"><strong>(6) Derecho a no ser objeto de decisiones individualizadas.<\/strong> Aunque Muebles Detena no toma decisiones automatizadas, le informamos que de todos modos tiene el derecho a no ser objeto de una decisi\u00f3n basada \u00fanicamente en el tratamiento automatizado, incluida la elaboraci\u00f3n de perfiles, que produzca efectos jur\u00eddicos o te afecte, salvo que sea necesario para la ejecuci\u00f3n de un contrato, est\u00e9 permitida por la Ley o hayas dado tu consentimiento expl\u00edcito.<\/p>\n\n\n\n<p class=\"wp-block-paragraph\">El ejercicio de estos derechos es gratuito, salvo que se formulen solicitudes manifiestamente infundadas o excesivas, en cuyo caso el interesado podr\u00e1 ser requerido a asumir el coste de la tramitaci\u00f3n de la solicitud.<\/p>\n\n\n\n<p class=\"wp-block-paragraph\">As\u00ed mismo, le recordamos que conforme al Reglamento EU 2016\/679, <strong>Usted tiene derecho a reclamar por cualquier incumplimiento legal ante las autoridades de protecci\u00f3n de datos <\/strong>competentes.<\/p>\n\n\n\n<h2 class=\"wp-block-heading\"><a><\/a>Seguridad y confidencialidad<\/h2>\n\n\n\n<p class=\"wp-block-paragraph\">Muebles Detena tratar\u00e1 los datos con la m\u00e1xima confidencialidad y guardar\u00e1n secreto profesional respecto de todos ellos, oblig\u00e1ndose a no comunicarlos a terceros no autorizados sin el consentimiento respectivo, ni siquiera para su conservaci\u00f3n, obligaci\u00f3n que subsistir\u00e1 a\u00fan despu\u00e9s de finalizar las relaciones comerciales con usted; todo ello de conformidad a la normativa vigente, adoptando las medidas de \u00edndole t\u00e9cnica, organizativa y de seguridad necesarias para garantizar la seguridad de los datos de car\u00e1cter personal que se tratan, y evitar su alteraci\u00f3n, p\u00e9rdida o tratamiento no autorizado, habida cuenta del estado de la t\u00e9cnica, el coste de la aplicaci\u00f3n, la naturaleza de los datos almacenados, \u00e1mbito, contexto y fines del tratamiento, as\u00ed como los riesgos de diversa probabilidad y gravedad a que est\u00e1n expuestos y que entra\u00f1a el tratamiento para los derechos y libertades de las personas f\u00edsicas.<\/p>\n\n\n\n<p class=\"wp-block-paragraph\"><\/p>\n","protected":false},"excerpt":{"rendered":"<p>La visita a la Web mueblesdetena.es no implica que el usuario se registre o que deba facilitar datos de car\u00e1cter personal. En el caso que se soliciten datos, la web le informar\u00e1 sobre esta pol\u00edtica de privacidad. El tratamiento de datos de contacto y en su caso los relativos a la funci\u00f3n o puesto desempe\u00f1ado [&hellip;]<\/p>\n","protected":false},"author":1,"featured_media":0,"parent":0,"menu_order":0,"comment_status":"closed","ping_status":"open","template":"","meta":{"site-sidebar-layout":"default","site-content-layout":"","ast-site-content-layout":"default","site-content-style":"default","site-sidebar-style":"default","ast-global-header-display":"","ast-banner-title-visibility":"","ast-main-header-display":"","ast-hfb-above-header-display":"","ast-hfb-below-header-display":"","ast-hfb-mobile-header-display":"","site-post-title":"","ast-breadcrumbs-content":"","ast-featured-img":"","footer-sml-layout":"","ast-disable-related-posts":"","theme-transparent-header-meta":"","adv-header-id-meta":"","stick-header-meta":"","header-above-stick-meta":"","header-main-stick-meta":"","header-below-stick-meta":"","astra-migrate-meta-layouts":"set","ast-page-background-enabled":"default","ast-page-background-meta":{"desktop":{"background-color":"var(--ast-global-color-4)","background-image":"","background-repeat":"repeat","background-position":"center center","background-size":"auto","background-attachment":"scroll","background-type":"","background-media":"","overlay-type":"","overlay-color":"","overlay-opacity":"","overlay-gradient":""},"tablet":{"background-color":"","background-image":"","background-repeat":"repeat","background-position":"center center","background-size":"auto","background-attachment":"scroll","background-type":"","background-media":"","overlay-type":"","overlay-color":"","overlay-opacity":"","overlay-gradient":""},"mobile":{"background-color":"","background-image":"","background-repeat":"repeat","background-position":"center center","background-size":"auto","background-attachment":"scroll","background-type":"","background-media":"","overlay-type":"","overlay-color":"","overlay-opacity":"","overlay-gradient":""}},"ast-content-background-meta":{"desktop":{"background-color":"var(--ast-global-color-5)","background-image":"","background-repeat":"repeat","background-position":"center center","background-size":"auto","background-attachment":"scroll","background-type":"","background-media":"","overlay-type":"","overlay-color":"","overlay-opacity":"","overlay-gradient":""},"tablet":{"background-color":"var(--ast-global-color-5)","background-image":"","background-repeat":"repeat","background-position":"center center","background-size":"auto","background-attachment":"scroll","background-type":"","background-media":"","overlay-type":"","overlay-color":"","overlay-opacity":"","overlay-gradient":""},"mobile":{"background-color":"var(--ast-global-color-5)","background-image":"","background-repeat":"repeat","background-position":"center center","background-size":"auto","background-attachment":"scroll","background-type":"","background-media":"","overlay-type":"","overlay-color":"","overlay-opacity":"","overlay-gradient":""}},"_joinchat":[],"footnotes":""},"class_list":["post-3","page","type-page","status-publish","hentry"],"_links":{"self":[{"href":"https:\/\/mueblesdetena.es\/ru_ru\/wp-json\/wp\/v2\/pages\/3","targetHints":{"allow":["GET"]}}],"collection":[{"href":"https:\/\/mueblesdetena.es\/ru_ru\/wp-json\/wp\/v2\/pages"}],"about":[{"href":"https:\/\/mueblesdetena.es\/ru_ru\/wp-json\/wp\/v2\/types\/page"}],"author":[{"embeddable":true,"href":"https:\/\/mueblesdetena.es\/ru_ru\/wp-json\/wp\/v2\/users\/1"}],"replies":[{"embeddable":true,"href":"https:\/\/mueblesdetena.es\/ru_ru\/wp-json\/wp\/v2\/comments?post=3"}],"version-history":[{"count":2,"href":"https:\/\/mueblesdetena.es\/ru_ru\/wp-json\/wp\/v2\/pages\/3\/revisions"}],"predecessor-version":[{"id":17762,"href":"https:\/\/mueblesdetena.es\/ru_ru\/wp-json\/wp\/v2\/pages\/3\/revisions\/17762"}],"wp:attachment":[{"href":"https:\/\/mueblesdetena.es\/ru_ru\/wp-json\/wp\/v2\/media?parent=3"}],"curies":[{"name":"wp","href":"https:\/\/api.w.org\/{rel}","templated":true}]}}