{"id":841,"date":"2022-07-27T06:01:45","date_gmt":"2022-07-27T06:01:45","guid":{"rendered":"https:\/\/mueblesdetena.es\/home\/"},"modified":"2026-07-26T11:49:28","modified_gmt":"2026-07-26T09:49:28","slug":"home","status":"publish","type":"page","link":"https:\/\/mueblesdetena.es\/ru_ru\/","title":{"rendered":"Home"},"content":{"rendered":"<div data-elementor-type=\"wp-page\" data-elementor-id=\"841\" class=\"elementor elementor-841\">\n\t\t\t\t\t\t<section class=\"elementor-section elementor-top-section elementor-element elementor-element-6dcfbb9 elementor-section-height-min-height elementor-section-boxed elementor-section-height-default elementor-section-items-middle\" data-id=\"6dcfbb9\" data-element_type=\"section\" data-e-type=\"section\" data-settings=\"{&quot;background_background&quot;:&quot;classic&quot;}\">\n\t\t\t\t\t\t<div class=\"elementor-container elementor-column-gap-no\">\n\t\t\t\t\t<div class=\"elementor-column elementor-col-100 elementor-top-column elementor-element elementor-element-1f40d34\" data-id=\"1f40d34\" data-element_type=\"column\" data-e-type=\"column\">\n\t\t\t<div class=\"elementor-widget-wrap elementor-element-populated\">\n\t\t\t\t\t\t<div class=\"elementor-element elementor-element-f42be0e elementor-widget elementor-widget-heading\" data-id=\"f42be0e\" data-element_type=\"widget\" data-e-type=\"widget\" data-widget_type=\"heading.default\">\n\t\t\t\t<div class=\"elementor-widget-container\">\n\t\t\t\t\t<h6 class=\"elementor-heading-title elementor-size-default\">Muebles en Badalona y Barcelona<\/h6>\t\t\t\t<\/div>\n\t\t\t\t<\/div>\n\t\t\t\t<div class=\"elementor-element elementor-element-2d6ea76 elementor-widget elementor-widget-heading\" data-id=\"2d6ea76\" data-element_type=\"widget\" data-e-type=\"widget\" data-widget_type=\"heading.default\">\n\t\t\t\t<div class=\"elementor-widget-container\">\n\t\t\t\t\t<h1 class=\"elementor-heading-title elementor-size-default\">Muebles en Badalona para aprovechar mejor tu espacio<\/h1>\t\t\t\t<\/div>\n\t\t\t\t<\/div>\n\t\t\t\t<div class=\"elementor-element elementor-element-6f9d321 elementor-widget elementor-widget-heading\" data-id=\"6f9d321\" data-element_type=\"widget\" data-e-type=\"widget\" data-widget_type=\"heading.default\">\n\t\t\t\t<div class=\"elementor-widget-container\">\n\t\t\t\t\t<h4 class=\"elementor-heading-title elementor-size-default\">Camas abatibles, sofas cama italianos, armarios a medida y vestidores<\/h4>\t\t\t\t<\/div>\n\t\t\t\t<\/div>\n\t\t\t\t<div class=\"elementor-element elementor-element-555f68b elementor-widget elementor-widget-button\" data-id=\"555f68b\" data-element_type=\"widget\" data-e-type=\"widget\" data-widget_type=\"button.default\">\n\t\t\t\t<div class=\"elementor-widget-container\">\n\t\t\t\t\t\t\t\t\t<div class=\"elementor-button-wrapper\">\n\t\t\t\t\t<a class=\"elementor-button elementor-button-link elementor-size-sm\" href=\"\/ru_ru\/tienda\/\">\n\t\t\t\t\t\t<span class=\"elementor-button-content-wrapper\">\n\t\t\t\t\t\t\t\t\t<span class=\"elementor-button-text\">SOLICITA PRESUPUESTO<\/span>\n\t\t\t\t\t<\/span>\n\t\t\t\t\t<\/a>\n\t\t\t\t<\/div>\n\t\t\t\t\t\t\t\t<\/div>\n\t\t\t\t<\/div>\n\t\t\t\t\t<\/div>\n\t\t<\/div>\n\t\t\t\t\t<\/div>\n\t\t<\/section>\n\t\t\t\t<section class=\"elementor-section elementor-top-section elementor-element elementor-element-4006625 elementor-section-boxed elementor-section-height-default elementor-section-height-default\" data-id=\"4006625\" data-element_type=\"section\" data-e-type=\"section\">\n\t\t\t\t\t\t<div class=\"elementor-container elementor-column-gap-no\">\n\t\t\t\t\t<div class=\"elementor-column elementor-col-100 elementor-top-column elementor-element elementor-element-623c480\" data-id=\"623c480\" data-element_type=\"column\" data-e-type=\"column\">\n\t\t\t<div class=\"elementor-widget-wrap elementor-element-populated\">\n\t\t\t\t\t\t<div class=\"elementor-element elementor-element-2350386 elementor-widget elementor-widget-heading\" data-id=\"2350386\" data-element_type=\"widget\" data-e-type=\"widget\" data-widget_type=\"heading.default\">\n\t\t\t\t<div class=\"elementor-widget-container\">\n\t\t\t\t\t<h6 class=\"elementor-heading-title elementor-size-default\">Categor\u00edas<\/h6>\t\t\t\t<\/div>\n\t\t\t\t<\/div>\n\t\t\t\t<div class=\"elementor-element elementor-element-c63b1c5 elementor-widget elementor-widget-heading\" data-id=\"c63b1c5\" data-element_type=\"widget\" data-e-type=\"widget\" data-widget_type=\"heading.default\">\n\t\t\t\t<div class=\"elementor-widget-container\">\n\t\t\t\t\t<h2 class=\"elementor-heading-title elementor-size-default\">\u00bfQu\u00e9 vas a renovar hoy?<\/h2>\t\t\t\t<\/div>\n\t\t\t\t<\/div>\n\t\t\t\t<div class=\"elementor-element elementor-element-729b78a elementor-widget-divider--view-line elementor-widget elementor-widget-divider\" data-id=\"729b78a\" data-element_type=\"widget\" data-e-type=\"widget\" data-widget_type=\"divider.default\">\n\t\t\t\t<div class=\"elementor-widget-container\">\n\t\t\t\t\t\t\t<div class=\"elementor-divider\">\n\t\t\t<span class=\"elementor-divider-separator\">\n\t\t\t\t\t\t<\/span>\n\t\t<\/div>\n\t\t\t\t\t\t<\/div>\n\t\t\t\t<\/div>\n\t\t\t\t<div class=\"elementor-element elementor-element-1571958 uael-woo-cat-title-pos-below-image uael-woo-category-grid uael-woo-cat--align-center elementor-widget elementor-widget-uael-woo-categories\" data-id=\"1571958\" data-element_type=\"widget\" data-e-type=\"widget\" data-settings=\"{&quot;cat_columns&quot;:&quot;4&quot;,&quot;cat_columns_tablet&quot;:&quot;3&quot;,&quot;cat_columns_mobile&quot;:&quot;2&quot;,&quot;column_gap&quot;:{&quot;unit&quot;:&quot;px&quot;,&quot;size&quot;:20,&quot;sizes&quot;:[]},&quot;column_gap_tablet&quot;:{&quot;unit&quot;:&quot;px&quot;,&quot;size&quot;:&quot;&quot;,&quot;sizes&quot;:[]},&quot;column_gap_mobile&quot;:{&quot;unit&quot;:&quot;px&quot;,&quot;size&quot;:&quot;&quot;,&quot;sizes&quot;:[]},&quot;row_gap&quot;:{&quot;unit&quot;:&quot;px&quot;,&quot;size&quot;:35,&quot;sizes&quot;:[]},&quot;row_gap_tablet&quot;:{&quot;unit&quot;:&quot;px&quot;,&quot;size&quot;:&quot;&quot;,&quot;sizes&quot;:[]},&quot;row_gap_mobile&quot;:{&quot;unit&quot;:&quot;px&quot;,&quot;size&quot;:&quot;&quot;,&quot;sizes&quot;:[]}}\" data-widget_type=\"uael-woo-categories.default\">\n\t\t\t\t<div class=\"elementor-widget-container\">\n\t\t\t\t\t<div class=\"uael-woo-categories uael-woo-categories-grid uael-woocommerce\"><div class=\"uael-woo-categories-inner  uael-woo-cat__column-4 uael-woo-cat__column-tablet-3 uael-woo-cat__column-mobile-2\"><ul class=\"products columns-4\">\n<li class=\"product-category product first\">\n\t<a href=\"https:\/\/mueblesdetena.es\/ru_ru\/camas-abatibles\/\"><div class=\"uael-product-cat-inner\"><img fetchpriority=\"high\" decoding=\"async\" src=\"https:\/\/mueblesdetena.es\/wp-content\/uploads\/2026\/05\/camas-abatibles-badalona-barcelona-300x300.jpg\" alt=\"Camas abatibles en Badalona y Barcelona\" width=\"300\" height=\"300\" srcset=\"https:\/\/mueblesdetena.es\/wp-content\/uploads\/2026\/05\/camas-abatibles-badalona-barcelona-300x300.jpg 300w, https:\/\/mueblesdetena.es\/wp-content\/uploads\/2026\/05\/camas-abatibles-badalona-barcelona-150x150.jpg 150w, https:\/\/mueblesdetena.es\/wp-content\/uploads\/2026\/05\/camas-abatibles-badalona-barcelona-100x100.jpg 100w\" sizes=\"(max-width: 300px) 100vw, 300px\" \/><div class=\"uael-category__title-wrap\"><h2 class=\"woocommerce-loop-category__title\">Camas abatibles en Badalona y Barcelona<\/h2><mark class=\"uael-count\">149 \u041f\u0440\u043e\u0434\u0443\u043a\u0442<\/mark><\/div><\/div><\/a><\/li>\n<li class=\"product-category product\">\n\t<a href=\"https:\/\/mueblesdetena.es\/ru_ru\/muebles-juveniles\/\"><div class=\"uael-product-cat-inner\"><img decoding=\"async\" src=\"https:\/\/mueblesdetena.es\/wp-content\/uploads\/2026\/05\/muebles-juveniles-en-badalona-y-barcelona-300x300.jpg\" alt=\"Muebles juveniles en Badalona y Barcelona\" width=\"300\" height=\"300\" srcset=\"https:\/\/mueblesdetena.es\/wp-content\/uploads\/2026\/05\/muebles-juveniles-en-badalona-y-barcelona-300x300.jpg 300w, https:\/\/mueblesdetena.es\/wp-content\/uploads\/2026\/05\/muebles-juveniles-en-badalona-y-barcelona-150x150.jpg 150w, https:\/\/mueblesdetena.es\/wp-content\/uploads\/2026\/05\/muebles-juveniles-en-badalona-y-barcelona-100x100.jpg 100w\" sizes=\"(max-width: 300px) 100vw, 300px\" \/><div class=\"uael-category__title-wrap\"><h2 class=\"woocommerce-loop-category__title\">Muebles juveniles en Badalona y Barcelona<\/h2><mark class=\"uael-count\">141 \u041f\u0440\u043e\u0434\u0443\u043a\u0442<\/mark><\/div><\/div><\/a><\/li>\n<li class=\"product-category product\">\n\t<a href=\"https:\/\/mueblesdetena.es\/ru_ru\/sofas-badalona\/\"><div class=\"uael-product-cat-inner\"><img decoding=\"async\" src=\"https:\/\/mueblesdetena.es\/wp-content\/uploads\/2026\/05\/sofas-en-badalona-y-barcelona-300x300.jpg\" alt=\"Sof\u00e1s en Badalona y Barcelona\" width=\"300\" height=\"300\" srcset=\"https:\/\/mueblesdetena.es\/wp-content\/uploads\/2026\/05\/sofas-en-badalona-y-barcelona-300x300.jpg 300w, https:\/\/mueblesdetena.es\/wp-content\/uploads\/2026\/05\/sofas-en-badalona-y-barcelona-150x150.jpg 150w, https:\/\/mueblesdetena.es\/wp-content\/uploads\/2026\/05\/sofas-en-badalona-y-barcelona-100x100.jpg 100w\" sizes=\"(max-width: 300px) 100vw, 300px\" \/><div class=\"uael-category__title-wrap\"><h2 class=\"woocommerce-loop-category__title\">Sof\u00e1s en Badalona y Barcelona<\/h2><mark class=\"uael-count\">103 \u041f\u0440\u043e\u0434\u0443\u043a\u0442<\/mark><\/div><\/div><\/a><\/li>\n<li class=\"product-category product last\">\n\t<a href=\"https:\/\/mueblesdetena.es\/ru_ru\/dormitorios-matrimonio\/\"><div class=\"uael-product-cat-inner\"><img loading=\"lazy\" decoding=\"async\" src=\"https:\/\/mueblesdetena.es\/wp-content\/uploads\/2026\/05\/dormitorios-de-matrimonio-en-badalona-y-barcelona-300x300.jpg\" alt=\"Dormitorios de matrimonio en Badalona y Barcelona\" width=\"300\" height=\"300\" srcset=\"https:\/\/mueblesdetena.es\/wp-content\/uploads\/2026\/05\/dormitorios-de-matrimonio-en-badalona-y-barcelona-300x300.jpg 300w, https:\/\/mueblesdetena.es\/wp-content\/uploads\/2026\/05\/dormitorios-de-matrimonio-en-badalona-y-barcelona-150x150.jpg 150w, https:\/\/mueblesdetena.es\/wp-content\/uploads\/2026\/05\/dormitorios-de-matrimonio-en-badalona-y-barcelona-100x100.jpg 100w\" sizes=\"(max-width: 300px) 100vw, 300px\" \/><div class=\"uael-category__title-wrap\"><h2 class=\"woocommerce-loop-category__title\">Dormitorios de matrimonio en Badalona y Barcelona<\/h2><mark class=\"uael-count\">78 \u041f\u0440\u043e\u0434\u0443\u043a\u0442<\/mark><\/div><\/div><\/a><\/li>\n<li class=\"product-category product first\">\n\t<a href=\"https:\/\/mueblesdetena.es\/ru_ru\/literas\/\"><div class=\"uael-product-cat-inner\"><img loading=\"lazy\" decoding=\"async\" src=\"https:\/\/mueblesdetena.es\/wp-content\/uploads\/2026\/05\/literas-en-badalona-y-barcelona-300x300.jpg\" alt=\"Literas en Badalona y Barcelona\" width=\"300\" height=\"300\" srcset=\"https:\/\/mueblesdetena.es\/wp-content\/uploads\/2026\/05\/literas-en-badalona-y-barcelona-300x300.jpg 300w, https:\/\/mueblesdetena.es\/wp-content\/uploads\/2026\/05\/literas-en-badalona-y-barcelona-150x150.jpg 150w, https:\/\/mueblesdetena.es\/wp-content\/uploads\/2026\/05\/literas-en-badalona-y-barcelona-100x100.jpg 100w\" sizes=\"(max-width: 300px) 100vw, 300px\" \/><div class=\"uael-category__title-wrap\"><h2 class=\"woocommerce-loop-category__title\">Literas en Badalona y Barcelona<\/h2><mark class=\"uael-count\">59 \u041f\u0440\u043e\u0434\u0443\u043a\u0442<\/mark><\/div><\/div><\/a><\/li>\n<li class=\"product-category product\">\n\t<a href=\"https:\/\/mueblesdetena.es\/ru_ru\/armarios\/\"><div class=\"uael-product-cat-inner\"><img loading=\"lazy\" decoding=\"async\" src=\"https:\/\/mueblesdetena.es\/wp-content\/uploads\/2026\/05\/armarios-en-badalona-y-barcelona-300x300.jpg\" alt=\"Armarios en Badalona y Barcelona\" width=\"300\" height=\"300\" srcset=\"https:\/\/mueblesdetena.es\/wp-content\/uploads\/2026\/05\/armarios-en-badalona-y-barcelona-300x300.jpg 300w, https:\/\/mueblesdetena.es\/wp-content\/uploads\/2026\/05\/armarios-en-badalona-y-barcelona-150x150.jpg 150w, https:\/\/mueblesdetena.es\/wp-content\/uploads\/2026\/05\/armarios-en-badalona-y-barcelona-100x100.jpg 100w\" sizes=\"(max-width: 300px) 100vw, 300px\" \/><div class=\"uael-category__title-wrap\"><h2 class=\"woocommerce-loop-category__title\">Armarios en Badalona y Barcelona<\/h2><mark class=\"uael-count\">48 \u041f\u0440\u043e\u0434\u0443\u043a\u0442<\/mark><\/div><\/div><\/a><\/li>\n<li class=\"product-category product\">\n\t<a href=\"https:\/\/mueblesdetena.es\/ru_ru\/canapes\/\"><div class=\"uael-product-cat-inner\"><img loading=\"lazy\" decoding=\"async\" src=\"https:\/\/mueblesdetena.es\/wp-content\/uploads\/2026\/05\/canapes-en-badalona-almacenaje-dormitorio-300x300.jpg\" alt=\"Canap\u00e9s\" width=\"300\" height=\"300\" srcset=\"https:\/\/mueblesdetena.es\/wp-content\/uploads\/2026\/05\/canapes-en-badalona-almacenaje-dormitorio-300x300.jpg 300w, https:\/\/mueblesdetena.es\/wp-content\/uploads\/2026\/05\/canapes-en-badalona-almacenaje-dormitorio-150x150.jpg 150w, https:\/\/mueblesdetena.es\/wp-content\/uploads\/2026\/05\/canapes-en-badalona-almacenaje-dormitorio-100x100.jpg 100w\" sizes=\"(max-width: 300px) 100vw, 300px\" \/><div class=\"uael-category__title-wrap\"><h2 class=\"woocommerce-loop-category__title\">Canap\u00e9s<\/h2><mark class=\"uael-count\">36 \u041f\u0440\u043e\u0434\u0443\u043a\u0442<\/mark><\/div><\/div><\/a><\/li>\n<li class=\"product-category product last\">\n\t<a href=\"https:\/\/mueblesdetena.es\/ru_ru\/comedores\/\"><div class=\"uael-product-cat-inner\"><img loading=\"lazy\" decoding=\"async\" src=\"https:\/\/mueblesdetena.es\/wp-content\/uploads\/2026\/05\/mesas-de-comedor-en-badalona-300x300.jpg\" alt=\"Mesas de comedor\" width=\"300\" height=\"300\" srcset=\"https:\/\/mueblesdetena.es\/wp-content\/uploads\/2026\/05\/mesas-de-comedor-en-badalona-300x300.jpg 300w, https:\/\/mueblesdetena.es\/wp-content\/uploads\/2026\/05\/mesas-de-comedor-en-badalona-150x150.jpg 150w, https:\/\/mueblesdetena.es\/wp-content\/uploads\/2026\/05\/mesas-de-comedor-en-badalona-100x100.jpg 100w\" sizes=\"(max-width: 300px) 100vw, 300px\" \/><div class=\"uael-category__title-wrap\"><h2 class=\"woocommerce-loop-category__title\">Mesas de comedor<\/h2><mark class=\"uael-count\">99 \u041f\u0440\u043e\u0434\u0443\u043a\u0442<\/mark><\/div><\/div><\/a><\/li>\n<\/ul>\n<\/div><\/div>\t\t\t\t<\/div>\n\t\t\t\t<\/div>\n\t\t\t\t\t<\/div>\n\t\t<\/div>\n\t\t\t\t\t<\/div>\n\t\t<\/section>\n\t\t\t\t<section class=\"elementor-section elementor-top-section elementor-element elementor-element-6daff57 elementor-section-boxed elementor-section-height-default elementor-section-height-default\" data-id=\"6daff57\" data-element_type=\"section\" data-e-type=\"section\">\n\t\t\t\t\t\t<div class=\"elementor-container elementor-column-gap-no\">\n\t\t\t\t\t<div class=\"elementor-column elementor-col-100 elementor-top-column elementor-element elementor-element-6048992\" data-id=\"6048992\" data-element_type=\"column\" data-e-type=\"column\">\n\t\t\t<div class=\"elementor-widget-wrap elementor-element-populated\">\n\t\t\t\t\t\t<div class=\"elementor-element elementor-element-acd2dd4 elementor-widget elementor-widget-heading\" data-id=\"acd2dd4\" data-element_type=\"widget\" data-e-type=\"widget\" data-widget_type=\"heading.default\">\n\t\t\t\t<div class=\"elementor-widget-container\">\n\t\t\t\t\t<h6 class=\"elementor-heading-title elementor-size-default\">Oportunidades de hoy<\/h6>\t\t\t\t<\/div>\n\t\t\t\t<\/div>\n\t\t\t\t<div class=\"elementor-element elementor-element-2d7939c elementor-widget elementor-widget-heading\" data-id=\"2d7939c\" data-element_type=\"widget\" data-e-type=\"widget\" data-widget_type=\"heading.default\">\n\t\t\t\t<div class=\"elementor-widget-container\">\n\t\t\t\t\t<h2 class=\"elementor-heading-title elementor-size-default\">\u00a1Los ofertones del d\u00eda!<\/h2>\t\t\t\t<\/div>\n\t\t\t\t<\/div>\n\t\t\t\t<div class=\"elementor-element elementor-element-c93d789 elementor-widget-divider--view-line elementor-widget elementor-widget-divider\" data-id=\"c93d789\" data-element_type=\"widget\" data-e-type=\"widget\" data-widget_type=\"divider.default\">\n\t\t\t\t<div class=\"elementor-widget-container\">\n\t\t\t\t\t\t\t<div class=\"elementor-divider\">\n\t\t\t<span class=\"elementor-divider-separator\">\n\t\t\t\t\t\t<\/span>\n\t\t<\/div>\n\t\t\t\t\t\t<\/div>\n\t\t\t\t<\/div>\n\t\t\t\t<div class=\"elementor-element elementor-element-14c60e0 uael-woo--align-left uael-sale-flash-custom elementor-widget elementor-widget-uael-woo-products\" data-id=\"14c60e0\" data-element_type=\"widget\" data-e-type=\"widget\" data-settings=\"{&quot;products_columns&quot;:&quot;4&quot;,&quot;products_columns_tablet&quot;:&quot;3&quot;,&quot;products_columns_mobile&quot;:&quot;1&quot;}\" data-widget_type=\"uael-woo-products.grid-franko\">\n\t\t\t\t<div class=\"elementor-widget-container\">\n\t\t\t\t\t<div class=\"uael-woocommerce uael-woo-products-grid uael-woo-skin-grid-franko uael-woo-query-all\" data-page=\"841\" data-skin=\"grid_franko\"><div class=\"columns-4 uael-woo-products-inner uael-woo-product__column-4 uael-woo-product__column-tablet-3 uael-woo-product__column-mobile-1 uael-woo-product__hover-zoom\"><ul class=\"products columns-4\">\n\n<li class=\"sin categorizar post-48792 product first instock sale shipping-taxable purchasable product-type-simple\">\n\t<div class=\"uael-woo-product-wrapper\">\n\t\t<div class=\"uael-woo-products-thumbnail-wrap\"><div class=\"uael-flash-container\">\n\t<div class=\"uael-sale-flash-wrap\"><span class=\"uael-onsale\">Descuento 33%<\/span><\/div>\n\t<\/div><a href=\"https:\/\/mueblesdetena.es\/ru_ru\/mesa-de-comedor-rebel\/\" class=\"woocommerce-LoopProduct-link woocommerce-loop-product__link\"><img loading=\"lazy\" decoding=\"async\" width=\"300\" height=\"300\" src=\"https:\/\/mueblesdetena.es\/wp-content\/uploads\/2026\/08\/mesa-de-comedor-barcelona-300x300.jpg\" class=\"attachment-woocommerce_thumbnail size-woocommerce_thumbnail\" alt=\"Mesa de comedor Rebel\" \/><\/a><div class=\"uael-product-actions\"><div class=\"uael-action-item-wrap uael-quick-view-btn\" data-product_id=\"48792\"><span class=\"uael-action-item fa fa-eye\"><\/span><span class=\"uael-action-tooltip\">\u0411\u044b\u0441\u0442\u0440\u044b\u0439 \u043f\u0440\u043e\u0441\u043c\u043e\u0442\u0440<\/span><\/div><a href=\"\/ru_ru\/wp-json\/wp\/v2\/pages\/841?add-to-cart=48792\" class=\"uael-action-item-wrap uael-cart-section uael-add-to-cart-btn product_type_simple\" data-product_id=\"48792\"><span class=\"uael-action-item uael-ajax-add-cart-icon fa fa-shopping-cart\"><\/span><span class=\"uael-action-tooltip\" data-no-translation=\"\" data-trp-gettext=\"\">\u0412 \u043a\u043e\u0440\u0437\u0438\u043d\u0443<\/span><\/a><\/div><\/div><div class=\"uael-woo-products-summary-wrap\">\t\t\t<span class=\"uael-woo-product-category\">\n\t\t\t\tSin categorizar\t\t\t<\/span> \n\t\t\t<a href=\"https:\/\/mueblesdetena.es\/ru_ru\/mesa-de-comedor-rebel\/\" class=\"uael-loop-product__link\"><h2 class=\"woocommerce-loop-product__title\">Mesa de comedor Rebel<\/h2><\/a>\n\t<span class=\"price\"><del aria-hidden=\"true\"><span class=\"woocommerce-Price-amount amount\"><bdi>599,00&nbsp;<span class=\"woocommerce-Price-currencySymbol\" translate=\"no\">&euro;<\/span><\/bdi><\/span><\/del> <span class=\"screen-reader-text\" data-no-translation=\"\" data-trp-gettext=\"\">\u041f\u0435\u0440\u0432\u043e\u043d\u0430\u0447\u0430\u043b\u044c\u043d\u0430\u044f \u0446\u0435\u043d\u0430 \u0441\u043e\u0441\u0442\u0430\u0432\u043b\u044f\u043b\u0430 599,00&nbsp;&euro;.<\/span><ins aria-hidden=\"true\"><span class=\"woocommerce-Price-amount amount\"><bdi>399,00&nbsp;<span class=\"woocommerce-Price-currencySymbol\" translate=\"no\">&euro;<\/span><\/bdi><\/span><\/ins><span class=\"screen-reader-text\" data-no-translation=\"\" data-trp-gettext=\"\">\u0422\u0435\u043a\u0443\u0449\u0430\u044f \u0446\u0435\u043d\u0430: 399,00&nbsp;&euro;.<\/span><\/span>\n<\/div>\t<\/div>\n<\/li>\n\n<li class=\"sillas de comedor post-48780 product  instock sale shipping-taxable purchasable product-type-simple\">\n\t<div class=\"uael-woo-product-wrapper\">\n\t\t<div class=\"uael-woo-products-thumbnail-wrap\"><div class=\"uael-flash-container\">\n\t<div class=\"uael-sale-flash-wrap\"><span class=\"uael-onsale\">Descuento 25%<\/span><\/div>\n\t<\/div><a href=\"https:\/\/mueblesdetena.es\/ru_ru\/silla-de-comedor-carla\/\" class=\"woocommerce-LoopProduct-link woocommerce-loop-product__link\"><img loading=\"lazy\" decoding=\"async\" width=\"300\" height=\"300\" src=\"https:\/\/mueblesdetena.es\/wp-content\/uploads\/2026\/08\/silla-de-comedor-carla-300x300.jpg\" class=\"attachment-woocommerce_thumbnail size-woocommerce_thumbnail\" alt=\"Silla de comedor Carla tapizada con respaldo capiton\u00e9 antimanchas\" \/><\/a><div class=\"uael-product-actions\"><div class=\"uael-action-item-wrap uael-quick-view-btn\" data-product_id=\"48780\"><span class=\"uael-action-item fa fa-eye\"><\/span><span class=\"uael-action-tooltip\">\u0411\u044b\u0441\u0442\u0440\u044b\u0439 \u043f\u0440\u043e\u0441\u043c\u043e\u0442\u0440<\/span><\/div><a href=\"\/ru_ru\/wp-json\/wp\/v2\/pages\/841?add-to-cart=48780\" class=\"uael-action-item-wrap uael-cart-section uael-add-to-cart-btn product_type_simple\" data-product_id=\"48780\"><span class=\"uael-action-item uael-ajax-add-cart-icon fa fa-shopping-cart\"><\/span><span class=\"uael-action-tooltip\" data-no-translation=\"\" data-trp-gettext=\"\">\u0412 \u043a\u043e\u0440\u0437\u0438\u043d\u0443<\/span><\/a><\/div><\/div><div class=\"uael-woo-products-summary-wrap\">\t\t\t<span class=\"uael-woo-product-category\">\n\t\t\t\tSillas de comedor\t\t\t<\/span> \n\t\t\t<a href=\"https:\/\/mueblesdetena.es\/ru_ru\/silla-de-comedor-carla\/\" class=\"uael-loop-product__link\"><h2 class=\"woocommerce-loop-product__title\">Silla de comedor Carla | M\u00e1xima comodidad y antimanchas<\/h2><\/a>\n\t<span class=\"price\"><del aria-hidden=\"true\"><span class=\"woocommerce-Price-amount amount\"><bdi>100,00&nbsp;<span class=\"woocommerce-Price-currencySymbol\" translate=\"no\">&euro;<\/span><\/bdi><\/span><\/del> <span class=\"screen-reader-text\" data-no-translation=\"\" data-trp-gettext=\"\">\u041f\u0435\u0440\u0432\u043e\u043d\u0430\u0447\u0430\u043b\u044c\u043d\u0430\u044f \u0446\u0435\u043d\u0430 \u0441\u043e\u0441\u0442\u0430\u0432\u043b\u044f\u043b\u0430 100,00&nbsp;&euro;.<\/span><ins aria-hidden=\"true\"><span class=\"woocommerce-Price-amount amount\"><bdi>75,00&nbsp;<span class=\"woocommerce-Price-currencySymbol\" translate=\"no\">&euro;<\/span><\/bdi><\/span><\/ins><span class=\"screen-reader-text\" data-no-translation=\"\" data-trp-gettext=\"\">\u0422\u0435\u043a\u0443\u0449\u0430\u044f \u0446\u0435\u043d\u0430: 75,00&nbsp;&euro;.<\/span><\/span>\n<\/div>\t<\/div>\n<\/li>\n\n<li class=\"sin categorizar post-48769 product  instock sale shipping-taxable purchasable product-type-simple\">\n\t<div class=\"uael-woo-product-wrapper\">\n\t\t<div class=\"uael-woo-products-thumbnail-wrap\"><div class=\"uael-flash-container\">\n\t<div class=\"uael-sale-flash-wrap\"><span class=\"uael-onsale\">Descuento 27%<\/span><\/div>\n\t<\/div><a href=\"https:\/\/mueblesdetena.es\/ru_ru\/silla-de-comedor-zoe\/\" class=\"woocommerce-LoopProduct-link woocommerce-loop-product__link\"><img loading=\"lazy\" decoding=\"async\" width=\"300\" height=\"300\" src=\"https:\/\/mueblesdetena.es\/wp-content\/uploads\/2026\/08\/silla-zoe-1-300x300.jpg\" class=\"attachment-woocommerce_thumbnail size-woocommerce_thumbnail\" alt=\"Silla de comedor Zoe\" \/><\/a><div class=\"uael-product-actions\"><div class=\"uael-action-item-wrap uael-quick-view-btn\" data-product_id=\"48769\"><span class=\"uael-action-item fa fa-eye\"><\/span><span class=\"uael-action-tooltip\">\u0411\u044b\u0441\u0442\u0440\u044b\u0439 \u043f\u0440\u043e\u0441\u043c\u043e\u0442\u0440<\/span><\/div><a href=\"\/ru_ru\/wp-json\/wp\/v2\/pages\/841?add-to-cart=48769\" class=\"uael-action-item-wrap uael-cart-section uael-add-to-cart-btn product_type_simple\" data-product_id=\"48769\"><span class=\"uael-action-item uael-ajax-add-cart-icon fa fa-shopping-cart\"><\/span><span class=\"uael-action-tooltip\" data-no-translation=\"\" data-trp-gettext=\"\">\u0412 \u043a\u043e\u0440\u0437\u0438\u043d\u0443<\/span><\/a><\/div><\/div><div class=\"uael-woo-products-summary-wrap\">\t\t\t<span class=\"uael-woo-product-category\">\n\t\t\t\tSin categorizar\t\t\t<\/span> \n\t\t\t<a href=\"https:\/\/mueblesdetena.es\/ru_ru\/silla-de-comedor-zoe\/\" class=\"uael-loop-product__link\"><h2 class=\"woocommerce-loop-product__title\">Silla de comedor Zoe<\/h2><\/a>\n\t<span class=\"price\"><del aria-hidden=\"true\"><span class=\"woocommerce-Price-amount amount\"><bdi>149,00&nbsp;<span class=\"woocommerce-Price-currencySymbol\" translate=\"no\">&euro;<\/span><\/bdi><\/span><\/del> <span class=\"screen-reader-text\" data-no-translation=\"\" data-trp-gettext=\"\">\u041f\u0435\u0440\u0432\u043e\u043d\u0430\u0447\u0430\u043b\u044c\u043d\u0430\u044f \u0446\u0435\u043d\u0430 \u0441\u043e\u0441\u0442\u0430\u0432\u043b\u044f\u043b\u0430 149,00&nbsp;&euro;.<\/span><ins aria-hidden=\"true\"><span class=\"woocommerce-Price-amount amount\"><bdi>109,00&nbsp;<span class=\"woocommerce-Price-currencySymbol\" translate=\"no\">&euro;<\/span><\/bdi><\/span><\/ins><span class=\"screen-reader-text\" data-no-translation=\"\" data-trp-gettext=\"\">\u0422\u0435\u043a\u0443\u0449\u0430\u044f \u0446\u0435\u043d\u0430: 109,00&nbsp;&euro;.<\/span><\/span>\n<\/div>\t<\/div>\n<\/li>\n\n<li class=\"sillas de comedor post-48760 product last instock sale shipping-taxable purchasable product-type-simple\">\n\t<div class=\"uael-woo-product-wrapper\">\n\t\t<div class=\"uael-woo-products-thumbnail-wrap\"><div class=\"uael-flash-container\">\n\t<div class=\"uael-sale-flash-wrap\"><span class=\"uael-onsale\">Descuento 25%<\/span><\/div>\n\t<\/div><a href=\"https:\/\/mueblesdetena.es\/ru_ru\/silla-de-comedor-alex-borg\/\" class=\"woocommerce-LoopProduct-link woocommerce-loop-product__link\"><img loading=\"lazy\" decoding=\"async\" width=\"300\" height=\"300\" src=\"https:\/\/mueblesdetena.es\/wp-content\/uploads\/2026\/08\/silla-alex--300x300.jpg\" class=\"attachment-woocommerce_thumbnail size-woocommerce_thumbnail\" alt=\"Silla de comedor Alex Borg tapizada con asiento extra\u00edble\" \/><\/a><div class=\"uael-product-actions\"><div class=\"uael-action-item-wrap uael-quick-view-btn\" data-product_id=\"48760\"><span class=\"uael-action-item fa fa-eye\"><\/span><span class=\"uael-action-tooltip\">\u0411\u044b\u0441\u0442\u0440\u044b\u0439 \u043f\u0440\u043e\u0441\u043c\u043e\u0442\u0440<\/span><\/div><a href=\"\/ru_ru\/wp-json\/wp\/v2\/pages\/841?add-to-cart=48760\" class=\"uael-action-item-wrap uael-cart-section uael-add-to-cart-btn product_type_simple\" data-product_id=\"48760\"><span class=\"uael-action-item uael-ajax-add-cart-icon fa fa-shopping-cart\"><\/span><span class=\"uael-action-tooltip\" data-no-translation=\"\" data-trp-gettext=\"\">\u0412 \u043a\u043e\u0440\u0437\u0438\u043d\u0443<\/span><\/a><\/div><\/div><div class=\"uael-woo-products-summary-wrap\">\t\t\t<span class=\"uael-woo-product-category\">\n\t\t\t\tSillas de comedor\t\t\t<\/span> \n\t\t\t<a href=\"https:\/\/mueblesdetena.es\/ru_ru\/silla-de-comedor-alex-borg\/\" class=\"uael-loop-product__link\"><h2 class=\"woocommerce-loop-product__title\">Silla de comedor Alex Borg | Tapizada con asiento extra\u00edble<\/h2><\/a>\n\t<span class=\"price\"><del aria-hidden=\"true\"><span class=\"woocommerce-Price-amount amount\"><bdi>159,00&nbsp;<span class=\"woocommerce-Price-currencySymbol\" translate=\"no\">&euro;<\/span><\/bdi><\/span><\/del> <span class=\"screen-reader-text\" data-no-translation=\"\" data-trp-gettext=\"\">\u041f\u0435\u0440\u0432\u043e\u043d\u0430\u0447\u0430\u043b\u044c\u043d\u0430\u044f \u0446\u0435\u043d\u0430 \u0441\u043e\u0441\u0442\u0430\u0432\u043b\u044f\u043b\u0430 159,00&nbsp;&euro;.<\/span><ins aria-hidden=\"true\"><span class=\"woocommerce-Price-amount amount\"><bdi>119,00&nbsp;<span class=\"woocommerce-Price-currencySymbol\" translate=\"no\">&euro;<\/span><\/bdi><\/span><\/ins><span class=\"screen-reader-text\" data-no-translation=\"\" data-trp-gettext=\"\">\u0422\u0435\u043a\u0443\u0449\u0430\u044f \u0446\u0435\u043d\u0430: 119,00&nbsp;&euro;.<\/span><\/span>\n<\/div>\t<\/div>\n<\/li>\n\n<li class=\"sillas de comedor post-48720 product first instock sale shipping-taxable purchasable product-type-simple\">\n\t<div class=\"uael-woo-product-wrapper\">\n\t\t<div class=\"uael-woo-products-thumbnail-wrap\"><div class=\"uael-flash-container\">\n\t<div class=\"uael-sale-flash-wrap\"><span class=\"uael-onsale\">Descuento 24%<\/span><\/div>\n\t<\/div><a href=\"https:\/\/mueblesdetena.es\/ru_ru\/silla-saxo-de-pemi-tapizada-con-estructura-metalica-3\/\" class=\"woocommerce-LoopProduct-link woocommerce-loop-product__link\"><img loading=\"lazy\" decoding=\"async\" width=\"300\" height=\"300\" src=\"https:\/\/mueblesdetena.es\/wp-content\/uploads\/2026\/08\/silla-saxo-300x300.png\" class=\"attachment-woocommerce_thumbnail size-woocommerce_thumbnail\" alt=\"Silla Saxo de Pemi tapizada con estructura met\u00e1lica\" \/><\/a><div class=\"uael-product-actions\"><div class=\"uael-action-item-wrap uael-quick-view-btn\" data-product_id=\"48720\"><span class=\"uael-action-item fa fa-eye\"><\/span><span class=\"uael-action-tooltip\">\u0411\u044b\u0441\u0442\u0440\u044b\u0439 \u043f\u0440\u043e\u0441\u043c\u043e\u0442\u0440<\/span><\/div><a href=\"\/ru_ru\/wp-json\/wp\/v2\/pages\/841?add-to-cart=48720\" class=\"uael-action-item-wrap uael-cart-section uael-add-to-cart-btn product_type_simple\" data-product_id=\"48720\"><span class=\"uael-action-item uael-ajax-add-cart-icon fa fa-shopping-cart\"><\/span><span class=\"uael-action-tooltip\" data-no-translation=\"\" data-trp-gettext=\"\">\u0412 \u043a\u043e\u0440\u0437\u0438\u043d\u0443<\/span><\/a><\/div><\/div><div class=\"uael-woo-products-summary-wrap\">\t\t\t<span class=\"uael-woo-product-category\">\n\t\t\t\tSillas de comedor\t\t\t<\/span> \n\t\t\t<a href=\"https:\/\/mueblesdetena.es\/ru_ru\/silla-saxo-de-pemi-tapizada-con-estructura-metalica-3\/\" class=\"uael-loop-product__link\"><h2 class=\"woocommerce-loop-product__title\">Silla Saxo de Pemi | Tapizada con estructura met\u00e1lica<\/h2><\/a>\n\t<span class=\"price\"><del aria-hidden=\"true\"><span class=\"woocommerce-Price-amount amount\"><bdi>169,00&nbsp;<span class=\"woocommerce-Price-currencySymbol\" translate=\"no\">&euro;<\/span><\/bdi><\/span><\/del> <span class=\"screen-reader-text\" data-no-translation=\"\" data-trp-gettext=\"\">\u041f\u0435\u0440\u0432\u043e\u043d\u0430\u0447\u0430\u043b\u044c\u043d\u0430\u044f \u0446\u0435\u043d\u0430 \u0441\u043e\u0441\u0442\u0430\u0432\u043b\u044f\u043b\u0430 169,00&nbsp;&euro;.<\/span><ins aria-hidden=\"true\"><span class=\"woocommerce-Price-amount amount\"><bdi>129,00&nbsp;<span class=\"woocommerce-Price-currencySymbol\" translate=\"no\">&euro;<\/span><\/bdi><\/span><\/ins><span class=\"screen-reader-text\" data-no-translation=\"\" data-trp-gettext=\"\">\u0422\u0435\u043a\u0443\u0449\u0430\u044f \u0446\u0435\u043d\u0430: 129,00&nbsp;&euro;.<\/span><\/span>\n<\/div>\t<\/div>\n<\/li>\n\n<li class=\"sillas de comedor post-48675 product  instock sale shipping-taxable purchasable product-type-simple\">\n\t<div class=\"uael-woo-product-wrapper\">\n\t\t<div class=\"uael-woo-products-thumbnail-wrap\"><div class=\"uael-flash-container\">\n\t<div class=\"uael-sale-flash-wrap\"><span class=\"uael-onsale\">Descuento 24%<\/span><\/div>\n\t<\/div><a href=\"https:\/\/mueblesdetena.es\/ru_ru\/silla-de-comedor-balvet-increible-de-pemi\/\" class=\"woocommerce-LoopProduct-link woocommerce-loop-product__link\"><img loading=\"lazy\" decoding=\"async\" width=\"300\" height=\"300\" src=\"https:\/\/mueblesdetena.es\/wp-content\/uploads\/2026\/08\/silla-balvet-de-pemi-300x300.jpg\" class=\"attachment-woocommerce_thumbnail size-woocommerce_thumbnail\" alt=\"Silla de comedor Balvet incre\u00edble de Pemi\" \/><\/a><div class=\"uael-product-actions\"><div class=\"uael-action-item-wrap uael-quick-view-btn\" data-product_id=\"48675\"><span class=\"uael-action-item fa fa-eye\"><\/span><span class=\"uael-action-tooltip\">\u0411\u044b\u0441\u0442\u0440\u044b\u0439 \u043f\u0440\u043e\u0441\u043c\u043e\u0442\u0440<\/span><\/div><a href=\"\/ru_ru\/wp-json\/wp\/v2\/pages\/841?add-to-cart=48675\" class=\"uael-action-item-wrap uael-cart-section uael-add-to-cart-btn product_type_simple\" data-product_id=\"48675\"><span class=\"uael-action-item uael-ajax-add-cart-icon fa fa-shopping-cart\"><\/span><span class=\"uael-action-tooltip\" data-no-translation=\"\" data-trp-gettext=\"\">\u0412 \u043a\u043e\u0440\u0437\u0438\u043d\u0443<\/span><\/a><\/div><\/div><div class=\"uael-woo-products-summary-wrap\">\t\t\t<span class=\"uael-woo-product-category\">\n\t\t\t\tSillas de comedor\t\t\t<\/span> \n\t\t\t<a href=\"https:\/\/mueblesdetena.es\/ru_ru\/silla-de-comedor-balvet-increible-de-pemi\/\" class=\"uael-loop-product__link\"><h2 class=\"woocommerce-loop-product__title\">Silla de comedor Balvet incre\u00edble de Pemi<\/h2><\/a>\n\t<span class=\"price\"><del aria-hidden=\"true\"><span class=\"woocommerce-Price-amount amount\"><bdi>169,00&nbsp;<span class=\"woocommerce-Price-currencySymbol\" translate=\"no\">&euro;<\/span><\/bdi><\/span><\/del> <span class=\"screen-reader-text\" data-no-translation=\"\" data-trp-gettext=\"\">\u041f\u0435\u0440\u0432\u043e\u043d\u0430\u0447\u0430\u043b\u044c\u043d\u0430\u044f \u0446\u0435\u043d\u0430 \u0441\u043e\u0441\u0442\u0430\u0432\u043b\u044f\u043b\u0430 169,00&nbsp;&euro;.<\/span><ins aria-hidden=\"true\"><span class=\"woocommerce-Price-amount amount\"><bdi>129,00&nbsp;<span class=\"woocommerce-Price-currencySymbol\" translate=\"no\">&euro;<\/span><\/bdi><\/span><\/ins><span class=\"screen-reader-text\" data-no-translation=\"\" data-trp-gettext=\"\">\u0422\u0435\u043a\u0443\u0449\u0430\u044f \u0446\u0435\u043d\u0430: 129,00&nbsp;&euro;.<\/span><\/span>\n<\/div>\t<\/div>\n<\/li>\n\n<li class=\"sillas de comedor post-48665 product  instock sale shipping-taxable purchasable product-type-simple\">\n\t<div class=\"uael-woo-product-wrapper\">\n\t\t<div class=\"uael-woo-products-thumbnail-wrap\"><div class=\"uael-flash-container\">\n\t<div class=\"uael-sale-flash-wrap\"><span class=\"uael-onsale\">Descuento 24%<\/span><\/div>\n\t<\/div><a href=\"https:\/\/mueblesdetena.es\/ru_ru\/silla-de-comedor-class-increible-de-pemi\/\" class=\"woocommerce-LoopProduct-link woocommerce-loop-product__link\"><img loading=\"lazy\" decoding=\"async\" width=\"300\" height=\"300\" src=\"https:\/\/mueblesdetena.es\/wp-content\/uploads\/2026\/08\/silla-class-de-pemi-300x300.jpg\" class=\"attachment-woocommerce_thumbnail size-woocommerce_thumbnail\" alt=\"Silla de comedor Class Pemi tapizada con patas met\u00e1licas\" \/><\/a><div class=\"uael-product-actions\"><div class=\"uael-action-item-wrap uael-quick-view-btn\" data-product_id=\"48665\"><span class=\"uael-action-item fa fa-eye\"><\/span><span class=\"uael-action-tooltip\">\u0411\u044b\u0441\u0442\u0440\u044b\u0439 \u043f\u0440\u043e\u0441\u043c\u043e\u0442\u0440<\/span><\/div><a href=\"\/ru_ru\/wp-json\/wp\/v2\/pages\/841?add-to-cart=48665\" class=\"uael-action-item-wrap uael-cart-section uael-add-to-cart-btn product_type_simple\" data-product_id=\"48665\"><span class=\"uael-action-item uael-ajax-add-cart-icon fa fa-shopping-cart\"><\/span><span class=\"uael-action-tooltip\" data-no-translation=\"\" data-trp-gettext=\"\">\u0412 \u043a\u043e\u0440\u0437\u0438\u043d\u0443<\/span><\/a><\/div><\/div><div class=\"uael-woo-products-summary-wrap\">\t\t\t<span class=\"uael-woo-product-category\">\n\t\t\t\tSillas de comedor\t\t\t<\/span> \n\t\t\t<a href=\"https:\/\/mueblesdetena.es\/ru_ru\/silla-de-comedor-class-increible-de-pemi\/\" class=\"uael-loop-product__link\"><h2 class=\"woocommerce-loop-product__title\">Silla de comedor Class Pemi | Tapizada con patas met\u00e1licas<\/h2><\/a>\n\t<span class=\"price\"><del aria-hidden=\"true\"><span class=\"woocommerce-Price-amount amount\"><bdi>169,00&nbsp;<span class=\"woocommerce-Price-currencySymbol\" translate=\"no\">&euro;<\/span><\/bdi><\/span><\/del> <span class=\"screen-reader-text\" data-no-translation=\"\" data-trp-gettext=\"\">\u041f\u0435\u0440\u0432\u043e\u043d\u0430\u0447\u0430\u043b\u044c\u043d\u0430\u044f \u0446\u0435\u043d\u0430 \u0441\u043e\u0441\u0442\u0430\u0432\u043b\u044f\u043b\u0430 169,00&nbsp;&euro;.<\/span><ins aria-hidden=\"true\"><span class=\"woocommerce-Price-amount amount\"><bdi>129,00&nbsp;<span class=\"woocommerce-Price-currencySymbol\" translate=\"no\">&euro;<\/span><\/bdi><\/span><\/ins><span class=\"screen-reader-text\" data-no-translation=\"\" data-trp-gettext=\"\">\u0422\u0435\u043a\u0443\u0449\u0430\u044f \u0446\u0435\u043d\u0430: 129,00&nbsp;&euro;.<\/span><\/span>\n<\/div>\t<\/div>\n<\/li>\n\n<li class=\"sillas de comedor post-48652 product last instock sale shipping-taxable purchasable product-type-simple\">\n\t<div class=\"uael-woo-product-wrapper\">\n\t\t<div class=\"uael-woo-products-thumbnail-wrap\"><div class=\"uael-flash-container\">\n\t<div class=\"uael-sale-flash-wrap\"><span class=\"uael-onsale\">Descuento 15%<\/span><\/div>\n\t<\/div><a href=\"https:\/\/mueblesdetena.es\/ru_ru\/silla-de-comedor-lora\/\" class=\"woocommerce-LoopProduct-link woocommerce-loop-product__link\"><img loading=\"lazy\" decoding=\"async\" width=\"300\" height=\"300\" src=\"https:\/\/mueblesdetena.es\/wp-content\/uploads\/2026\/08\/silla-lora-300x300.jpg\" class=\"attachment-woocommerce_thumbnail size-woocommerce_thumbnail\" alt=\"Silla de comedor Lora\" \/><\/a><div class=\"uael-product-actions\"><div class=\"uael-action-item-wrap uael-quick-view-btn\" data-product_id=\"48652\"><span class=\"uael-action-item fa fa-eye\"><\/span><span class=\"uael-action-tooltip\">\u0411\u044b\u0441\u0442\u0440\u044b\u0439 \u043f\u0440\u043e\u0441\u043c\u043e\u0442\u0440<\/span><\/div><a href=\"\/ru_ru\/wp-json\/wp\/v2\/pages\/841?add-to-cart=48652\" class=\"uael-action-item-wrap uael-cart-section uael-add-to-cart-btn product_type_simple\" data-product_id=\"48652\"><span class=\"uael-action-item uael-ajax-add-cart-icon fa fa-shopping-cart\"><\/span><span class=\"uael-action-tooltip\" data-no-translation=\"\" data-trp-gettext=\"\">\u0412 \u043a\u043e\u0440\u0437\u0438\u043d\u0443<\/span><\/a><\/div><\/div><div class=\"uael-woo-products-summary-wrap\">\t\t\t<span class=\"uael-woo-product-category\">\n\t\t\t\tSillas de comedor\t\t\t<\/span> \n\t\t\t<a href=\"https:\/\/mueblesdetena.es\/ru_ru\/silla-de-comedor-lora\/\" class=\"uael-loop-product__link\"><h2 class=\"woocommerce-loop-product__title\">Silla de comedor Lora<\/h2><\/a>\n\t<span class=\"price\"><del aria-hidden=\"true\"><span class=\"woocommerce-Price-amount amount\"><bdi>205,00&nbsp;<span class=\"woocommerce-Price-currencySymbol\" translate=\"no\">&euro;<\/span><\/bdi><\/span><\/del> <span class=\"screen-reader-text\" data-no-translation=\"\" data-trp-gettext=\"\">\u041f\u0435\u0440\u0432\u043e\u043d\u0430\u0447\u0430\u043b\u044c\u043d\u0430\u044f \u0446\u0435\u043d\u0430 \u0441\u043e\u0441\u0442\u0430\u0432\u043b\u044f\u043b\u0430 205,00&nbsp;&euro;.<\/span><ins aria-hidden=\"true\"><span class=\"woocommerce-Price-amount amount\"><bdi>175,00&nbsp;<span class=\"woocommerce-Price-currencySymbol\" translate=\"no\">&euro;<\/span><\/bdi><\/span><\/ins><span class=\"screen-reader-text\" data-no-translation=\"\" data-trp-gettext=\"\">\u0422\u0435\u043a\u0443\u0449\u0430\u044f \u0446\u0435\u043d\u0430: 175,00&nbsp;&euro;.<\/span><\/span>\n<\/div>\t<\/div>\n<\/li>\n<\/ul>\n<\/div><\/div><div class=\"uael-quick-view-14c60e0\">\n\t<div class=\"uael-quick-view-bg\"><div class=\"uael-quick-view-loader\"><\/div><\/div>\n\t<div id=\"uael-quick-view-modal\">\n\t\t<div class=\"uael-content-main-wrapper\"><!--\n\t\t--><div class=\"uael-content-main\">\n\t\t\t\t<div class=\"uael-lightbox-content\">\n\t\t\t\t\t<div class=\"uael-content-main-head\">\n\t\t\t\t\t\t<a href=\"#\" id=\"uael-quick-view-close\" class=\"uael-quick-view-close-btn fas fa-times\"><\/a>\n\t\t\t\t\t<\/div>\n\t\t\t\t\t<div id=\"uael-quick-view-content\" class=\"woocommerce single-product\"><\/div>\n\t\t\t\t<\/div>\n\t\t\t<\/div>\n\t\t<\/div>\n\t<\/div>\n<\/div>\n\t\t\t\t<\/div>\n\t\t\t\t<\/div>\n\t\t\t\t<div class=\"elementor-element elementor-element-c8e26a8 elementor-widget elementor-widget-button\" data-id=\"c8e26a8\" data-element_type=\"widget\" data-e-type=\"widget\" data-widget_type=\"button.default\">\n\t\t\t\t<div class=\"elementor-widget-container\">\n\t\t\t\t\t\t\t\t\t<div class=\"elementor-button-wrapper\">\n\t\t\t\t\t<a class=\"elementor-button elementor-button-link elementor-size-sm\" href=\"https:\/\/mueblesdetena.es\/ru_ru\/outlet\/\">\n\t\t\t\t\t\t<span class=\"elementor-button-content-wrapper\">\n\t\t\t\t\t\t\t\t\t<span class=\"elementor-button-text\">VER OUTLET<\/span>\n\t\t\t\t\t<\/span>\n\t\t\t\t\t<\/a>\n\t\t\t\t<\/div>\n\t\t\t\t\t\t\t\t<\/div>\n\t\t\t\t<\/div>\n\t\t\t\t\t<\/div>\n\t\t<\/div>\n\t\t\t\t\t<\/div>\n\t\t<\/section>\n\t\t\t\t<section class=\"elementor-section elementor-top-section elementor-element elementor-element-c40b5b8 elementor-section-full_width elementor-section-height-default elementor-section-height-default\" data-id=\"c40b5b8\" data-element_type=\"section\" data-e-type=\"section\">\n\t\t\t\t\t\t<div class=\"elementor-container elementor-column-gap-no\">\n\t\t\t\t\t<div class=\"elementor-column elementor-col-66 elementor-top-column elementor-element elementor-element-bb77bc3\" data-id=\"bb77bc3\" data-element_type=\"column\" data-e-type=\"column\" data-settings=\"{&quot;background_background&quot;:&quot;classic&quot;}\">\n\t\t\t<div class=\"elementor-widget-wrap elementor-element-populated\">\n\t\t\t\t\t<div class=\"elementor-background-overlay\"><\/div>\n\t\t\t\t\t\t<div class=\"elementor-element elementor-element-da8c4f4 elementor-widget elementor-widget-heading\" data-id=\"da8c4f4\" data-element_type=\"widget\" data-e-type=\"widget\" data-widget_type=\"heading.default\">\n\t\t\t\t<div class=\"elementor-widget-container\">\n\t\t\t\t\t<h6 class=\"elementor-heading-title elementor-size-default\">Novedades<\/h6>\t\t\t\t<\/div>\n\t\t\t\t<\/div>\n\t\t\t\t<div class=\"elementor-element elementor-element-7b078a7 elementor-widget elementor-widget-heading\" data-id=\"7b078a7\" data-element_type=\"widget\" data-e-type=\"widget\" data-widget_type=\"heading.default\">\n\t\t\t\t<div class=\"elementor-widget-container\">\n\t\t\t\t\t<h2 class=\"elementor-heading-title elementor-size-default\">Habitacion con cama abatible rmb<\/h2>\t\t\t\t<\/div>\n\t\t\t\t<\/div>\n\t\t\t\t<div class=\"elementor-element elementor-element-deb9c78 elementor-widget elementor-widget-heading\" data-id=\"deb9c78\" data-element_type=\"widget\" data-e-type=\"widget\" data-widget_type=\"heading.default\">\n\t\t\t\t<div class=\"elementor-widget-container\">\n\t\t\t\t\t<h4 class=\"elementor-heading-title elementor-size-default\">\n\nFINANCIALO EN 24 CUOTAS DE 69\u20ac SIN INTERESES!!\n<\/h4>\t\t\t\t<\/div>\n\t\t\t\t<\/div>\n\t\t\t\t\t<\/div>\n\t\t<\/div>\n\t\t\t\t<div class=\"elementor-column elementor-col-33 elementor-top-column elementor-element elementor-element-71a9a21\" data-id=\"71a9a21\" data-element_type=\"column\" data-e-type=\"column\">\n\t\t\t<div class=\"elementor-widget-wrap elementor-element-populated\">\n\t\t\t\t\t\t<div class=\"elementor-element elementor-element-72f27f2 elementor-widget elementor-widget-image\" data-id=\"72f27f2\" data-element_type=\"widget\" data-e-type=\"widget\" data-widget_type=\"image.default\">\n\t\t\t\t<div class=\"elementor-widget-container\">\n\t\t\t\t\t\t\t\t\t\t\t\t\t\t\t\t<a href=\"\/ru_ru\/habitacion-con-cama-abatible-rmb\/\">\n\t\t\t\t\t\t\t<img loading=\"lazy\" decoding=\"async\" width=\"1000\" height=\"1600\" src=\"https:\/\/mueblesdetena.es\/wp-content\/uploads\/2024\/02\/H413_Det01_X.jpg\" class=\"attachment-full size-full wp-image-18694\" alt=\"Detalle de la cama abatible de matrimonio RMB con mueble superior\" \/>\t\t\t\t\t\t\t\t<\/a>\n\t\t\t\t\t\t\t\t\t\t\t\t\t\t\t<\/div>\n\t\t\t\t<\/div>\n\t\t\t\t<div class=\"elementor-element elementor-element-972d790 elementor-widget elementor-widget-heading\" data-id=\"972d790\" data-element_type=\"widget\" data-e-type=\"widget\" data-widget_type=\"heading.default\">\n\t\t\t\t<div class=\"elementor-widget-container\">\n\t\t\t\t\t<h4 class=\"elementor-heading-title elementor-size-default\"><a href=\"\/ru_ru\/habitacion-con-cama-abatible-rmb\/\">Cama rmb<\/a><\/h4>\t\t\t\t<\/div>\n\t\t\t\t<\/div>\n\t\t\t\t<div class=\"elementor-element elementor-element-15809e4 elementor-widget elementor-widget-shortcode\" data-id=\"15809e4\" data-element_type=\"widget\" data-e-type=\"widget\" data-widget_type=\"shortcode.default\">\n\t\t\t\t<div class=\"elementor-widget-container\">\n\t\t\t\t\t\t\t<div class=\"elementor-shortcode\"><p class=\"product woocommerce add_to_cart_inline\" style=\"border:4px solid #ccc; padding: 12px;\"><del aria-hidden=\"true\"><span class=\"woocommerce-Price-amount amount\"><bdi>1.459,00&nbsp;<span class=\"woocommerce-Price-currencySymbol\" translate=\"no\">&euro;<\/span><\/bdi><\/span><\/del> <span class=\"screen-reader-text\" data-no-translation=\"\" data-trp-gettext=\"\">\u041f\u0435\u0440\u0432\u043e\u043d\u0430\u0447\u0430\u043b\u044c\u043d\u0430\u044f \u0446\u0435\u043d\u0430 \u0441\u043e\u0441\u0442\u0430\u0432\u043b\u044f\u043b\u0430 1.459,00&nbsp;&euro;.<\/span><ins aria-hidden=\"true\"><span class=\"woocommerce-Price-amount amount\"><bdi>1.259,00&nbsp;<span class=\"woocommerce-Price-currencySymbol\" translate=\"no\">&euro;<\/span><\/bdi><\/span><\/ins><span class=\"screen-reader-text\" data-no-translation=\"\" data-trp-gettext=\"\">\u0422\u0435\u043a\u0443\u0449\u0430\u044f \u0446\u0435\u043d\u0430: 1.259,00&nbsp;&euro;.<\/span><a href=\"\/ru_ru\/wp-json\/wp\/v2\/pages\/841?add-to-cart=8399\" aria-describedby=\"woocommerce_loop_add_to_cart_link_describedby_8399\" data-quantity=\"1\" class=\"button product_type_simple add_to_cart_button ajax_add_to_cart\" data-product_id=\"8399\" data-product_sku=\"\" aria-label=\"\u0414\u043e\u0431\u0430\u0432\u0438\u0442\u044c \u0432 \u043a\u043e\u0440\u0437\u0438\u043d\u0443 \u00abHabitacion con cama abatible de matrimonio 135x190 RMB\u00bb\" rel=\"nofollow\" data-success_message=\"\u00abHabitacion con cama abatible de matrimonio 135x190 RMB\u00bb \u0434\u043e\u0431\u0430\u0432\u043b\u0435\u043d \u0432 \u0432\u0430\u0448\u0443 \u043a\u043e\u0440\u0437\u0438\u043d\u0443\" role=\"button\" data-no-translation=\"\" data-trp-gettext=\"\" data-no-translation-aria-label=\"\" data-no-translation-data-success_message=\"\">\u0412 \u043a\u043e\u0440\u0437\u0438\u043d\u0443<\/a>\t<span id=\"woocommerce_loop_add_to_cart_link_describedby_8399\" class=\"screen-reader-text\">\n\t\t\t<\/span>\n<\/p><\/div>\n\t\t\t\t\t\t<\/div>\n\t\t\t\t<\/div>\n\t\t\t\t\t<\/div>\n\t\t<\/div>\n\t\t\t\t\t<\/div>\n\t\t<\/section>\n\t\t\t\t<section class=\"elementor-section elementor-top-section elementor-element elementor-element-93fec53 elementor-section-boxed elementor-section-height-default elementor-section-height-default\" data-id=\"93fec53\" data-element_type=\"section\" data-e-type=\"section\">\n\t\t\t\t\t\t<div class=\"elementor-container elementor-column-gap-no\">\n\t\t\t\t\t<div class=\"elementor-column elementor-col-100 elementor-top-column elementor-element elementor-element-285c3d5\" data-id=\"285c3d5\" data-element_type=\"column\" data-e-type=\"column\">\n\t\t\t<div class=\"elementor-widget-wrap elementor-element-populated\">\n\t\t\t\t\t\t<div class=\"elementor-element elementor-element-05bee46 elementor-widget elementor-widget-heading\" data-id=\"05bee46\" data-element_type=\"widget\" data-e-type=\"widget\" data-widget_type=\"heading.default\">\n\t\t\t\t<div class=\"elementor-widget-container\">\n\t\t\t\t\t<h6 class=\"elementor-heading-title elementor-size-default\">Lo que est\u00e1 de moda<\/h6>\t\t\t\t<\/div>\n\t\t\t\t<\/div>\n\t\t\t\t<div class=\"elementor-element elementor-element-46f9dca elementor-widget elementor-widget-heading\" data-id=\"46f9dca\" data-element_type=\"widget\" data-e-type=\"widget\" data-widget_type=\"heading.default\">\n\t\t\t\t<div class=\"elementor-widget-container\">\n\t\t\t\t\t<h2 class=\"elementor-heading-title elementor-size-default\">Lo m\u00e1s vendido esta temporada<\/h2>\t\t\t\t<\/div>\n\t\t\t\t<\/div>\n\t\t\t\t<div class=\"elementor-element elementor-element-8f08c03 elementor-widget-divider--view-line elementor-widget elementor-widget-divider\" data-id=\"8f08c03\" data-element_type=\"widget\" data-e-type=\"widget\" data-widget_type=\"divider.default\">\n\t\t\t\t<div class=\"elementor-widget-container\">\n\t\t\t\t\t\t\t<div class=\"elementor-divider\">\n\t\t\t<span class=\"elementor-divider-separator\">\n\t\t\t\t\t\t<\/span>\n\t\t<\/div>\n\t\t\t\t\t\t<\/div>\n\t\t\t\t<\/div>\n\t\t\t\t<div class=\"elementor-element elementor-element-d0c772d uael-woo--align-left uael-sale-flash-custom uael-featured-flash-custom elementor-widget elementor-widget-uael-woo-products\" data-id=\"d0c772d\" data-element_type=\"widget\" data-e-type=\"widget\" data-settings=\"{&quot;products_columns&quot;:&quot;4&quot;,&quot;products_columns_tablet&quot;:&quot;3&quot;,&quot;products_columns_mobile&quot;:&quot;1&quot;}\" data-widget_type=\"uael-woo-products.grid-franko\">\n\t\t\t\t<div class=\"elementor-widget-container\">\n\t\t\t\t\t<div class=\"uael-woocommerce uael-woo-products-grid uael-woo-skin-grid-franko uael-woo-query-all\" data-page=\"841\" data-skin=\"grid_franko\"><div class=\"columns-4 uael-woo-products-inner uael-woo-product__column-4 uael-woo-product__column-tablet-3 uael-woo-product__column-mobile-1 uael-woo-product__hover-swap\"><ul class=\"products columns-4\">\n\n<li class=\"sofas cama italianos con apertura italiana sof\u00e1s en badalona y barcelona post-45929 product first instock sale featured shipping-taxable purchasable product-type-simple\">\n\t<div class=\"uael-woo-product-wrapper\">\n\t\t<div class=\"uael-woo-products-thumbnail-wrap\"><div class=\"uael-flash-container uael-double-flash\">\n\t<div class=\"uael-sale-flash-wrap\"><span class=\"uael-onsale\">Descuento 17%<\/span><\/div>\n\t\n\t<div class=\"uael-featured-flash-wrap\"><span class=\"uael-featured\">Destacado<\/span><\/div>\t<\/div><a href=\"https:\/\/mueblesdetena.es\/ru_ru\/sofa-cama-italiano-gio-con-colchon-de-18-cm\/\" class=\"woocommerce-LoopProduct-link woocommerce-loop-product__link\"><img loading=\"lazy\" decoding=\"async\" width=\"300\" height=\"300\" src=\"https:\/\/mueblesdetena.es\/wp-content\/uploads\/2026\/05\/Captura-de-pantalla-2026-07-23-120309-300x300.jpg\" class=\"attachment-woocommerce_thumbnail size-woocommerce_thumbnail\" alt=\"Sof\u00e1 cama italiano Gio cerrado con colch\u00f3n de 18 cm\" \/><img loading=\"lazy\" decoding=\"async\" width=\"300\" height=\"300\" src=\"https:\/\/mueblesdetena.es\/wp-content\/uploads\/2026\/05\/sofa-cama-italiano-abierto-colchon-18cm-300x300.jpg\" class=\"uael-show-on-hover\" alt=\"Sof\u00e1 cama italiano Gio abierto con colch\u00f3n viscoel\u00e1stico de 18 cm\" \/><\/a><div class=\"uael-product-actions\"><div class=\"uael-action-item-wrap uael-quick-view-btn\" data-product_id=\"45929\"><span class=\"uael-action-item fa fa-eye\"><\/span><span class=\"uael-action-tooltip\">\u0411\u044b\u0441\u0442\u0440\u044b\u0439 \u043f\u0440\u043e\u0441\u043c\u043e\u0442\u0440<\/span><\/div><a href=\"\/ru_ru\/wp-json\/wp\/v2\/pages\/841?add-to-cart=45929\" class=\"uael-action-item-wrap uael-cart-section uael-add-to-cart-btn product_type_simple\" data-product_id=\"45929\"><span class=\"uael-action-item uael-ajax-add-cart-icon fa fa-shopping-cart\"><\/span><span class=\"uael-action-tooltip\" data-no-translation=\"\" data-trp-gettext=\"\">\u0412 \u043a\u043e\u0440\u0437\u0438\u043d\u0443<\/span><\/a><\/div><\/div><div class=\"uael-woo-products-summary-wrap\">\t\t\t<span class=\"uael-woo-product-category\">\n\t\t\t\tSofas cama italianos con apertura italiana\t\t\t<\/span> \n\t\t\t<a href=\"https:\/\/mueblesdetena.es\/ru_ru\/sofa-cama-italiano-gio-con-colchon-de-18-cm\/\" class=\"uael-loop-product__link\"><h2 class=\"woocommerce-loop-product__title\">Sof\u00e1 cama italiano Gio con colch\u00f3n de 18 cm<\/h2><\/a>\n\t<span class=\"price\"><del aria-hidden=\"true\"><span class=\"woocommerce-Price-amount amount\"><bdi>1.169,00&nbsp;<span class=\"woocommerce-Price-currencySymbol\" translate=\"no\">&euro;<\/span><\/bdi><\/span><\/del> <span class=\"screen-reader-text\" data-no-translation=\"\" data-trp-gettext=\"\">\u041f\u0435\u0440\u0432\u043e\u043d\u0430\u0447\u0430\u043b\u044c\u043d\u0430\u044f \u0446\u0435\u043d\u0430 \u0441\u043e\u0441\u0442\u0430\u0432\u043b\u044f\u043b\u0430 1.169,00&nbsp;&euro;.<\/span><ins aria-hidden=\"true\"><span class=\"woocommerce-Price-amount amount\"><bdi>969,00&nbsp;<span class=\"woocommerce-Price-currencySymbol\" translate=\"no\">&euro;<\/span><\/bdi><\/span><\/ins><span class=\"screen-reader-text\" data-no-translation=\"\" data-trp-gettext=\"\">\u0422\u0435\u043a\u0443\u0449\u0430\u044f \u0446\u0435\u043d\u0430: 969,00&nbsp;&euro;.<\/span><\/span>\n<\/div>\t<\/div>\n<\/li>\n\n<li class=\"camas abatibles de matrimonio met\u00e1licas post-14728 product  instock sale featured shipping-taxable purchasable product-type-simple\">\n\t<div class=\"uael-woo-product-wrapper\">\n\t\t<div class=\"uael-woo-products-thumbnail-wrap\"><div class=\"uael-flash-container uael-double-flash\">\n\t<div class=\"uael-sale-flash-wrap\"><span class=\"uael-onsale\">Descuento 23%<\/span><\/div>\n\t\n\t<div class=\"uael-featured-flash-wrap\"><span class=\"uael-featured\">Destacado<\/span><\/div>\t<\/div><a href=\"https:\/\/mueblesdetena.es\/ru_ru\/cama-abatible-de-matrimonio-135x190-cmb\/\" class=\"woocommerce-LoopProduct-link woocommerce-loop-product__link\"><img loading=\"lazy\" decoding=\"async\" width=\"300\" height=\"300\" src=\"https:\/\/mueblesdetena.es\/wp-content\/uploads\/2022\/02\/cama-abatible-horizontal-matrimonio-135x190-estructura-metalica-1-300x300.jpg\" class=\"attachment-woocommerce_thumbnail size-woocommerce_thumbnail\" alt=\"Cama abatible horizontal 135x190 CMB con estructura met\u00e1lica reforzada\" \/><img loading=\"lazy\" decoding=\"async\" width=\"300\" height=\"300\" src=\"https:\/\/mueblesdetena.es\/wp-content\/uploads\/2024\/02\/cama-abatible-horizontal-con-estructura-metalica-ref-cm11000-300x300.jpg\" class=\"uael-show-on-hover\" alt=\"Cama abatible horizontal CMB 135x190 abierta con estructura met\u00e1lica\" \/><\/a><div class=\"uael-product-actions\"><div class=\"uael-action-item-wrap uael-quick-view-btn\" data-product_id=\"14728\"><span class=\"uael-action-item fa fa-eye\"><\/span><span class=\"uael-action-tooltip\">\u0411\u044b\u0441\u0442\u0440\u044b\u0439 \u043f\u0440\u043e\u0441\u043c\u043e\u0442\u0440<\/span><\/div><a href=\"\/ru_ru\/wp-json\/wp\/v2\/pages\/841?add-to-cart=14728\" class=\"uael-action-item-wrap uael-cart-section uael-add-to-cart-btn product_type_simple\" data-product_id=\"14728\"><span class=\"uael-action-item uael-ajax-add-cart-icon fa fa-shopping-cart\"><\/span><span class=\"uael-action-tooltip\" data-no-translation=\"\" data-trp-gettext=\"\">\u0412 \u043a\u043e\u0440\u0437\u0438\u043d\u0443<\/span><\/a><\/div><\/div><div class=\"uael-woo-products-summary-wrap\">\t\t\t<span class=\"uael-woo-product-category\">\n\t\t\t\tCamas abatibles de matrimonio met\u00e1licas\t\t\t<\/span> \n\t\t\t<a href=\"https:\/\/mueblesdetena.es\/ru_ru\/cama-abatible-de-matrimonio-135x190-cmb\/\" class=\"uael-loop-product__link\"><h2 class=\"woocommerce-loop-product__title\">Cama abatible horizontal 135&#215;190 CMB met\u00e1lica<\/h2><\/a>\n\t<span class=\"price\"><del aria-hidden=\"true\"><span class=\"woocommerce-Price-amount amount\"><bdi>859,00&nbsp;<span class=\"woocommerce-Price-currencySymbol\" translate=\"no\">&euro;<\/span><\/bdi><\/span><\/del> <span class=\"screen-reader-text\" data-no-translation=\"\" data-trp-gettext=\"\">\u041f\u0435\u0440\u0432\u043e\u043d\u0430\u0447\u0430\u043b\u044c\u043d\u0430\u044f \u0446\u0435\u043d\u0430 \u0441\u043e\u0441\u0442\u0430\u0432\u043b\u044f\u043b\u0430 859,00&nbsp;&euro;.<\/span><ins aria-hidden=\"true\"><span class=\"woocommerce-Price-amount amount\"><bdi>659,00&nbsp;<span class=\"woocommerce-Price-currencySymbol\" translate=\"no\">&euro;<\/span><\/bdi><\/span><\/ins><span class=\"screen-reader-text\" data-no-translation=\"\" data-trp-gettext=\"\">\u0422\u0435\u043a\u0443\u0449\u0430\u044f \u0446\u0435\u043d\u0430: 659,00&nbsp;&euro;.<\/span><\/span>\n<\/div>\t<\/div>\n<\/li>\n\n<li class=\"camas abatibles de matrimonio camas abatibles en badalona y barcelona dormitorios de matrimonio en badalona y barcelona post-6063 product  instock sale featured shipping-taxable purchasable product-type-simple\">\n\t<div class=\"uael-woo-product-wrapper\">\n\t\t<div class=\"uael-woo-products-thumbnail-wrap\"><div class=\"uael-flash-container uael-double-flash\">\n\t<div class=\"uael-sale-flash-wrap\"><span class=\"uael-onsale\">Descuento 15%<\/span><\/div>\n\t\n\t<div class=\"uael-featured-flash-wrap\"><span class=\"uael-featured\">Destacado<\/span><\/div>\t<\/div><a href=\"https:\/\/mueblesdetena.es\/ru_ru\/cama-abatible-matrimonio-con-escritorio\/\" class=\"woocommerce-LoopProduct-link woocommerce-loop-product__link\"><img loading=\"lazy\" decoding=\"async\" width=\"300\" height=\"300\" src=\"https:\/\/mueblesdetena.es\/wp-content\/uploads\/2018\/08\/cama-abatible-rimobel-4-300x300.jpg\" class=\"attachment-woocommerce_thumbnail size-woocommerce_thumbnail\" alt=\"Cama abatible matrimonio con escritorio en Badalona\" \/><img loading=\"lazy\" decoding=\"async\" width=\"300\" height=\"300\" src=\"https:\/\/mueblesdetena.es\/wp-content\/uploads\/2024\/02\/abatible-h411-rimobel-1-1-300x300.jpg\" class=\"uael-show-on-hover\" alt=\"Cama abatible de matrimonio ILIM con escritorio integrado\" \/><\/a><div class=\"uael-product-actions\"><div class=\"uael-action-item-wrap uael-quick-view-btn\" data-product_id=\"6063\"><span class=\"uael-action-item fa fa-eye\"><\/span><span class=\"uael-action-tooltip\">\u0411\u044b\u0441\u0442\u0440\u044b\u0439 \u043f\u0440\u043e\u0441\u043c\u043e\u0442\u0440<\/span><\/div><a href=\"\/ru_ru\/wp-json\/wp\/v2\/pages\/841?add-to-cart=6063\" class=\"uael-action-item-wrap uael-cart-section uael-add-to-cart-btn product_type_simple\" data-product_id=\"6063\"><span class=\"uael-action-item uael-ajax-add-cart-icon fa fa-shopping-cart\"><\/span><span class=\"uael-action-tooltip\" data-no-translation=\"\" data-trp-gettext=\"\">\u0412 \u043a\u043e\u0440\u0437\u0438\u043d\u0443<\/span><\/a><\/div><\/div><div class=\"uael-woo-products-summary-wrap\">\t\t\t<span class=\"uael-woo-product-category\">\n\t\t\t\tCamas abatibles de matrimonio\t\t\t<\/span> \n\t\t\t<a href=\"https:\/\/mueblesdetena.es\/ru_ru\/cama-abatible-matrimonio-con-escritorio\/\" class=\"uael-loop-product__link\"><h2 class=\"woocommerce-loop-product__title\">CAMA ABATIBLE MATRIMONIO CON ESCRITORIO ILIM<\/h2><\/a>\n\t<span class=\"price\"><del aria-hidden=\"true\"><span class=\"woocommerce-Price-amount amount\"><bdi>1.299,00&nbsp;<span class=\"woocommerce-Price-currencySymbol\" translate=\"no\">&euro;<\/span><\/bdi><\/span><\/del> <span class=\"screen-reader-text\" data-no-translation=\"\" data-trp-gettext=\"\">\u041f\u0435\u0440\u0432\u043e\u043d\u0430\u0447\u0430\u043b\u044c\u043d\u0430\u044f \u0446\u0435\u043d\u0430 \u0441\u043e\u0441\u0442\u0430\u0432\u043b\u044f\u043b\u0430 1.299,00&nbsp;&euro;.<\/span><ins aria-hidden=\"true\"><span class=\"woocommerce-Price-amount amount\"><bdi>1.099,00&nbsp;<span class=\"woocommerce-Price-currencySymbol\" translate=\"no\">&euro;<\/span><\/bdi><\/span><\/ins><span class=\"screen-reader-text\" data-no-translation=\"\" data-trp-gettext=\"\">\u0422\u0435\u043a\u0443\u0449\u0430\u044f \u0446\u0435\u043d\u0430: 1.099,00&nbsp;&euro;.<\/span><\/span>\n<\/div>\t<\/div>\n<\/li>\n\n<li class=\"sofas cama italianos con apertura italiana sof\u00e1s en badalona y barcelona post-5835 product last instock sale featured shipping-taxable purchasable product-type-simple\">\n\t<div class=\"uael-woo-product-wrapper\">\n\t\t<div class=\"uael-woo-products-thumbnail-wrap\"><div class=\"uael-flash-container uael-double-flash\">\n\t<div class=\"uael-sale-flash-wrap\"><span class=\"uael-onsale\">Descuento 16%<\/span><\/div>\n\t\n\t<div class=\"uael-featured-flash-wrap\"><span class=\"uael-featured\">Destacado<\/span><\/div>\t<\/div><a href=\"https:\/\/mueblesdetena.es\/ru_ru\/sofa-cama-petit\/\" class=\"woocommerce-LoopProduct-link woocommerce-loop-product__link\"><img loading=\"lazy\" decoding=\"async\" width=\"300\" height=\"300\" src=\"https:\/\/mueblesdetena.es\/wp-content\/uploads\/2026\/06\/sofa-cama-italiano-petit-mostaza-salon-300x300.jpg\" class=\"attachment-woocommerce_thumbnail size-woocommerce_thumbnail\" alt=\"Sof\u00e1 cama italiano Petit mostaza en ambiente de sal\u00f3n\" \/><img loading=\"lazy\" decoding=\"async\" width=\"300\" height=\"300\" src=\"https:\/\/mueblesdetena.es\/wp-content\/uploads\/2026\/06\/sofa-cama-italiano-petit-140x190-gris-frontal-300x300.jpg\" class=\"uael-show-on-hover\" alt=\"Sof\u00e1 cama italiano Petit 140x190 cerrado en color gris\" \/><\/a><div class=\"uael-product-actions\"><div class=\"uael-action-item-wrap uael-quick-view-btn\" data-product_id=\"5835\"><span class=\"uael-action-item fa fa-eye\"><\/span><span class=\"uael-action-tooltip\">\u0411\u044b\u0441\u0442\u0440\u044b\u0439 \u043f\u0440\u043e\u0441\u043c\u043e\u0442\u0440<\/span><\/div><a href=\"\/ru_ru\/wp-json\/wp\/v2\/pages\/841?add-to-cart=5835\" class=\"uael-action-item-wrap uael-cart-section uael-add-to-cart-btn product_type_simple\" data-product_id=\"5835\"><span class=\"uael-action-item uael-ajax-add-cart-icon fa fa-shopping-cart\"><\/span><span class=\"uael-action-tooltip\" data-no-translation=\"\" data-trp-gettext=\"\">\u0412 \u043a\u043e\u0440\u0437\u0438\u043d\u0443<\/span><\/a><\/div><\/div><div class=\"uael-woo-products-summary-wrap\">\t\t\t<span class=\"uael-woo-product-category\">\n\t\t\t\tSofas cama italianos con apertura italiana\t\t\t<\/span> \n\t\t\t<a href=\"https:\/\/mueblesdetena.es\/ru_ru\/sofa-cama-petit\/\" class=\"uael-loop-product__link\"><h2 class=\"woocommerce-loop-product__title\">Sof\u00e1 cama italiano Petit 140&#215;190<\/h2><\/a>\n\t<span class=\"price\"><del aria-hidden=\"true\"><span class=\"woocommerce-Price-amount amount\"><bdi>869,00&nbsp;<span class=\"woocommerce-Price-currencySymbol\" translate=\"no\">&euro;<\/span><\/bdi><\/span><\/del> <span class=\"screen-reader-text\" data-no-translation=\"\" data-trp-gettext=\"\">\u041f\u0435\u0440\u0432\u043e\u043d\u0430\u0447\u0430\u043b\u044c\u043d\u0430\u044f \u0446\u0435\u043d\u0430 \u0441\u043e\u0441\u0442\u0430\u0432\u043b\u044f\u043b\u0430 869,00&nbsp;&euro;.<\/span><ins aria-hidden=\"true\"><span class=\"woocommerce-Price-amount amount\"><bdi>729,00&nbsp;<span class=\"woocommerce-Price-currencySymbol\" translate=\"no\">&euro;<\/span><\/bdi><\/span><\/ins><span class=\"screen-reader-text\" data-no-translation=\"\" data-trp-gettext=\"\">\u0422\u0435\u043a\u0443\u0449\u0430\u044f \u0446\u0435\u043d\u0430: 729,00&nbsp;&euro;.<\/span><\/span>\n<\/div>\t<\/div>\n<\/li>\n\n<li class=\"camas abatibles en badalona y barcelona camas abatibles individuales de madera post-5702 product first instock sale featured shipping-taxable purchasable product-type-simple\">\n\t<div class=\"uael-woo-product-wrapper\">\n\t\t<div class=\"uael-woo-products-thumbnail-wrap\"><div class=\"uael-flash-container uael-double-flash\">\n\t<div class=\"uael-sale-flash-wrap\"><span class=\"uael-onsale\">Descuento 14%<\/span><\/div>\n\t\n\t<div class=\"uael-featured-flash-wrap\"><span class=\"uael-featured\">Destacado<\/span><\/div>\t<\/div><a href=\"https:\/\/mueblesdetena.es\/ru_ru\/cama-abatible-horizontal-win\/\" class=\"woocommerce-LoopProduct-link woocommerce-loop-product__link\"><img loading=\"lazy\" decoding=\"async\" width=\"300\" height=\"300\" src=\"https:\/\/mueblesdetena.es\/wp-content\/uploads\/2018\/08\/Pedro_badal_quiero_esta_imagen_igual_pero_con_una_presentacion_mas_profesiona_2ac71c0f-0a13-424c-96f8-73321396e59c-300x300.jpg\" class=\"attachment-woocommerce_thumbnail size-woocommerce_thumbnail\" alt=\"Cama abatible horizontal 90x190 con armario superior WIN abierta en dormitorio juvenil\" \/><img loading=\"lazy\" decoding=\"async\" width=\"300\" height=\"300\" src=\"https:\/\/mueblesdetena.es\/wp-content\/uploads\/2024\/02\/WhatsApp-Image-2023-10-02-at-7.09.15-PM-300x300.jpeg\" class=\"uael-show-on-hover\" alt=\"Cama abatible horizontal 90x190 para habitaci\u00f3n juvenil peque\u00f1a\" \/><\/a><div class=\"uael-product-actions\"><div class=\"uael-action-item-wrap uael-quick-view-btn\" data-product_id=\"5702\"><span class=\"uael-action-item fa fa-eye\"><\/span><span class=\"uael-action-tooltip\">\u0411\u044b\u0441\u0442\u0440\u044b\u0439 \u043f\u0440\u043e\u0441\u043c\u043e\u0442\u0440<\/span><\/div><a href=\"\/ru_ru\/wp-json\/wp\/v2\/pages\/841?add-to-cart=5702\" class=\"uael-action-item-wrap uael-cart-section uael-add-to-cart-btn product_type_simple\" data-product_id=\"5702\"><span class=\"uael-action-item uael-ajax-add-cart-icon fa fa-shopping-cart\"><\/span><span class=\"uael-action-tooltip\" data-no-translation=\"\" data-trp-gettext=\"\">\u0412 \u043a\u043e\u0440\u0437\u0438\u043d\u0443<\/span><\/a><\/div><\/div><div class=\"uael-woo-products-summary-wrap\">\t\t\t<span class=\"uael-woo-product-category\">\n\t\t\t\tCamas abatibles en Badalona y Barcelona\t\t\t<\/span> \n\t\t\t<a href=\"https:\/\/mueblesdetena.es\/ru_ru\/cama-abatible-horizontal-win\/\" class=\"uael-loop-product__link\"><h2 class=\"woocommerce-loop-product__title\">Cama abatible horizontal 90&#215;190 WIN con armario superior<\/h2><\/a>\n\t<span class=\"price\"><del aria-hidden=\"true\"><span class=\"woocommerce-Price-amount amount\"><bdi>1.349,00&nbsp;<span class=\"woocommerce-Price-currencySymbol\" translate=\"no\">&euro;<\/span><\/bdi><\/span><\/del> <span class=\"screen-reader-text\" data-no-translation=\"\" data-trp-gettext=\"\">\u041f\u0435\u0440\u0432\u043e\u043d\u0430\u0447\u0430\u043b\u044c\u043d\u0430\u044f \u0446\u0435\u043d\u0430 \u0441\u043e\u0441\u0442\u0430\u0432\u043b\u044f\u043b\u0430 1.349,00&nbsp;&euro;.<\/span><ins aria-hidden=\"true\"><span class=\"woocommerce-Price-amount amount\"><bdi>1.159,00&nbsp;<span class=\"woocommerce-Price-currencySymbol\" translate=\"no\">&euro;<\/span><\/bdi><\/span><\/ins><span class=\"screen-reader-text\" data-no-translation=\"\" data-trp-gettext=\"\">\u0422\u0435\u043a\u0443\u0449\u0430\u044f \u0446\u0435\u043d\u0430: 1.159,00&nbsp;&euro;.<\/span><\/span>\n<\/div>\t<\/div>\n<\/li>\n\n<li class=\"literas abatibles met\u00e1licas en badalona y barcelona literas abatibles muebles juveniles en badalona y barcelona post-5290 product  instock sale featured shipping-taxable purchasable product-type-simple\">\n\t<div class=\"uael-woo-product-wrapper\">\n\t\t<div class=\"uael-woo-products-thumbnail-wrap\"><div class=\"uael-flash-container uael-double-flash\">\n\t<div class=\"uael-sale-flash-wrap\"><span class=\"uael-onsale\">Descuento 13%<\/span><\/div>\n\t\n\t<div class=\"uael-featured-flash-wrap\"><span class=\"uael-featured\">Destacado<\/span><\/div>\t<\/div><a href=\"https:\/\/mueblesdetena.es\/ru_ru\/litera-abatible-horizontal-nyc\/\" class=\"woocommerce-LoopProduct-link woocommerce-loop-product__link\"><img loading=\"lazy\" decoding=\"async\" width=\"300\" height=\"300\" src=\"https:\/\/mueblesdetena.es\/wp-content\/uploads\/2018\/08\/litera-abatible-300x300.png\" class=\"attachment-woocommerce_thumbnail size-woocommerce_thumbnail\" alt=\"Litera abatible horizontal met\u00e1lica NYC con 2 camas desde 689 euros\" \/><img loading=\"lazy\" decoding=\"async\" width=\"300\" height=\"300\" src=\"https:\/\/mueblesdetena.es\/wp-content\/uploads\/2024\/02\/colores-win-300x300.jpg\" class=\"uael-show-on-hover\" alt=\"Colores disponibles para la cama doble WIN\" \/><\/a><div class=\"uael-product-actions\"><div class=\"uael-action-item-wrap uael-quick-view-btn\" data-product_id=\"5290\"><span class=\"uael-action-item fa fa-eye\"><\/span><span class=\"uael-action-tooltip\">\u0411\u044b\u0441\u0442\u0440\u044b\u0439 \u043f\u0440\u043e\u0441\u043c\u043e\u0442\u0440<\/span><\/div><a href=\"\/ru_ru\/wp-json\/wp\/v2\/pages\/841?add-to-cart=5290\" class=\"uael-action-item-wrap uael-cart-section uael-add-to-cart-btn product_type_simple\" data-product_id=\"5290\"><span class=\"uael-action-item uael-ajax-add-cart-icon fa fa-shopping-cart\"><\/span><span class=\"uael-action-tooltip\" data-no-translation=\"\" data-trp-gettext=\"\">\u0412 \u043a\u043e\u0440\u0437\u0438\u043d\u0443<\/span><\/a><\/div><\/div><div class=\"uael-woo-products-summary-wrap\">\t\t\t<span class=\"uael-woo-product-category\">\n\t\t\t\tLiteras abatibles met\u00e1licas en Badalona y Barcelona\t\t\t<\/span> \n\t\t\t<a href=\"https:\/\/mueblesdetena.es\/ru_ru\/litera-abatible-horizontal-nyc\/\" class=\"uael-loop-product__link\"><h2 class=\"woocommerce-loop-product__title\">Litera abatible horizontal met\u00e1lica NYC 2 camas<\/h2><\/a>\n\t<span class=\"price\"><del aria-hidden=\"true\"><span class=\"woocommerce-Price-amount amount\"><bdi>799,00&nbsp;<span class=\"woocommerce-Price-currencySymbol\" translate=\"no\">&euro;<\/span><\/bdi><\/span><\/del> <span class=\"screen-reader-text\" data-no-translation=\"\" data-trp-gettext=\"\">\u041f\u0435\u0440\u0432\u043e\u043d\u0430\u0447\u0430\u043b\u044c\u043d\u0430\u044f \u0446\u0435\u043d\u0430 \u0441\u043e\u0441\u0442\u0430\u0432\u043b\u044f\u043b\u0430 799,00&nbsp;&euro;.<\/span><ins aria-hidden=\"true\"><span class=\"woocommerce-Price-amount amount\"><bdi>699,00&nbsp;<span class=\"woocommerce-Price-currencySymbol\" translate=\"no\">&euro;<\/span><\/bdi><\/span><\/ins><span class=\"screen-reader-text\" data-no-translation=\"\" data-trp-gettext=\"\">\u0422\u0435\u043a\u0443\u0449\u0430\u044f \u0446\u0435\u043d\u0430: 699,00&nbsp;&euro;.<\/span><\/span>\n<\/div>\t<\/div>\n<\/li>\n<\/ul>\n<\/div><\/div><div class=\"uael-quick-view-d0c772d\">\n\t<div class=\"uael-quick-view-bg\"><div class=\"uael-quick-view-loader\"><\/div><\/div>\n\t<div id=\"uael-quick-view-modal\">\n\t\t<div class=\"uael-content-main-wrapper\"><!--\n\t\t--><div class=\"uael-content-main\">\n\t\t\t\t<div class=\"uael-lightbox-content\">\n\t\t\t\t\t<div class=\"uael-content-main-head\">\n\t\t\t\t\t\t<a href=\"#\" id=\"uael-quick-view-close\" class=\"uael-quick-view-close-btn fas fa-times\"><\/a>\n\t\t\t\t\t<\/div>\n\t\t\t\t\t<div id=\"uael-quick-view-content\" class=\"woocommerce single-product\"><\/div>\n\t\t\t\t<\/div>\n\t\t\t<\/div>\n\t\t<\/div>\n\t<\/div>\n<\/div>\n\t\t\t\t<\/div>\n\t\t\t\t<\/div>\n\t\t\t\t\t<\/div>\n\t\t<\/div>\n\t\t\t\t\t<\/div>\n\t\t<\/section>\n\t\t\t\t<section class=\"elementor-section elementor-top-section elementor-element elementor-element-a944915 elementor-section-boxed elementor-section-height-default elementor-section-height-default\" data-id=\"a944915\" data-element_type=\"section\" data-e-type=\"section\">\n\t\t\t\t\t\t<div class=\"elementor-container elementor-column-gap-no\">\n\t\t\t\t\t<div class=\"elementor-column elementor-col-100 elementor-top-column elementor-element elementor-element-d2dd202\" data-id=\"d2dd202\" data-element_type=\"column\" data-e-type=\"column\">\n\t\t\t<div class=\"elementor-widget-wrap elementor-element-populated\">\n\t\t\t\t\t\t<div class=\"elementor-element elementor-element-5160475 elementor-widget elementor-widget-heading\" data-id=\"5160475\" data-element_type=\"widget\" data-e-type=\"widget\" data-widget_type=\"heading.default\">\n\t\t\t\t<div class=\"elementor-widget-container\">\n\t\t\t\t\t<h6 class=\"elementor-heading-title elementor-size-default\">Nuevas incorporaciones<\/h6>\t\t\t\t<\/div>\n\t\t\t\t<\/div>\n\t\t\t\t<div class=\"elementor-element elementor-element-8aedc7f elementor-widget elementor-widget-heading\" data-id=\"8aedc7f\" data-element_type=\"widget\" data-e-type=\"widget\" data-widget_type=\"heading.default\">\n\t\t\t\t<div class=\"elementor-widget-container\">\n\t\t\t\t\t<h2 class=\"elementor-heading-title elementor-size-default\">Acabado de llegar<\/h2>\t\t\t\t<\/div>\n\t\t\t\t<\/div>\n\t\t\t\t<div class=\"elementor-element elementor-element-84e8c76 elementor-widget-divider--view-line elementor-widget elementor-widget-divider\" data-id=\"84e8c76\" data-element_type=\"widget\" data-e-type=\"widget\" data-widget_type=\"divider.default\">\n\t\t\t\t<div class=\"elementor-widget-container\">\n\t\t\t\t\t\t\t<div class=\"elementor-divider\">\n\t\t\t<span class=\"elementor-divider-separator\">\n\t\t\t\t\t\t<\/span>\n\t\t<\/div>\n\t\t\t\t\t\t<\/div>\n\t\t\t\t<\/div>\n\t\t\t\t<div class=\"elementor-element elementor-element-fb88deb uael-woo--align-left uael-sale-flash-custom uael-featured-flash-custom elementor-widget elementor-widget-uael-woo-products\" data-id=\"fb88deb\" data-element_type=\"widget\" data-e-type=\"widget\" data-settings=\"{&quot;products_columns&quot;:&quot;4&quot;,&quot;products_columns_tablet&quot;:&quot;3&quot;,&quot;products_columns_mobile&quot;:&quot;1&quot;}\" data-widget_type=\"uael-woo-products.grid-franko\">\n\t\t\t\t<div class=\"elementor-widget-container\">\n\t\t\t\t\t<div class=\"uael-woocommerce uael-woo-products-grid uael-woo-skin-grid-franko uael-woo-query-all\" data-page=\"841\" data-skin=\"grid_franko\"><div class=\"columns-4 uael-woo-products-inner uael-woo-product__column-4 uael-woo-product__column-tablet-3 uael-woo-product__column-mobile-1 uael-woo-product__hover-swap\"><ul class=\"products columns-4\">\n\n<li class=\"sin categorizar post-48792 product first instock sale shipping-taxable purchasable product-type-simple\">\n\t<div class=\"uael-woo-product-wrapper\">\n\t\t<div class=\"uael-woo-products-thumbnail-wrap\"><div class=\"uael-flash-container uael-double-flash\">\n\t<div class=\"uael-sale-flash-wrap\"><span class=\"uael-onsale\">Descuento 33%<\/span><\/div>\n\t<\/div><a href=\"https:\/\/mueblesdetena.es\/ru_ru\/mesa-de-comedor-rebel\/\" class=\"woocommerce-LoopProduct-link woocommerce-loop-product__link\"><img loading=\"lazy\" decoding=\"async\" width=\"300\" height=\"300\" src=\"https:\/\/mueblesdetena.es\/wp-content\/uploads\/2026\/08\/mesa-de-comedor-barcelona-300x300.jpg\" class=\"attachment-woocommerce_thumbnail size-woocommerce_thumbnail\" alt=\"Mesa de comedor Rebel\" \/><img loading=\"lazy\" decoding=\"async\" width=\"300\" height=\"300\" src=\"https:\/\/mueblesdetena.es\/wp-content\/uploads\/2026\/08\/colores-kazzano-300x300.jpg\" class=\"uael-show-on-hover\" alt=\"\" \/><\/a><div class=\"uael-product-actions\"><div class=\"uael-action-item-wrap uael-quick-view-btn\" data-product_id=\"48792\"><span class=\"uael-action-item fa fa-eye\"><\/span><span class=\"uael-action-tooltip\">\u0411\u044b\u0441\u0442\u0440\u044b\u0439 \u043f\u0440\u043e\u0441\u043c\u043e\u0442\u0440<\/span><\/div><a href=\"\/ru_ru\/wp-json\/wp\/v2\/pages\/841?add-to-cart=48792\" class=\"uael-action-item-wrap uael-cart-section uael-add-to-cart-btn product_type_simple\" data-product_id=\"48792\"><span class=\"uael-action-item uael-ajax-add-cart-icon fa fa-shopping-cart\"><\/span><span class=\"uael-action-tooltip\" data-no-translation=\"\" data-trp-gettext=\"\">\u0412 \u043a\u043e\u0440\u0437\u0438\u043d\u0443<\/span><\/a><\/div><\/div><div class=\"uael-woo-products-summary-wrap\">\t\t\t<span class=\"uael-woo-product-category\">\n\t\t\t\tSin categorizar\t\t\t<\/span> \n\t\t\t<a href=\"https:\/\/mueblesdetena.es\/ru_ru\/mesa-de-comedor-rebel\/\" class=\"uael-loop-product__link\"><h2 class=\"woocommerce-loop-product__title\">Mesa de comedor Rebel<\/h2><\/a>\n\t<span class=\"price\"><del aria-hidden=\"true\"><span class=\"woocommerce-Price-amount amount\"><bdi>599,00&nbsp;<span class=\"woocommerce-Price-currencySymbol\" translate=\"no\">&euro;<\/span><\/bdi><\/span><\/del> <span class=\"screen-reader-text\" data-no-translation=\"\" data-trp-gettext=\"\">\u041f\u0435\u0440\u0432\u043e\u043d\u0430\u0447\u0430\u043b\u044c\u043d\u0430\u044f \u0446\u0435\u043d\u0430 \u0441\u043e\u0441\u0442\u0430\u0432\u043b\u044f\u043b\u0430 599,00&nbsp;&euro;.<\/span><ins aria-hidden=\"true\"><span class=\"woocommerce-Price-amount amount\"><bdi>399,00&nbsp;<span class=\"woocommerce-Price-currencySymbol\" translate=\"no\">&euro;<\/span><\/bdi><\/span><\/ins><span class=\"screen-reader-text\" data-no-translation=\"\" data-trp-gettext=\"\">\u0422\u0435\u043a\u0443\u0449\u0430\u044f \u0446\u0435\u043d\u0430: 399,00&nbsp;&euro;.<\/span><\/span>\n<\/div>\t<\/div>\n<\/li>\n\n<li class=\"sillas de comedor post-48780 product  instock sale shipping-taxable purchasable product-type-simple\">\n\t<div class=\"uael-woo-product-wrapper\">\n\t\t<div class=\"uael-woo-products-thumbnail-wrap\"><div class=\"uael-flash-container uael-double-flash\">\n\t<div class=\"uael-sale-flash-wrap\"><span class=\"uael-onsale\">Descuento 25%<\/span><\/div>\n\t<\/div><a href=\"https:\/\/mueblesdetena.es\/ru_ru\/silla-de-comedor-carla\/\" class=\"woocommerce-LoopProduct-link woocommerce-loop-product__link\"><img loading=\"lazy\" decoding=\"async\" width=\"300\" height=\"300\" src=\"https:\/\/mueblesdetena.es\/wp-content\/uploads\/2026\/08\/silla-de-comedor-carla-300x300.jpg\" class=\"attachment-woocommerce_thumbnail size-woocommerce_thumbnail\" alt=\"Silla de comedor Carla tapizada con respaldo capiton\u00e9 antimanchas\" \/><img loading=\"lazy\" decoding=\"async\" width=\"300\" height=\"300\" src=\"https:\/\/mueblesdetena.es\/wp-content\/uploads\/2026\/08\/carla-midas-300x300.jpg\" class=\"uael-show-on-hover\" alt=\"Silla de comedor Carla con tapizado antimanchas Waterproof\" \/><\/a><div class=\"uael-product-actions\"><div class=\"uael-action-item-wrap uael-quick-view-btn\" data-product_id=\"48780\"><span class=\"uael-action-item fa fa-eye\"><\/span><span class=\"uael-action-tooltip\">\u0411\u044b\u0441\u0442\u0440\u044b\u0439 \u043f\u0440\u043e\u0441\u043c\u043e\u0442\u0440<\/span><\/div><a href=\"\/ru_ru\/wp-json\/wp\/v2\/pages\/841?add-to-cart=48780\" class=\"uael-action-item-wrap uael-cart-section uael-add-to-cart-btn product_type_simple\" data-product_id=\"48780\"><span class=\"uael-action-item uael-ajax-add-cart-icon fa fa-shopping-cart\"><\/span><span class=\"uael-action-tooltip\" data-no-translation=\"\" data-trp-gettext=\"\">\u0412 \u043a\u043e\u0440\u0437\u0438\u043d\u0443<\/span><\/a><\/div><\/div><div class=\"uael-woo-products-summary-wrap\">\t\t\t<span class=\"uael-woo-product-category\">\n\t\t\t\tSillas de comedor\t\t\t<\/span> \n\t\t\t<a href=\"https:\/\/mueblesdetena.es\/ru_ru\/silla-de-comedor-carla\/\" class=\"uael-loop-product__link\"><h2 class=\"woocommerce-loop-product__title\">Silla de comedor Carla | M\u00e1xima comodidad y antimanchas<\/h2><\/a>\n\t<span class=\"price\"><del aria-hidden=\"true\"><span class=\"woocommerce-Price-amount amount\"><bdi>100,00&nbsp;<span class=\"woocommerce-Price-currencySymbol\" translate=\"no\">&euro;<\/span><\/bdi><\/span><\/del> <span class=\"screen-reader-text\" data-no-translation=\"\" data-trp-gettext=\"\">\u041f\u0435\u0440\u0432\u043e\u043d\u0430\u0447\u0430\u043b\u044c\u043d\u0430\u044f \u0446\u0435\u043d\u0430 \u0441\u043e\u0441\u0442\u0430\u0432\u043b\u044f\u043b\u0430 100,00&nbsp;&euro;.<\/span><ins aria-hidden=\"true\"><span class=\"woocommerce-Price-amount amount\"><bdi>75,00&nbsp;<span class=\"woocommerce-Price-currencySymbol\" translate=\"no\">&euro;<\/span><\/bdi><\/span><\/ins><span class=\"screen-reader-text\" data-no-translation=\"\" data-trp-gettext=\"\">\u0422\u0435\u043a\u0443\u0449\u0430\u044f \u0446\u0435\u043d\u0430: 75,00&nbsp;&euro;.<\/span><\/span>\n<\/div>\t<\/div>\n<\/li>\n\n<li class=\"sin categorizar post-48769 product  instock sale shipping-taxable purchasable product-type-simple\">\n\t<div class=\"uael-woo-product-wrapper\">\n\t\t<div class=\"uael-woo-products-thumbnail-wrap\"><div class=\"uael-flash-container uael-double-flash\">\n\t<div class=\"uael-sale-flash-wrap\"><span class=\"uael-onsale\">Descuento 27%<\/span><\/div>\n\t<\/div><a href=\"https:\/\/mueblesdetena.es\/ru_ru\/silla-de-comedor-zoe\/\" class=\"woocommerce-LoopProduct-link woocommerce-loop-product__link\"><img loading=\"lazy\" decoding=\"async\" width=\"300\" height=\"300\" src=\"https:\/\/mueblesdetena.es\/wp-content\/uploads\/2026\/08\/silla-zoe-1-300x300.jpg\" class=\"attachment-woocommerce_thumbnail size-woocommerce_thumbnail\" alt=\"Silla de comedor Zoe\" \/><img loading=\"lazy\" decoding=\"async\" width=\"300\" height=\"300\" src=\"https:\/\/mueblesdetena.es\/wp-content\/uploads\/2026\/08\/silla-zoe-1-300x300.jpg\" class=\"uael-show-on-hover\" alt=\"\" \/><\/a><div class=\"uael-product-actions\"><div class=\"uael-action-item-wrap uael-quick-view-btn\" data-product_id=\"48769\"><span class=\"uael-action-item fa fa-eye\"><\/span><span class=\"uael-action-tooltip\">\u0411\u044b\u0441\u0442\u0440\u044b\u0439 \u043f\u0440\u043e\u0441\u043c\u043e\u0442\u0440<\/span><\/div><a href=\"\/ru_ru\/wp-json\/wp\/v2\/pages\/841?add-to-cart=48769\" class=\"uael-action-item-wrap uael-cart-section uael-add-to-cart-btn product_type_simple\" data-product_id=\"48769\"><span class=\"uael-action-item uael-ajax-add-cart-icon fa fa-shopping-cart\"><\/span><span class=\"uael-action-tooltip\" data-no-translation=\"\" data-trp-gettext=\"\">\u0412 \u043a\u043e\u0440\u0437\u0438\u043d\u0443<\/span><\/a><\/div><\/div><div class=\"uael-woo-products-summary-wrap\">\t\t\t<span class=\"uael-woo-product-category\">\n\t\t\t\tSin categorizar\t\t\t<\/span> \n\t\t\t<a href=\"https:\/\/mueblesdetena.es\/ru_ru\/silla-de-comedor-zoe\/\" class=\"uael-loop-product__link\"><h2 class=\"woocommerce-loop-product__title\">Silla de comedor Zoe<\/h2><\/a>\n\t<span class=\"price\"><del aria-hidden=\"true\"><span class=\"woocommerce-Price-amount amount\"><bdi>149,00&nbsp;<span class=\"woocommerce-Price-currencySymbol\" translate=\"no\">&euro;<\/span><\/bdi><\/span><\/del> <span class=\"screen-reader-text\" data-no-translation=\"\" data-trp-gettext=\"\">\u041f\u0435\u0440\u0432\u043e\u043d\u0430\u0447\u0430\u043b\u044c\u043d\u0430\u044f \u0446\u0435\u043d\u0430 \u0441\u043e\u0441\u0442\u0430\u0432\u043b\u044f\u043b\u0430 149,00&nbsp;&euro;.<\/span><ins aria-hidden=\"true\"><span class=\"woocommerce-Price-amount amount\"><bdi>109,00&nbsp;<span class=\"woocommerce-Price-currencySymbol\" translate=\"no\">&euro;<\/span><\/bdi><\/span><\/ins><span class=\"screen-reader-text\" data-no-translation=\"\" data-trp-gettext=\"\">\u0422\u0435\u043a\u0443\u0449\u0430\u044f \u0446\u0435\u043d\u0430: 109,00&nbsp;&euro;.<\/span><\/span>\n<\/div>\t<\/div>\n<\/li>\n\n<li class=\"sillas de comedor post-48760 product last instock sale shipping-taxable purchasable product-type-simple\">\n\t<div class=\"uael-woo-product-wrapper\">\n\t\t<div class=\"uael-woo-products-thumbnail-wrap\"><div class=\"uael-flash-container uael-double-flash\">\n\t<div class=\"uael-sale-flash-wrap\"><span class=\"uael-onsale\">Descuento 25%<\/span><\/div>\n\t<\/div><a href=\"https:\/\/mueblesdetena.es\/ru_ru\/silla-de-comedor-alex-borg\/\" class=\"woocommerce-LoopProduct-link woocommerce-loop-product__link\"><img loading=\"lazy\" decoding=\"async\" width=\"300\" height=\"300\" src=\"https:\/\/mueblesdetena.es\/wp-content\/uploads\/2026\/08\/silla-alex--300x300.jpg\" class=\"attachment-woocommerce_thumbnail size-woocommerce_thumbnail\" alt=\"Silla de comedor Alex Borg tapizada con asiento extra\u00edble\" \/><img loading=\"lazy\" decoding=\"async\" width=\"300\" height=\"300\" src=\"https:\/\/mueblesdetena.es\/wp-content\/uploads\/2026\/08\/silla-alex-colores-300x300.jpg\" class=\"uael-show-on-hover\" alt=\"Silla Alex Borg: colores de tapizado y opciones de patas\" \/><\/a><div class=\"uael-product-actions\"><div class=\"uael-action-item-wrap uael-quick-view-btn\" data-product_id=\"48760\"><span class=\"uael-action-item fa fa-eye\"><\/span><span class=\"uael-action-tooltip\">\u0411\u044b\u0441\u0442\u0440\u044b\u0439 \u043f\u0440\u043e\u0441\u043c\u043e\u0442\u0440<\/span><\/div><a href=\"\/ru_ru\/wp-json\/wp\/v2\/pages\/841?add-to-cart=48760\" class=\"uael-action-item-wrap uael-cart-section uael-add-to-cart-btn product_type_simple\" data-product_id=\"48760\"><span class=\"uael-action-item uael-ajax-add-cart-icon fa fa-shopping-cart\"><\/span><span class=\"uael-action-tooltip\" data-no-translation=\"\" data-trp-gettext=\"\">\u0412 \u043a\u043e\u0440\u0437\u0438\u043d\u0443<\/span><\/a><\/div><\/div><div class=\"uael-woo-products-summary-wrap\">\t\t\t<span class=\"uael-woo-product-category\">\n\t\t\t\tSillas de comedor\t\t\t<\/span> \n\t\t\t<a href=\"https:\/\/mueblesdetena.es\/ru_ru\/silla-de-comedor-alex-borg\/\" class=\"uael-loop-product__link\"><h2 class=\"woocommerce-loop-product__title\">Silla de comedor Alex Borg | Tapizada con asiento extra\u00edble<\/h2><\/a>\n\t<span class=\"price\"><del aria-hidden=\"true\"><span class=\"woocommerce-Price-amount amount\"><bdi>159,00&nbsp;<span class=\"woocommerce-Price-currencySymbol\" translate=\"no\">&euro;<\/span><\/bdi><\/span><\/del> <span class=\"screen-reader-text\" data-no-translation=\"\" data-trp-gettext=\"\">\u041f\u0435\u0440\u0432\u043e\u043d\u0430\u0447\u0430\u043b\u044c\u043d\u0430\u044f \u0446\u0435\u043d\u0430 \u0441\u043e\u0441\u0442\u0430\u0432\u043b\u044f\u043b\u0430 159,00&nbsp;&euro;.<\/span><ins aria-hidden=\"true\"><span class=\"woocommerce-Price-amount amount\"><bdi>119,00&nbsp;<span class=\"woocommerce-Price-currencySymbol\" translate=\"no\">&euro;<\/span><\/bdi><\/span><\/ins><span class=\"screen-reader-text\" data-no-translation=\"\" data-trp-gettext=\"\">\u0422\u0435\u043a\u0443\u0449\u0430\u044f \u0446\u0435\u043d\u0430: 119,00&nbsp;&euro;.<\/span><\/span>\n<\/div>\t<\/div>\n<\/li>\n\n<li class=\"sillas de comedor post-48720 product first instock sale shipping-taxable purchasable product-type-simple\">\n\t<div class=\"uael-woo-product-wrapper\">\n\t\t<div class=\"uael-woo-products-thumbnail-wrap\"><div class=\"uael-flash-container uael-double-flash\">\n\t<div class=\"uael-sale-flash-wrap\"><span class=\"uael-onsale\">Descuento 24%<\/span><\/div>\n\t<\/div><a href=\"https:\/\/mueblesdetena.es\/ru_ru\/silla-saxo-de-pemi-tapizada-con-estructura-metalica-3\/\" class=\"woocommerce-LoopProduct-link woocommerce-loop-product__link\"><img loading=\"lazy\" decoding=\"async\" width=\"300\" height=\"300\" src=\"https:\/\/mueblesdetena.es\/wp-content\/uploads\/2026\/08\/silla-saxo-300x300.png\" class=\"attachment-woocommerce_thumbnail size-woocommerce_thumbnail\" alt=\"Silla Saxo de Pemi tapizada con estructura met\u00e1lica\" \/><\/a><div class=\"uael-product-actions\"><div class=\"uael-action-item-wrap uael-quick-view-btn\" data-product_id=\"48720\"><span class=\"uael-action-item fa fa-eye\"><\/span><span class=\"uael-action-tooltip\">\u0411\u044b\u0441\u0442\u0440\u044b\u0439 \u043f\u0440\u043e\u0441\u043c\u043e\u0442\u0440<\/span><\/div><a href=\"\/ru_ru\/wp-json\/wp\/v2\/pages\/841?add-to-cart=48720\" class=\"uael-action-item-wrap uael-cart-section uael-add-to-cart-btn product_type_simple\" data-product_id=\"48720\"><span class=\"uael-action-item uael-ajax-add-cart-icon fa fa-shopping-cart\"><\/span><span class=\"uael-action-tooltip\" data-no-translation=\"\" data-trp-gettext=\"\">\u0412 \u043a\u043e\u0440\u0437\u0438\u043d\u0443<\/span><\/a><\/div><\/div><div class=\"uael-woo-products-summary-wrap\">\t\t\t<span class=\"uael-woo-product-category\">\n\t\t\t\tSillas de comedor\t\t\t<\/span> \n\t\t\t<a href=\"https:\/\/mueblesdetena.es\/ru_ru\/silla-saxo-de-pemi-tapizada-con-estructura-metalica-3\/\" class=\"uael-loop-product__link\"><h2 class=\"woocommerce-loop-product__title\">Silla Saxo de Pemi | Tapizada con estructura met\u00e1lica<\/h2><\/a>\n\t<span class=\"price\"><del aria-hidden=\"true\"><span class=\"woocommerce-Price-amount amount\"><bdi>169,00&nbsp;<span class=\"woocommerce-Price-currencySymbol\" translate=\"no\">&euro;<\/span><\/bdi><\/span><\/del> <span class=\"screen-reader-text\" data-no-translation=\"\" data-trp-gettext=\"\">\u041f\u0435\u0440\u0432\u043e\u043d\u0430\u0447\u0430\u043b\u044c\u043d\u0430\u044f \u0446\u0435\u043d\u0430 \u0441\u043e\u0441\u0442\u0430\u0432\u043b\u044f\u043b\u0430 169,00&nbsp;&euro;.<\/span><ins aria-hidden=\"true\"><span class=\"woocommerce-Price-amount amount\"><bdi>129,00&nbsp;<span class=\"woocommerce-Price-currencySymbol\" translate=\"no\">&euro;<\/span><\/bdi><\/span><\/ins><span class=\"screen-reader-text\" data-no-translation=\"\" data-trp-gettext=\"\">\u0422\u0435\u043a\u0443\u0449\u0430\u044f \u0446\u0435\u043d\u0430: 129,00&nbsp;&euro;.<\/span><\/span>\n<\/div>\t<\/div>\n<\/li>\n\n<li class=\"sillas de comedor post-48675 product  instock sale shipping-taxable purchasable product-type-simple\">\n\t<div class=\"uael-woo-product-wrapper\">\n\t\t<div class=\"uael-woo-products-thumbnail-wrap\"><div class=\"uael-flash-container uael-double-flash\">\n\t<div class=\"uael-sale-flash-wrap\"><span class=\"uael-onsale\">Descuento 24%<\/span><\/div>\n\t<\/div><a href=\"https:\/\/mueblesdetena.es\/ru_ru\/silla-de-comedor-balvet-increible-de-pemi\/\" class=\"woocommerce-LoopProduct-link woocommerce-loop-product__link\"><img loading=\"lazy\" decoding=\"async\" width=\"300\" height=\"300\" src=\"https:\/\/mueblesdetena.es\/wp-content\/uploads\/2026\/08\/silla-balvet-de-pemi-300x300.jpg\" class=\"attachment-woocommerce_thumbnail size-woocommerce_thumbnail\" alt=\"Silla de comedor Balvet incre\u00edble de Pemi\" \/><img loading=\"lazy\" decoding=\"async\" width=\"300\" height=\"300\" src=\"https:\/\/mueblesdetena.es\/wp-content\/uploads\/2026\/08\/silla-balvet-300x300.jpg\" class=\"uael-show-on-hover\" alt=\"\" \/><\/a><div class=\"uael-product-actions\"><div class=\"uael-action-item-wrap uael-quick-view-btn\" data-product_id=\"48675\"><span class=\"uael-action-item fa fa-eye\"><\/span><span class=\"uael-action-tooltip\">\u0411\u044b\u0441\u0442\u0440\u044b\u0439 \u043f\u0440\u043e\u0441\u043c\u043e\u0442\u0440<\/span><\/div><a href=\"\/ru_ru\/wp-json\/wp\/v2\/pages\/841?add-to-cart=48675\" class=\"uael-action-item-wrap uael-cart-section uael-add-to-cart-btn product_type_simple\" data-product_id=\"48675\"><span class=\"uael-action-item uael-ajax-add-cart-icon fa fa-shopping-cart\"><\/span><span class=\"uael-action-tooltip\" data-no-translation=\"\" data-trp-gettext=\"\">\u0412 \u043a\u043e\u0440\u0437\u0438\u043d\u0443<\/span><\/a><\/div><\/div><div class=\"uael-woo-products-summary-wrap\">\t\t\t<span class=\"uael-woo-product-category\">\n\t\t\t\tSillas de comedor\t\t\t<\/span> \n\t\t\t<a href=\"https:\/\/mueblesdetena.es\/ru_ru\/silla-de-comedor-balvet-increible-de-pemi\/\" class=\"uael-loop-product__link\"><h2 class=\"woocommerce-loop-product__title\">Silla de comedor Balvet incre\u00edble de Pemi<\/h2><\/a>\n\t<span class=\"price\"><del aria-hidden=\"true\"><span class=\"woocommerce-Price-amount amount\"><bdi>169,00&nbsp;<span class=\"woocommerce-Price-currencySymbol\" translate=\"no\">&euro;<\/span><\/bdi><\/span><\/del> <span class=\"screen-reader-text\" data-no-translation=\"\" data-trp-gettext=\"\">\u041f\u0435\u0440\u0432\u043e\u043d\u0430\u0447\u0430\u043b\u044c\u043d\u0430\u044f \u0446\u0435\u043d\u0430 \u0441\u043e\u0441\u0442\u0430\u0432\u043b\u044f\u043b\u0430 169,00&nbsp;&euro;.<\/span><ins aria-hidden=\"true\"><span class=\"woocommerce-Price-amount amount\"><bdi>129,00&nbsp;<span class=\"woocommerce-Price-currencySymbol\" translate=\"no\">&euro;<\/span><\/bdi><\/span><\/ins><span class=\"screen-reader-text\" data-no-translation=\"\" data-trp-gettext=\"\">\u0422\u0435\u043a\u0443\u0449\u0430\u044f \u0446\u0435\u043d\u0430: 129,00&nbsp;&euro;.<\/span><\/span>\n<\/div>\t<\/div>\n<\/li>\n\n<li class=\"sillas de comedor post-48665 product  instock sale shipping-taxable purchasable product-type-simple\">\n\t<div class=\"uael-woo-product-wrapper\">\n\t\t<div class=\"uael-woo-products-thumbnail-wrap\"><div class=\"uael-flash-container uael-double-flash\">\n\t<div class=\"uael-sale-flash-wrap\"><span class=\"uael-onsale\">Descuento 24%<\/span><\/div>\n\t<\/div><a href=\"https:\/\/mueblesdetena.es\/ru_ru\/silla-de-comedor-class-increible-de-pemi\/\" class=\"woocommerce-LoopProduct-link woocommerce-loop-product__link\"><img loading=\"lazy\" decoding=\"async\" width=\"300\" height=\"300\" src=\"https:\/\/mueblesdetena.es\/wp-content\/uploads\/2026\/08\/silla-class-de-pemi-300x300.jpg\" class=\"attachment-woocommerce_thumbnail size-woocommerce_thumbnail\" alt=\"Silla de comedor Class Pemi tapizada con patas met\u00e1licas\" \/><\/a><div class=\"uael-product-actions\"><div class=\"uael-action-item-wrap uael-quick-view-btn\" data-product_id=\"48665\"><span class=\"uael-action-item fa fa-eye\"><\/span><span class=\"uael-action-tooltip\">\u0411\u044b\u0441\u0442\u0440\u044b\u0439 \u043f\u0440\u043e\u0441\u043c\u043e\u0442\u0440<\/span><\/div><a href=\"\/ru_ru\/wp-json\/wp\/v2\/pages\/841?add-to-cart=48665\" class=\"uael-action-item-wrap uael-cart-section uael-add-to-cart-btn product_type_simple\" data-product_id=\"48665\"><span class=\"uael-action-item uael-ajax-add-cart-icon fa fa-shopping-cart\"><\/span><span class=\"uael-action-tooltip\" data-no-translation=\"\" data-trp-gettext=\"\">\u0412 \u043a\u043e\u0440\u0437\u0438\u043d\u0443<\/span><\/a><\/div><\/div><div class=\"uael-woo-products-summary-wrap\">\t\t\t<span class=\"uael-woo-product-category\">\n\t\t\t\tSillas de comedor\t\t\t<\/span> \n\t\t\t<a href=\"https:\/\/mueblesdetena.es\/ru_ru\/silla-de-comedor-class-increible-de-pemi\/\" class=\"uael-loop-product__link\"><h2 class=\"woocommerce-loop-product__title\">Silla de comedor Class Pemi | Tapizada con patas met\u00e1licas<\/h2><\/a>\n\t<span class=\"price\"><del aria-hidden=\"true\"><span class=\"woocommerce-Price-amount amount\"><bdi>169,00&nbsp;<span class=\"woocommerce-Price-currencySymbol\" translate=\"no\">&euro;<\/span><\/bdi><\/span><\/del> <span class=\"screen-reader-text\" data-no-translation=\"\" data-trp-gettext=\"\">\u041f\u0435\u0440\u0432\u043e\u043d\u0430\u0447\u0430\u043b\u044c\u043d\u0430\u044f \u0446\u0435\u043d\u0430 \u0441\u043e\u0441\u0442\u0430\u0432\u043b\u044f\u043b\u0430 169,00&nbsp;&euro;.<\/span><ins aria-hidden=\"true\"><span class=\"woocommerce-Price-amount amount\"><bdi>129,00&nbsp;<span class=\"woocommerce-Price-currencySymbol\" translate=\"no\">&euro;<\/span><\/bdi><\/span><\/ins><span class=\"screen-reader-text\" data-no-translation=\"\" data-trp-gettext=\"\">\u0422\u0435\u043a\u0443\u0449\u0430\u044f \u0446\u0435\u043d\u0430: 129,00&nbsp;&euro;.<\/span><\/span>\n<\/div>\t<\/div>\n<\/li>\n\n<li class=\"sillas de comedor post-48652 product last instock sale shipping-taxable purchasable product-type-simple\">\n\t<div class=\"uael-woo-product-wrapper\">\n\t\t<div class=\"uael-woo-products-thumbnail-wrap\"><div class=\"uael-flash-container uael-double-flash\">\n\t<div class=\"uael-sale-flash-wrap\"><span class=\"uael-onsale\">Descuento 15%<\/span><\/div>\n\t<\/div><a href=\"https:\/\/mueblesdetena.es\/ru_ru\/silla-de-comedor-lora\/\" class=\"woocommerce-LoopProduct-link woocommerce-loop-product__link\"><img loading=\"lazy\" decoding=\"async\" width=\"300\" height=\"300\" src=\"https:\/\/mueblesdetena.es\/wp-content\/uploads\/2026\/08\/silla-lora-300x300.jpg\" class=\"attachment-woocommerce_thumbnail size-woocommerce_thumbnail\" alt=\"Silla de comedor Lora\" \/><img loading=\"lazy\" decoding=\"async\" width=\"300\" height=\"300\" src=\"https:\/\/mueblesdetena.es\/wp-content\/uploads\/2026\/08\/silla-lora-pemi-300x300.png\" class=\"uael-show-on-hover\" alt=\"Silla de comedor Lora de Pemi con estructura met\u00e1lica y asiento tapizado\" \/><\/a><div class=\"uael-product-actions\"><div class=\"uael-action-item-wrap uael-quick-view-btn\" data-product_id=\"48652\"><span class=\"uael-action-item fa fa-eye\"><\/span><span class=\"uael-action-tooltip\">\u0411\u044b\u0441\u0442\u0440\u044b\u0439 \u043f\u0440\u043e\u0441\u043c\u043e\u0442\u0440<\/span><\/div><a href=\"\/ru_ru\/wp-json\/wp\/v2\/pages\/841?add-to-cart=48652\" class=\"uael-action-item-wrap uael-cart-section uael-add-to-cart-btn product_type_simple\" data-product_id=\"48652\"><span class=\"uael-action-item uael-ajax-add-cart-icon fa fa-shopping-cart\"><\/span><span class=\"uael-action-tooltip\" data-no-translation=\"\" data-trp-gettext=\"\">\u0412 \u043a\u043e\u0440\u0437\u0438\u043d\u0443<\/span><\/a><\/div><\/div><div class=\"uael-woo-products-summary-wrap\">\t\t\t<span class=\"uael-woo-product-category\">\n\t\t\t\tSillas de comedor\t\t\t<\/span> \n\t\t\t<a href=\"https:\/\/mueblesdetena.es\/ru_ru\/silla-de-comedor-lora\/\" class=\"uael-loop-product__link\"><h2 class=\"woocommerce-loop-product__title\">Silla de comedor Lora<\/h2><\/a>\n\t<span class=\"price\"><del aria-hidden=\"true\"><span class=\"woocommerce-Price-amount amount\"><bdi>205,00&nbsp;<span class=\"woocommerce-Price-currencySymbol\" translate=\"no\">&euro;<\/span><\/bdi><\/span><\/del> <span class=\"screen-reader-text\" data-no-translation=\"\" data-trp-gettext=\"\">\u041f\u0435\u0440\u0432\u043e\u043d\u0430\u0447\u0430\u043b\u044c\u043d\u0430\u044f \u0446\u0435\u043d\u0430 \u0441\u043e\u0441\u0442\u0430\u0432\u043b\u044f\u043b\u0430 205,00&nbsp;&euro;.<\/span><ins aria-hidden=\"true\"><span class=\"woocommerce-Price-amount amount\"><bdi>175,00&nbsp;<span class=\"woocommerce-Price-currencySymbol\" translate=\"no\">&euro;<\/span><\/bdi><\/span><\/ins><span class=\"screen-reader-text\" data-no-translation=\"\" data-trp-gettext=\"\">\u0422\u0435\u043a\u0443\u0449\u0430\u044f \u0446\u0435\u043d\u0430: 175,00&nbsp;&euro;.<\/span><\/span>\n<\/div>\t<\/div>\n<\/li>\n<\/ul>\n<\/div><\/div><div class=\"uael-quick-view-fb88deb\">\n\t<div class=\"uael-quick-view-bg\"><div class=\"uael-quick-view-loader\"><\/div><\/div>\n\t<div id=\"uael-quick-view-modal\">\n\t\t<div class=\"uael-content-main-wrapper\"><!--\n\t\t--><div class=\"uael-content-main\">\n\t\t\t\t<div class=\"uael-lightbox-content\">\n\t\t\t\t\t<div class=\"uael-content-main-head\">\n\t\t\t\t\t\t<a href=\"#\" id=\"uael-quick-view-close\" class=\"uael-quick-view-close-btn fas fa-times\"><\/a>\n\t\t\t\t\t<\/div>\n\t\t\t\t\t<div id=\"uael-quick-view-content\" class=\"woocommerce single-product\"><\/div>\n\t\t\t\t<\/div>\n\t\t\t<\/div>\n\t\t<\/div>\n\t<\/div>\n<\/div>\n\t\t\t\t<\/div>\n\t\t\t\t<\/div>\n\t\t\t\t\t<\/div>\n\t\t<\/div>\n\t\t\t\t\t<\/div>\n\t\t<\/section>\n\t\t\t\t<section class=\"elementor-section elementor-top-section elementor-element elementor-element-a5f9072 elementor-section-full_width elementor-section-height-default elementor-section-height-default\" data-id=\"a5f9072\" data-element_type=\"section\" data-e-type=\"section\">\n\t\t\t\t\t\t<div class=\"elementor-container elementor-column-gap-no\">\n\t\t\t\t\t<div class=\"elementor-column elementor-col-100 elementor-top-column elementor-element elementor-element-39ac19d\" data-id=\"39ac19d\" data-element_type=\"column\" data-e-type=\"column\">\n\t\t\t<div class=\"elementor-widget-wrap elementor-element-populated\">\n\t\t\t\t\t\t<div class=\"elementor-element elementor-element-9640f73 elementor-widget elementor-widget-image-carousel\" data-id=\"9640f73\" data-element_type=\"widget\" data-e-type=\"widget\" data-settings=\"{&quot;slides_to_show&quot;:&quot;9&quot;,&quot;slides_to_scroll&quot;:&quot;1&quot;,&quot;navigation&quot;:&quot;none&quot;,&quot;slides_to_show_tablet&quot;:&quot;3&quot;,&quot;slides_to_show_mobile&quot;:&quot;2&quot;,&quot;lazyload&quot;:&quot;yes&quot;,&quot;autoplay_speed&quot;:3000,&quot;autoplay&quot;:&quot;yes&quot;,&quot;pause_on_hover&quot;:&quot;yes&quot;,&quot;pause_on_interaction&quot;:&quot;yes&quot;,&quot;infinite&quot;:&quot;yes&quot;,&quot;speed&quot;:500,&quot;image_spacing_custom&quot;:{&quot;unit&quot;:&quot;px&quot;,&quot;size&quot;:20,&quot;sizes&quot;:[]},&quot;image_spacing_custom_tablet&quot;:{&quot;unit&quot;:&quot;px&quot;,&quot;size&quot;:&quot;&quot;,&quot;sizes&quot;:[]},&quot;image_spacing_custom_mobile&quot;:{&quot;unit&quot;:&quot;px&quot;,&quot;size&quot;:&quot;&quot;,&quot;sizes&quot;:[]}}\" data-widget_type=\"image-carousel.default\">\n\t\t\t\t<div class=\"elementor-widget-container\">\n\t\t\t\t\t\t\t<div class=\"elementor-image-carousel-wrapper swiper\" role=\"region\" aria-roledescription=\"carousel\" aria-label=\"Carrusel de im\u00e1genes\" dir=\"ltr\">\n\t\t\t<div class=\"elementor-image-carousel swiper-wrapper\" aria-live=\"off\">\n\t\t\t\t\t\t\t\t<div class=\"swiper-slide\" role=\"group\" aria-roledescription=\"slide\" aria-label=\"1 de 27\"><figure class=\"swiper-slide-inner\"><img class=\"swiper-slide-image swiper-lazy\" data-src=\"https:\/\/mueblesdetena.es\/wp-content\/uploads\/2023\/12\/vivelo-design.png\" alt=\"vivelo-design\" \/><div class=\"swiper-lazy-preloader\"><\/div><\/figure><\/div><div class=\"swiper-slide\" role=\"group\" aria-roledescription=\"slide\" aria-label=\"2 de 27\"><figure class=\"swiper-slide-inner\"><img class=\"swiper-slide-image swiper-lazy\" data-src=\"https:\/\/mueblesdetena.es\/wp-content\/uploads\/2023\/12\/tayber.png\" alt=\"tayber\" \/><div class=\"swiper-lazy-preloader\"><\/div><\/figure><\/div><div class=\"swiper-slide\" role=\"group\" aria-roledescription=\"slide\" aria-label=\"3 de 27\"><figure class=\"swiper-slide-inner\"><img class=\"swiper-slide-image swiper-lazy\" data-src=\"https:\/\/mueblesdetena.es\/wp-content\/uploads\/2023\/12\/tapizados-carrasco.png\" alt=\"\" \/><div class=\"swiper-lazy-preloader\"><\/div><\/figure><\/div><div class=\"swiper-slide\" role=\"group\" aria-roledescription=\"slide\" aria-label=\"4 de 27\"><figure class=\"swiper-slide-inner\"><img class=\"swiper-slide-image swiper-lazy\" data-src=\"https:\/\/mueblesdetena.es\/wp-content\/uploads\/2023\/12\/suinta.png\" alt=\"suinta\" \/><div class=\"swiper-lazy-preloader\"><\/div><\/figure><\/div><div class=\"swiper-slide\" role=\"group\" aria-roledescription=\"slide\" aria-label=\"5 de 27\"><figure class=\"swiper-slide-inner\"><img class=\"swiper-slide-image swiper-lazy\" data-src=\"https:\/\/mueblesdetena.es\/wp-content\/uploads\/2023\/12\/somicat.png\" alt=\"\" \/><div class=\"swiper-lazy-preloader\"><\/div><\/figure><\/div><div class=\"swiper-slide\" role=\"group\" aria-roledescription=\"slide\" aria-label=\"6 de 27\"><figure class=\"swiper-slide-inner\"><img class=\"swiper-slide-image swiper-lazy\" data-src=\"https:\/\/mueblesdetena.es\/wp-content\/uploads\/2023\/12\/sofran.png\" alt=\"sofran\" \/><div class=\"swiper-lazy-preloader\"><\/div><\/figure><\/div><div class=\"swiper-slide\" role=\"group\" aria-roledescription=\"slide\" aria-label=\"7 de 27\"><figure class=\"swiper-slide-inner\"><img class=\"swiper-slide-image swiper-lazy\" data-src=\"https:\/\/mueblesdetena.es\/wp-content\/uploads\/2023\/12\/salinas.png\" alt=\"salinas\" \/><div class=\"swiper-lazy-preloader\"><\/div><\/figure><\/div><div class=\"swiper-slide\" role=\"group\" aria-roledescription=\"slide\" aria-label=\"8 de 27\"><figure class=\"swiper-slide-inner\"><img class=\"swiper-slide-image swiper-lazy\" data-src=\"https:\/\/mueblesdetena.es\/wp-content\/uploads\/2023\/12\/rimobel.png\" alt=\"\" \/><div class=\"swiper-lazy-preloader\"><\/div><\/figure><\/div><div class=\"swiper-slide\" role=\"group\" aria-roledescription=\"slide\" aria-label=\"9 de 27\"><figure class=\"swiper-slide-inner\"><img class=\"swiper-slide-image swiper-lazy\" data-src=\"https:\/\/mueblesdetena.es\/wp-content\/uploads\/2023\/12\/reyes.png\" alt=\"reyes\" \/><div class=\"swiper-lazy-preloader\"><\/div><\/figure><\/div><div class=\"swiper-slide\" role=\"group\" aria-roledescription=\"slide\" aria-label=\"10 de 27\"><figure class=\"swiper-slide-inner\"><img class=\"swiper-slide-image swiper-lazy\" data-src=\"https:\/\/mueblesdetena.es\/wp-content\/uploads\/2023\/12\/ramis.png\" alt=\"ramis\" \/><div class=\"swiper-lazy-preloader\"><\/div><\/figure><\/div><div class=\"swiper-slide\" role=\"group\" aria-roledescription=\"slide\" aria-label=\"11 de 27\"><figure class=\"swiper-slide-inner\"><img class=\"swiper-slide-image swiper-lazy\" data-src=\"https:\/\/mueblesdetena.es\/wp-content\/uploads\/2023\/12\/pemi.png\" alt=\"pemi\" \/><div class=\"swiper-lazy-preloader\"><\/div><\/figure><\/div><div class=\"swiper-slide\" role=\"group\" aria-roledescription=\"slide\" aria-label=\"12 de 27\"><figure class=\"swiper-slide-inner\"><img class=\"swiper-slide-image swiper-lazy\" data-src=\"https:\/\/mueblesdetena.es\/wp-content\/uploads\/2023\/12\/nosolopatas.png\" alt=\"nosolopatas\" \/><div class=\"swiper-lazy-preloader\"><\/div><\/figure><\/div><div class=\"swiper-slide\" role=\"group\" aria-roledescription=\"slide\" aria-label=\"13 de 27\"><figure class=\"swiper-slide-inner\"><img class=\"swiper-slide-image swiper-lazy\" data-src=\"https:\/\/mueblesdetena.es\/wp-content\/uploads\/2023\/12\/master-colchon.png\" alt=\"\" \/><div class=\"swiper-lazy-preloader\"><\/div><\/figure><\/div><div class=\"swiper-slide\" role=\"group\" aria-roledescription=\"slide\" aria-label=\"14 de 27\"><figure class=\"swiper-slide-inner\"><img class=\"swiper-slide-image swiper-lazy\" data-src=\"https:\/\/mueblesdetena.es\/wp-content\/uploads\/2023\/12\/livemar.png\" alt=\"livemar\" \/><div class=\"swiper-lazy-preloader\"><\/div><\/figure><\/div><div class=\"swiper-slide\" role=\"group\" aria-roledescription=\"slide\" aria-label=\"15 de 27\"><figure class=\"swiper-slide-inner\"><img class=\"swiper-slide-image swiper-lazy\" data-src=\"https:\/\/mueblesdetena.es\/wp-content\/uploads\/2023\/12\/karibia.png\" alt=\"\" \/><div class=\"swiper-lazy-preloader\"><\/div><\/figure><\/div><div class=\"swiper-slide\" role=\"group\" aria-roledescription=\"slide\" aria-label=\"16 de 27\"><figure class=\"swiper-slide-inner\"><img class=\"swiper-slide-image swiper-lazy\" data-src=\"https:\/\/mueblesdetena.es\/wp-content\/uploads\/2023\/12\/inmotec.png\" alt=\"\" \/><div class=\"swiper-lazy-preloader\"><\/div><\/figure><\/div><div class=\"swiper-slide\" role=\"group\" aria-roledescription=\"slide\" aria-label=\"17 de 27\"><figure class=\"swiper-slide-inner\"><img class=\"swiper-slide-image swiper-lazy\" data-src=\"https:\/\/mueblesdetena.es\/wp-content\/uploads\/2023\/12\/ibercam.png\" alt=\"ibercam\" \/><div class=\"swiper-lazy-preloader\"><\/div><\/figure><\/div><div class=\"swiper-slide\" role=\"group\" aria-roledescription=\"slide\" aria-label=\"18 de 27\"><figure class=\"swiper-slide-inner\"><img class=\"swiper-slide-image swiper-lazy\" data-src=\"https:\/\/mueblesdetena.es\/wp-content\/uploads\/2023\/12\/hernaval.png\" alt=\"hernaval\" \/><div class=\"swiper-lazy-preloader\"><\/div><\/figure><\/div><div class=\"swiper-slide\" role=\"group\" aria-roledescription=\"slide\" aria-label=\"19 de 27\"><figure class=\"swiper-slide-inner\"><img class=\"swiper-slide-image swiper-lazy\" data-src=\"https:\/\/mueblesdetena.es\/wp-content\/uploads\/2023\/12\/glicerio-chaves.png\" alt=\"glicerio-chaves\" \/><div class=\"swiper-lazy-preloader\"><\/div><\/figure><\/div><div class=\"swiper-slide\" role=\"group\" aria-roledescription=\"slide\" aria-label=\"20 de 27\"><figure class=\"swiper-slide-inner\"><img class=\"swiper-slide-image swiper-lazy\" data-src=\"https:\/\/mueblesdetena.es\/wp-content\/uploads\/2023\/12\/frances-banon.png\" alt=\"frances-banon\" \/><div class=\"swiper-lazy-preloader\"><\/div><\/figure><\/div><div class=\"swiper-slide\" role=\"group\" aria-roledescription=\"slide\" aria-label=\"21 de 27\"><figure class=\"swiper-slide-inner\"><img class=\"swiper-slide-image swiper-lazy\" data-src=\"https:\/\/mueblesdetena.es\/wp-content\/uploads\/2023\/12\/exojo-muebles.png\" alt=\"\" \/><div class=\"swiper-lazy-preloader\"><\/div><\/figure><\/div><div class=\"swiper-slide\" role=\"group\" aria-roledescription=\"slide\" aria-label=\"22 de 27\"><figure class=\"swiper-slide-inner\"><img class=\"swiper-slide-image swiper-lazy\" data-src=\"https:\/\/mueblesdetena.es\/wp-content\/uploads\/2023\/12\/dupen.png\" alt=\"dupen\" \/><div class=\"swiper-lazy-preloader\"><\/div><\/figure><\/div><div class=\"swiper-slide\" role=\"group\" aria-roledescription=\"slide\" aria-label=\"23 de 27\"><figure class=\"swiper-slide-inner\"><img class=\"swiper-slide-image swiper-lazy\" data-src=\"https:\/\/mueblesdetena.es\/wp-content\/uploads\/2023\/12\/colefu.png\" alt=\"\" \/><div class=\"swiper-lazy-preloader\"><\/div><\/figure><\/div><div class=\"swiper-slide\" role=\"group\" aria-roledescription=\"slide\" aria-label=\"24 de 27\"><figure class=\"swiper-slide-inner\"><img class=\"swiper-slide-image swiper-lazy\" data-src=\"https:\/\/mueblesdetena.es\/wp-content\/uploads\/2023\/12\/bell-moble.png\" alt=\"\" \/><div class=\"swiper-lazy-preloader\"><\/div><\/figure><\/div><div class=\"swiper-slide\" role=\"group\" aria-roledescription=\"slide\" aria-label=\"25 de 27\"><figure class=\"swiper-slide-inner\"><img class=\"swiper-slide-image swiper-lazy\" data-src=\"https:\/\/mueblesdetena.es\/wp-content\/uploads\/2023\/12\/baix-moduls.png\" alt=\"baix-moduls\" \/><div class=\"swiper-lazy-preloader\"><\/div><\/figure><\/div><div class=\"swiper-slide\" role=\"group\" aria-roledescription=\"slide\" aria-label=\"26 de 27\"><figure class=\"swiper-slide-inner\"><img class=\"swiper-slide-image swiper-lazy\" data-src=\"https:\/\/mueblesdetena.es\/wp-content\/uploads\/2023\/12\/azor.png\" alt=\"azor\" \/><div class=\"swiper-lazy-preloader\"><\/div><\/figure><\/div><div class=\"swiper-slide\" role=\"group\" aria-roledescription=\"slide\" aria-label=\"27 de 27\"><figure class=\"swiper-slide-inner\"><img class=\"swiper-slide-image swiper-lazy\" data-src=\"https:\/\/mueblesdetena.es\/wp-content\/uploads\/2023\/12\/ad.png\" alt=\"ad\" \/><div class=\"swiper-lazy-preloader\"><\/div><\/figure><\/div>\t\t\t<\/div>\n\t\t\t\t\t\t\t\n\t\t\t\t\t\t\t\t\t<\/div>\n\t\t\t\t\t\t<\/div>\n\t\t\t\t<\/div>\n\t\t\t\t\t<\/div>\n\t\t<\/div>\n\t\t\t\t\t<\/div>\n\t\t<\/section>\n\t\t\t\t<section class=\"elementor-section elementor-top-section elementor-element elementor-element-2098637 elementor-section-boxed elementor-section-height-default elementor-section-height-default\" data-id=\"2098637\" data-element_type=\"section\" data-e-type=\"section\">\n\t\t\t\t\t\t<div class=\"elementor-container elementor-column-gap-no\">\n\t\t\t\t\t<div class=\"elementor-column elementor-col-100 elementor-top-column elementor-element elementor-element-172e181\" data-id=\"172e181\" data-element_type=\"column\" data-e-type=\"column\">\n\t\t\t<div class=\"elementor-widget-wrap elementor-element-populated\">\n\t\t\t\t\t\t<div class=\"elementor-element elementor-element-dd80950 elementor-widget elementor-widget-heading\" data-id=\"dd80950\" data-element_type=\"widget\" data-e-type=\"widget\" data-widget_type=\"heading.default\">\n\t\t\t\t<div class=\"elementor-widget-container\">\n\t\t\t\t\t<h6 class=\"elementor-heading-title elementor-size-default\">Los mejores muebles<\/h6>\t\t\t\t<\/div>\n\t\t\t\t<\/div>\n\t\t\t\t<div class=\"elementor-element elementor-element-e30df0f elementor-widget elementor-widget-heading\" data-id=\"e30df0f\" data-element_type=\"widget\" data-e-type=\"widget\" data-widget_type=\"heading.default\">\n\t\t\t\t<div class=\"elementor-widget-container\">\n\t\t\t\t\t<h2 class=\"elementor-heading-title elementor-size-default\">\u00bfPor qu\u00e9 escogernos?<\/h2>\t\t\t\t<\/div>\n\t\t\t\t<\/div>\n\t\t\t\t<div class=\"elementor-element elementor-element-ef1c346 elementor-widget-divider--view-line elementor-widget elementor-widget-divider\" data-id=\"ef1c346\" data-element_type=\"widget\" data-e-type=\"widget\" data-widget_type=\"divider.default\">\n\t\t\t\t<div class=\"elementor-widget-container\">\n\t\t\t\t\t\t\t<div class=\"elementor-divider\">\n\t\t\t<span class=\"elementor-divider-separator\">\n\t\t\t\t\t\t<\/span>\n\t\t<\/div>\n\t\t\t\t\t\t<\/div>\n\t\t\t\t<\/div>\n\t\t\t\t<section class=\"elementor-section elementor-inner-section elementor-element elementor-element-8440fb5 elementor-section-boxed elementor-section-height-default elementor-section-height-default\" data-id=\"8440fb5\" data-element_type=\"section\" data-e-type=\"section\">\n\t\t\t\t\t\t<div class=\"elementor-container elementor-column-gap-no\">\n\t\t\t\t\t<div class=\"elementor-column elementor-col-25 elementor-inner-column elementor-element elementor-element-f58bf5a\" data-id=\"f58bf5a\" data-element_type=\"column\" data-e-type=\"column\">\n\t\t\t<div class=\"elementor-widget-wrap elementor-element-populated\">\n\t\t\t\t\t\t<div class=\"elementor-element elementor-element-e943fd6 elementor-view-default elementor-position-block-start elementor-mobile-position-block-start elementor-widget elementor-widget-icon-box\" data-id=\"e943fd6\" data-element_type=\"widget\" data-e-type=\"widget\" data-widget_type=\"icon-box.default\">\n\t\t\t\t<div class=\"elementor-widget-container\">\n\t\t\t\t\t\t\t<div class=\"elementor-icon-box-wrapper\">\n\n\t\t\t\t\t\t<div class=\"elementor-icon-box-icon\">\n\t\t\t\t<span  class=\"elementor-icon\">\n\t\t\t\t<svg aria-hidden=\"true\" class=\"e-font-icon-svg e-fas-shipping-fast\" viewbox=\"0 0 640 512\" xmlns=\"http:\/\/www.w3.org\/2000\/svg\"><path d=\"M624 352h-16V243.9c0-12.7-5.1-24.9-14.1-33.9L494 110.1c-9-9-21.2-14.1-33.9-14.1H416V48c0-26.5-21.5-48-48-48H112C85.5 0 64 21.5 64 48v48H8c-4.4 0-8 3.6-8 8v16c0 4.4 3.6 8 8 8h272c4.4 0 8 3.6 8 8v16c0 4.4-3.6 8-8 8H40c-4.4 0-8 3.6-8 8v16c0 4.4 3.6 8 8 8h208c4.4 0 8 3.6 8 8v16c0 4.4-3.6 8-8 8H8c-4.4 0-8 3.6-8 8v16c0 4.4 3.6 8 8 8h208c4.4 0 8 3.6 8 8v16c0 4.4-3.6 8-8 8H64v128c0 53 43 96 96 96s96-43 96-96h128c0 53 43 96 96 96s96-43 96-96h48c8.8 0 16-7.2 16-16v-32c0-8.8-7.2-16-16-16zM160 464c-26.5 0-48-21.5-48-48s21.5-48 48-48 48 21.5 48 48-21.5 48-48 48zm320 0c-26.5 0-48-21.5-48-48s21.5-48 48-48 48 21.5 48 48-21.5 48-48 48zm80-208H416V144h44.1l99.9 99.9V256z\"><\/path><\/svg>\t\t\t\t<\/span>\n\t\t\t<\/div>\n\t\t\t\n\t\t\t\t\t\t<div class=\"elementor-icon-box-content\">\n\n\t\t\t\t\t\t\t\t\t<h4 class=\"elementor-icon-box-title\">\n\t\t\t\t\t\t<span  >\n\t\t\t\t\t\t\tEntrega r\u00e1pida\t\t\t\t\t\t<\/span>\n\t\t\t\t\t<\/h4>\n\t\t\t\t\n\t\t\t\t\t\t\t\t\t<p class=\"elementor-icon-box-description\">\n\t\t\t\t\t\tEn Muebles Detena, nos enorgullecemos de nuestra eficiencia en la entrega. Nuestro compromiso es asegurar que tus muebles lleguen a tiempo, con plazos claros y comunicaci\u00f3n constante, para que disfrutes de tu compra lo antes posible.\t\t\t\t\t<\/p>\n\t\t\t\t\n\t\t\t<\/div>\n\t\t\t\n\t\t<\/div>\n\t\t\t\t\t\t<\/div>\n\t\t\t\t<\/div>\n\t\t\t\t\t<\/div>\n\t\t<\/div>\n\t\t\t\t<div class=\"elementor-column elementor-col-25 elementor-inner-column elementor-element elementor-element-31d78de\" data-id=\"31d78de\" data-element_type=\"column\" data-e-type=\"column\">\n\t\t\t<div class=\"elementor-widget-wrap elementor-element-populated\">\n\t\t\t\t\t\t<div class=\"elementor-element elementor-element-356d1f5 elementor-view-default elementor-position-block-start elementor-mobile-position-block-start elementor-widget elementor-widget-icon-box\" data-id=\"356d1f5\" data-element_type=\"widget\" data-e-type=\"widget\" data-widget_type=\"icon-box.default\">\n\t\t\t\t<div class=\"elementor-widget-container\">\n\t\t\t\t\t\t\t<div class=\"elementor-icon-box-wrapper\">\n\n\t\t\t\t\t\t<div class=\"elementor-icon-box-icon\">\n\t\t\t\t<span  class=\"elementor-icon\">\n\t\t\t\t<svg aria-hidden=\"true\" class=\"e-font-icon-svg e-far-credit-card\" viewbox=\"0 0 576 512\" xmlns=\"http:\/\/www.w3.org\/2000\/svg\"><path d=\"M527.9 32H48.1C21.5 32 0 53.5 0 80v352c0 26.5 21.5 48 48.1 48h479.8c26.6 0 48.1-21.5 48.1-48V80c0-26.5-21.5-48-48.1-48zM54.1 80h467.8c3.3 0 6 2.7 6 6v42H48.1V86c0-3.3 2.7-6 6-6zm467.8 352H54.1c-3.3 0-6-2.7-6-6V256h479.8v170c0 3.3-2.7 6-6 6zM192 332v40c0 6.6-5.4 12-12 12h-72c-6.6 0-12-5.4-12-12v-40c0-6.6 5.4-12 12-12h72c6.6 0 12 5.4 12 12zm192 0v40c0 6.6-5.4 12-12 12H236c-6.6 0-12-5.4-12-12v-40c0-6.6 5.4-12 12-12h136c6.6 0 12 5.4 12 12z\"><\/path><\/svg>\t\t\t\t<\/span>\n\t\t\t<\/div>\n\t\t\t\n\t\t\t\t\t\t<div class=\"elementor-icon-box-content\">\n\n\t\t\t\t\t\t\t\t\t<h4 class=\"elementor-icon-box-title\">\n\t\t\t\t\t\t<span  >\n\t\t\t\t\t\t\tPago seguro\t\t\t\t\t\t<\/span>\n\t\t\t\t\t<\/h4>\n\t\t\t\t\n\t\t\t\t\t\t\t\t\t<p class=\"elementor-icon-box-description\">\n\t\t\t\t\t\tTu seguridad es nuestra prioridad. Por eso, ofrecemos un sistema de pago encriptado y completamente seguro. Puedes confiar en que tus transacciones est\u00e1n protegidas, permiti\u00e9ndote comprar con tranquilidad y confianza.\t\t\t\t\t<\/p>\n\t\t\t\t\n\t\t\t<\/div>\n\t\t\t\n\t\t<\/div>\n\t\t\t\t\t\t<\/div>\n\t\t\t\t<\/div>\n\t\t\t\t\t<\/div>\n\t\t<\/div>\n\t\t\t\t<div class=\"elementor-column elementor-col-25 elementor-inner-column elementor-element elementor-element-83cad4a\" data-id=\"83cad4a\" data-element_type=\"column\" data-e-type=\"column\">\n\t\t\t<div class=\"elementor-widget-wrap elementor-element-populated\">\n\t\t\t\t\t\t<div class=\"elementor-element elementor-element-7da272b elementor-view-default elementor-position-block-start elementor-mobile-position-block-start elementor-widget elementor-widget-icon-box\" data-id=\"7da272b\" data-element_type=\"widget\" data-e-type=\"widget\" data-widget_type=\"icon-box.default\">\n\t\t\t\t<div class=\"elementor-widget-container\">\n\t\t\t\t\t\t\t<div class=\"elementor-icon-box-wrapper\">\n\n\t\t\t\t\t\t<div class=\"elementor-icon-box-icon\">\n\t\t\t\t<span  class=\"elementor-icon\">\n\t\t\t\t<svg aria-hidden=\"true\" class=\"e-font-icon-svg e-fas-shield-alt\" viewbox=\"0 0 512 512\" xmlns=\"http:\/\/www.w3.org\/2000\/svg\"><path d=\"M466.5 83.7l-192-80a48.15 48.15 0 0 0-36.9 0l-192 80C27.7 91.1 16 108.6 16 128c0 198.5 114.5 335.7 221.5 380.3 11.8 4.9 25.1 4.9 36.9 0C360.1 472.6 496 349.3 496 128c0-19.4-11.7-36.9-29.5-44.3zM256.1 446.3l-.1-381 175.9 73.3c-3.3 151.4-82.1 261.1-175.8 307.7z\"><\/path><\/svg>\t\t\t\t<\/span>\n\t\t\t<\/div>\n\t\t\t\n\t\t\t\t\t\t<div class=\"elementor-icon-box-content\">\n\n\t\t\t\t\t\t\t\t\t<h4 class=\"elementor-icon-box-title\">\n\t\t\t\t\t\t<span  >\n\t\t\t\t\t\t\tAmplia garant\u00eda\t\t\t\t\t\t<\/span>\n\t\t\t\t\t<\/h4>\n\t\t\t\t\n\t\t\t\t\t\t\t\t\t<p class=\"elementor-icon-box-description\">\n\t\t\t\t\t\tEn Muebles Detena, la calidad y durabilidad son esenciales. Todos nuestros productos vienen con una amplia garant\u00eda, asegurando tu satisfacci\u00f3n y tranquilidad a largo plazo. Calidad y confianza en cada compra.\t\t\t\t\t<\/p>\n\t\t\t\t\n\t\t\t<\/div>\n\t\t\t\n\t\t<\/div>\n\t\t\t\t\t\t<\/div>\n\t\t\t\t<\/div>\n\t\t\t\t\t<\/div>\n\t\t<\/div>\n\t\t\t\t<div class=\"elementor-column elementor-col-25 elementor-inner-column elementor-element elementor-element-671bc48\" data-id=\"671bc48\" data-element_type=\"column\" data-e-type=\"column\">\n\t\t\t<div class=\"elementor-widget-wrap elementor-element-populated\">\n\t\t\t\t\t\t<div class=\"elementor-element elementor-element-574e751 elementor-view-default elementor-position-block-start elementor-mobile-position-block-start elementor-widget elementor-widget-icon-box\" data-id=\"574e751\" data-element_type=\"widget\" data-e-type=\"widget\" data-widget_type=\"icon-box.default\">\n\t\t\t\t<div class=\"elementor-widget-container\">\n\t\t\t\t\t\t\t<div class=\"elementor-icon-box-wrapper\">\n\n\t\t\t\t\t\t<div class=\"elementor-icon-box-icon\">\n\t\t\t\t<span  class=\"elementor-icon\">\n\t\t\t\t<svg aria-hidden=\"true\" class=\"e-font-icon-svg e-fas-cart-arrow-down\" viewbox=\"0 0 576 512\" xmlns=\"http:\/\/www.w3.org\/2000\/svg\"><path d=\"M504.717 320H211.572l6.545 32h268.418c15.401 0 26.816 14.301 23.403 29.319l-5.517 24.276C523.112 414.668 536 433.828 536 456c0 31.202-25.519 56.444-56.824 55.994-29.823-.429-54.35-24.631-55.155-54.447-.44-16.287 6.085-31.049 16.803-41.548H231.176C241.553 426.165 248 440.326 248 456c0 31.813-26.528 57.431-58.67 55.938-28.54-1.325-51.751-24.385-53.251-52.917-1.158-22.034 10.436-41.455 28.051-51.586L93.883 64H24C10.745 64 0 53.255 0 40V24C0 10.745 10.745 0 24 0h102.529c11.401 0 21.228 8.021 23.513 19.19L159.208 64H551.99c15.401 0 26.816 14.301 23.403 29.319l-47.273 208C525.637 312.246 515.923 320 504.717 320zM403.029 192H360v-60c0-6.627-5.373-12-12-12h-24c-6.627 0-12 5.373-12 12v60h-43.029c-10.691 0-16.045 12.926-8.485 20.485l67.029 67.029c4.686 4.686 12.284 4.686 16.971 0l67.029-67.029c7.559-7.559 2.205-20.485-8.486-20.485z\"><\/path><\/svg>\t\t\t\t<\/span>\n\t\t\t<\/div>\n\t\t\t\n\t\t\t\t\t\t<div class=\"elementor-icon-box-content\">\n\n\t\t\t\t\t\t\t\t\t<h4 class=\"elementor-icon-box-title\">\n\t\t\t\t\t\t<span  >\n\t\t\t\t\t\t\tDevoluciones\t\t\t\t\t\t<\/span>\n\t\t\t\t\t<\/h4>\n\t\t\t\t\n\t\t\t\t\t\t\t\t\t<p class=\"elementor-icon-box-description\">\n\t\t\t\t\t\tEntendemos que a veces las cosas no salen como se espera. Por eso, facilitamos un proceso de devoluci\u00f3n sencillo y claro. Si no est\u00e1s completamente satisfecho con tu compra, te ayudamos a gestionar tu devoluci\u00f3n de manera eficiente.\t\t\t\t\t<\/p>\n\t\t\t\t\n\t\t\t<\/div>\n\t\t\t\n\t\t<\/div>\n\t\t\t\t\t\t<\/div>\n\t\t\t\t<\/div>\n\t\t\t\t\t<\/div>\n\t\t<\/div>\n\t\t\t\t\t<\/div>\n\t\t<\/section>\n\t\t\t\t\t<\/div>\n\t\t<\/div>\n\t\t\t\t\t<\/div>\n\t\t<\/section>\n\t\t\t\t<section class=\"elementor-section elementor-top-section elementor-element elementor-element-a133ab9 elementor-section-full_width elementor-section-height-default elementor-section-height-default\" data-id=\"a133ab9\" data-element_type=\"section\" data-e-type=\"section\">\n\t\t\t\t\t\t<div class=\"elementor-container elementor-column-gap-no\">\n\t\t\t\t\t<div class=\"elementor-column elementor-col-33 elementor-top-column elementor-element elementor-element-47f9ae4\" data-id=\"47f9ae4\" data-element_type=\"column\" data-e-type=\"column\" data-settings=\"{&quot;background_background&quot;:&quot;classic&quot;}\">\n\t\t\t<div class=\"elementor-widget-wrap elementor-element-populated\">\n\t\t\t\t\t\t<div class=\"elementor-element elementor-element-abdea71 elementor-star-rating--align-center elementor--star-style-star_fontawesome elementor-widget elementor-widget-star-rating\" data-id=\"abdea71\" data-element_type=\"widget\" data-e-type=\"widget\" data-widget_type=\"star-rating.default\">\n\t\t\t\t<div class=\"elementor-widget-container\">\n\t\t\t\t\t\t\t<div class=\"elementor-star-rating__wrapper\">\n\t\t\t\t\t\t<div class=\"elementor-star-rating\" itemtype=\"http:\/\/schema.org\/Rating\" itemscope=\"\" itemprop=\"reviewRating\">\n\t\t\t\t<i class=\"elementor-star-full\" aria-hidden=\"true\">&#xE934;<\/i><i class=\"elementor-star-full\" aria-hidden=\"true\">&#xE934;<\/i><i class=\"elementor-star-full\" aria-hidden=\"true\">&#xE934;<\/i><i class=\"elementor-star-full\" aria-hidden=\"true\">&#xE934;<\/i><i class=\"elementor-star-full\" aria-hidden=\"true\">&#xE934;<\/i>\t\t\t\t<span itemprop=\"ratingValue\" class=\"elementor-screen-only\">Valorado con 5 de 5<\/span>\n\t\t\t<\/div>\n\t\t<\/div>\n\t\t\t\t\t\t<\/div>\n\t\t\t\t<\/div>\n\t\t\t\t<div class=\"elementor-element elementor-element-fc1d097 elementor-widget elementor-widget-testimonial\" data-id=\"fc1d097\" data-element_type=\"widget\" data-e-type=\"widget\" data-widget_type=\"testimonial.default\">\n\t\t\t\t<div class=\"elementor-widget-container\">\n\t\t\t\t\t\t\t<div class=\"elementor-testimonial-wrapper\">\n\t\t\t\t\t\t\t<div class=\"elementor-testimonial-content\">Todo genial! Concertamos visita telef\u00f3nicamente para ser atendidos y muy bien. Hemos comprado un mueble sal\u00f3n completo y todo muy bien. Nos dijeron un plazo y todo perfecto.<\/div>\n\t\t\t\n\t\t\t\t\t\t<div class=\"elementor-testimonial-meta\">\n\t\t\t\t<div class=\"elementor-testimonial-meta-inner\">\n\t\t\t\t\t\n\t\t\t\t\t\t\t\t\t\t<div class=\"elementor-testimonial-details\">\n\t\t\t\t\t\t\t\t\t\t\t\t\t\t<div class=\"elementor-testimonial-name\">Jose Mateo<\/div>\n\t\t\t\t\t\t\t\t\t\t\t\t\t\t\t\t\t\t\t<\/div>\n\t\t\t\t\t\t\t\t\t<\/div>\n\t\t\t<\/div>\n\t\t\t\t\t<\/div>\n\t\t\t\t\t\t<\/div>\n\t\t\t\t<\/div>\n\t\t\t\t\t<\/div>\n\t\t<\/div>\n\t\t\t\t<div class=\"elementor-column elementor-col-33 elementor-top-column elementor-element elementor-element-467f749\" data-id=\"467f749\" data-element_type=\"column\" data-e-type=\"column\" data-settings=\"{&quot;background_background&quot;:&quot;classic&quot;}\">\n\t\t\t<div class=\"elementor-widget-wrap elementor-element-populated\">\n\t\t\t\t\t\t<div class=\"elementor-element elementor-element-706ce9b elementor-star-rating--align-center elementor--star-style-star_fontawesome elementor-widget elementor-widget-star-rating\" data-id=\"706ce9b\" data-element_type=\"widget\" data-e-type=\"widget\" data-widget_type=\"star-rating.default\">\n\t\t\t\t<div class=\"elementor-widget-container\">\n\t\t\t\t\t\t\t<div class=\"elementor-star-rating__wrapper\">\n\t\t\t\t\t\t<div class=\"elementor-star-rating\" itemtype=\"http:\/\/schema.org\/Rating\" itemscope=\"\" itemprop=\"reviewRating\">\n\t\t\t\t<i class=\"elementor-star-full\" aria-hidden=\"true\">&#xE934;<\/i><i class=\"elementor-star-full\" aria-hidden=\"true\">&#xE934;<\/i><i class=\"elementor-star-full\" aria-hidden=\"true\">&#xE934;<\/i><i class=\"elementor-star-full\" aria-hidden=\"true\">&#xE934;<\/i><i class=\"elementor-star-full\" aria-hidden=\"true\">&#xE934;<\/i>\t\t\t\t<span itemprop=\"ratingValue\" class=\"elementor-screen-only\">Valorado con 5 de 5<\/span>\n\t\t\t<\/div>\n\t\t<\/div>\n\t\t\t\t\t\t<\/div>\n\t\t\t\t<\/div>\n\t\t\t\t<div class=\"elementor-element elementor-element-9f92335 elementor-widget elementor-widget-testimonial\" data-id=\"9f92335\" data-element_type=\"widget\" data-e-type=\"widget\" data-widget_type=\"testimonial.default\">\n\t\t\t\t<div class=\"elementor-widget-container\">\n\t\t\t\t\t\t\t<div class=\"elementor-testimonial-wrapper\">\n\t\t\t\t\t\t\t<div class=\"elementor-testimonial-content\">Nos ha encantado la experiencia de comprar aqu\u00ed. Te ponen TODAS las facilidades posibles, para transformar lo que t\u00fa tienes en mente, en una realidad. Calidad y precio inmejorables, puedes buscar, pero mejor que aqu\u00ed no lo vas a encontrar. <\/div>\n\t\t\t\n\t\t\t\t\t\t<div class=\"elementor-testimonial-meta\">\n\t\t\t\t<div class=\"elementor-testimonial-meta-inner\">\n\t\t\t\t\t\n\t\t\t\t\t\t\t\t\t\t<div class=\"elementor-testimonial-details\">\n\t\t\t\t\t\t\t\t\t\t\t\t\t\t<div class=\"elementor-testimonial-name\">Irene henares<\/div>\n\t\t\t\t\t\t\t\t\t\t\t\t\t\t\t\t\t\t\t<\/div>\n\t\t\t\t\t\t\t\t\t<\/div>\n\t\t\t<\/div>\n\t\t\t\t\t<\/div>\n\t\t\t\t\t\t<\/div>\n\t\t\t\t<\/div>\n\t\t\t\t\t<\/div>\n\t\t<\/div>\n\t\t\t\t<div class=\"elementor-column elementor-col-33 elementor-top-column elementor-element elementor-element-1f6c010\" data-id=\"1f6c010\" data-element_type=\"column\" data-e-type=\"column\" data-settings=\"{&quot;background_background&quot;:&quot;classic&quot;}\">\n\t\t\t<div class=\"elementor-widget-wrap elementor-element-populated\">\n\t\t\t\t\t\t<div class=\"elementor-element elementor-element-21a52a4 elementor-star-rating--align-center elementor--star-style-star_fontawesome elementor-widget elementor-widget-star-rating\" data-id=\"21a52a4\" data-element_type=\"widget\" data-e-type=\"widget\" data-widget_type=\"star-rating.default\">\n\t\t\t\t<div class=\"elementor-widget-container\">\n\t\t\t\t\t\t\t<div class=\"elementor-star-rating__wrapper\">\n\t\t\t\t\t\t<div class=\"elementor-star-rating\" itemtype=\"http:\/\/schema.org\/Rating\" itemscope=\"\" itemprop=\"reviewRating\">\n\t\t\t\t<i class=\"elementor-star-full\" aria-hidden=\"true\">&#xE934;<\/i><i class=\"elementor-star-full\" aria-hidden=\"true\">&#xE934;<\/i><i class=\"elementor-star-full\" aria-hidden=\"true\">&#xE934;<\/i><i class=\"elementor-star-full\" aria-hidden=\"true\">&#xE934;<\/i><i class=\"elementor-star-full\" aria-hidden=\"true\">&#xE934;<\/i>\t\t\t\t<span itemprop=\"ratingValue\" class=\"elementor-screen-only\">Valorado con 5 de 5<\/span>\n\t\t\t<\/div>\n\t\t<\/div>\n\t\t\t\t\t\t<\/div>\n\t\t\t\t<\/div>\n\t\t\t\t<div class=\"elementor-element elementor-element-e0315fb elementor-widget elementor-widget-testimonial\" data-id=\"e0315fb\" data-element_type=\"widget\" data-e-type=\"widget\" data-widget_type=\"testimonial.default\">\n\t\t\t\t<div class=\"elementor-widget-container\">\n\t\t\t\t\t\t\t<div class=\"elementor-testimonial-wrapper\">\n\t\t\t\t\t\t\t<div class=\"elementor-testimonial-content\">Compramos una cama abatible y un sof\u00e1 cama. Todo est\u00e1 exactamente como lo vimos en el cat\u00e1logo. Estamos satisfechos con la actitud y la comunicaci\u00f3n del personal de la oficina. La entrega fue a tiempo. Gracias.<\/div>\n\t\t\t\n\t\t\t\t\t\t<div class=\"elementor-testimonial-meta\">\n\t\t\t\t<div class=\"elementor-testimonial-meta-inner\">\n\t\t\t\t\t\n\t\t\t\t\t\t\t\t\t\t<div class=\"elementor-testimonial-details\">\n\t\t\t\t\t\t\t\t\t\t\t\t\t\t<div class=\"elementor-testimonial-name\">ROSEN GEORGIEV<\/div>\n\t\t\t\t\t\t\t\t\t\t\t\t\t\t\t\t\t\t\t<\/div>\n\t\t\t\t\t\t\t\t\t<\/div>\n\t\t\t<\/div>\n\t\t\t\t\t<\/div>\n\t\t\t\t\t\t<\/div>\n\t\t\t\t<\/div>\n\t\t\t\t\t<\/div>\n\t\t<\/div>\n\t\t\t\t\t<\/div>\n\t\t<\/section>\n\t\t<div class=\"elementor-element elementor-element-f074434 e-flex e-con-boxed e-con e-parent\" data-id=\"f074434\" data-element_type=\"container\" data-e-type=\"container\">\n\t\t\t\t\t<div class=\"e-con-inner\">\n\t\t\t\t<div class=\"elementor-element elementor-element-5b9c819 elementor-align-center elementor-widget elementor-widget-button\" data-id=\"5b9c819\" data-element_type=\"widget\" data-e-type=\"widget\" data-widget_type=\"button.default\">\n\t\t\t\t<div class=\"elementor-widget-container\">\n\t\t\t\t\t\t\t\t\t<div class=\"elementor-button-wrapper\">\n\t\t\t\t\t<a class=\"elementor-button elementor-button-link elementor-size-sm\" href=\"https:\/\/maps.app.goo.gl\/xYLWsmTuuocV8jYL9\" target=\"_blank\" rel=\"noopener\">\n\t\t\t\t\t\t<span class=\"elementor-button-content-wrapper\">\n\t\t\t\t\t\t\t\t\t<span class=\"elementor-button-text\">ver todas las reviews<\/span>\n\t\t\t\t\t<\/span>\n\t\t\t\t\t<\/a>\n\t\t\t\t<\/div>\n\t\t\t\t\t\t\t\t<\/div>\n\t\t\t\t<\/div>\n\t\t\t\t\t<\/div>\n\t\t\t\t<\/div>\n\t\t\t\t<\/div>","protected":false},"excerpt":{"rendered":"<p>Muebles en Badalona y Barcelona Muebles en Badalona para aprovechar mejor tu espacio Camas abatibles, sofas cama italianos, armarios a medida y vestidores SOLICITA PRESUPUESTO Categor\u00edas \u00bfQu\u00e9 vas a renovar hoy? CAMAS ABATIBLES 275 Producto MUEBLES JUVENILES 236 Producto DORMITORIOS MATRIMONIO 141 Producto SOFAS 150 Producto LITERAS 122 Producto ARMARIOS 72 Producto COMEDORES 235 Producto [&hellip;]<\/p>\n","protected":false},"author":1,"featured_media":0,"parent":0,"menu_order":0,"comment_status":"closed","ping_status":"closed","template":"","meta":{"site-sidebar-layout":"no-sidebar","site-content-layout":"page-builder","ast-site-content-layout":"full-width-container","site-content-style":"unboxed","site-sidebar-style":"unboxed","ast-global-header-display":"","ast-banner-title-visibility":"","ast-main-header-display":"","ast-hfb-above-header-display":"","ast-hfb-below-header-display":"","ast-hfb-mobile-header-display":"","site-post-title":"disabled","ast-breadcrumbs-content":"","ast-featured-img":"disabled","footer-sml-layout":"","ast-disable-related-posts":"","theme-transparent-header-meta":"enabled","adv-header-id-meta":"","stick-header-meta":"","header-above-stick-meta":"","header-main-stick-meta":"","header-below-stick-meta":"","astra-migrate-meta-layouts":"set","ast-page-background-enabled":"default","ast-page-background-meta":{"desktop":{"background-color":"var(--ast-global-color-4)","background-image":"","background-repeat":"repeat","background-position":"center center","background-size":"auto","background-attachment":"scroll","background-type":"","background-media":"","overlay-type":"","overlay-color":"","overlay-opacity":"","overlay-gradient":""},"tablet":{"background-color":"","background-image":"","background-repeat":"repeat","background-position":"center center","background-size":"auto","background-attachment":"scroll","background-type":"","background-media":"","overlay-type":"","overlay-color":"","overlay-opacity":"","overlay-gradient":""},"mobile":{"background-color":"","background-image":"","background-repeat":"repeat","background-position":"center center","background-size":"auto","background-attachment":"scroll","background-type":"","background-media":"","overlay-type":"","overlay-color":"","overlay-opacity":"","overlay-gradient":""}},"ast-content-background-meta":{"desktop":{"background-color":"var(--ast-global-color-5)","background-image":"","background-repeat":"repeat","background-position":"center center","background-size":"auto","background-attachment":"scroll","background-type":"","background-media":"","overlay-type":"","overlay-color":"","overlay-opacity":"","overlay-gradient":""},"tablet":{"background-color":"var(--ast-global-color-5)","background-image":"","background-repeat":"repeat","background-position":"center center","background-size":"auto","background-attachment":"scroll","background-type":"","background-media":"","overlay-type":"","overlay-color":"","overlay-opacity":"","overlay-gradient":""},"mobile":{"background-color":"var(--ast-global-color-5)","background-image":"","background-repeat":"repeat","background-position":"center center","background-size":"auto","background-attachment":"scroll","background-type":"","background-media":"","overlay-type":"","overlay-color":"","overlay-opacity":"","overlay-gradient":""}},"_joinchat":[],"footnotes":""},"class_list":["post-841","page","type-page","status-publish","hentry","desktop-align-center","tablet-align-left","mobile-align-left","ast-product-gallery-layout-vertical-slider","ast-product-tabs-layout-accordion","ast-qv-on-image"],"_links":{"self":[{"href":"https:\/\/mueblesdetena.es\/ru_ru\/wp-json\/wp\/v2\/pages\/841","targetHints":{"allow":["GET"]}}],"collection":[{"href":"https:\/\/mueblesdetena.es\/ru_ru\/wp-json\/wp\/v2\/pages"}],"about":[{"href":"https:\/\/mueblesdetena.es\/ru_ru\/wp-json\/wp\/v2\/types\/page"}],"author":[{"embeddable":true,"href":"https:\/\/mueblesdetena.es\/ru_ru\/wp-json\/wp\/v2\/users\/1"}],"replies":[{"embeddable":true,"href":"https:\/\/mueblesdetena.es\/ru_ru\/wp-json\/wp\/v2\/comments?post=841"}],"version-history":[{"count":141,"href":"https:\/\/mueblesdetena.es\/ru_ru\/wp-json\/wp\/v2\/pages\/841\/revisions"}],"predecessor-version":[{"id":46901,"href":"https:\/\/mueblesdetena.es\/ru_ru\/wp-json\/wp\/v2\/pages\/841\/revisions\/46901"}],"wp:attachment":[{"href":"https:\/\/mueblesdetena.es\/ru_ru\/wp-json\/wp\/v2\/media?parent=841"}],"curies":[{"name":"wp","href":"https:\/\/api.w.org\/{rel}","templated":true}]}}