{"id":842,"date":"2022-07-27T06:02:11","date_gmt":"2022-07-27T06:02:11","guid":{"rendered":"https:\/\/mueblesdetena.es\/story\/"},"modified":"2024-05-14T13:27:02","modified_gmt":"2024-05-14T11:27:02","slug":"quienes-somos","status":"publish","type":"page","link":"https:\/\/mueblesdetena.es\/ru_ru\/quienes-somos\/","title":{"rendered":"Quienes somos"},"content":{"rendered":"<div data-elementor-type=\"wp-page\" data-elementor-id=\"842\" class=\"elementor elementor-842\">\n\t\t\t\t\t\t<section class=\"elementor-section elementor-top-section elementor-element elementor-element-325479c elementor-section-boxed elementor-section-height-default elementor-section-height-default\" data-id=\"325479c\" data-element_type=\"section\" data-e-type=\"section\" data-settings=\"{&quot;background_background&quot;:&quot;gradient&quot;}\">\n\t\t\t\t\t\t<div class=\"elementor-container elementor-column-gap-no\">\n\t\t\t\t\t<div class=\"elementor-column elementor-col-100 elementor-top-column elementor-element elementor-element-519c68b\" data-id=\"519c68b\" data-element_type=\"column\" data-e-type=\"column\">\n\t\t\t<div class=\"elementor-widget-wrap elementor-element-populated\">\n\t\t\t\t\t\t<div class=\"elementor-element elementor-element-981387f elementor-widget elementor-widget-heading\" data-id=\"981387f\" data-element_type=\"widget\" data-e-type=\"widget\" data-widget_type=\"heading.default\">\n\t\t\t\t<div class=\"elementor-widget-container\">\n\t\t\t\t\t<h6 class=\"elementor-heading-title elementor-size-default\">Sobre nosotros<\/h6>\t\t\t\t<\/div>\n\t\t\t\t<\/div>\n\t\t\t\t<div class=\"elementor-element elementor-element-8120009 elementor-widget elementor-widget-heading\" data-id=\"8120009\" data-element_type=\"widget\" data-e-type=\"widget\" data-widget_type=\"heading.default\">\n\t\t\t\t<div class=\"elementor-widget-container\">\n\t\t\t\t\t<h1 class=\"elementor-heading-title elementor-size-default\">\u00bfQui\u00e9nes somos?<\/h1>\t\t\t\t<\/div>\n\t\t\t\t<\/div>\n\t\t\t\t<div class=\"elementor-element elementor-element-3089d05 elementor-widget-divider--view-line elementor-widget elementor-widget-divider\" data-id=\"3089d05\" data-element_type=\"widget\" data-e-type=\"widget\" data-widget_type=\"divider.default\">\n\t\t\t\t<div class=\"elementor-widget-container\">\n\t\t\t\t\t\t\t<div class=\"elementor-divider\">\n\t\t\t<span class=\"elementor-divider-separator\">\n\t\t\t\t\t\t<\/span>\n\t\t<\/div>\n\t\t\t\t\t\t<\/div>\n\t\t\t\t<\/div>\n\t\t\t\t\t<\/div>\n\t\t<\/div>\n\t\t\t\t\t<\/div>\n\t\t<\/section>\n\t\t\t\t<section class=\"elementor-section elementor-top-section elementor-element elementor-element-99980e8 elementor-section-boxed elementor-section-height-default elementor-section-height-default\" data-id=\"99980e8\" data-element_type=\"section\" data-e-type=\"section\">\n\t\t\t\t\t\t<div class=\"elementor-container elementor-column-gap-no\">\n\t\t\t\t\t<div class=\"elementor-column elementor-col-100 elementor-top-column elementor-element elementor-element-6530f49\" data-id=\"6530f49\" data-element_type=\"column\" data-e-type=\"column\">\n\t\t\t<div class=\"elementor-widget-wrap elementor-element-populated\">\n\t\t\t\t\t\t<div class=\"elementor-element elementor-element-12ba678 elementor-widget elementor-widget-image\" data-id=\"12ba678\" data-element_type=\"widget\" data-e-type=\"widget\" data-widget_type=\"image.default\">\n\t\t\t\t<div class=\"elementor-widget-container\">\n\t\t\t\t\t\t\t\t\t\t\t\t\t\t\t<img fetchpriority=\"high\" decoding=\"async\" width=\"1108\" height=\"636\" src=\"https:\/\/mueblesdetena.es\/wp-content\/uploads\/2024\/02\/cama-abatible-win-muebles-detena-2.jpg\" class=\"attachment-full size-full wp-image-22210\" alt=\"\" srcset=\"https:\/\/mueblesdetena.es\/wp-content\/uploads\/2024\/02\/cama-abatible-win-muebles-detena-2.jpg 1108w, https:\/\/mueblesdetena.es\/wp-content\/uploads\/2024\/02\/cama-abatible-win-muebles-detena-2-300x172.jpg 300w, https:\/\/mueblesdetena.es\/wp-content\/uploads\/2024\/02\/cama-abatible-win-muebles-detena-2-1024x588.jpg 1024w, https:\/\/mueblesdetena.es\/wp-content\/uploads\/2024\/02\/cama-abatible-win-muebles-detena-2-768x441.jpg 768w, https:\/\/mueblesdetena.es\/wp-content\/uploads\/2024\/02\/cama-abatible-win-muebles-detena-2-600x344.jpg 600w\" sizes=\"(max-width: 1108px) 100vw, 1108px\" \/>\t\t\t\t\t\t\t\t\t\t\t\t\t\t\t<\/div>\n\t\t\t\t<\/div>\n\t\t\t\t<section class=\"elementor-section elementor-inner-section elementor-element elementor-element-f652300 elementor-section-boxed elementor-section-height-default elementor-section-height-default\" data-id=\"f652300\" data-element_type=\"section\" data-e-type=\"section\">\n\t\t\t\t\t\t<div class=\"elementor-container elementor-column-gap-no\">\n\t\t\t\t\t<div class=\"elementor-column elementor-col-50 elementor-inner-column elementor-element elementor-element-f77d5e5\" data-id=\"f77d5e5\" data-element_type=\"column\" data-e-type=\"column\">\n\t\t\t<div class=\"elementor-widget-wrap elementor-element-populated\">\n\t\t\t\t\t\t<div class=\"elementor-element elementor-element-a7c05a3 elementor-widget elementor-widget-heading\" data-id=\"a7c05a3\" data-element_type=\"widget\" data-e-type=\"widget\" data-widget_type=\"heading.default\">\n\t\t\t\t<div class=\"elementor-widget-container\">\n\t\t\t\t\t<h6 class=\"elementor-heading-title elementor-size-default\">Sobre nosotros<\/h6>\t\t\t\t<\/div>\n\t\t\t\t<\/div>\n\t\t\t\t<div class=\"elementor-element elementor-element-35e402d elementor-widget elementor-widget-heading\" data-id=\"35e402d\" data-element_type=\"widget\" data-e-type=\"widget\" data-widget_type=\"heading.default\">\n\t\t\t\t<div class=\"elementor-widget-container\">\n\t\t\t\t\t<h2 class=\"elementor-heading-title elementor-size-default\">M\u00e1s que una tienda, un compromiso<\/h2>\t\t\t\t<\/div>\n\t\t\t\t<\/div>\n\t\t\t\t\t<\/div>\n\t\t<\/div>\n\t\t\t\t<div class=\"elementor-column elementor-col-50 elementor-inner-column elementor-element elementor-element-236e2e4\" data-id=\"236e2e4\" data-element_type=\"column\" data-e-type=\"column\">\n\t\t\t<div class=\"elementor-widget-wrap elementor-element-populated\">\n\t\t\t\t\t\t<div class=\"elementor-element elementor-element-0146f07 elementor-widget elementor-widget-heading\" data-id=\"0146f07\" data-element_type=\"widget\" data-e-type=\"widget\" data-widget_type=\"heading.default\">\n\t\t\t\t<div class=\"elementor-widget-container\">\n\t\t\t\t\t<h4 class=\"elementor-heading-title elementor-size-default\">Nos apasiona lo que hacemos<\/h4>\t\t\t\t<\/div>\n\t\t\t\t<\/div>\n\t\t\t\t<div class=\"elementor-element elementor-element-060eeee elementor-widget elementor-widget-text-editor\" data-id=\"060eeee\" data-element_type=\"widget\" data-e-type=\"widget\" data-widget_type=\"text-editor.default\">\n\t\t\t\t<div class=\"elementor-widget-container\">\n\t\t\t\t\t\t\t\t\t<p>En Muebles Detena, nos enorgullecemos de ser una empresa familiar que, desde hace m\u00e1s de 20 a\u00f1os, se dedica con pasi\u00f3n y compromiso al mundo del mobiliario.<\/p><p>Nuestra misi\u00f3n es clara: asesorarte y guiarte en la elecci\u00f3n del mobiliario perfecto para ese lugar especial que llamas hogar.<\/p><p>Entendemos que cada espacio es \u00fanico y por eso ofrecemos un servicio personalizado, asegur\u00e1ndonos de que encuentres el mueble que no solo complemente tu espacio, sino que tambi\u00e9n refleje tu estilo personal.<\/p>\t\t\t\t\t\t\t\t<\/div>\n\t\t\t\t<\/div>\n\t\t\t\t<div class=\"elementor-element elementor-element-8b76e27 elementor-widget elementor-widget-text-editor\" data-id=\"8b76e27\" data-element_type=\"widget\" data-e-type=\"widget\" data-widget_type=\"text-editor.default\">\n\t\t\t\t<div class=\"elementor-widget-container\">\n\t\t\t\t\t\t\t\t\t<p><span style=\"font-style: inherit; font-weight: inherit; background-color: var(--ast-global-color-5); color: var(--ast-global-color-3);\">Nuestro enfoque se centra en la cercan\u00eda y el trato familiar; sabemos que la satisfacci\u00f3n de nuestros clientes es la piedra angular de nuestro negocio. Por eso, cada interacci\u00f3n est\u00e1 dise\u00f1ada para que te sientas parte de nuestra familia.<\/span><\/p><p><span style=\"font-style: inherit; font-weight: inherit; background-color: var(--ast-global-color-5); color: var(--ast-global-color-3);\">Queremos que cada visita, ya sea en l\u00ednea o en tienda, sea una experiencia c\u00e1lida y acogedora, en la que te sientas escuchado y valorado.<\/span><\/p>\t\t\t\t\t\t\t\t<\/div>\n\t\t\t\t<\/div>\n\t\t\t\t\t<\/div>\n\t\t<\/div>\n\t\t\t\t\t<\/div>\n\t\t<\/section>\n\t\t\t\t\t<\/div>\n\t\t<\/div>\n\t\t\t\t\t<\/div>\n\t\t<\/section>\n\t\t\t\t<section class=\"elementor-section elementor-top-section elementor-element elementor-element-d1ba0d3 elementor-section-height-min-height elementor-section-boxed elementor-section-height-default elementor-section-items-middle\" data-id=\"d1ba0d3\" data-element_type=\"section\" data-e-type=\"section\" data-settings=\"{&quot;background_background&quot;:&quot;classic&quot;}\">\n\t\t\t\t\t\t\t<div class=\"elementor-background-overlay\"><\/div>\n\t\t\t\t\t\t\t<div class=\"elementor-container elementor-column-gap-no\">\n\t\t\t\t\t<div class=\"elementor-column elementor-col-100 elementor-top-column elementor-element elementor-element-c2d80b3\" data-id=\"c2d80b3\" data-element_type=\"column\" data-e-type=\"column\">\n\t\t\t<div class=\"elementor-widget-wrap elementor-element-populated\">\n\t\t\t\t\t\t<div class=\"elementor-element elementor-element-6ef3978 elementor-widget-divider--view-line elementor-widget elementor-widget-divider\" data-id=\"6ef3978\" data-element_type=\"widget\" data-e-type=\"widget\" data-widget_type=\"divider.default\">\n\t\t\t\t<div class=\"elementor-widget-container\">\n\t\t\t\t\t\t\t<div class=\"elementor-divider\">\n\t\t\t<span class=\"elementor-divider-separator\">\n\t\t\t\t\t\t<\/span>\n\t\t<\/div>\n\t\t\t\t\t\t<\/div>\n\t\t\t\t<\/div>\n\t\t\t\t<div class=\"elementor-element elementor-element-813e2f0 elementor-widget elementor-widget-heading\" data-id=\"813e2f0\" data-element_type=\"widget\" data-e-type=\"widget\" data-widget_type=\"heading.default\">\n\t\t\t\t<div class=\"elementor-widget-container\">\n\t\t\t\t\t<h2 class=\"elementor-heading-title elementor-size-default\">La elegancia de un hogar<\/h2>\t\t\t\t<\/div>\n\t\t\t\t<\/div>\n\t\t\t\t\t<\/div>\n\t\t<\/div>\n\t\t\t\t\t<\/div>\n\t\t<\/section>\n\t\t\t\t<section class=\"elementor-section elementor-top-section elementor-element elementor-element-e2392b1 elementor-section-boxed elementor-section-height-default elementor-section-height-default\" data-id=\"e2392b1\" data-element_type=\"section\" data-e-type=\"section\" data-settings=\"{&quot;background_background&quot;:&quot;gradient&quot;}\">\n\t\t\t\t\t\t<div class=\"elementor-container elementor-column-gap-no\">\n\t\t\t\t\t<div class=\"elementor-column elementor-col-100 elementor-top-column elementor-element elementor-element-9fae0ed\" data-id=\"9fae0ed\" data-element_type=\"column\" data-e-type=\"column\">\n\t\t\t<div class=\"elementor-widget-wrap elementor-element-populated\">\n\t\t\t\t\t\t<div class=\"elementor-element elementor-element-2115f44 elementor-widget elementor-widget-heading\" data-id=\"2115f44\" data-element_type=\"widget\" data-e-type=\"widget\" data-widget_type=\"heading.default\">\n\t\t\t\t<div class=\"elementor-widget-container\">\n\t\t\t\t\t<h6 class=\"elementor-heading-title elementor-size-default\">Nuestra historia<\/h6>\t\t\t\t<\/div>\n\t\t\t\t<\/div>\n\t\t\t\t<div class=\"elementor-element elementor-element-a6fe296 elementor-widget elementor-widget-heading\" data-id=\"a6fe296\" data-element_type=\"widget\" data-e-type=\"widget\" data-widget_type=\"heading.default\">\n\t\t\t\t<div class=\"elementor-widget-container\">\n\t\t\t\t\t<h2 class=\"elementor-heading-title elementor-size-default\">\u00bfC\u00f3mo empez\u00f3 todo?<\/h2>\t\t\t\t<\/div>\n\t\t\t\t<\/div>\n\t\t\t\t<div class=\"elementor-element elementor-element-08ea21c elementor-widget-divider--view-line elementor-widget elementor-widget-divider\" data-id=\"08ea21c\" data-element_type=\"widget\" data-e-type=\"widget\" data-widget_type=\"divider.default\">\n\t\t\t\t<div class=\"elementor-widget-container\">\n\t\t\t\t\t\t\t<div class=\"elementor-divider\">\n\t\t\t<span class=\"elementor-divider-separator\">\n\t\t\t\t\t\t<\/span>\n\t\t<\/div>\n\t\t\t\t\t\t<\/div>\n\t\t\t\t<\/div>\n\t\t\t\t<div class=\"elementor-element elementor-element-0399588 elementor-widget elementor-widget-text-editor\" data-id=\"0399588\" data-element_type=\"widget\" data-e-type=\"widget\" data-widget_type=\"text-editor.default\">\n\t\t\t\t<div class=\"elementor-widget-container\">\n\t\t\t\t\t\t\t\t\t<p>La historia de Muebles Detena es una cr\u00f3nica de dedicaci\u00f3n y amor por el dise\u00f1o y la calidad. Desde nuestros inicios, hace ya dos d\u00e9cadas, hemos mantenido un compromiso inquebrantable con la excelencia. Cada pieza en nuestro cat\u00e1logo es el resultado de un cuidadoso proceso de selecci\u00f3n, donde la calidad y el dise\u00f1o se entrelazan para ofrecerte muebles que no solo son est\u00e9ticamente atractivos sino que tambi\u00e9n est\u00e1n construidos para durar.<\/p><p>A lo largo de estos 20 a\u00f1os, hemos crecido y evolucionado, siempre con la mirada puesta en las tendencias actuales, sin sacrificar la practicidad y la comodidad que necesitas en tu d\u00eda a d\u00eda. \u00abDise\u00f1o &amp; Calidad\u00bb no es solo nuestro lema, sino la promesa de que cada mueble que adquieras ser\u00e1 una inversi\u00f3n en tu bienestar y en la belleza de tu entorno.<\/p><p>Celebramos dos d\u00e9cadas de servicio, dos d\u00e9cadas de historias compartidas con nuestros clientes y amigos, dos d\u00e9cadas de ser parte de tus espacios m\u00e1s queridos. En Muebles Detena, no solo vendemos muebles: creamos el escenario para los momentos m\u00e1s preciados de tu vida. Bienvenido a nuestra historia, estamos aqu\u00ed para escribir juntos los pr\u00f3ximos cap\u00edtulos.<\/p>\t\t\t\t\t\t\t\t<\/div>\n\t\t\t\t<\/div>\n\t\t\t\t\t<\/div>\n\t\t<\/div>\n\t\t\t\t\t<\/div>\n\t\t<\/section>\n\t\t\t\t<\/div>","protected":false},"excerpt":{"rendered":"<p>Sobre nosotros \u00bfQui\u00e9nes somos? Sobre nosotros M\u00e1s que una tienda, un compromiso Nos apasiona lo que hacemos En Muebles Detena, nos enorgullecemos de ser una empresa familiar que, desde hace m\u00e1s de 20 a\u00f1os, se dedica con pasi\u00f3n y compromiso al mundo del mobiliario. Nuestra misi\u00f3n es clara: asesorarte y guiarte en la elecci\u00f3n del [&hellip;]<\/p>\n","protected":false},"author":1,"featured_media":0,"parent":0,"menu_order":0,"comment_status":"closed","ping_status":"closed","template":"","meta":{"site-sidebar-layout":"no-sidebar","site-content-layout":"page-builder","ast-site-content-layout":"full-width-container","site-content-style":"unboxed","site-sidebar-style":"unboxed","ast-global-header-display":"","ast-banner-title-visibility":"","ast-main-header-display":"","ast-hfb-above-header-display":"","ast-hfb-below-header-display":"","ast-hfb-mobile-header-display":"","site-post-title":"disabled","ast-breadcrumbs-content":"","ast-featured-img":"disabled","footer-sml-layout":"","ast-disable-related-posts":"","theme-transparent-header-meta":"","adv-header-id-meta":"","stick-header-meta":"","header-above-stick-meta":"","header-main-stick-meta":"","header-below-stick-meta":"","astra-migrate-meta-layouts":"set","ast-page-background-enabled":"default","ast-page-background-meta":{"desktop":{"background-color":"var(--ast-global-color-4)","background-image":"","background-repeat":"repeat","background-position":"center center","background-size":"auto","background-attachment":"scroll","background-type":"","background-media":"","overlay-type":"","overlay-color":"","overlay-opacity":"","overlay-gradient":""},"tablet":{"background-color":"","background-image":"","background-repeat":"repeat","background-position":"center center","background-size":"auto","background-attachment":"scroll","background-type":"","background-media":"","overlay-type":"","overlay-color":"","overlay-opacity":"","overlay-gradient":""},"mobile":{"background-color":"","background-image":"","background-repeat":"repeat","background-position":"center center","background-size":"auto","background-attachment":"scroll","background-type":"","background-media":"","overlay-type":"","overlay-color":"","overlay-opacity":"","overlay-gradient":""}},"ast-content-background-meta":{"desktop":{"background-color":"var(--ast-global-color-5)","background-image":"","background-repeat":"repeat","background-position":"center center","background-size":"auto","background-attachment":"scroll","background-type":"","background-media":"","overlay-type":"","overlay-color":"","overlay-opacity":"","overlay-gradient":""},"tablet":{"background-color":"var(--ast-global-color-5)","background-image":"","background-repeat":"repeat","background-position":"center center","background-size":"auto","background-attachment":"scroll","background-type":"","background-media":"","overlay-type":"","overlay-color":"","overlay-opacity":"","overlay-gradient":""},"mobile":{"background-color":"var(--ast-global-color-5)","background-image":"","background-repeat":"repeat","background-position":"center center","background-size":"auto","background-attachment":"scroll","background-type":"","background-media":"","overlay-type":"","overlay-color":"","overlay-opacity":"","overlay-gradient":""}},"_joinchat":[],"footnotes":""},"class_list":["post-842","page","type-page","status-publish","hentry"],"_links":{"self":[{"href":"https:\/\/mueblesdetena.es\/ru_ru\/wp-json\/wp\/v2\/pages\/842","targetHints":{"allow":["GET"]}}],"collection":[{"href":"https:\/\/mueblesdetena.es\/ru_ru\/wp-json\/wp\/v2\/pages"}],"about":[{"href":"https:\/\/mueblesdetena.es\/ru_ru\/wp-json\/wp\/v2\/types\/page"}],"author":[{"embeddable":true,"href":"https:\/\/mueblesdetena.es\/ru_ru\/wp-json\/wp\/v2\/users\/1"}],"replies":[{"embeddable":true,"href":"https:\/\/mueblesdetena.es\/ru_ru\/wp-json\/wp\/v2\/comments?post=842"}],"version-history":[{"count":14,"href":"https:\/\/mueblesdetena.es\/ru_ru\/wp-json\/wp\/v2\/pages\/842\/revisions"}],"predecessor-version":[{"id":22214,"href":"https:\/\/mueblesdetena.es\/ru_ru\/wp-json\/wp\/v2\/pages\/842\/revisions\/22214"}],"wp:attachment":[{"href":"https:\/\/mueblesdetena.es\/ru_ru\/wp-json\/wp\/v2\/media?parent=842"}],"curies":[{"name":"wp","href":"https:\/\/api.w.org\/{rel}","templated":true}]}}