{"id":15422,"date":"2022-05-17T20:37:33","date_gmt":"2022-05-17T18:37:33","guid":{"rendered":"https:\/\/mueblesdetena.es\/?post_type=product&#038;p=15422"},"modified":"2026-07-05T10:09:57","modified_gmt":"2026-07-05T08:09:57","slug":"dormitorio-completo-sort64","status":"publish","type":"product","link":"https:\/\/mueblesdetena.es\/ru_ru\/dormitorio-completo-sort64\/","title":{"rendered":"DORMITORIO COMPLETO CON CAMA ABATIBLE BASE4 index"},"content":{"rendered":"<h2 data-section-id=\"3nd97z\" data-start=\"263\" data-end=\"348\">Dormitorio completo con cama abatible horizontal ORTS en Badalona | Muebles Detena<\/h2>\n<p data-start=\"350\" data-end=\"590\">\u0412 <strong data-start=\"353\" data-end=\"380\">Muebles Detena Badalona<\/strong> te presentamos esta <strong data-start=\"401\" data-end=\"472\">composici\u00f3n de dormitorio juvenil con cama abatible horizontal ORTS<\/strong>, una soluci\u00f3n perfecta para aprovechar al m\u00e1ximo el espacio en habitaciones juveniles o dormitorios con pocos metros.<\/p>\n<p data-start=\"592\" data-end=\"910\">Este <strong data-start=\"597\" data-end=\"638\">dormitorio completo con cama abatible<\/strong> combina funcionalidad, dise\u00f1o moderno y gran capacidad de almacenamiento. La composici\u00f3n incluye <strong data-start=\"736\" data-end=\"774\">cama abatible horizontal integrada<\/strong>, <strong data-start=\"776\" data-end=\"823\">armario de 2 puertas con cajones inferiores<\/strong> y <strong data-start=\"826\" data-end=\"850\">estanter\u00edas de pared<\/strong>, creando un conjunto pr\u00e1ctico y elegante para el d\u00eda a d\u00eda.<\/p>\n<p data-start=\"912\" data-end=\"1135\">La <strong data-start=\"915\" data-end=\"943\">cama abatible horizontal<\/strong> permite convertir la habitaci\u00f3n en una zona de estudio o juego durante el d\u00eda y en un c\u00f3modo dormitorio por la noche, siendo ideal para <strong data-start=\"1080\" data-end=\"1134\">pisos en Badalona y viviendas con espacio reducido<\/strong>.<\/p>\n<h3 data-section-id=\"11elkbe\" data-start=\"1137\" data-end=\"1174\">Caracter\u00edsticas de la composici\u00f3n<\/h3>\n<ul data-start=\"1175\" data-end=\"1428\">\n<li data-section-id=\"1e2tsh5\" data-start=\"1175\" data-end=\"1224\">\n<p data-start=\"1177\" data-end=\"1224\">Cama abatible horizontal ORTS de alta calidad<\/p>\n<\/li>\n<li data-section-id=\"1rwn0wd\" data-start=\"1225\" data-end=\"1276\">\n<p data-start=\"1227\" data-end=\"1276\">Armario de <strong data-start=\"1238\" data-end=\"1274\">2 puertas con cajones inferiores<\/strong><\/p>\n<\/li>\n<li data-section-id=\"11gtvj5\" data-start=\"1277\" data-end=\"1326\">\n<p data-start=\"1279\" data-end=\"1326\">Estanter\u00edas de pared para libros y decoraci\u00f3n<\/p>\n<\/li>\n<li data-section-id=\"y1laq5\" data-start=\"1327\" data-end=\"1381\">\n<p data-start=\"1329\" data-end=\"1381\">Dise\u00f1o moderno con <strong data-start=\"1348\" data-end=\"1379\">m\u00faltiples opciones de color<\/strong><\/p>\n<\/li>\n<li data-section-id=\"1549x8e\" data-start=\"1382\" data-end=\"1428\">\n<p data-start=\"1384\" data-end=\"1428\">Excelente calidad de materiales y acabados<\/p>\n<\/li>\n<\/ul>\n<h3 data-section-id=\"1ncv0j9\" data-start=\"1430\" data-end=\"1441\">Medidas<\/h3>\n<ul data-start=\"1442\" data-end=\"1504\">\n<li data-section-id=\"9jjfk7\" data-start=\"1442\" data-end=\"1469\">\n<p data-start=\"1444\" data-end=\"1469\"><strong data-start=\"1444\" data-end=\"1460\">Ancho total:<\/strong> 288 cm<\/p>\n<\/li>\n<li data-section-id=\"pxqx2t\" data-start=\"1470\" data-end=\"1504\">\n<p data-start=\"1472\" data-end=\"1504\"><strong data-start=\"1472\" data-end=\"1495\">Altura del armario:<\/strong> 220 cm<\/p>\n<\/li>\n<\/ul>\n<h3 data-section-id=\"1fa2803\" data-start=\"1506\" data-end=\"1529\">Opciones y servicio<\/h3>\n<p data-start=\"1530\" data-end=\"1669\">\u0412 <strong data-start=\"1533\" data-end=\"1551\">Muebles Detena<\/strong> ofrecemos diferentes <strong data-start=\"1573\" data-end=\"1612\">combinaciones de colores y acabados<\/strong> para adaptar el dormitorio al estilo de cada habitaci\u00f3n.<\/p>\n<ul data-start=\"1671\" data-end=\"1783\">\n<li data-section-id=\"1ikrbzu\" data-start=\"1671\" data-end=\"1740\">\n<p data-start=\"1673\" data-end=\"1740\"><strong data-start=\"1673\" data-end=\"1707\">Transporte y montaje opcional:<\/strong> 175\u20ac (hasta 15 km de Badalona)<\/p>\n<\/li>\n<li data-section-id=\"1cmhgj5\" data-start=\"1741\" data-end=\"1783\">\n<p data-start=\"1743\" data-end=\"1783\">Servicio disponible <strong data-start=\"1763\" data-end=\"1783\">solo en Catalu\u00f1a<\/strong><\/p>\n<\/li>\n<\/ul>\n<p data-start=\"1785\" data-end=\"1992\">Si buscas <strong data-start=\"1795\" data-end=\"1826\">camas abatibles en Badalona<\/strong>, dormitorios juveniles modernos o muebles funcionales para aprovechar el espacio, en <strong data-start=\"1912\" data-end=\"1930\">Muebles Detena<\/strong> te asesoramos para encontrar la mejor soluci\u00f3n para tu hogar.<\/p>\n<p data-start=\"1994\" data-end=\"2123\">\ud83d\udccd <strong data-start=\"1997\" data-end=\"2026\">Muebles Detena \u2013 Badalona<\/strong><br data-start=\"2026\" data-end=\"2029\" \/>Especialistas en <strong data-start=\"2046\" data-end=\"2122\">dormitorios juveniles, camas abatibles y muebles funcionales en Catalu\u00f1a<\/strong>.<\/p>","protected":false},"excerpt":{"rendered":"<p><strong>Composici\u00f3n de dormitorio con cama abatible horizontal, armario de 2 puertas con cajones inferiores y estanter\u00edas de pared. Una soluci\u00f3n pr\u00e1ctica para aprovechar el espacio con dise\u00f1o moderno y gran capacidad de almacenamiento.<br data-start=\"235\" data-end=\"238\" \/>Medidas: 288 cm de ancho x 220 cm de alto.<br data-start=\"284\" data-end=\"287\" \/>Fabricaci\u00f3n de alta calidad con diferentes opciones de color a elegir.<br data-start=\"361\" data-end=\"364\" \/>Transporte y montaje opcional: 175\u20ac (hasta 15 km).<\/strong><\/p>\n<p>Dise\u00f1amos en 3D tu proyecto de modo gratuito.<\/p>","protected":false},"featured_media":44555,"comment_status":"closed","ping_status":"closed","template":"","meta":{"site-sidebar-layout":"default","site-content-layout":"","ast-site-content-layout":"default","site-content-style":"default","site-sidebar-style":"default","ast-global-header-display":"","ast-banner-title-visibility":"","ast-main-header-display":"","ast-hfb-above-header-display":"","ast-hfb-below-header-display":"","ast-hfb-mobile-header-display":"","site-post-title":"","ast-breadcrumbs-content":"","ast-featured-img":"","footer-sml-layout":"","ast-disable-related-posts":"","theme-transparent-header-meta":"default","adv-header-id-meta":"","stick-header-meta":"default","header-above-stick-meta":"","header-main-stick-meta":"","header-below-stick-meta":"","astra-migrate-meta-layouts":"set","ast-page-background-enabled":"default","ast-page-background-meta":{"desktop":{"background-color":"var(--ast-global-color-4)","background-image":"","background-repeat":"repeat","background-position":"center center","background-size":"auto","background-attachment":"scroll","background-type":"","background-media":"","overlay-type":"","overlay-color":"","overlay-opacity":"","overlay-gradient":""},"tablet":{"background-color":"","background-image":"","background-repeat":"repeat","background-position":"center center","background-size":"auto","background-attachment":"scroll","background-type":"","background-media":"","overlay-type":"","overlay-color":"","overlay-opacity":"","overlay-gradient":""},"mobile":{"background-color":"","background-image":"","background-repeat":"repeat","background-position":"center center","background-size":"auto","background-attachment":"scroll","background-type":"","background-media":"","overlay-type":"","overlay-color":"","overlay-opacity":"","overlay-gradient":""}},"ast-content-background-meta":{"desktop":{"background-color":"var(--ast-global-color-5)","background-image":"","background-repeat":"repeat","background-position":"center center","background-size":"auto","background-attachment":"scroll","background-type":"","background-media":"","overlay-type":"","overlay-color":"","overlay-opacity":"","overlay-gradient":""},"tablet":{"background-color":"var(--ast-global-color-5)","background-image":"","background-repeat":"repeat","background-position":"center center","background-size":"auto","background-attachment":"scroll","background-type":"","background-media":"","overlay-type":"","overlay-color":"","overlay-opacity":"","overlay-gradient":""},"mobile":{"background-color":"var(--ast-global-color-5)","background-image":"","background-repeat":"repeat","background-position":"center center","background-size":"auto","background-attachment":"scroll","background-type":"","background-media":"","overlay-type":"","overlay-color":"","overlay-opacity":"","overlay-gradient":""}},"_joinchat":[]},"product_brand":[],"product_cat":[265,268,285,273],"product_tag":[1378,785],"class_list":["post-15422","product","type-product","status-publish","has-post-thumbnail","product_cat-camas-abatibles","product_cat-camas-abatibles-individuales-madera","product_cat-composiciones-juveniles","product_cat-muebles-juveniles","product_tag-index","product_tag-pbadal","desktop-align-center","tablet-align-left","mobile-align-left","ast-product-gallery-layout-vertical-slider","ast-product-tabs-layout-accordion","ast-qv-on-image","first","instock","sale","shipping-taxable","purchasable","product-type-simple"],"_links":{"self":[{"href":"https:\/\/mueblesdetena.es\/ru_ru\/wp-json\/wp\/v2\/product\/15422","targetHints":{"allow":["GET"]}}],"collection":[{"href":"https:\/\/mueblesdetena.es\/ru_ru\/wp-json\/wp\/v2\/product"}],"about":[{"href":"https:\/\/mueblesdetena.es\/ru_ru\/wp-json\/wp\/v2\/types\/product"}],"replies":[{"embeddable":true,"href":"https:\/\/mueblesdetena.es\/ru_ru\/wp-json\/wp\/v2\/comments?post=15422"}],"version-history":[{"count":6,"href":"https:\/\/mueblesdetena.es\/ru_ru\/wp-json\/wp\/v2\/product\/15422\/revisions"}],"predecessor-version":[{"id":47442,"href":"https:\/\/mueblesdetena.es\/ru_ru\/wp-json\/wp\/v2\/product\/15422\/revisions\/47442"}],"wp:featuredmedia":[{"embeddable":true,"href":"https:\/\/mueblesdetena.es\/ru_ru\/wp-json\/wp\/v2\/media\/44555"}],"wp:attachment":[{"href":"https:\/\/mueblesdetena.es\/ru_ru\/wp-json\/wp\/v2\/media?parent=15422"}],"wp:term":[{"taxonomy":"product_brand","embeddable":true,"href":"https:\/\/mueblesdetena.es\/ru_ru\/wp-json\/wp\/v2\/product_brand?post=15422"},{"taxonomy":"product_cat","embeddable":true,"href":"https:\/\/mueblesdetena.es\/ru_ru\/wp-json\/wp\/v2\/product_cat?post=15422"},{"taxonomy":"product_tag","embeddable":true,"href":"https:\/\/mueblesdetena.es\/ru_ru\/wp-json\/wp\/v2\/product_tag?post=15422"}],"curies":[{"name":"wp","href":"https:\/\/api.w.org\/{rel}","templated":true}]}}