{"id":16125,"date":"2022-09-20T10:28:13","date_gmt":"2022-09-20T08:28:13","guid":{"rendered":"https:\/\/mueblesdetena.es\/?post_type=product&#038;p=16125"},"modified":"2026-06-24T13:17:32","modified_gmt":"2026-06-24T11:17:32","slug":"cama-abatible-barcelona-somier","status":"publish","type":"product","link":"https:\/\/mueblesdetena.es\/ru_ru\/cama-abatible-barcelona-somier\/","title":{"rendered":"Cama abatible horizontal en Barcelona con somier 120&#215;190 | Ahorra espacio"},"content":{"rendered":"<p data-start=\"237\" data-end=\"417\">Cama abatible con somier de l\u00e1minas integrada, ideal para optimizar espacios en pisos y apartamentos en <strong data-start=\"341\" data-end=\"368\">Barcelona y alrededores<\/strong>. Dise\u00f1o funcional, seguro y fabricado en Espa\u00f1a.<\/p>\n<p data-start=\"419\" data-end=\"431\"><strong data-start=\"419\" data-end=\"431\">Medidas:<\/strong><\/p>\n<ul data-start=\"432\" data-end=\"562\">\n<li data-section-id=\"14r6d7m\" data-start=\"432\" data-end=\"455\">Ancho total: 205 cm<\/li>\n<li data-section-id=\"enascs\" data-start=\"456\" data-end=\"482\">Fondo cerrada: 34,5 cm<\/li>\n<li data-section-id=\"1ssdh70\" data-start=\"483\" data-end=\"508\">Fondo abierta: 141 cm<\/li>\n<li data-section-id=\"aayr2k\" data-start=\"509\" data-end=\"562\">Opci\u00f3n fondo 45 cm con pr\u00e1ctica estanter\u00eda interior<\/li>\n<\/ul>\n<p data-start=\"564\" data-end=\"596\"><strong data-start=\"564\" data-end=\"596\">Caracter\u00edsticas principales:<\/strong><\/p>\n<ul data-start=\"597\" data-end=\"904\">\n<li data-section-id=\"1602pik\" data-start=\"597\" data-end=\"722\">Sistema de apertura con <strong data-start=\"623\" data-end=\"663\">pistones hidr\u00e1ulicos de alta calidad<\/strong>, que garantizan un descenso suave, seguro y sin esfuerzo<\/li>\n<li data-section-id=\"60r5nc\" data-start=\"723\" data-end=\"790\">Sistema de seguridad integrado para un uso c\u00f3modo y sin riesgos<\/li>\n<li data-section-id=\"1fsnpk7\" data-start=\"791\" data-end=\"847\">Rebaje en rodapi\u00e9 para un ajuste perfecto a la pared<\/li>\n<li data-section-id=\"1t8l9ib\" data-start=\"848\" data-end=\"904\">Estructura robusta y duradera, ideal para uso diario<\/li>\n<\/ul>\n<p data-start=\"906\" data-end=\"931\"><strong data-start=\"906\" data-end=\"931\">Opciones disponibles:<\/strong><\/p>\n<ul data-start=\"932\" data-end=\"1159\">\n<li data-section-id=\"10bav6g\" data-start=\"932\" data-end=\"984\">Medidas para colch\u00f3n de <strong data-start=\"958\" data-end=\"982\">120&#215;180 y 120&#215;190 cm<\/strong><\/li>\n<li data-section-id=\"bg3fe5\" data-start=\"985\" data-end=\"1080\">Disponibilidad en otras medidas: <strong data-start=\"1020\" data-end=\"1078\">135, 140, 150 y 160 cm de ancho, hasta 200 cm de largo<\/strong><\/li>\n<li data-section-id=\"18mtpn9\" data-start=\"1081\" data-end=\"1159\">Amplia variedad de colores para adaptarse a cualquier estilo de decoraci\u00f3n<\/li>\n<li data-section-id=\"18mtpn9\" data-start=\"1081\" data-end=\"1159\">Si necesitas una medida m\u00e1s grande, consulta aqu\u00ed nuestras opciones disponibles\u00a0<a href=\"https:\/\/mueblesdetena.es\/cama-abatible-horizontal-nova-135x190\/\">https:\/\/mueblesdetena.es\/cama-abatible-horizontal-nova-135&#215;190\/<\/a><\/li>\n<\/ul>\n<p data-start=\"1161\" data-end=\"1186\"><strong data-start=\"1161\" data-end=\"1186\">Entrega en Barcelona:<\/strong><\/p>\n<ul data-start=\"1187\" data-end=\"1345\">\n<li data-section-id=\"1q30twp\" data-start=\"1187\" data-end=\"1236\">Servicio de <strong data-start=\"1201\" data-end=\"1234\">env\u00edo express en color blanco<\/strong><\/li>\n<li data-section-id=\"1p7qqgq\" data-start=\"1237\" data-end=\"1302\">Env\u00edo y montaje opcional: <strong data-start=\"1265\" data-end=\"1300\">100\u20ac (hasta 15 km en Barcelona)<\/strong><\/li>\n<li data-section-id=\"1f7716u\" data-start=\"1303\" data-end=\"1345\">No realizamos env\u00edos fuera de Catalu\u00f1a<\/li>\n<li data-section-id=\"1f7716u\" data-start=\"1303\" data-end=\"1345\">Puedes ver todas las medidas y hojas tecnicas aqui <a href=\"https:\/\/mueblesdetena.es\/wp-content\/uploads\/2026\/04\/catalogo-tecnico-de-camas-abatibles-nvn.pdf\">catalogo tecnico de camas abatibles nvn<\/a><\/li>\n<\/ul>\n<p data-start=\"1347\" data-end=\"1370\"><strong data-start=\"1347\" data-end=\"1370\">Garant\u00eda y calidad:<\/strong><\/p>\n<ul data-start=\"1371\" data-end=\"1417\">\n<li data-section-id=\"1vlw4at\" data-start=\"1371\" data-end=\"1392\">Producto nacional<\/li>\n<li data-section-id=\"1oa7hxw\" data-start=\"1393\" data-end=\"1417\"><strong data-start=\"1395\" data-end=\"1417\">2 a\u00f1os de garant\u00eda<\/strong><\/li>\n<li data-section-id=\"1oa7hxw\" data-start=\"1393\" data-end=\"1417\"><a href=\"https:\/\/mueblesdetena.es\/wp-content\/uploads\/2026\/04\/catalogo-tecnico-de-camas-abatibles-nvn.pdf\">catalogo tecnico de camas abatibles nvn<\/a><\/li>\n<\/ul>\n<p data-start=\"1419\" data-end=\"1549\">\ud83d\udc49 Perfecta para habitaciones peque\u00f1as, estudios o segundas residencias en Barcelona. Ahorra espacio sin renunciar a la comodidad.<\/p>\n<p data-start=\"1419\" data-end=\"1549\">Cama abatible horizontal en Barcelona con somier 120&#215;190 | Ahorra espacio.<\/p>\n<figure id=\"attachment_45794\" aria-describedby=\"caption-attachment-45794\" style=\"width: 300px\" class=\"wp-caption alignnone\"><img fetchpriority=\"high\" decoding=\"async\" class=\"size-medium wp-image-45794\" src=\"https:\/\/mueblesdetena.es\/wp-content\/uploads\/2022\/09\/medidas-cama-abatible-horizontal-120x190-1-300x242.jpg\" alt=\"Medidas de cama abatible horizontal 120x190 en color blanco\" width=\"300\" height=\"242\" srcset=\"https:\/\/mueblesdetena.es\/wp-content\/uploads\/2022\/09\/medidas-cama-abatible-horizontal-120x190-1-300x242.jpg 300w, https:\/\/mueblesdetena.es\/wp-content\/uploads\/2022\/09\/medidas-cama-abatible-horizontal-120x190-1-1024x825.jpg 1024w, https:\/\/mueblesdetena.es\/wp-content\/uploads\/2022\/09\/medidas-cama-abatible-horizontal-120x190-1-768x619.jpg 768w, https:\/\/mueblesdetena.es\/wp-content\/uploads\/2022\/09\/medidas-cama-abatible-horizontal-120x190-1-1536x1237.jpg 1536w, https:\/\/mueblesdetena.es\/wp-content\/uploads\/2022\/09\/medidas-cama-abatible-horizontal-120x190-1-2048x1650.jpg 2048w, https:\/\/mueblesdetena.es\/wp-content\/uploads\/2022\/09\/medidas-cama-abatible-horizontal-120x190-1-600x483.jpg 600w\" sizes=\"(max-width: 300px) 100vw, 300px\" \/><figcaption id=\"caption-attachment-45794\" class=\"wp-caption-text\">Imagen con medidas y dimensiones de cama abatible horizontal de 120&#215;190.<\/figcaption><\/figure>\n<p data-start=\"1419\" data-end=\"1549\"><em data-start=\"238\" data-end=\"335\">\u00bfBuscas una cama abatible en medidas m\u00e1s grandes? Descubre aqu\u00ed todas las opciones disponibles.\u00a0<a href=\"https:\/\/mueblesdetena.es\/camas-abatibles-matrimonio\/\">https:\/\/mueblesdetena.es\/camas-abatibles-matrimonio\/<\/a><\/em><\/p>\n<hr \/>\n<div class=\"qMYqUG_convSearchResultHighlightRoot\">\n<div class=\"\" data-turn-id-container=\"request-6a0d727a-768c-8331-aa39-d3d77abf219c-10\" data-is-intersecting=\"true\">\n<section class=\"text-token-text-primary w-full focus:outline-none has-data-writing-block:pointer-events-none [&amp;:has([data-writing-block])&gt;*]:pointer-events-auto R6Vx5W_threadScrollVars scroll-mb-[calc(var(--scroll-root-safe-area-inset-bottom,0px)+var(--thread-response-height))] scroll-mt-[calc(var(--header-height)+min(200px,max(70px,20svh)))]\" dir=\"auto\" data-turn-id=\"request-6a0d727a-768c-8331-aa39-d3d77abf219c-10\" data-turn-id-container=\"request-6a0d727a-768c-8331-aa39-d3d77abf219c-10\" data-testid=\"conversation-turn-457\" data-scroll-anchor=\"false\" data-turn=\"assistant\">\n<div class=\"text-base my-auto mx-auto pb-10 [--thread-content-margin:var(--thread-content-margin-xs,calc(var(--spacing)*4))] @w-sm\/main:[--thread-content-margin:var(--thread-content-margin-sm,calc(var(--spacing)*6))] @w-lg\/main:[--thread-content-margin:var(--thread-content-margin-lg,calc(var(--spacing)*16))] px-(--thread-content-margin)\">\n<div class=\"[--thread-content-max-width:40rem] @w-lg\/main:[--thread-content-max-width:48rem] mx-auto max-w-(--thread-content-max-width) flex-1 group\/turn-messages focus-visible:outline-hidden relative flex w-full min-w-0 flex-col agent-turn\">\n<div class=\"flex max-w-full flex-col gap-4 grow\">\n<div class=\"min-h-8 text-message relative flex w-full flex-col items-end gap-2 text-start break-words whitespace-normal outline-none keyboard-focused:focus-ring [.text-message+&amp;]:mt-1\" dir=\"auto\" tabindex=\"0\" data-message-author-role=\"assistant\" data-message-id=\"b392a3ee-a3ea-4569-907c-27b1517c6a65\" data-turn-start-message=\"true\" data-message-model-slug=\"gpt-5-5\">\n<div class=\"flex w-full flex-col gap-1 empty:hidden\">\n<div class=\"markdown prose dark:prose-invert wrap-break-word w-full light markdown-new-styling\">\n<h6 data-section-id=\"19as549\" data-start=\"0\" data-end=\"47\">\u2753 FAQs \u2013 Cama abatible horizontal con somier<\/h6>\n<h6 data-section-id=\"1pe7rbv\" data-start=\"49\" data-end=\"113\">\u00bfQu\u00e9 ventajas tiene una cama abatible horizontal con somier?<\/h6>\n<h6 data-start=\"114\" data-end=\"277\">Permite aprovechar mejor el espacio de la habitaci\u00f3n sin renunciar a una buena comodidad de descanso. El somier ofrece mayor ventilaci\u00f3n y confort para uso diario.<\/h6>\n<h6 data-section-id=\"326wmb\" data-start=\"279\" data-end=\"327\">\u00bfLa cama abatible es segura para uso diario?<\/h6>\n<h6 data-start=\"328\" data-end=\"435\">S\u00ed, incorpora estructura reforzada y sistemas de apertura seguros dise\u00f1ados para un uso frecuente y c\u00f3modo.<\/h6>\n<h6 data-section-id=\"1fs4fie\" data-start=\"437\" data-end=\"482\">\u00bfQu\u00e9 colch\u00f3n necesita esta cama abatible?<\/h6>\n<h6 data-start=\"483\" data-end=\"649\">Est\u00e1 preparada para colchones de medida est\u00e1ndar compatibles con camas abatibles horizontales. Se recomienda utilizar colchones espec\u00edficos para este tipo de sistema.La altura de colch\u00f3n para este modelo es de 20 cms<\/h6>\n<h6 data-section-id=\"1qkre8p\" data-start=\"651\" data-end=\"699\">\u00bfSe puede instalar en habitaciones peque\u00f1as?<\/h6>\n<h6 data-start=\"700\" data-end=\"836\">S\u00ed, es una de las mejores soluciones para dormitorios juveniles, estudios o habitaciones con poco espacio gracias a su sistema plegable.<\/h6>\n<h6 data-section-id=\"miwo6m\" data-start=\"838\" data-end=\"875\">\u00bfIncluye escritorio o almacenaje?<\/h6>\n<h6 data-start=\"876\" data-end=\"1002\">Dependiendo de la composici\u00f3n, puede incorporar escritorio, estanter\u00edas o m\u00f3dulos auxiliares para maximizar el almacenamiento.<\/h6>\n<h6 data-section-id=\"ziy1dp\" data-start=\"1004\" data-end=\"1040\">\u00bfRealiz\u00e1is transporte y montaje?<\/h6>\n<h6 data-start=\"1041\" data-end=\"1113\">S\u00ed, disponemos de servicio opcional de transporte y montaje en Catalu\u00f1a.<\/h6>\n<h6 data-section-id=\"fa1wdr\" data-start=\"1115\" data-end=\"1161\">\u00bfSe puede personalizar el color y acabado?<\/h6>\n<h6 data-start=\"1162\" data-end=\"1269\">S\u00ed, disponible en diferentes colores, acabados y combinaciones para adaptarse al estilo de cada habitaci\u00f3n.<\/h6>\n<h6 data-section-id=\"1ato6h\" data-start=\"1271\" data-end=\"1312\">\u00bfLa estructura soporta uso intensivo?<\/h6>\n<h6 data-start=\"1313\" data-end=\"1401\">S\u00ed, est\u00e1 fabricada con materiales resistentes y preparada para un uso diario continuado.<\/h6>\n<\/div>\n<\/div>\n<\/div>\n<\/div>\n<h6 class=\"z-0 flex min-h-[46px] justify-start\"><\/h6>\n<div class=\"text-center\"><\/div>\n<\/div>\n<\/div>\n<\/section>\n<\/div>\n<\/div>\n<h6 class=\"pointer-events-none -mt-px h-px translate-y-[calc(var(--scroll-root-safe-area-inset-bottom)-14*var(--spacing))]\" aria-hidden=\"true\"><\/h6>\n","protected":false},"excerpt":{"rendered":"<p>\u2b50\u2b50\u2b50\u2b50\u2b50\u2014 Miquel R. \u00b7 Diciembre 2025<br data-start=\"5\" data-end=\"8\" \/>\u201cCompramos esta cama abatible con colch\u00f3n en medida de 140 para una segunda vivienda y estamos muy satisfechos con el resultado.Recomiendo la tienda y el producto<\/p>\n<hr \/>\n<p>Cama abatible horizontal con somier de l\u00e1minas, ideal para ahorrar espacio en Barcelona. Medidas: 205 cm ancho, 34,5 cm fondo cerrada y 141 cm abierta. Sistema con pistones hidr\u00e1ulicos para apertura suave y segura. Disponible en varias medidas y colores. Env\u00edo y montaje opcional 100\u20ac (hasta 15 km). Producto nacional con 2 a\u00f1os de garant\u00eda.<\/p>\n<p>Cama abatible horizontal en Barcelona con somier 120&#215;190 | Ahorra espacio<\/p>","protected":false},"featured_media":34016,"comment_status":"closed","ping_status":"closed","template":"","meta":{"site-sidebar-layout":"default","site-content-layout":"","ast-site-content-layout":"default","site-content-style":"default","site-sidebar-style":"default","ast-global-header-display":"","ast-banner-title-visibility":"","ast-main-header-display":"","ast-hfb-above-header-display":"","ast-hfb-below-header-display":"","ast-hfb-mobile-header-display":"","site-post-title":"","ast-breadcrumbs-content":"","ast-featured-img":"","footer-sml-layout":"","ast-disable-related-posts":"","theme-transparent-header-meta":"default","adv-header-id-meta":"","stick-header-meta":"default","header-above-stick-meta":"","header-main-stick-meta":"","header-below-stick-meta":"","astra-migrate-meta-layouts":"set","ast-page-background-enabled":"default","ast-page-background-meta":{"desktop":{"background-color":"var(--ast-global-color-4)","background-image":"","background-repeat":"repeat","background-position":"center center","background-size":"auto","background-attachment":"scroll","background-type":"","background-media":"","overlay-type":"","overlay-color":"","overlay-opacity":"","overlay-gradient":""},"tablet":{"background-color":"","background-image":"","background-repeat":"repeat","background-position":"center center","background-size":"auto","background-attachment":"scroll","background-type":"","background-media":"","overlay-type":"","overlay-color":"","overlay-opacity":"","overlay-gradient":""},"mobile":{"background-color":"","background-image":"","background-repeat":"repeat","background-position":"center center","background-size":"auto","background-attachment":"scroll","background-type":"","background-media":"","overlay-type":"","overlay-color":"","overlay-opacity":"","overlay-gradient":""}},"ast-content-background-meta":{"desktop":{"background-color":"var(--ast-global-color-5)","background-image":"","background-repeat":"repeat","background-position":"center center","background-size":"auto","background-attachment":"scroll","background-type":"","background-media":"","overlay-type":"","overlay-color":"","overlay-opacity":"","overlay-gradient":""},"tablet":{"background-color":"var(--ast-global-color-5)","background-image":"","background-repeat":"repeat","background-position":"center center","background-size":"auto","background-attachment":"scroll","background-type":"","background-media":"","overlay-type":"","overlay-color":"","overlay-opacity":"","overlay-gradient":""},"mobile":{"background-color":"var(--ast-global-color-5)","background-image":"","background-repeat":"repeat","background-position":"center center","background-size":"auto","background-attachment":"scroll","background-type":"","background-media":"","overlay-type":"","overlay-color":"","overlay-opacity":"","overlay-gradient":""}},"_joinchat":[]},"product_brand":[],"product_cat":[266,265],"product_tag":[384,833,793,785,786],"class_list":["post-16125","product","type-product","status-publish","has-post-thumbnail","product_cat-camas-abatibles-matrimonio","product_cat-camas-abatibles","product_tag-cama-abatible-de-matrimonio","product_tag-cama-abatible-horizontal-nvn-120x190","product_tag-daria","product_tag-pbadal","product_tag-rpep","desktop-align-center","tablet-align-left","mobile-align-left","ast-product-gallery-layout-vertical-slider","ast-product-tabs-layout-accordion","ast-qv-on-image","first","instock","sale","shipping-taxable","purchasable","product-type-simple"],"_links":{"self":[{"href":"https:\/\/mueblesdetena.es\/ru_ru\/wp-json\/wp\/v2\/product\/16125","targetHints":{"allow":["GET"]}}],"collection":[{"href":"https:\/\/mueblesdetena.es\/ru_ru\/wp-json\/wp\/v2\/product"}],"about":[{"href":"https:\/\/mueblesdetena.es\/ru_ru\/wp-json\/wp\/v2\/types\/product"}],"replies":[{"embeddable":true,"href":"https:\/\/mueblesdetena.es\/ru_ru\/wp-json\/wp\/v2\/comments?post=16125"}],"version-history":[{"count":18,"href":"https:\/\/mueblesdetena.es\/ru_ru\/wp-json\/wp\/v2\/product\/16125\/revisions"}],"predecessor-version":[{"id":46061,"href":"https:\/\/mueblesdetena.es\/ru_ru\/wp-json\/wp\/v2\/product\/16125\/revisions\/46061"}],"wp:featuredmedia":[{"embeddable":true,"href":"https:\/\/mueblesdetena.es\/ru_ru\/wp-json\/wp\/v2\/media\/34016"}],"wp:attachment":[{"href":"https:\/\/mueblesdetena.es\/ru_ru\/wp-json\/wp\/v2\/media?parent=16125"}],"wp:term":[{"taxonomy":"product_brand","embeddable":true,"href":"https:\/\/mueblesdetena.es\/ru_ru\/wp-json\/wp\/v2\/product_brand?post=16125"},{"taxonomy":"product_cat","embeddable":true,"href":"https:\/\/mueblesdetena.es\/ru_ru\/wp-json\/wp\/v2\/product_cat?post=16125"},{"taxonomy":"product_tag","embeddable":true,"href":"https:\/\/mueblesdetena.es\/ru_ru\/wp-json\/wp\/v2\/product_tag?post=16125"}],"curies":[{"name":"wp","href":"https:\/\/api.w.org\/{rel}","templated":true}]}}