{"id":22490,"date":"2023-10-29T19:37:47","date_gmt":"2023-10-29T18:37:47","guid":{"rendered":"https:\/\/mueblesdetena.es\/?post_type=product&#038;p=22490"},"modified":"2026-08-12T15:48:49","modified_gmt":"2026-08-12T13:48:49","slug":"sofa-electrico-con-chaise-longue-xenia","status":"publish","type":"product","link":"https:\/\/mueblesdetena.es\/ru_ru\/sofa-electrico-con-chaise-longue-xenia\/","title":{"rendered":"SOF\u00c1 RELAX EL\u00c9CTRICO CON CHAISE LONGUE XENIA"},"content":{"rendered":"<h2 data-start=\"242\" data-end=\"329\"><strong data-start=\"246\" data-end=\"327\">Sof\u00e1 el\u00e9ctrico con chaise longue Xenia \u2013 M\u00e1ximo confort con un dise\u00f1o moderno<\/strong><\/h2>\n<p data-start=\"331\" data-end=\"698\">El <strong data-start=\"334\" data-end=\"358\">sof\u00e1 el\u00e9ctrico Xenia<\/strong> es la elecci\u00f3n perfecta para quienes buscan comodidad, funcionalidad y un dise\u00f1o elegante. Su mecanismo de relax motorizado te permite ajustar la posici\u00f3n del asiento con total facilidad, ofreciendo una experiencia \u00fanica de descanso. Adem\u00e1s, su chaise longue relax aporta un extra de confort para momentos de relajaci\u00f3n absoluta.<\/p>\n<h3 data-start=\"700\" data-end=\"738\"><strong data-start=\"705\" data-end=\"736\">Caracter\u00edsticas destacadas:<\/strong><\/h3>\n<ul data-start=\"739\" data-end=\"1325\">\n<li data-start=\"739\" data-end=\"875\"><strong data-start=\"741\" data-end=\"777\">Sistema el\u00e9ctrico de reclinaci\u00f3n<\/strong>: Ajusta la posici\u00f3n con solo pulsar un bot\u00f3n, asegurando la postura m\u00e1s c\u00f3moda en cada momento.<\/li>\n<li data-start=\"739\" data-end=\"875\">Ideal para estirar las piernas y disfrutar de un descanso total.<\/li>\n<li data-start=\"971\" data-end=\"1096\"><strong data-start=\"973\" data-end=\"1003\">Materiales de alta calidad<\/strong>: Tapizado en tejido suave y resistente, con una estructura robusta para mayor durabilidad.<\/li>\n<li data-start=\"1097\" data-end=\"1205\"><strong data-start=\"1099\" data-end=\"1128\">Estilo moderno y elegante<\/strong>: Se adapta a cualquier tipo de sal\u00f3n, combinando funcionalidad y est\u00e9tica.<\/li>\n<li data-start=\"1206\" data-end=\"1325\"><strong data-start=\"1208\" data-end=\"1248\">Disponible en varias configuraciones<\/strong>: Elige entre diferentes tama\u00f1os y acabados seg\u00fan tu espacio y necesidades.<\/li>\n<\/ul>\n<h3 data-start=\"1327\" data-end=\"1388\"><strong data-start=\"1332\" data-end=\"1386\">Un sof\u00e1 relax el\u00e9ctrico dise\u00f1ado para tu bienestar<\/strong><\/h3>\n<p data-start=\"1389\" data-end=\"1699\">El sof\u00e1 chaise longue el\u00e9ctrico Xenia est\u00e1 pensado para proporcionar un confort excepcional. Con su mecanismo motorizado, podr\u00e1s ajustar la inclinaci\u00f3n del respaldo y el reposapi\u00e9s sin esfuerzo. Su dise\u00f1o ergon\u00f3mico y su acolchado de alta densidad hacen que sea el complemento perfecto para tu hogar.<\/p>\n<h2 data-start=\"1701\" data-end=\"1765\"><strong data-start=\"1705\" data-end=\"1763\">Haz tu pedido hoy y disfruta del mejor sof\u00e1 motorizado<\/strong><\/h2>\n<p data-start=\"1766\" data-end=\"1963\">Si buscas un sof\u00e1 relax con chaise longue que combine tecnolog\u00eda, dise\u00f1o y comodidad, el Xenia es la mejor opci\u00f3n. \u00a1No esperes m\u00e1s y transforma tu sal\u00f3n con este incre\u00edble sof\u00e1 el\u00e9ctrico!<\/p>\n<p data-start=\"1766\" data-end=\"1963\">","protected":false},"excerpt":{"rendered":"<p>Sof\u00e1 de tres plazas de doble relax el\u00e9ctrico,espectacular confort en su sentada gracias a sus asientos con muelles ensacados,muy c\u00f3modo, confortable y elegante.<\/p>\n<p>Moderno con tapizado antimanchas y colores a elegir.<\/p>\n<p>Medidas: 235 de ancho, 103 alto, 97 fondo.<\/p>\n<p>Env\u00edo y colocaci\u00f3n opcional 100\u20ac (hasta 15 km)<\/p>\n<p style=\"text-align: left;\">Estructura de armazo\u0301n en madera de pino.<br \/>\nAsientos y respaldos cinchados de gran calidad y resistencia.<br \/>\nAlmohada de asiento de fibra 30 kg\/m3 recubierta de sense\/plus fibra.<br \/>\nAlmohada de respaldo y ri\u00f1onera de fibra hueca natural, gran confort.<br \/>\nBrazos de goma fiber de 28 km\/m3.<\/p>","protected":false},"featured_media":48423,"comment_status":"closed","ping_status":"closed","template":"","meta":{"site-sidebar-layout":"default","site-content-layout":"","ast-site-content-layout":"default","site-content-style":"default","site-sidebar-style":"default","ast-global-header-display":"","ast-banner-title-visibility":"","ast-main-header-display":"","ast-hfb-above-header-display":"","ast-hfb-below-header-display":"","ast-hfb-mobile-header-display":"","site-post-title":"","ast-breadcrumbs-content":"","ast-featured-img":"","footer-sml-layout":"","ast-disable-related-posts":"","theme-transparent-header-meta":"default","adv-header-id-meta":"","stick-header-meta":"default","header-above-stick-meta":"","header-main-stick-meta":"","header-below-stick-meta":"","astra-migrate-meta-layouts":"set","ast-page-background-enabled":"default","ast-page-background-meta":{"desktop":{"background-color":"var(--ast-global-color-4)","background-image":"","background-repeat":"repeat","background-position":"center center","background-size":"auto","background-attachment":"scroll","background-type":"","background-media":"","overlay-type":"","overlay-color":"","overlay-opacity":"","overlay-gradient":""},"tablet":{"background-color":"","background-image":"","background-repeat":"repeat","background-position":"center center","background-size":"auto","background-attachment":"scroll","background-type":"","background-media":"","overlay-type":"","overlay-color":"","overlay-opacity":"","overlay-gradient":""},"mobile":{"background-color":"","background-image":"","background-repeat":"repeat","background-position":"center center","background-size":"auto","background-attachment":"scroll","background-type":"","background-media":"","overlay-type":"","overlay-color":"","overlay-opacity":"","overlay-gradient":""}},"ast-content-background-meta":{"desktop":{"background-color":"var(--ast-global-color-5)","background-image":"","background-repeat":"repeat","background-position":"center center","background-size":"auto","background-attachment":"scroll","background-type":"","background-media":"","overlay-type":"","overlay-color":"","overlay-opacity":"","overlay-gradient":""},"tablet":{"background-color":"var(--ast-global-color-5)","background-image":"","background-repeat":"repeat","background-position":"center center","background-size":"auto","background-attachment":"scroll","background-type":"","background-media":"","overlay-type":"","overlay-color":"","overlay-opacity":"","overlay-gradient":""},"mobile":{"background-color":"var(--ast-global-color-5)","background-image":"","background-repeat":"repeat","background-position":"center center","background-size":"auto","background-attachment":"scroll","background-type":"","background-media":"","overlay-type":"","overlay-color":"","overlay-opacity":"","overlay-gradient":""}},"_joinchat":[]},"product_brand":[],"product_cat":[260,278,267],"product_tag":[793,785,787],"class_list":["post-22490","product","type-product","status-publish","has-post-thumbnail","product_cat-relax-butacas","product_cat-sofa-relax-electrico","product_cat-sofas-con-chaise-longue","product_tag-daria","product_tag-pbadal","product_tag-ruben","desktop-align-center","tablet-align-left","mobile-align-left","ast-product-gallery-layout-vertical-slider","ast-product-tabs-layout-accordion","ast-qv-on-image","first","instock","sale","shipping-taxable","purchasable","product-type-simple"],"_links":{"self":[{"href":"https:\/\/mueblesdetena.es\/ru_ru\/wp-json\/wp\/v2\/product\/22490","targetHints":{"allow":["GET"]}}],"collection":[{"href":"https:\/\/mueblesdetena.es\/ru_ru\/wp-json\/wp\/v2\/product"}],"about":[{"href":"https:\/\/mueblesdetena.es\/ru_ru\/wp-json\/wp\/v2\/types\/product"}],"replies":[{"embeddable":true,"href":"https:\/\/mueblesdetena.es\/ru_ru\/wp-json\/wp\/v2\/comments?post=22490"}],"version-history":[{"count":9,"href":"https:\/\/mueblesdetena.es\/ru_ru\/wp-json\/wp\/v2\/product\/22490\/revisions"}],"predecessor-version":[{"id":48424,"href":"https:\/\/mueblesdetena.es\/ru_ru\/wp-json\/wp\/v2\/product\/22490\/revisions\/48424"}],"wp:featuredmedia":[{"embeddable":true,"href":"https:\/\/mueblesdetena.es\/ru_ru\/wp-json\/wp\/v2\/media\/48423"}],"wp:attachment":[{"href":"https:\/\/mueblesdetena.es\/ru_ru\/wp-json\/wp\/v2\/media?parent=22490"}],"wp:term":[{"taxonomy":"product_brand","embeddable":true,"href":"https:\/\/mueblesdetena.es\/ru_ru\/wp-json\/wp\/v2\/product_brand?post=22490"},{"taxonomy":"product_cat","embeddable":true,"href":"https:\/\/mueblesdetena.es\/ru_ru\/wp-json\/wp\/v2\/product_cat?post=22490"},{"taxonomy":"product_tag","embeddable":true,"href":"https:\/\/mueblesdetena.es\/ru_ru\/wp-json\/wp\/v2\/product_tag?post=22490"}],"curies":[{"name":"wp","href":"https:\/\/api.w.org\/{rel}","templated":true}]}}