{"id":30585,"date":"2024-05-22T15:35:42","date_gmt":"2024-05-22T13:35:42","guid":{"rendered":"https:\/\/mueblesdetena.es\/?post_type=product&#038;p=30585"},"modified":"2026-07-05T12:12:16","modified_gmt":"2026-07-05T10:12:16","slug":"armario-de-5-puertas-emotion%c2%a8","status":"publish","type":"product","link":"https:\/\/mueblesdetena.es\/ru_ru\/armario-de-5-puertas-emotion%c2%a8\/","title":{"rendered":"ARMARIO DE 5 PUERTAS EMOTION."},"content":{"rendered":"<h2 data-start=\"148\" data-end=\"245\">Armario de 5 Puertas y 4 Cajones \u2013 Gran Capacidad y Dise\u00f1o Funcional | Muebles Detena Badalona<\/h2>\n<p data-start=\"247\" data-end=\"492\">Si buscas un <strong data-start=\"260\" data-end=\"328\">armario amplio, resistente y con excelente distribuci\u00f3n interior<\/strong>, este modelo de <strong data-start=\"345\" data-end=\"370\">5 puertas y 4 cajones<\/strong> es una opci\u00f3n ideal para dormitorios de matrimonio o juveniles que necesitan m\u00e1xima organizaci\u00f3n sin renunciar al dise\u00f1o.<\/p>\n<p data-start=\"494\" data-end=\"657\">\u0412 <strong data-start=\"497\" data-end=\"549\">Muebles Detena, tu tienda de muebles en Badalona<\/strong>, te ofrecemos este armario de gran formato con acabados de calidad y m\u00faltiples opciones de personalizaci\u00f3n.<\/p>\n<h3 data-start=\"659\" data-end=\"682\">Medidas disponibles<\/h3>\n<ul data-start=\"684\" data-end=\"749\">\n<li data-start=\"684\" data-end=\"705\">\n<p data-start=\"686\" data-end=\"705\"><strong data-start=\"686\" data-end=\"696\">Ancho:<\/strong> 230 cm<\/p>\n<\/li>\n<li data-start=\"706\" data-end=\"726\">\n<p data-start=\"708\" data-end=\"726\"><strong data-start=\"708\" data-end=\"717\">Alto:<\/strong> 220 cm<\/p>\n<\/li>\n<li data-start=\"727\" data-end=\"749\">\n<p data-start=\"729\" data-end=\"749\"><strong data-start=\"729\" data-end=\"739\">Fondo:<\/strong> 54,6 cm<\/p>\n<\/li>\n<\/ul>\n<p data-start=\"751\" data-end=\"772\">Opciones adicionales:<\/p>\n<ul data-start=\"773\" data-end=\"839\">\n<li data-start=\"773\" data-end=\"806\">\n<p data-start=\"775\" data-end=\"806\">Altura disponible en <strong data-start=\"796\" data-end=\"806\">240 cm<\/strong><\/p>\n<\/li>\n<li data-start=\"807\" data-end=\"839\">\n<p data-start=\"809\" data-end=\"839\">Ancho disponible en <strong data-start=\"829\" data-end=\"839\">250 cm<\/strong><\/p>\n<\/li>\n<\/ul>\n<p data-start=\"841\" data-end=\"918\">Perfecto para dormitorios amplios que requieren gran capacidad de almacenaje.<\/p>\n<hr data-start=\"920\" data-end=\"923\" \/>\n<h2 data-start=\"925\" data-end=\"971\">Distribuci\u00f3n interior incluida en el precio<\/h2>\n<p data-start=\"973\" data-end=\"1035\">Este armario incorpora una configuraci\u00f3n completa y funcional:<\/p>\n<ul data-start=\"1037\" data-end=\"1186\">\n<li data-start=\"1037\" data-end=\"1061\">\n<p data-start=\"1039\" data-end=\"1061\">1 estante de 47,3 cm<\/p>\n<\/li>\n<li data-start=\"1062\" data-end=\"1085\">\n<p data-start=\"1064\" data-end=\"1085\">3 estantes de 87 cm<\/p>\n<\/li>\n<li data-start=\"1086\" data-end=\"1108\">\n<p data-start=\"1088\" data-end=\"1108\">3 barras de colgar<\/p>\n<\/li>\n<li data-start=\"1109\" data-end=\"1143\">\n<p data-start=\"1111\" data-end=\"1143\">Cajonera interior de 2 cajones<\/p>\n<\/li>\n<li data-start=\"1144\" data-end=\"1166\">\n<p data-start=\"1146\" data-end=\"1166\">Zapatero extra\u00edble<\/p>\n<\/li>\n<li data-start=\"1167\" data-end=\"1186\">\n<p data-start=\"1169\" data-end=\"1186\">Cesta extra\u00edble<\/p>\n<\/li>\n<\/ul>\n<p data-start=\"1188\" data-end=\"1271\">Una distribuci\u00f3n pensada para optimizar espacio y facilitar la organizaci\u00f3n diaria.<\/p>\n<hr data-start=\"1273\" data-end=\"1276\" \/>\n<h2 data-start=\"1278\" data-end=\"1299\">Calidad y acabados<\/h2>\n<ul data-start=\"1301\" data-end=\"1450\">\n<li data-start=\"1301\" data-end=\"1341\">\n<p data-start=\"1303\" data-end=\"1341\">Bisagras con <strong data-start=\"1316\" data-end=\"1341\">sistema de autocierre<\/strong><\/p>\n<\/li>\n<li data-start=\"1342\" data-end=\"1374\">\n<p data-start=\"1344\" data-end=\"1374\">Cantos en <strong data-start=\"1354\" data-end=\"1374\">PVC Soft Forming<\/strong><\/p>\n<\/li>\n<li data-start=\"1375\" data-end=\"1410\">\n<p data-start=\"1377\" data-end=\"1410\">Excelente estabilidad estructural<\/p>\n<\/li>\n<li data-start=\"1411\" data-end=\"1450\">\n<p data-start=\"1413\" data-end=\"1450\">Diferentes opciones de color a elegir<\/p>\n<\/li>\n<\/ul>\n<p data-start=\"1452\" data-end=\"1546\">Fabricado con materiales resistentes y acabados duraderos, ideal para un uso diario intensivo.<\/p>\n<hr data-start=\"1548\" data-end=\"1551\" \/>\n<h2 data-start=\"1553\" data-end=\"1594\">Personalizaci\u00f3n y servicio en Badalona<\/h2>\n<p data-start=\"1596\" data-end=\"1701\">\u0412 <strong data-start=\"1599\" data-end=\"1617\">Muebles Detena<\/strong> te ayudamos a elegir el color y la configuraci\u00f3n que mejor encaje en tu dormitorio.<\/p>\n<ul data-start=\"1703\" data-end=\"1817\">\n<li data-start=\"1703\" data-end=\"1768\">\n<p data-start=\"1705\" data-end=\"1768\">Env\u00edo y montaje opcional: <strong data-start=\"1731\" data-end=\"1768\">125\u20ac (hasta 15 km desde Badalona)<\/strong><\/p>\n<\/li>\n<li data-start=\"1769\" data-end=\"1817\">\n<p data-start=\"1771\" data-end=\"1817\">Servicio profesional y garant\u00eda de instalaci\u00f3n<\/p>\n<\/li>\n<\/ul>","protected":false},"excerpt":{"rendered":"<p>Armario de 5 puertas y 4 cajones con gran capacidad y dise\u00f1o funcional. Incluye estantes, barras de colgar, cajonera interior, zapatero y cesta extra\u00edble para una organizaci\u00f3n completa. Disponible en varios colores y con opci\u00f3n de mayor ancho y altura. Incorpora bisagras con autocierre y cantos en PVC Soft Forming para mayor durabilidad. Env\u00edo y montaje 125\u20ac hasta 15 km.<\/p>","protected":false},"featured_media":30586,"comment_status":"closed","ping_status":"closed","template":"","meta":{"site-sidebar-layout":"default","site-content-layout":"","ast-site-content-layout":"default","site-content-style":"default","site-sidebar-style":"default","ast-global-header-display":"","ast-banner-title-visibility":"","ast-main-header-display":"","ast-hfb-above-header-display":"","ast-hfb-below-header-display":"","ast-hfb-mobile-header-display":"","site-post-title":"","ast-breadcrumbs-content":"","ast-featured-img":"","footer-sml-layout":"","ast-disable-related-posts":"","theme-transparent-header-meta":"default","adv-header-id-meta":"","stick-header-meta":"default","header-above-stick-meta":"","header-main-stick-meta":"","header-below-stick-meta":"","astra-migrate-meta-layouts":"set","ast-page-background-enabled":"default","ast-page-background-meta":{"desktop":{"background-color":"var(--ast-global-color-4)","background-image":"","background-repeat":"repeat","background-position":"center center","background-size":"auto","background-attachment":"scroll","background-type":"","background-media":"","overlay-type":"","overlay-color":"","overlay-opacity":"","overlay-gradient":""},"tablet":{"background-color":"","background-image":"","background-repeat":"repeat","background-position":"center center","background-size":"auto","background-attachment":"scroll","background-type":"","background-media":"","overlay-type":"","overlay-color":"","overlay-opacity":"","overlay-gradient":""},"mobile":{"background-color":"","background-image":"","background-repeat":"repeat","background-position":"center center","background-size":"auto","background-attachment":"scroll","background-type":"","background-media":"","overlay-type":"","overlay-color":"","overlay-opacity":"","overlay-gradient":""}},"ast-content-background-meta":{"desktop":{"background-color":"var(--ast-global-color-5)","background-image":"","background-repeat":"repeat","background-position":"center center","background-size":"auto","background-attachment":"scroll","background-type":"","background-media":"","overlay-type":"","overlay-color":"","overlay-opacity":"","overlay-gradient":""},"tablet":{"background-color":"var(--ast-global-color-5)","background-image":"","background-repeat":"repeat","background-position":"center center","background-size":"auto","background-attachment":"scroll","background-type":"","background-media":"","overlay-type":"","overlay-color":"","overlay-opacity":"","overlay-gradient":""},"mobile":{"background-color":"var(--ast-global-color-5)","background-image":"","background-repeat":"repeat","background-position":"center center","background-size":"auto","background-attachment":"scroll","background-type":"","background-media":"","overlay-type":"","overlay-color":"","overlay-opacity":"","overlay-gradient":""}},"_joinchat":[]},"product_brand":[],"product_cat":[301],"product_tag":[785],"class_list":["post-30585","product","type-product","status-publish","has-post-thumbnail","product_cat-armarios","product_tag-pbadal","desktop-align-center","tablet-align-left","mobile-align-left","ast-product-gallery-layout-vertical-slider","ast-product-tabs-layout-accordion","ast-qv-on-image","first","instock","sale","shipping-taxable","purchasable","product-type-simple"],"_links":{"self":[{"href":"https:\/\/mueblesdetena.es\/ru_ru\/wp-json\/wp\/v2\/product\/30585","targetHints":{"allow":["GET"]}}],"collection":[{"href":"https:\/\/mueblesdetena.es\/ru_ru\/wp-json\/wp\/v2\/product"}],"about":[{"href":"https:\/\/mueblesdetena.es\/ru_ru\/wp-json\/wp\/v2\/types\/product"}],"replies":[{"embeddable":true,"href":"https:\/\/mueblesdetena.es\/ru_ru\/wp-json\/wp\/v2\/comments?post=30585"}],"version-history":[{"count":6,"href":"https:\/\/mueblesdetena.es\/ru_ru\/wp-json\/wp\/v2\/product\/30585\/revisions"}],"predecessor-version":[{"id":44132,"href":"https:\/\/mueblesdetena.es\/ru_ru\/wp-json\/wp\/v2\/product\/30585\/revisions\/44132"}],"wp:featuredmedia":[{"embeddable":true,"href":"https:\/\/mueblesdetena.es\/ru_ru\/wp-json\/wp\/v2\/media\/30586"}],"wp:attachment":[{"href":"https:\/\/mueblesdetena.es\/ru_ru\/wp-json\/wp\/v2\/media?parent=30585"}],"wp:term":[{"taxonomy":"product_brand","embeddable":true,"href":"https:\/\/mueblesdetena.es\/ru_ru\/wp-json\/wp\/v2\/product_brand?post=30585"},{"taxonomy":"product_cat","embeddable":true,"href":"https:\/\/mueblesdetena.es\/ru_ru\/wp-json\/wp\/v2\/product_cat?post=30585"},{"taxonomy":"product_tag","embeddable":true,"href":"https:\/\/mueblesdetena.es\/ru_ru\/wp-json\/wp\/v2\/product_tag?post=30585"}],"curies":[{"name":"wp","href":"https:\/\/api.w.org\/{rel}","templated":true}]}}