{"id":33872,"date":"2024-12-22T23:08:57","date_gmt":"2024-12-22T22:08:57","guid":{"rendered":"https:\/\/mueblesdetena.es\/?post_type=product&#038;p=33872"},"modified":"2026-08-26T22:04:01","modified_gmt":"2026-08-26T20:04:01","slug":"mesa-de-comedor-rectangular-kzan241","status":"publish","type":"product","link":"https:\/\/mueblesdetena.es\/ru_ru\/mesa-de-comedor-rectangular-kzan241\/","title":{"rendered":"MESA DE COMEDOR RECTANGULAR FIJA 160KZAN."},"content":{"rendered":"<h2 data-start=\"395\" data-end=\"472\">Mesa de comedor rectangular 160 Kazan en Badalona \u2013 Estilo r\u00fastico moderno<\/h2>\n<p data-start=\"474\" data-end=\"742\">\u0412 <strong data-start=\"477\" data-end=\"529\">Muebles Detena, tu tienda de muebles en Badalona<\/strong>, te presentamos la <strong data-start=\"549\" data-end=\"590\">mesa de comedor rectangular 120 Kazan<\/strong>, una pieza exclusiva con dise\u00f1o de <em data-start=\"626\" data-end=\"643\">infinito grosor<\/em> y una espectacular esencia r\u00fastica moderna que aporta car\u00e1cter y personalidad a cualquier comedor.<\/p>\n<h3 data-start=\"744\" data-end=\"775\">Caracter\u00edsticas principales<\/h3>\n<ul data-start=\"777\" data-end=\"1070\">\n<li data-start=\"777\" data-end=\"836\">\n<p data-start=\"779\" data-end=\"836\"><strong data-start=\"779\" data-end=\"806\">Sobre de 8 cm de grosor<\/strong> con acabado efecto aserrado<\/p>\n<\/li>\n<li data-start=\"837\" data-end=\"890\">\n<p data-start=\"839\" data-end=\"890\">Dise\u00f1o robusto con est\u00e9tica r\u00fastica contempor\u00e1nea<\/p>\n<\/li>\n<li data-start=\"891\" data-end=\"964\">\n<p data-start=\"893\" data-end=\"964\"><strong data-start=\"893\" data-end=\"913\">Doble mecanizado<\/strong> para patas en los extremos o arremetidas a 20 cm<\/p>\n<\/li>\n<li data-start=\"965\" data-end=\"1041\">\n<p data-start=\"967\" data-end=\"1041\"><strong data-start=\"967\" data-end=\"1000\">Patas met\u00e1licas en forma de V<\/strong>, disponibles en color grafito o blanco<\/p>\n<\/li>\n<li data-start=\"1042\" data-end=\"1070\">\n<p data-start=\"1044\" data-end=\"1070\">Altura est\u00e1ndar: <strong data-start=\"1061\" data-end=\"1070\">75 cm<\/strong><\/p>\n<\/li>\n<\/ul>\n<h3 data-start=\"1072\" data-end=\"1095\">Medidas disponibles<\/h3>\n<p data-start=\"1099\" data-end=\"1112\">\n<ul data-start=\"1097\" data-end=\"1228\">\n<li data-start=\"1124\" data-end=\"1134\">\n<p data-start=\"1126\" data-end=\"1134\">160 cm x100<\/p>\n<\/li>\n<li data-start=\"1135\" data-end=\"1145\">\n<p data-start=\"1137\" data-end=\"1145\">190 cm<\/p>\n<\/li>\n<li data-start=\"1146\" data-end=\"1156\">\n<p data-start=\"1148\" data-end=\"1156\">220 cm<\/p>\n<\/li>\n<li data-start=\"1157\" data-end=\"1167\">\n<p data-start=\"1159\" data-end=\"1167\">240 cm<\/p>\n<\/li>\n<\/ul>\n<p data-start=\"1230\" data-end=\"1328\">Ideal para comedores modernos, r\u00fasticos o industriales en viviendas de <strong data-start=\"1301\" data-end=\"1327\">Badalona y alrededores<\/strong>.<\/p>\n<h3 data-start=\"1330\" data-end=\"1352\">Colores y acabados<\/h3>\n<p data-start=\"1354\" data-end=\"1467\">Disponemos de <strong data-start=\"1368\" data-end=\"1400\">diferentes opciones de color<\/strong>, para que puedas personalizar tu mesa seg\u00fan el estilo de tu hogar.<\/p>\n<h3 data-start=\"1469\" data-end=\"1500\">Env\u00edo y montaje en Badalona<\/h3>\n<p data-start=\"1502\" data-end=\"1590\">Ofrecemos <strong data-start=\"1512\" data-end=\"1589\">servicio opcional de env\u00edo y montaje por 90\u20ac (hasta 15 km desde Badalona)<\/strong>.<\/p>\n<p data-start=\"1592\" data-end=\"1668\">\u2714 Solo realizamos entregas en Catalu\u00f1a.<br data-start=\"1631\" data-end=\"1634\" \/>\u2718 No entregamos fuera de Catalu\u00f1a.<\/p>\n<hr data-start=\"1670\" data-end=\"1673\" \/>\n<p data-start=\"1675\" data-end=\"1860\">Si buscas una <strong data-start=\"1689\" data-end=\"1761\">mesa de comedor en Badalona con dise\u00f1o robusto y acabados de calidad<\/strong>, ven a visitarnos a <strong data-start=\"1782\" data-end=\"1800\">Muebles Detena<\/strong>, tu tienda especializada en muebles de comedor en Badalona.<\/p>","protected":false},"excerpt":{"rendered":"<p>Mesa de comedor rectangular Kazan de estilo r\u00fastico moderno con sobre de 8 cm de grosor y acabado efecto aserrado. Dise\u00f1o robusto con doble mecanizado para patas en los extremos o arremetidas a 20 cm. Patas met\u00e1licas en V en grafito o blanco. Disponible en varias medidas y colores. Altura de 75 cm. Env\u00edo y montaje opcional hasta 15 km. Solo entregas en Catalu\u00f1a.<\/p>","protected":false},"featured_media":44077,"comment_status":"closed","ping_status":"closed","template":"","meta":{"site-sidebar-layout":"default","site-content-layout":"","ast-site-content-layout":"default","site-content-style":"default","site-sidebar-style":"default","ast-global-header-display":"","ast-banner-title-visibility":"","ast-main-header-display":"","ast-hfb-above-header-display":"","ast-hfb-below-header-display":"","ast-hfb-mobile-header-display":"","site-post-title":"","ast-breadcrumbs-content":"","ast-featured-img":"","footer-sml-layout":"","ast-disable-related-posts":"","theme-transparent-header-meta":"default","adv-header-id-meta":"","stick-header-meta":"default","header-above-stick-meta":"","header-main-stick-meta":"","header-below-stick-meta":"","astra-migrate-meta-layouts":"set","ast-page-background-enabled":"default","ast-page-background-meta":{"desktop":{"background-color":"var(--ast-global-color-4)","background-image":"","background-repeat":"repeat","background-position":"center center","background-size":"auto","background-attachment":"scroll","background-type":"","background-media":"","overlay-type":"","overlay-color":"","overlay-opacity":"","overlay-gradient":""},"tablet":{"background-color":"","background-image":"","background-repeat":"repeat","background-position":"center center","background-size":"auto","background-attachment":"scroll","background-type":"","background-media":"","overlay-type":"","overlay-color":"","overlay-opacity":"","overlay-gradient":""},"mobile":{"background-color":"","background-image":"","background-repeat":"repeat","background-position":"center center","background-size":"auto","background-attachment":"scroll","background-type":"","background-media":"","overlay-type":"","overlay-color":"","overlay-opacity":"","overlay-gradient":""}},"ast-content-background-meta":{"desktop":{"background-color":"var(--ast-global-color-5)","background-image":"","background-repeat":"repeat","background-position":"center center","background-size":"auto","background-attachment":"scroll","background-type":"","background-media":"","overlay-type":"","overlay-color":"","overlay-opacity":"","overlay-gradient":""},"tablet":{"background-color":"var(--ast-global-color-5)","background-image":"","background-repeat":"repeat","background-position":"center center","background-size":"auto","background-attachment":"scroll","background-type":"","background-media":"","overlay-type":"","overlay-color":"","overlay-opacity":"","overlay-gradient":""},"mobile":{"background-color":"var(--ast-global-color-5)","background-image":"","background-repeat":"repeat","background-position":"center center","background-size":"auto","background-attachment":"scroll","background-type":"","background-media":"","overlay-type":"","overlay-color":"","overlay-opacity":"","overlay-gradient":""}},"_joinchat":[]},"product_brand":[],"product_cat":[297,272,828,831],"product_tag":[],"class_list":["post-33872","product","type-product","status-publish","has-post-thumbnail","product_cat-mesas","product_cat-todo-comedores","product_cat-mesas-de-comedor","product_cat-mesas-de-comedor-fijas","desktop-align-center","tablet-align-left","mobile-align-left","ast-product-gallery-layout-vertical-slider","ast-product-tabs-layout-accordion","ast-qv-on-image","first","instock","sale","shipping-taxable","purchasable","product-type-simple"],"_links":{"self":[{"href":"https:\/\/mueblesdetena.es\/ru_ru\/wp-json\/wp\/v2\/product\/33872","targetHints":{"allow":["GET"]}}],"collection":[{"href":"https:\/\/mueblesdetena.es\/ru_ru\/wp-json\/wp\/v2\/product"}],"about":[{"href":"https:\/\/mueblesdetena.es\/ru_ru\/wp-json\/wp\/v2\/types\/product"}],"replies":[{"embeddable":true,"href":"https:\/\/mueblesdetena.es\/ru_ru\/wp-json\/wp\/v2\/comments?post=33872"}],"version-history":[{"count":10,"href":"https:\/\/mueblesdetena.es\/ru_ru\/wp-json\/wp\/v2\/product\/33872\/revisions"}],"predecessor-version":[{"id":48746,"href":"https:\/\/mueblesdetena.es\/ru_ru\/wp-json\/wp\/v2\/product\/33872\/revisions\/48746"}],"wp:featuredmedia":[{"embeddable":true,"href":"https:\/\/mueblesdetena.es\/ru_ru\/wp-json\/wp\/v2\/media\/44077"}],"wp:attachment":[{"href":"https:\/\/mueblesdetena.es\/ru_ru\/wp-json\/wp\/v2\/media?parent=33872"}],"wp:term":[{"taxonomy":"product_brand","embeddable":true,"href":"https:\/\/mueblesdetena.es\/ru_ru\/wp-json\/wp\/v2\/product_brand?post=33872"},{"taxonomy":"product_cat","embeddable":true,"href":"https:\/\/mueblesdetena.es\/ru_ru\/wp-json\/wp\/v2\/product_cat?post=33872"},{"taxonomy":"product_tag","embeddable":true,"href":"https:\/\/mueblesdetena.es\/ru_ru\/wp-json\/wp\/v2\/product_tag?post=33872"}],"curies":[{"name":"wp","href":"https:\/\/api.w.org\/{rel}","templated":true}]}}