{"id":39694,"date":"2025-07-24T22:04:28","date_gmt":"2025-07-24T20:04:28","guid":{"rendered":"https:\/\/mueblesdetena.es\/?post_type=product&#038;p=39694"},"modified":"2026-06-26T11:34:47","modified_gmt":"2026-06-26T09:34:47","slug":"sofa-2-plazas-relax-electrico-elia","status":"publish","type":"product","link":"https:\/\/mueblesdetena.es\/ru_ru\/sofa-2-plazas-relax-electrico-elia\/","title":{"rendered":"Nuevo Sofa 2 plazas relax electrico Celia en oferta"},"content":{"rendered":"<p data-start=\"274\" data-end=\"350\"><strong data-start=\"274\" data-end=\"350\">Sof\u00e1 relax el\u00e9ctrico Elia en Badalona \u2013 M\u00e1ximo confort en Muebles Detena<\/strong><\/p>\n<p data-start=\"352\" data-end=\"600\">El sof\u00e1 Elia es un sof\u00e1 relax motorizado dise\u00f1ado para ofrecer el m\u00e1ximo confort en tu hogar. Disponible en nuestra tienda <strong data-start=\"475\" data-end=\"505\">Muebles Detena en Badalona<\/strong>, este modelo combina elegancia, funcionalidad y tecnolog\u00eda para adaptarse a tu estilo de vida.<\/p>\n<p data-start=\"602\" data-end=\"806\">Gracias a sus <strong data-start=\"616\" data-end=\"674\">asientos el\u00e9ctricos con viscoel\u00e1stica de alta densidad<\/strong>, disfrutar\u00e1s de una experiencia de descanso superior. Su dise\u00f1o voluminoso y moderno aporta un toque sofisticado a cualquier sal\u00f3n.<\/p>\n<p data-start=\"808\" data-end=\"931\">Disponemos de diferentes opciones de <strong data-start=\"845\" data-end=\"880\">colores y tapizados antimanchas<\/strong>, ideales para el uso diario y f\u00e1ciles de mantener.<\/p>\n<p data-start=\"1407\" data-end=\"1529\">\ud83d\udc49 \u201csof\u00e1 el\u00e9ctrico 2 plazas reclinable\u201d<br data-start=\"1490\" data-end=\"1493\" \/>\ud83d\udc49 \u201csof\u00e1 relax 2 plazas con motor\u201d<\/p>\n<hr data-start=\"933\" data-end=\"936\" \/>\n<h3 data-section-id=\"1k5t6bv\" data-start=\"938\" data-end=\"975\">\ud83d\udecb\ufe0f Caracter\u00edsticas del sof\u00e1 Elia<\/h3>\n<ul data-start=\"977\" data-end=\"1254\">\n<li data-section-id=\"aemg79\" data-start=\"977\" data-end=\"1030\">Estructura de <strong data-start=\"993\" data-end=\"1008\">pino macizo<\/strong> de alta resistencia<\/li>\n<li data-section-id=\"14dwdm4\" data-start=\"1031\" data-end=\"1077\">Asientos relax el\u00e9ctricos de alta densidad<\/li>\n<li data-section-id=\"13rpy90\" data-start=\"1078\" data-end=\"1116\">Viscoel\u00e1stica para mayor comodidad<\/li>\n<li data-section-id=\"hy2nzc\" data-start=\"1117\" data-end=\"1175\">Respaldos, ri\u00f1oneras y brazos con <strong data-start=\"1153\" data-end=\"1173\">fibra pluma 100%<\/strong><\/li>\n<li data-section-id=\"1pvrhva\" data-start=\"1176\" data-end=\"1221\">Fundas desenfundables para f\u00e1cil limpieza<\/li>\n<li data-section-id=\"13u4itn\" data-start=\"1222\" data-end=\"1254\">Dise\u00f1o ergon\u00f3mico y elegante<\/li>\n<\/ul>\n<hr data-start=\"1256\" data-end=\"1259\" \/>\n<h3 data-section-id=\"16roq4v\" data-start=\"1261\" data-end=\"1285\">\ud83d\udccf Medidas y precios<\/h3>\n<ul data-start=\"1287\" data-end=\"1376\">\n<li data-section-id=\"1a2suhg\" data-start=\"1287\" data-end=\"1308\"><strong data-start=\"1289\" data-end=\"1299\">182 cm<\/strong> \u2192 799\u20ac<\/li>\n<li data-section-id=\"176oe1c\" data-start=\"1309\" data-end=\"1330\"><strong data-start=\"1311\" data-end=\"1321\">212 cm<\/strong> \u2192 889\u20ac<\/li>\n<li data-section-id=\"h1gxt8\" data-start=\"1331\" data-end=\"1376\"><strong data-start=\"1333\" data-end=\"1366\">247 cm (3 plazas motorizadas)<\/strong> \u2192 1149\u20ac<\/li>\n<li data-section-id=\"h1gxt8\" data-start=\"1331\" data-end=\"1376\">Sofa 2 plazas relax electrico Celia en oferta<\/li>\n<\/ul>\n<hr data-start=\"1378\" data-end=\"1381\" \/>\n<h3 data-section-id=\"jepppf\" data-start=\"1383\" data-end=\"1423\">\ud83d\ude9a Entrega en Badalona y alrededores<\/h3>\n<p data-start=\"1425\" data-end=\"1576\">Ofrecemos <strong data-start=\"1435\" data-end=\"1500\">env\u00edo y colocaci\u00f3n por solo 100\u20ac (hasta 15 km desde Badalona)<\/strong>.<br data-start=\"1501\" data-end=\"1504\" \/>Compra tu sof\u00e1 sin preocupaciones y rec\u00edbelo listo para usar en tu casa.<\/p>\n<p data-start=\"1425\" data-end=\"1576\">Sofa 2 plazas relax electrico Celia en oferta<\/p>\n<hr data-start=\"1578\" data-end=\"1581\" \/>\n<h3 data-section-id=\"1e3kodr\" data-start=\"1583\" data-end=\"1616\">\ud83d\udccd Compra tu sof\u00e1 en Badalona<\/h3>\n<p data-start=\"1618\" data-end=\"1776\">Ven a visitar <strong data-start=\"1632\" data-end=\"1662\">Muebles Detena en Badalona<\/strong> y prueba el sof\u00e1 Elia en persona.<br data-start=\"1696\" data-end=\"1699\" \/>Te asesoramos para encontrar el sof\u00e1 perfecto seg\u00fan tu espacio y presupuesto.<\/p>\n<p data-start=\"1618\" data-end=\"1776\">Mas ofertas en nuestro apartado de sofas con descuento en Badalona:https:\/\/mueblesdetena.es\/sofas\/<\/p>\n<p data-start=\"1618\" data-end=\"1776\">Sofa 2 plazas relax electrico Celia en oferta<\/p>\n<hr data-start=\"1778\" data-end=\"1781\" \/>\n<h2 data-section-id=\"1ggqnnp\" data-start=\"1783\" data-end=\"1808\">\u2753 Preguntas frecuentes<\/h2>\n<p data-start=\"1810\" data-end=\"1923\"><strong data-start=\"1810\" data-end=\"1860\">\u00bfEl sof\u00e1 Elia incluye sistema relax el\u00e9ctrico?<\/strong><br data-start=\"1860\" data-end=\"1863\" \/>S\u00ed, todos los asientos son motorizados para mayor comodidad.<\/p>\n<p data-start=\"1925\" data-end=\"2036\"><strong data-start=\"1925\" data-end=\"1964\">\u00bfSe puede elegir el color del sof\u00e1?<\/strong><br data-start=\"1964\" data-end=\"1967\" \/>S\u00ed, ofrecemos varios colores y tapizados con tratamiento antimanchas.<\/p>\n<p data-start=\"2038\" data-end=\"2131\"><strong data-start=\"2038\" data-end=\"2069\">\u00bfHac\u00e9is env\u00edos en Badalona?<\/strong><br data-start=\"2069\" data-end=\"2072\" \/>S\u00ed, realizamos entrega y montaje en Badalona y alrededores.<\/p>\n<p data-start=\"2038\" data-end=\"2131\">Sofa 2 plazas relax electrico Celia en oferta<\/p>","protected":false},"excerpt":{"rendered":"<p>El sof\u00e1 Elia es un modelo relax el\u00e9ctrico con asientos motorizados y viscoel\u00e1stica de alta densidad para m\u00e1ximo confort. Estructura de pino macizo y respaldos desenfundables con fibra pluma. Medidas: 182 cm (799\u20ac), 212 cm (889\u20ac) y 247 cm 3 plazas (1149\u20ac). Disponible en varios colores antimanchas. Env\u00edo y colocaci\u00f3n 100\u20ac hasta 15 km.<\/p>\n<p>Sofa 2 plazas relax electrico Celia en oferta<\/p>","protected":false},"featured_media":41638,"comment_status":"closed","ping_status":"closed","template":"","meta":{"site-sidebar-layout":"default","site-content-layout":"","ast-site-content-layout":"default","site-content-style":"default","site-sidebar-style":"default","ast-global-header-display":"","ast-banner-title-visibility":"","ast-main-header-display":"","ast-hfb-above-header-display":"","ast-hfb-below-header-display":"","ast-hfb-mobile-header-display":"","site-post-title":"","ast-breadcrumbs-content":"","ast-featured-img":"","footer-sml-layout":"","ast-disable-related-posts":"","theme-transparent-header-meta":"default","adv-header-id-meta":"","stick-header-meta":"default","header-above-stick-meta":"","header-main-stick-meta":"","header-below-stick-meta":"","astra-migrate-meta-layouts":"set","ast-page-background-enabled":"default","ast-page-background-meta":{"desktop":{"background-color":"var(--ast-global-color-4)","background-image":"","background-repeat":"repeat","background-position":"center center","background-size":"auto","background-attachment":"scroll","background-type":"","background-media":"","overlay-type":"","overlay-color":"","overlay-opacity":"","overlay-gradient":""},"tablet":{"background-color":"","background-image":"","background-repeat":"repeat","background-position":"center center","background-size":"auto","background-attachment":"scroll","background-type":"","background-media":"","overlay-type":"","overlay-color":"","overlay-opacity":"","overlay-gradient":""},"mobile":{"background-color":"","background-image":"","background-repeat":"repeat","background-position":"center center","background-size":"auto","background-attachment":"scroll","background-type":"","background-media":"","overlay-type":"","overlay-color":"","overlay-opacity":"","overlay-gradient":""}},"ast-content-background-meta":{"desktop":{"background-color":"var(--ast-global-color-5)","background-image":"","background-repeat":"repeat","background-position":"center center","background-size":"auto","background-attachment":"scroll","background-type":"","background-media":"","overlay-type":"","overlay-color":"","overlay-opacity":"","overlay-gradient":""},"tablet":{"background-color":"var(--ast-global-color-5)","background-image":"","background-repeat":"repeat","background-position":"center center","background-size":"auto","background-attachment":"scroll","background-type":"","background-media":"","overlay-type":"","overlay-color":"","overlay-opacity":"","overlay-gradient":""},"mobile":{"background-color":"var(--ast-global-color-5)","background-image":"","background-repeat":"repeat","background-position":"center center","background-size":"auto","background-attachment":"scroll","background-type":"","background-media":"","overlay-type":"","overlay-color":"","overlay-opacity":"","overlay-gradient":""}},"_joinchat":[]},"product_brand":[],"product_cat":[259,260,278],"product_tag":[786,787],"class_list":["post-39694","product","type-product","status-publish","has-post-thumbnail","product_cat-sofas-badalona","product_cat-relax-butacas","product_cat-sofa-relax-electrico","product_tag-rpep","product_tag-ruben","desktop-align-center","tablet-align-left","mobile-align-left","ast-product-gallery-layout-vertical-slider","ast-product-tabs-layout-accordion","ast-qv-on-image","first","instock","sale","shipping-taxable","purchasable","product-type-simple"],"_links":{"self":[{"href":"https:\/\/mueblesdetena.es\/ru_ru\/wp-json\/wp\/v2\/product\/39694","targetHints":{"allow":["GET"]}}],"collection":[{"href":"https:\/\/mueblesdetena.es\/ru_ru\/wp-json\/wp\/v2\/product"}],"about":[{"href":"https:\/\/mueblesdetena.es\/ru_ru\/wp-json\/wp\/v2\/types\/product"}],"replies":[{"embeddable":true,"href":"https:\/\/mueblesdetena.es\/ru_ru\/wp-json\/wp\/v2\/comments?post=39694"}],"version-history":[{"count":6,"href":"https:\/\/mueblesdetena.es\/ru_ru\/wp-json\/wp\/v2\/product\/39694\/revisions"}],"predecessor-version":[{"id":45317,"href":"https:\/\/mueblesdetena.es\/ru_ru\/wp-json\/wp\/v2\/product\/39694\/revisions\/45317"}],"wp:featuredmedia":[{"embeddable":true,"href":"https:\/\/mueblesdetena.es\/ru_ru\/wp-json\/wp\/v2\/media\/41638"}],"wp:attachment":[{"href":"https:\/\/mueblesdetena.es\/ru_ru\/wp-json\/wp\/v2\/media?parent=39694"}],"wp:term":[{"taxonomy":"product_brand","embeddable":true,"href":"https:\/\/mueblesdetena.es\/ru_ru\/wp-json\/wp\/v2\/product_brand?post=39694"},{"taxonomy":"product_cat","embeddable":true,"href":"https:\/\/mueblesdetena.es\/ru_ru\/wp-json\/wp\/v2\/product_cat?post=39694"},{"taxonomy":"product_tag","embeddable":true,"href":"https:\/\/mueblesdetena.es\/ru_ru\/wp-json\/wp\/v2\/product_tag?post=39694"}],"curies":[{"name":"wp","href":"https:\/\/api.w.org\/{rel}","templated":true}]}}