{"id":40158,"date":"2025-08-30T20:38:45","date_gmt":"2025-08-30T18:38:45","guid":{"rendered":"https:\/\/mueblesdetena.es\/?post_type=product&#038;p=40158"},"modified":"2026-07-09T17:30:58","modified_gmt":"2026-07-09T15:30:58","slug":"sofa-cama-italiano-cluster","status":"publish","type":"product","link":"https:\/\/mueblesdetena.es\/ru_ru\/sofa-cama-italiano-cluster\/","title":{"rendered":"Sof\u00e0 llit itali\u00e0 Cluster llit de 160&#215;190"},"content":{"rendered":"<h1 data-start=\"178\" data-end=\"248\">Sof\u00e0 llit itali\u00e0 Cluster a Badalona amb cap\u00e7als reclinables \u2013 Muebles Detena<\/h1>\n<p data-start=\"250\" data-end=\"437\">A <strong data-start=\"252\" data-end=\"299\">Muebles Detena, botiga de mobles a Badalona<\/strong>, t\u2019oferim aquest <strong data-start=\"317\" data-end=\"365\">sof\u00e0 llit amb sistema itali\u00e0 d\u2019alta qualitat<\/strong>, ideal per a qui busca <strong data-start=\"389\" data-end=\"436\">confort diari, resist\u00e8ncia i disseny modern<\/strong>.<\/p>\n<p data-start=\"439\" data-end=\"623\">Gr\u00e0cies al seu <strong data-start=\"454\" data-end=\"483\">sistema d\u2019obertura itali\u00e0<\/strong>, podr\u00e0s convertir el sof\u00e0 en llit de manera r\u00e0pida i senzilla, sense retirar els coixins. Perfecte per a \u00fas habitual o per rebre convidats.<\/p>\n<p data-start=\"625\" data-end=\"730\">\u2714 Llit de <strong data-start=\"635\" data-end=\"649\">160&#215;190 cm<\/strong><br data-start=\"649\" data-end=\"652\" \/>\u2714 Mida total del sof\u00e0: 214<strong data-start=\"675\" data-end=\"685\">\u00a0cm<\/strong><br data-start=\"685\" data-end=\"688\" \/>\u2714 Altres mides disponibles sota consulta<\/p>\n<p data-start=\"732\" data-end=\"799\">Ideal per a menjadors, pisos, apartaments o habitacions d\u2019invitats.<\/p>\n<h3 class=\"PDq2pG_selectionAnchorContainer\" data-section-id=\"17s3nse\" data-start=\"66\" data-end=\"123\">Certificado CATAS: calidad y durabilidad garantizadas<\/h3>\n<p data-start=\"125\" data-end=\"433\">Este sof\u00e1 cama incorpora un mecanismo ensayado y certificado por <strong data-start=\"190\" data-end=\"199\">CATAS<\/strong>, uno de los laboratorios europeos de referencia en mobiliario. Esta certificaci\u00f3n acredita que ha superado exigentes pruebas de resistencia, durabilidad y seguridad, garantizando un funcionamiento fiable incluso con un uso frecuente.<\/p>\n<p data-start=\"435\" data-end=\"610\">Elegir un sof\u00e1 cama con certificaci\u00f3n CATAS es apostar por un producto dise\u00f1ado para ofrecer una larga vida \u00fatil, un sistema de apertura robusto y un elevado nivel de calidad.<\/p>\n<hr data-start=\"801\" data-end=\"804\" \/>\n<h2 data-start=\"806\" data-end=\"846\">Caracter\u00edstiques del sof\u00e0 llit itali\u00e0<\/h2>\n<h3 data-start=\"848\" data-end=\"886\">Sistema d\u2019obertura itali\u00e0 refor\u00e7at<\/h3>\n<ul data-start=\"887\" data-end=\"1095\">\n<li data-start=\"887\" data-end=\"931\">\n<p data-start=\"889\" data-end=\"931\">Estructura en tub d\u2019acer pintat amb epoxi.<\/p>\n<\/li>\n<li data-start=\"932\" data-end=\"959\">\n<p data-start=\"934\" data-end=\"959\">Potes met\u00e0l\u00b7liques altes.<\/p>\n<\/li>\n<li data-start=\"960\" data-end=\"993\">\n<p data-start=\"962\" data-end=\"993\">Somier de malla electrosoldada.<\/p>\n<\/li>\n<li data-start=\"994\" data-end=\"1038\">\n<p data-start=\"996\" data-end=\"1038\">Garantit per a m\u00e9s de <strong data-start=\"1018\" data-end=\"1037\">5.000 obertures<\/strong>.<\/p>\n<\/li>\n<li data-start=\"1039\" data-end=\"1095\">\n<p data-start=\"1041\" data-end=\"1095\">Certificat pel Centre Tecnol\u00f2gic del Moble i la Fusta.<\/p>\n<\/li>\n<\/ul>\n<h3 data-start=\"1097\" data-end=\"1119\">Estructura robusta<\/h3>\n<ul data-start=\"1120\" data-end=\"1161\">\n<li data-start=\"1120\" data-end=\"1161\">\n<p data-start=\"1122\" data-end=\"1161\">Fusta de pi natural d\u2019alta resist\u00e8ncia.<\/p>\n<\/li>\n<\/ul>\n<h3 data-start=\"1163\" data-end=\"1190\">Seients d\u2019alta densitat<\/h3>\n<ul data-start=\"1191\" data-end=\"1293\">\n<li data-start=\"1191\" data-end=\"1252\">\n<p data-start=\"1193\" data-end=\"1252\">Escuma de 30 kg\/m\u00b3 recoberta amb fibra de 300 g super soft.<\/p>\n<\/li>\n<li data-start=\"1253\" data-end=\"1293\">\n<p data-start=\"1255\" data-end=\"1293\">Gran comoditat i recuperaci\u00f3 de forma.<\/p>\n<\/li>\n<\/ul>\n<h3 data-start=\"1295\" data-end=\"1319\">Respatller supersuau<\/h3>\n<ul data-start=\"1320\" data-end=\"1387\">\n<li data-start=\"1320\" data-end=\"1387\">\n<p data-start=\"1322\" data-end=\"1387\">Escuma recoberta amb fibra de 195 g per a una sensaci\u00f3 envoltant.<\/p>\n<\/li>\n<\/ul>\n<h3 data-start=\"1389\" data-end=\"1425\">Cap\u00e7als reclinables multiposici\u00f3<\/h3>\n<ul data-start=\"1426\" data-end=\"1511\">\n<li data-start=\"1426\" data-end=\"1448\">\n<p data-start=\"1428\" data-end=\"1448\">Frontissa americana.<\/p>\n<\/li>\n<li data-start=\"1449\" data-end=\"1511\">\n<p data-start=\"1451\" data-end=\"1511\">Escumes de diverses densitats per adaptar-se a cada postura.<\/p>\n<\/li>\n<\/ul>\n<h3 data-start=\"1513\" data-end=\"1535\">Potes met\u00e0l\u00b7liques<\/h3>\n<ul data-start=\"1536\" data-end=\"1598\">\n<li data-start=\"1536\" data-end=\"1550\">\n<p data-start=\"1538\" data-end=\"1550\">Color negre.<\/p>\n<\/li>\n<li data-start=\"1551\" data-end=\"1598\">\n<p data-start=\"1553\" data-end=\"1598\">11 cm d\u2019al\u00e7ada (facilita la neteja inferior).<\/p>\n<\/li>\n<\/ul>\n<hr data-start=\"1600\" data-end=\"1603\" \/>\n<h2 data-start=\"1605\" data-end=\"1620\">Mat\u00e0s incl\u00f2s<\/h2>\n<ul data-start=\"1622\" data-end=\"1706\">\n<li data-start=\"1622\" data-end=\"1637\">\n<p data-start=\"1624\" data-end=\"1637\">HR 30 kg\/m\u00b3<\/p>\n<\/li>\n<li data-start=\"1638\" data-end=\"1657\">\n<p data-start=\"1640\" data-end=\"1657\">190 cm de llarg<\/p>\n<\/li>\n<li data-start=\"1658\" data-end=\"1676\">\n<p data-start=\"1660\" data-end=\"1676\">15 cm de gruix\/alt<\/p>\n<\/li>\n<li data-start=\"1677\" data-end=\"1706\">\n<p data-start=\"1679\" data-end=\"1706\">Apte per a descans freq\u00fcent<\/p>\n<\/li>\n<\/ul>\n<p data-start=\"1708\" data-end=\"1744\">(<em data-start=\"1709\" data-end=\"1743\">Les mides poden variar +\/- 3 cm.<\/em>)<\/p>\n<hr data-start=\"1746\" data-end=\"1749\" \/>\n<h2 data-start=\"1751\" data-end=\"1773\">Opcions disponibles<\/h2>\n<ul data-start=\"1775\" data-end=\"1846\">\n<li data-start=\"1775\" data-end=\"1812\">\n<p data-start=\"1777\" data-end=\"1812\">Mat\u00e0las de 15 cm amb viscoel\u00e0stica.<\/p>\n<\/li>\n<li data-start=\"1813\" data-end=\"1846\">\n<p data-start=\"1815\" data-end=\"1846\">Model sof\u00e0 llit itali\u00e0 Cluster.<\/p>\n<\/li>\n<\/ul>\n<hr data-start=\"1848\" data-end=\"1851\" \/>\n<h2 data-start=\"1853\" data-end=\"1890\">Compra el teu sof\u00e0 llit a Badalona<\/h2>\n<p data-start=\"1892\" data-end=\"2025\">A <strong data-start=\"1894\" data-end=\"1950\">Muebles Detena \u2013 botiga de sof\u00e0s i mobles a Badalona<\/strong>, t\u2019assessorem perqu\u00e8 trobis el sof\u00e0 llit que millor s\u2019adapti al teu espai.<\/p>\n<p data-start=\"2027\" data-end=\"2084\">\ud83d\ude9a Enviament i muntatge: 100 \u20ac (fins a 15 km de Badalona)<\/p>\n<p data-start=\"2086\" data-end=\"2133\">Consulta\u2019ns per disponibilitat, colors i teles.<\/p>","protected":false},"excerpt":{"rendered":"<p>Sof\u00e0 llit amb sistema d\u2019obertura itali\u00e0, pr\u00e0ctic i resistent, amb cap\u00e7als reclinables multiposici\u00f3. Inclou llit de 140&#215;190 cm i mat\u00e0s HR de 15 cm, apte per a \u00fas freq\u00fcent. Estructura de fusta de pi, mecanisme d\u2019acer amb pintura epoxi i somier electrosoldat garantit per a m\u00e9s de 5.000 obertures. Seients d\u2019alta densitat i potes met\u00e0l\u00b7liques de 11 cm. Opci\u00f3 de mat\u00e0s amb viscoel\u00e0stica. Enviament i muntatge: 100 \u20ac (fins a 15 km de Badalona)<\/p>","protected":false},"featured_media":44178,"comment_status":"closed","ping_status":"closed","template":"","meta":{"site-sidebar-layout":"default","site-content-layout":"","ast-site-content-layout":"default","site-content-style":"default","site-sidebar-style":"default","ast-global-header-display":"","ast-banner-title-visibility":"","ast-main-header-display":"","ast-hfb-above-header-display":"","ast-hfb-below-header-display":"","ast-hfb-mobile-header-display":"","site-post-title":"","ast-breadcrumbs-content":"","ast-featured-img":"","footer-sml-layout":"","ast-disable-related-posts":"","theme-transparent-header-meta":"default","adv-header-id-meta":"","stick-header-meta":"default","header-above-stick-meta":"","header-main-stick-meta":"","header-below-stick-meta":"","astra-migrate-meta-layouts":"set","ast-page-background-enabled":"default","ast-page-background-meta":{"desktop":{"background-color":"var(--ast-global-color-4)","background-image":"","background-repeat":"repeat","background-position":"center center","background-size":"auto","background-attachment":"scroll","background-type":"","background-media":"","overlay-type":"","overlay-color":"","overlay-opacity":"","overlay-gradient":""},"tablet":{"background-color":"","background-image":"","background-repeat":"repeat","background-position":"center center","background-size":"auto","background-attachment":"scroll","background-type":"","background-media":"","overlay-type":"","overlay-color":"","overlay-opacity":"","overlay-gradient":""},"mobile":{"background-color":"","background-image":"","background-repeat":"repeat","background-position":"center center","background-size":"auto","background-attachment":"scroll","background-type":"","background-media":"","overlay-type":"","overlay-color":"","overlay-opacity":"","overlay-gradient":""}},"ast-content-background-meta":{"desktop":{"background-color":"var(--ast-global-color-5)","background-image":"","background-repeat":"repeat","background-position":"center center","background-size":"auto","background-attachment":"scroll","background-type":"","background-media":"","overlay-type":"","overlay-color":"","overlay-opacity":"","overlay-gradient":""},"tablet":{"background-color":"var(--ast-global-color-5)","background-image":"","background-repeat":"repeat","background-position":"center center","background-size":"auto","background-attachment":"scroll","background-type":"","background-media":"","overlay-type":"","overlay-color":"","overlay-opacity":"","overlay-gradient":""},"mobile":{"background-color":"var(--ast-global-color-5)","background-image":"","background-repeat":"repeat","background-position":"center center","background-size":"auto","background-attachment":"scroll","background-type":"","background-media":"","overlay-type":"","overlay-color":"","overlay-opacity":"","overlay-gradient":""}},"_joinchat":[]},"product_brand":[],"product_cat":[259,263],"product_tag":[793,786],"class_list":["post-40158","product","type-product","status-publish","has-post-thumbnail","product_cat-sofas-badalona","product_cat-sofas-cama-apertura-italiana","product_tag-daria","product_tag-rpep","desktop-align-center","tablet-align-left","mobile-align-left","ast-product-gallery-layout-vertical-slider","ast-product-tabs-layout-accordion","ast-qv-on-image","first","instock","sale","shipping-taxable","purchasable","product-type-simple"],"_links":{"self":[{"href":"https:\/\/mueblesdetena.es\/ru_ru\/wp-json\/wp\/v2\/product\/40158","targetHints":{"allow":["GET"]}}],"collection":[{"href":"https:\/\/mueblesdetena.es\/ru_ru\/wp-json\/wp\/v2\/product"}],"about":[{"href":"https:\/\/mueblesdetena.es\/ru_ru\/wp-json\/wp\/v2\/types\/product"}],"replies":[{"embeddable":true,"href":"https:\/\/mueblesdetena.es\/ru_ru\/wp-json\/wp\/v2\/comments?post=40158"}],"version-history":[{"count":9,"href":"https:\/\/mueblesdetena.es\/ru_ru\/wp-json\/wp\/v2\/product\/40158\/revisions"}],"predecessor-version":[{"id":40167,"href":"https:\/\/mueblesdetena.es\/ru_ru\/wp-json\/wp\/v2\/product\/40158\/revisions\/40167"}],"wp:featuredmedia":[{"embeddable":true,"href":"https:\/\/mueblesdetena.es\/ru_ru\/wp-json\/wp\/v2\/media\/44178"}],"wp:attachment":[{"href":"https:\/\/mueblesdetena.es\/ru_ru\/wp-json\/wp\/v2\/media?parent=40158"}],"wp:term":[{"taxonomy":"product_brand","embeddable":true,"href":"https:\/\/mueblesdetena.es\/ru_ru\/wp-json\/wp\/v2\/product_brand?post=40158"},{"taxonomy":"product_cat","embeddable":true,"href":"https:\/\/mueblesdetena.es\/ru_ru\/wp-json\/wp\/v2\/product_cat?post=40158"},{"taxonomy":"product_tag","embeddable":true,"href":"https:\/\/mueblesdetena.es\/ru_ru\/wp-json\/wp\/v2\/product_tag?post=40158"}],"curies":[{"name":"wp","href":"https:\/\/api.w.org\/{rel}","templated":true}]}}