{"id":40186,"date":"2025-08-31T18:09:10","date_gmt":"2025-08-31T16:09:10","guid":{"rendered":"https:\/\/mueblesdetena.es\/?post_type=product&#038;p=40186"},"modified":"2026-08-03T18:10:59","modified_gmt":"2026-08-03T16:10:59","slug":"sofa-con-chaise-longue-kurban","status":"publish","type":"product","link":"https:\/\/mueblesdetena.es\/ru_ru\/sofa-con-chaise-longue-kurban\/","title":{"rendered":"Sof\u00e1 con chaise longue Urban"},"content":{"rendered":"<h3 data-section-id=\"1rc2vap\" data-start=\"133\" data-end=\"209\">Sof\u00e1 Urban con Arc\u00f3n y Asientos Extra\u00edbles en Badalona | Muebles Detena<\/h3>\n<p data-start=\"211\" data-end=\"510\">El <strong data-start=\"214\" data-end=\"228\">sof\u00e1 Urban<\/strong> es una de las mejores opciones si buscas un sof\u00e1 c\u00f3modo, funcional y con almacenamiento extra en <strong data-start=\"326\" data-end=\"350\">Badalona y Barcelona<\/strong>. Su dise\u00f1o moderno incorpora <strong data-start=\"380\" data-end=\"405\">arcones en los brazos<\/strong>, ideales para guardar mantas, cojines u otros objetos del d\u00eda a d\u00eda, optimizando el espacio de tu sal\u00f3n.<\/p>\n<p data-start=\"512\" data-end=\"673\">Gracias a sus <strong data-start=\"526\" data-end=\"549\">asientos extra\u00edbles<\/strong>, el sof\u00e1 Urban se transforma f\u00e1cilmente en una <strong data-start=\"597\" data-end=\"626\">cama amplia y confortable<\/strong>, perfecta para invitados o para el uso diario.<\/p>\n<h4 data-start=\"675\" data-end=\"702\">\ud83d\udccf Medidas disponibles<\/h4>\n<ul data-start=\"703\" data-end=\"785\">\n<li data-section-id=\"5dqf9z\" data-start=\"703\" data-end=\"732\">Medida est\u00e1ndar: <strong data-start=\"722\" data-end=\"732\">265 cm<\/strong><\/li>\n<li data-section-id=\"blychh\" data-start=\"733\" data-end=\"785\">Opciones: <strong data-start=\"745\" data-end=\"785\">275 \/ 285 \/ 295 \/ 305 \/ 315 \/ 325 cm<\/strong><\/li>\n<\/ul>\n<h4 data-start=\"787\" data-end=\"810\">\ud83d\ude9a Env\u00edo y montaje<\/h4>\n<ul data-start=\"811\" data-end=\"894\">\n<li data-section-id=\"tq0l1z\" data-start=\"811\" data-end=\"894\">Servicio opcional de <strong data-start=\"834\" data-end=\"894\">env\u00edo y colocaci\u00f3n por 100\u20ac (hasta 15 km desde Badalona)<\/strong><\/li>\n<\/ul>\n<hr data-start=\"896\" data-end=\"899\" \/>\n<h3 data-section-id=\"qn4fzl\" data-start=\"901\" data-end=\"944\">Caracter\u00edsticas t\u00e9cnicas del sof\u00e1 Urban<\/h3>\n<ul data-start=\"946\" data-end=\"1390\">\n<li data-section-id=\"yvj58y\" data-start=\"946\" data-end=\"987\"><strong data-start=\"948\" data-end=\"962\">Estructura<\/strong>: madera de pino macizo<\/li>\n<li data-section-id=\"2t4ze7\" data-start=\"988\" data-end=\"1045\"><strong data-start=\"990\" data-end=\"1002\">Asientos<\/strong>: n\u00facleo t\u00e9cnico de alta densidad (34 kg)<\/li>\n<li data-section-id=\"ei0j7g\" data-start=\"1046\" data-end=\"1117\"><strong data-start=\"1048\" data-end=\"1098\">Asientos, respaldos y ri\u00f1oneras desenfundables<\/strong> (f\u00e1cil limpieza)<\/li>\n<li data-section-id=\"1hjmmkz\" data-start=\"1118\" data-end=\"1177\"><strong data-start=\"1120\" data-end=\"1145\">Cabezales reclinables<\/strong> con 9 posiciones (90\u00ba a 120\u00ba)<\/li>\n<li data-section-id=\"106tjce\" data-start=\"1178\" data-end=\"1220\"><strong data-start=\"1180\" data-end=\"1218\">Asientos deslizantes con pata alta<\/strong><\/li>\n<li data-section-id=\"wzzy35\" data-start=\"1221\" data-end=\"1269\"><strong data-start=\"1223\" data-end=\"1267\">Brazo tipo almohada con fibra Sense Soft<\/strong><\/li>\n<li data-section-id=\"7papf8\" data-start=\"1270\" data-end=\"1333\"><strong data-start=\"1272\" data-end=\"1331\">Brazo con m\u00f3dulo deslizante y arc\u00f3n elevable con pist\u00f3n<\/strong><\/li>\n<li data-section-id=\"c82xar\" data-start=\"1334\" data-end=\"1390\"><strong data-start=\"1336\" data-end=\"1388\">Patas de aluminio epoxy negro (alta resistencia)<\/strong><\/li>\n<\/ul>\n<h4 data-start=\"1392\" data-end=\"1411\">\ud83d\udcd0 Dimensiones<\/h4>\n<ul data-start=\"1412\" data-end=\"1561\">\n<li data-section-id=\"gzhlcr\" data-start=\"1412\" data-end=\"1434\">Altura: <strong data-start=\"1422\" data-end=\"1432\">109 cm<\/strong><\/li>\n<li data-section-id=\"1v1nv9e\" data-start=\"1435\" data-end=\"1456\">Fondo: <strong data-start=\"1444\" data-end=\"1454\">112 cm<\/strong><\/li>\n<li data-section-id=\"18t6oni\" data-start=\"1457\" data-end=\"1492\">Fondo chaise longue: <strong data-start=\"1480\" data-end=\"1490\">155 cm<\/strong><\/li>\n<li data-section-id=\"z91jbx\" data-start=\"1493\" data-end=\"1528\">Salida del extra\u00edble: <strong data-start=\"1517\" data-end=\"1526\">46 cm<\/strong><\/li>\n<li data-section-id=\"1dy8of\" data-start=\"1529\" data-end=\"1561\">Tolerancia de medidas: \u00b14 cm<\/li>\n<\/ul>\n<p data-start=\"1563\" data-end=\"1600\">\u26a0\ufe0f <em data-start=\"1566\" data-end=\"1600\">Cojines decorativos no incluidos<\/em><\/p>\n<hr data-start=\"1602\" data-end=\"1605\" \/>\n<h3 data-section-id=\"1r6sgwv\" data-start=\"1607\" data-end=\"1637\">Compra tu sof\u00e1 en Badalona<\/h3>\n<p data-start=\"1639\" data-end=\"1827\">\u0412 <strong data-start=\"1642\" data-end=\"1661\">Muebles Detena<\/strong>, somos especialistas en sof\u00e1s en Badalona. Te ofrecemos productos de alta calidad con asesoramiento personalizado para que encuentres el sof\u00e1 perfecto para tu hogar.<\/p>\n<p data-start=\"1829\" data-end=\"1908\">\ud83d\udc49 Vis\u00edtanos en tienda o consulta disponibilidad y opciones de personalizaci\u00f3n.<\/p>\n<p data-start=\"1829\" data-end=\"1908\">Sof\u00e1 con chaise longue Urban.<\/p>","protected":false},"excerpt":{"rendered":"<p>El sof\u00e1 Urban ofrece dise\u00f1o funcional con arcones en los brazos y asientos extra\u00edbles convertibles en cama. Medida de 265 cm, con opciones de 275 a 325 cm. Altura 109 cm, fondo 112 cm y chaise longue de 155 cm. Estructura de pino macizo y cabezales reclinables. Env\u00edo y colocaci\u00f3n opcional por 100\u20ac hasta 15 km.<\/p>\n<p>Sof\u00e1 con chaise longue Urban.<\/p>","protected":false},"featured_media":44933,"comment_status":"closed","ping_status":"closed","template":"","meta":{"site-sidebar-layout":"default","site-content-layout":"","ast-site-content-layout":"default","site-content-style":"default","site-sidebar-style":"default","ast-global-header-display":"","ast-banner-title-visibility":"","ast-main-header-display":"","ast-hfb-above-header-display":"","ast-hfb-below-header-display":"","ast-hfb-mobile-header-display":"","site-post-title":"","ast-breadcrumbs-content":"","ast-featured-img":"","footer-sml-layout":"","ast-disable-related-posts":"","theme-transparent-header-meta":"default","adv-header-id-meta":"","stick-header-meta":"default","header-above-stick-meta":"","header-main-stick-meta":"","header-below-stick-meta":"","astra-migrate-meta-layouts":"set","ast-page-background-enabled":"default","ast-page-background-meta":{"desktop":{"background-color":"var(--ast-global-color-4)","background-image":"","background-repeat":"repeat","background-position":"center center","background-size":"auto","background-attachment":"scroll","background-type":"","background-media":"","overlay-type":"","overlay-color":"","overlay-opacity":"","overlay-gradient":""},"tablet":{"background-color":"","background-image":"","background-repeat":"repeat","background-position":"center center","background-size":"auto","background-attachment":"scroll","background-type":"","background-media":"","overlay-type":"","overlay-color":"","overlay-opacity":"","overlay-gradient":""},"mobile":{"background-color":"","background-image":"","background-repeat":"repeat","background-position":"center center","background-size":"auto","background-attachment":"scroll","background-type":"","background-media":"","overlay-type":"","overlay-color":"","overlay-opacity":"","overlay-gradient":""}},"ast-content-background-meta":{"desktop":{"background-color":"var(--ast-global-color-5)","background-image":"","background-repeat":"repeat","background-position":"center center","background-size":"auto","background-attachment":"scroll","background-type":"","background-media":"","overlay-type":"","overlay-color":"","overlay-opacity":"","overlay-gradient":""},"tablet":{"background-color":"var(--ast-global-color-5)","background-image":"","background-repeat":"repeat","background-position":"center center","background-size":"auto","background-attachment":"scroll","background-type":"","background-media":"","overlay-type":"","overlay-color":"","overlay-opacity":"","overlay-gradient":""},"mobile":{"background-color":"var(--ast-global-color-5)","background-image":"","background-repeat":"repeat","background-position":"center center","background-size":"auto","background-attachment":"scroll","background-type":"","background-media":"","overlay-type":"","overlay-color":"","overlay-opacity":"","overlay-gradient":""}},"_joinchat":[]},"product_brand":[],"product_cat":[259,267],"product_tag":[],"class_list":["post-40186","product","type-product","status-publish","has-post-thumbnail","product_cat-sofas-badalona","product_cat-sofas-con-chaise-longue","desktop-align-center","tablet-align-left","mobile-align-left","ast-product-gallery-layout-vertical-slider","ast-product-tabs-layout-accordion","ast-qv-on-image","first","instock","sale","shipping-taxable","purchasable","product-type-simple"],"_links":{"self":[{"href":"https:\/\/mueblesdetena.es\/ru_ru\/wp-json\/wp\/v2\/product\/40186","targetHints":{"allow":["GET"]}}],"collection":[{"href":"https:\/\/mueblesdetena.es\/ru_ru\/wp-json\/wp\/v2\/product"}],"about":[{"href":"https:\/\/mueblesdetena.es\/ru_ru\/wp-json\/wp\/v2\/types\/product"}],"replies":[{"embeddable":true,"href":"https:\/\/mueblesdetena.es\/ru_ru\/wp-json\/wp\/v2\/comments?post=40186"}],"version-history":[{"count":6,"href":"https:\/\/mueblesdetena.es\/ru_ru\/wp-json\/wp\/v2\/product\/40186\/revisions"}],"predecessor-version":[{"id":48271,"href":"https:\/\/mueblesdetena.es\/ru_ru\/wp-json\/wp\/v2\/product\/40186\/revisions\/48271"}],"wp:featuredmedia":[{"embeddable":true,"href":"https:\/\/mueblesdetena.es\/ru_ru\/wp-json\/wp\/v2\/media\/44933"}],"wp:attachment":[{"href":"https:\/\/mueblesdetena.es\/ru_ru\/wp-json\/wp\/v2\/media?parent=40186"}],"wp:term":[{"taxonomy":"product_brand","embeddable":true,"href":"https:\/\/mueblesdetena.es\/ru_ru\/wp-json\/wp\/v2\/product_brand?post=40186"},{"taxonomy":"product_cat","embeddable":true,"href":"https:\/\/mueblesdetena.es\/ru_ru\/wp-json\/wp\/v2\/product_cat?post=40186"},{"taxonomy":"product_tag","embeddable":true,"href":"https:\/\/mueblesdetena.es\/ru_ru\/wp-json\/wp\/v2\/product_tag?post=40186"}],"curies":[{"name":"wp","href":"https:\/\/api.w.org\/{rel}","templated":true}]}}