{"id":40310,"date":"2025-09-06T21:01:55","date_gmt":"2025-09-06T19:01:55","guid":{"rendered":"https:\/\/mueblesdetena.es\/?post_type=product&#038;p=40310"},"modified":"2026-06-26T17:25:22","modified_gmt":"2026-06-26T15:25:22","slug":"sofa-rincon-terminal-kurban","status":"publish","type":"product","link":"https:\/\/mueblesdetena.es\/ru_ru\/sofa-rincon-terminal-kurban\/","title":{"rendered":"Sofa rinc\u00f3n-terminal Urban."},"content":{"rendered":"<div id=\"norebro-custom-68630150921e9\" class=\"norebro-text-sc\">\n<div id=\"idTextPanel\" class=\"jqDnR\">\n<h3 data-section-id=\"pjhse\" data-start=\"159\" data-end=\"221\">\ud83d\udecb\ufe0f Sof\u00e1 Urban con Arc\u00f3n y Asientos Extra\u00edbles en Badalona<\/h3>\n<p data-start=\"223\" data-end=\"490\">El <strong data-start=\"226\" data-end=\"240\">sof\u00e1 Urban<\/strong> es la opci\u00f3n perfecta si buscas un <strong data-start=\"276\" data-end=\"331\">sof\u00e1 c\u00f3modo, funcional y con almacenaje en Badalona<\/strong>. Su dise\u00f1o moderno incorpora <strong data-start=\"361\" data-end=\"384\">arc\u00f3n en los brazos<\/strong>, ideal para guardar mantas, cojines o cualquier objeto del d\u00eda a d\u00eda, optimizando el espacio en tu sal\u00f3n.<\/p>\n<p data-start=\"492\" data-end=\"649\">Gracias a sus <strong data-start=\"506\" data-end=\"529\">asientos extra\u00edbles<\/strong>, este sof\u00e1 se transforma f\u00e1cilmente en una <strong data-start=\"573\" data-end=\"602\">cama amplia y confortable<\/strong>, perfecta para invitados o para el uso diario.<\/p>\n<hr data-start=\"651\" data-end=\"654\" \/>\n<h3 data-section-id=\"1yamiu1\" data-start=\"656\" data-end=\"682\">\ud83d\udccf Medidas disponibles<\/h3>\n<ul data-start=\"683\" data-end=\"754\">\n<li data-section-id=\"cgw3me\" data-start=\"683\" data-end=\"718\">Medida est\u00e1ndar: <strong data-start=\"702\" data-end=\"718\">291 x 200 cm<\/strong><\/li>\n<li data-section-id=\"1xfyzo4\" data-start=\"719\" data-end=\"754\">Opci\u00f3n de otras medidas<\/li>\n<\/ul>\n<hr data-start=\"756\" data-end=\"759\" \/>\n<h3 data-section-id=\"y5fpmr\" data-start=\"761\" data-end=\"798\">\ud83d\udd27 Caracter\u00edsticas del sof\u00e1 Urban<\/h3>\n<ul data-start=\"799\" data-end=\"1343\">\n<li data-section-id=\"vdv3b7\" data-start=\"799\" data-end=\"855\"><strong data-start=\"801\" data-end=\"830\">Estructura de pino macizo<\/strong>, resistente y duradera<\/li>\n<li data-section-id=\"nkam8y\" data-start=\"856\" data-end=\"925\"><strong data-start=\"858\" data-end=\"898\">Asientos con n\u00facleo t\u00e9cnico de 34 kg<\/strong>, mayor confort y firmeza<\/li>\n<li data-section-id=\"1kapvjz\" data-start=\"926\" data-end=\"1000\"><strong data-start=\"928\" data-end=\"978\">Asientos, respaldos y ri\u00f1oneras desenfundables<\/strong> para f\u00e1cil limpieza<\/li>\n<li data-section-id=\"xwdfet\" data-start=\"1001\" data-end=\"1074\"><strong data-start=\"1003\" data-end=\"1039\">Sistema deslizante con pata alta<\/strong>, mayor comodidad y dise\u00f1o actual<\/li>\n<li data-section-id=\"1hjzrtq\" data-start=\"1075\" data-end=\"1139\"><strong data-start=\"1077\" data-end=\"1121\">Brazo tipo almohada con fibra Sense Soft<\/strong>, extra suavidad<\/li>\n<li data-section-id=\"7psnc2\" data-start=\"1140\" data-end=\"1214\"><strong data-start=\"1142\" data-end=\"1180\">Arc\u00f3n elevable en brazo con pist\u00f3n<\/strong>, pr\u00e1ctico espacio de almacenaje<\/li>\n<li data-section-id=\"1q1c9n7\" data-start=\"1215\" data-end=\"1274\"><strong data-start=\"1217\" data-end=\"1272\">Cabezales reclinables con 9 posiciones (90\u00ba a 120\u00ba)<\/strong><\/li>\n<li data-section-id=\"976wtl\" data-start=\"1275\" data-end=\"1343\"><strong data-start=\"1277\" data-end=\"1325\">Patas altas de aluminio epoxy en color negro<\/strong>, estilo moderno<\/li>\n<\/ul>\n<hr data-start=\"1345\" data-end=\"1348\" \/>\n<h3 data-section-id=\"ujil2d\" data-start=\"1350\" data-end=\"1377\">\ud83d\udcd0 Dimensiones t\u00e9cnicas<\/h3>\n<ul data-start=\"1378\" data-end=\"1494\">\n<li data-section-id=\"gzhlcr\" data-start=\"1378\" data-end=\"1400\">Altura: <strong data-start=\"1388\" data-end=\"1398\">109 cm<\/strong><\/li>\n<li data-section-id=\"1v1nv9e\" data-start=\"1401\" data-end=\"1422\">Fondo: <strong data-start=\"1410\" data-end=\"1420\">112 cm<\/strong><\/li>\n<li data-section-id=\"z91jbx\" data-start=\"1423\" data-end=\"1458\">Salida del extra\u00edble: <strong data-start=\"1447\" data-end=\"1456\">46 cm<\/strong><\/li>\n<li data-section-id=\"11tz89q\" data-start=\"1459\" data-end=\"1494\"><em data-start=\"1461\" data-end=\"1494\">Las medidas pueden variar \u00b14 cm<\/em><\/li>\n<\/ul>\n<hr data-start=\"1496\" data-end=\"1499\" \/>\n<h3 data-section-id=\"s3uauq\" data-start=\"1501\" data-end=\"1539\">\ud83d\ude9a Env\u00edo en Badalona y alrededores<\/h3>\n<ul data-start=\"1540\" data-end=\"1612\">\n<li data-section-id=\"yqvi3z\" data-start=\"1540\" data-end=\"1612\"><strong data-start=\"1542\" data-end=\"1610\">Entrega y colocaci\u00f3n opcional: 110\u20ac (hasta 15 km desde Badalona)<\/strong><\/li>\n<\/ul>\n<hr data-start=\"1614\" data-end=\"1617\" \/>\n<h3 data-section-id=\"2wdiu5\" data-start=\"1619\" data-end=\"1647\">\u2139\ufe0f Informaci\u00f3n adicional<\/h3>\n<ul data-start=\"1648\" data-end=\"1765\">\n<li data-section-id=\"11a9crf\" data-start=\"1648\" data-end=\"1688\">Cojines decorativos <strong data-start=\"1670\" data-end=\"1686\">no incluidos<\/strong><\/li>\n<li data-section-id=\"1jflk8z\" data-start=\"1689\" data-end=\"1765\">Disponible en tienda f\u00edsica en <strong data-start=\"1722\" data-end=\"1763\">Muebles detena (Badalona, Barcelona)<\/strong><\/li>\n<\/ul>\n<hr data-start=\"1767\" data-end=\"1770\" \/>\n<h3 data-section-id=\"fe2gls\" data-start=\"1772\" data-end=\"1805\">\ud83d\uded2 Compra tu sof\u00e1 en Badalona<\/h3>\n<p data-start=\"1806\" data-end=\"2031\">\u0412 <strong data-start=\"1809\" data-end=\"1828\">Muebles detena<\/strong> encontrar\u00e1s los mejores <strong data-start=\"1853\" data-end=\"1928\">sof\u00e1s con arc\u00f3n, sof\u00e1s cama y sof\u00e1s deslizantes en Badalona y Barcelona<\/strong>. Ven a visitarnos o consulta disponibilidad para llevarte un sof\u00e1 pr\u00e1ctico, moderno y al mejor precio.<\/p>\n<p data-start=\"1806\" data-end=\"2031\">Sofa rinc\u00f3n-terminal Urban.<\/p>\n<p data-start=\"1806\" data-end=\"2031\">No vendemos fuera de Catalu\u00f1a<\/p>\n<\/div>\n<\/div>","protected":false},"excerpt":{"rendered":"<p>Sof\u00e1 Urban con arc\u00f3n en brazos y asientos extra\u00edbles que se convierten en cama. Dise\u00f1o c\u00f3modo, funcional y con gran capacidad de almacenaje. Medidas: 291&#215;200 cm y opci\u00f3n 321&#215;207 cm. Estructura de pino macizo, asientos desenfundables, n\u00facleo t\u00e9cnico 34 kg y cabezales reclinables. Env\u00edo y colocaci\u00f3n opcional 110\u20ac (hasta 15 km). Cojines no incluidos.<\/p>\n<p>Sofa rinc\u00f3n-terminal Urban.<\/p>","protected":false},"featured_media":44930,"comment_status":"closed","ping_status":"closed","template":"","meta":{"site-sidebar-layout":"default","site-content-layout":"","ast-site-content-layout":"default","site-content-style":"default","site-sidebar-style":"default","ast-global-header-display":"","ast-banner-title-visibility":"","ast-main-header-display":"","ast-hfb-above-header-display":"","ast-hfb-below-header-display":"","ast-hfb-mobile-header-display":"","site-post-title":"","ast-breadcrumbs-content":"","ast-featured-img":"","footer-sml-layout":"","ast-disable-related-posts":"","theme-transparent-header-meta":"default","adv-header-id-meta":"","stick-header-meta":"default","header-above-stick-meta":"","header-main-stick-meta":"","header-below-stick-meta":"","astra-migrate-meta-layouts":"set","ast-page-background-enabled":"default","ast-page-background-meta":{"desktop":{"background-color":"var(--ast-global-color-4)","background-image":"","background-repeat":"repeat","background-position":"center center","background-size":"auto","background-attachment":"scroll","background-type":"","background-media":"","overlay-type":"","overlay-color":"","overlay-opacity":"","overlay-gradient":""},"tablet":{"background-color":"","background-image":"","background-repeat":"repeat","background-position":"center center","background-size":"auto","background-attachment":"scroll","background-type":"","background-media":"","overlay-type":"","overlay-color":"","overlay-opacity":"","overlay-gradient":""},"mobile":{"background-color":"","background-image":"","background-repeat":"repeat","background-position":"center center","background-size":"auto","background-attachment":"scroll","background-type":"","background-media":"","overlay-type":"","overlay-color":"","overlay-opacity":"","overlay-gradient":""}},"ast-content-background-meta":{"desktop":{"background-color":"var(--ast-global-color-5)","background-image":"","background-repeat":"repeat","background-position":"center center","background-size":"auto","background-attachment":"scroll","background-type":"","background-media":"","overlay-type":"","overlay-color":"","overlay-opacity":"","overlay-gradient":""},"tablet":{"background-color":"var(--ast-global-color-5)","background-image":"","background-repeat":"repeat","background-position":"center center","background-size":"auto","background-attachment":"scroll","background-type":"","background-media":"","overlay-type":"","overlay-color":"","overlay-opacity":"","overlay-gradient":""},"mobile":{"background-color":"var(--ast-global-color-5)","background-image":"","background-repeat":"repeat","background-position":"center center","background-size":"auto","background-attachment":"scroll","background-type":"","background-media":"","overlay-type":"","overlay-color":"","overlay-opacity":"","overlay-gradient":""}},"_joinchat":[]},"product_brand":[],"product_cat":[277,267,259],"product_tag":[785,787],"class_list":["post-40310","product","type-product","status-publish","has-post-thumbnail","product_cat-rinconero","product_cat-sofas-con-chaise-longue","product_cat-sofas-badalona","product_tag-pbadal","product_tag-ruben","desktop-align-center","tablet-align-left","mobile-align-left","ast-product-gallery-layout-vertical-slider","ast-product-tabs-layout-accordion","ast-qv-on-image","first","instock","sale","shipping-taxable","purchasable","product-type-simple"],"_links":{"self":[{"href":"https:\/\/mueblesdetena.es\/ru_ru\/wp-json\/wp\/v2\/product\/40310","targetHints":{"allow":["GET"]}}],"collection":[{"href":"https:\/\/mueblesdetena.es\/ru_ru\/wp-json\/wp\/v2\/product"}],"about":[{"href":"https:\/\/mueblesdetena.es\/ru_ru\/wp-json\/wp\/v2\/types\/product"}],"replies":[{"embeddable":true,"href":"https:\/\/mueblesdetena.es\/ru_ru\/wp-json\/wp\/v2\/comments?post=40310"}],"version-history":[{"count":6,"href":"https:\/\/mueblesdetena.es\/ru_ru\/wp-json\/wp\/v2\/product\/40310\/revisions"}],"predecessor-version":[{"id":41619,"href":"https:\/\/mueblesdetena.es\/ru_ru\/wp-json\/wp\/v2\/product\/40310\/revisions\/41619"}],"wp:featuredmedia":[{"embeddable":true,"href":"https:\/\/mueblesdetena.es\/ru_ru\/wp-json\/wp\/v2\/media\/44930"}],"wp:attachment":[{"href":"https:\/\/mueblesdetena.es\/ru_ru\/wp-json\/wp\/v2\/media?parent=40310"}],"wp:term":[{"taxonomy":"product_brand","embeddable":true,"href":"https:\/\/mueblesdetena.es\/ru_ru\/wp-json\/wp\/v2\/product_brand?post=40310"},{"taxonomy":"product_cat","embeddable":true,"href":"https:\/\/mueblesdetena.es\/ru_ru\/wp-json\/wp\/v2\/product_cat?post=40310"},{"taxonomy":"product_tag","embeddable":true,"href":"https:\/\/mueblesdetena.es\/ru_ru\/wp-json\/wp\/v2\/product_tag?post=40310"}],"curies":[{"name":"wp","href":"https:\/\/api.w.org\/{rel}","templated":true}]}}