{"id":41869,"date":"2025-11-25T07:12:01","date_gmt":"2025-11-25T06:12:01","guid":{"rendered":"https:\/\/mueblesdetena.es\/?post_type=product&#038;p=41869"},"modified":"2026-07-05T10:15:28","modified_gmt":"2026-07-05T08:15:28","slug":"cama-abatible-vertical-150x190-nvn","status":"publish","type":"product","link":"https:\/\/mueblesdetena.es\/ru_ru\/cama-abatible-vertical-150x190-nvn\/","title":{"rendered":"Cama abatible vertical 150\u00d7190 NVN index"},"content":{"rendered":"<p>&nbsp;<\/p>\n<p data-start=\"116\" data-end=\"183\"><strong data-start=\"116\" data-end=\"183\">Cama abatible vertical en Badalona \u2013 Muebles Detena (Barcelona)<\/strong><\/p>\n<p data-start=\"185\" data-end=\"414\">\u0412 <strong data-start=\"188\" data-end=\"240\">Muebles Detena, tu tienda de muebles en Badalona<\/strong>, te ofrecemos esta <strong data-start=\"260\" data-end=\"308\">cama abatible vertical con somier de l\u00e1minas<\/strong>, perfecta para optimizar el espacio en dormitorios, estudios o pisos peque\u00f1os en Barcelona y alrededores.<\/p>\n<h3 data-section-id=\"pewzh\" data-start=\"416\" data-end=\"448\">\ud83d\udccf Medidas y caracter\u00edsticas<\/h3>\n<ul data-start=\"449\" data-end=\"701\">\n<li data-section-id=\"1ldq4kn\" data-start=\"449\" data-end=\"481\">Para colch\u00f3n de <strong data-start=\"467\" data-end=\"481\">150&#215;190 cm<\/strong><\/li>\n<li data-section-id=\"jrk9sr\" data-start=\"482\" data-end=\"503\">Ancho: <strong data-start=\"491\" data-end=\"503\">164,3 cm<\/strong><\/li>\n<li data-section-id=\"lh46fg\" data-start=\"504\" data-end=\"532\">Fondo cerrada: <strong data-start=\"521\" data-end=\"532\">34,5 cm<\/strong><\/li>\n<li data-section-id=\"1juoe15\" data-start=\"533\" data-end=\"560\">Fondo abierta: <strong data-start=\"550\" data-end=\"560\">212 cm<\/strong><\/li>\n<li data-section-id=\"152klui\" data-start=\"561\" data-end=\"608\">Sistema abatible con <strong data-start=\"584\" data-end=\"608\">pistones hidr\u00e1ulicos<\/strong><\/li>\n<li data-section-id=\"1h6urzu\" data-start=\"609\" data-end=\"642\"><strong data-start=\"611\" data-end=\"642\">Somier de l\u00e1minas integrado<\/strong><\/li>\n<li data-section-id=\"1xfqx0n\" data-start=\"643\" data-end=\"701\">Rebaje en rodapi\u00e9 para un <strong data-start=\"671\" data-end=\"701\">ajuste perfecto a la pared<\/strong><\/li>\n<\/ul>\n<p data-start=\"703\" data-end=\"824\">Los <strong data-start=\"707\" data-end=\"738\">amortiguadores de seguridad<\/strong> garantizan una apertura y cierre suave, seguro y sin esfuerzo, ideal para uso diario.<\/p>\n<h3 data-section-id=\"kyjlr4\" data-start=\"826\" data-end=\"853\">\ud83d\udd27 Opciones disponibles<\/h3>\n<ul data-start=\"854\" data-end=\"1066\">\n<li data-section-id=\"1y30xrm\" data-start=\"854\" data-end=\"905\">Opci\u00f3n de <strong data-start=\"866\" data-end=\"905\">fondo 45 cm con estanter\u00eda interior<\/strong><\/li>\n<li data-section-id=\"1kaxm84\" data-start=\"906\" data-end=\"1021\">Disponible en m\u00faltiples medidas:\n<ul data-start=\"943\" data-end=\"1021\">\n<li data-section-id=\"k5k479\" data-start=\"943\" data-end=\"992\">Anchos: <strong data-start=\"953\" data-end=\"992\">80, 90, 105, 135, 140, 150 y 160 cm<\/strong><\/li>\n<li data-section-id=\"1dvbhvu\" data-start=\"995\" data-end=\"1021\">Largos: <strong data-start=\"1005\" data-end=\"1021\">180 y 200 cm<\/strong><\/li>\n<\/ul>\n<\/li>\n<li data-section-id=\"1nm53gi\" data-start=\"1022\" data-end=\"1066\">Amplia gama de <strong data-start=\"1039\" data-end=\"1066\">colores personalizables<\/strong><\/li>\n<\/ul>\n<h3 data-section-id=\"w4ge89\" data-start=\"1068\" data-end=\"1081\">\ud83d\udcb0 Precio<\/h3>\n<p data-start=\"1082\" data-end=\"1164\">Precio base correspondiente a colch\u00f3n de <strong data-start=\"1123\" data-end=\"1137\">135&#215;190 cm<\/strong> (consultar otras medidas).<\/p>\n<h3 data-section-id=\"i81wt9\" data-start=\"1166\" data-end=\"1214\">\ud83d\ude9a Env\u00edo y montaje en Badalona y alrededores<\/h3>\n<ul data-start=\"1215\" data-end=\"1340\">\n<li data-section-id=\"qf3498\" data-start=\"1215\" data-end=\"1282\">Servicio opcional de <strong data-start=\"1238\" data-end=\"1282\">transporte y montaje: 100\u20ac (hasta 15 km)<\/strong><\/li>\n<li data-section-id=\"17mf1og\" data-start=\"1283\" data-end=\"1340\">Servicio local en <strong data-start=\"1303\" data-end=\"1340\">Badalona, Barcelona y alrededores<\/strong><\/li>\n<\/ul>\n<h3 data-section-id=\"rhfwui\" data-start=\"1342\" data-end=\"1359\">\u26a0\ufe0f Importante<\/h3>\n<ul data-start=\"1360\" data-end=\"1404\">\n<li data-section-id=\"2peq86\" data-start=\"1360\" data-end=\"1404\"><strong data-start=\"1362\" data-end=\"1404\">No realizamos env\u00edos fuera de Catalu\u00f1a<\/strong><\/li>\n<li data-section-id=\"2peq86\" data-start=\"1360\" data-end=\"1404\">Cama abatible vertical 150\u00d7190 NVN<\/li>\n<\/ul>\n<hr data-start=\"1406\" data-end=\"1409\" \/>\n<p data-start=\"1411\" data-end=\"1544\"><strong data-start=\"1411\" data-end=\"1475\">Compra tu cama abatible vertical en Badalona al mejor precio<\/strong> en Muebles Detena y gana espacio sin renunciar a comodidad y dise\u00f1o.<\/p>","protected":false},"excerpt":{"rendered":"<p>Cama abatible vertical con somier de l\u00e1minas para colch\u00f3n de 150&#215;190 cm. Medidas: 164,3 cm de ancho, 34,5 cm de fondo cerrada y 212 cm abierta. Sistema abatible con pistones y mecanismo de seguridad para uso suave y sin esfuerzo. Rebaje para rodapi\u00e9. Opci\u00f3n fondo 45 cm con estanter\u00eda interior. Env\u00edo y montaje: 100\u20ac hasta 15 km.<\/p>\n<p>Cama abatible vertical 150\u00d7190 NVN<\/p>","protected":false},"featured_media":44915,"comment_status":"closed","ping_status":"closed","template":"","meta":{"site-sidebar-layout":"default","site-content-layout":"","ast-site-content-layout":"default","site-content-style":"default","site-sidebar-style":"default","ast-global-header-display":"","ast-banner-title-visibility":"","ast-main-header-display":"","ast-hfb-above-header-display":"","ast-hfb-below-header-display":"","ast-hfb-mobile-header-display":"","site-post-title":"","ast-breadcrumbs-content":"","ast-featured-img":"","footer-sml-layout":"","ast-disable-related-posts":"","theme-transparent-header-meta":"default","adv-header-id-meta":"","stick-header-meta":"default","header-above-stick-meta":"","header-main-stick-meta":"","header-below-stick-meta":"","astra-migrate-meta-layouts":"set","ast-page-background-enabled":"default","ast-page-background-meta":{"desktop":{"background-color":"var(--ast-global-color-4)","background-image":"","background-repeat":"repeat","background-position":"center center","background-size":"auto","background-attachment":"scroll","background-type":"","background-media":"","overlay-type":"","overlay-color":"","overlay-opacity":"","overlay-gradient":""},"tablet":{"background-color":"","background-image":"","background-repeat":"repeat","background-position":"center center","background-size":"auto","background-attachment":"scroll","background-type":"","background-media":"","overlay-type":"","overlay-color":"","overlay-opacity":"","overlay-gradient":""},"mobile":{"background-color":"","background-image":"","background-repeat":"repeat","background-position":"center center","background-size":"auto","background-attachment":"scroll","background-type":"","background-media":"","overlay-type":"","overlay-color":"","overlay-opacity":"","overlay-gradient":""}},"ast-content-background-meta":{"desktop":{"background-color":"var(--ast-global-color-5)","background-image":"","background-repeat":"repeat","background-position":"center center","background-size":"auto","background-attachment":"scroll","background-type":"","background-media":"","overlay-type":"","overlay-color":"","overlay-opacity":"","overlay-gradient":""},"tablet":{"background-color":"var(--ast-global-color-5)","background-image":"","background-repeat":"repeat","background-position":"center center","background-size":"auto","background-attachment":"scroll","background-type":"","background-media":"","overlay-type":"","overlay-color":"","overlay-opacity":"","overlay-gradient":""},"mobile":{"background-color":"var(--ast-global-color-5)","background-image":"","background-repeat":"repeat","background-position":"center center","background-size":"auto","background-attachment":"scroll","background-type":"","background-media":"","overlay-type":"","overlay-color":"","overlay-opacity":"","overlay-gradient":""}},"_joinchat":[]},"product_brand":[],"product_cat":[265,266],"product_tag":[793,1378],"class_list":["post-41869","product","type-product","status-publish","has-post-thumbnail","product_cat-camas-abatibles","product_cat-camas-abatibles-matrimonio","product_tag-daria","product_tag-index","desktop-align-center","tablet-align-left","mobile-align-left","ast-product-gallery-layout-vertical-slider","ast-product-tabs-layout-accordion","ast-qv-on-image","first","instock","sale","shipping-taxable","purchasable","product-type-simple"],"_links":{"self":[{"href":"https:\/\/mueblesdetena.es\/ru_ru\/wp-json\/wp\/v2\/product\/41869","targetHints":{"allow":["GET"]}}],"collection":[{"href":"https:\/\/mueblesdetena.es\/ru_ru\/wp-json\/wp\/v2\/product"}],"about":[{"href":"https:\/\/mueblesdetena.es\/ru_ru\/wp-json\/wp\/v2\/types\/product"}],"replies":[{"embeddable":true,"href":"https:\/\/mueblesdetena.es\/ru_ru\/wp-json\/wp\/v2\/comments?post=41869"}],"version-history":[{"count":5,"href":"https:\/\/mueblesdetena.es\/ru_ru\/wp-json\/wp\/v2\/product\/41869\/revisions"}],"predecessor-version":[{"id":46449,"href":"https:\/\/mueblesdetena.es\/ru_ru\/wp-json\/wp\/v2\/product\/41869\/revisions\/46449"}],"wp:featuredmedia":[{"embeddable":true,"href":"https:\/\/mueblesdetena.es\/ru_ru\/wp-json\/wp\/v2\/media\/44915"}],"wp:attachment":[{"href":"https:\/\/mueblesdetena.es\/ru_ru\/wp-json\/wp\/v2\/media?parent=41869"}],"wp:term":[{"taxonomy":"product_brand","embeddable":true,"href":"https:\/\/mueblesdetena.es\/ru_ru\/wp-json\/wp\/v2\/product_brand?post=41869"},{"taxonomy":"product_cat","embeddable":true,"href":"https:\/\/mueblesdetena.es\/ru_ru\/wp-json\/wp\/v2\/product_cat?post=41869"},{"taxonomy":"product_tag","embeddable":true,"href":"https:\/\/mueblesdetena.es\/ru_ru\/wp-json\/wp\/v2\/product_tag?post=41869"}],"curies":[{"name":"wp","href":"https:\/\/api.w.org\/{rel}","templated":true}]}}