{"id":43915,"date":"2026-02-10T10:55:54","date_gmt":"2026-02-10T09:55:54","guid":{"rendered":"https:\/\/mueblesdetena.es\/?post_type=product&#038;p=43915"},"modified":"2026-07-15T22:57:52","modified_gmt":"2026-07-15T20:57:52","slug":"mesa-de-estudio-plegable-abatible-nova","status":"publish","type":"product","link":"https:\/\/mueblesdetena.es\/ru_ru\/mesa-de-estudio-plegable-abatible-nova\/","title":{"rendered":"Mesa de estudio plegable\/abatible Nova."},"content":{"rendered":"<p>Mesa de estudio plegable y con puerta inferior para almacenaje extra,muy pr\u00e1ctica como aprovechamiento m\u00e1ximo del espacio,para habitacion,estudio o sal\u00f3n comedor ya que seg\u00fan el color que elijas quedar\u00e1 muy integrada con el resto de mobiliario,hay clientes que nos la han cogido como mesa auxiliar de comedor cuando vienen invitados y la mesa principal queda peque\u00f1a.<\/p>\n<p>Medida de ancho 69 cms,medida de alto a elegir hasta 237,medida de fondo a elegir entre 34,5\/40\/45\/50 (todas las opciones de medida al mismo precio).<\/p>\n<p>Diferentes opciones de color y tirador a elegir.<\/p>\n<p>Env\u00edo y montaje opcional 100\u20ac(hasta 15 km)<\/p>\n<p>No entregamos fuera de Catalu\u00f1a<\/p>","protected":false},"excerpt":{"rendered":"<p>Una mesa de estudio\/comedor abatible es ideal para optimizar el espacio en el hogar. Permite disponer de una zona funcional para trabajar, estudiar o comer y plegarla cuando no se usa, ganando amplitud y orden. Es perfecta para pisos peque\u00f1os, aporta versatilidad, dise\u00f1o moderno y facilita una mejor organizaci\u00f3n del d\u00eda a d\u00eda sin renunciar a comodidad.<\/p>","protected":false},"featured_media":43916,"comment_status":"closed","ping_status":"closed","template":"","meta":{"site-sidebar-layout":"default","site-content-layout":"","ast-site-content-layout":"default","site-content-style":"default","site-sidebar-style":"default","ast-global-header-display":"","ast-banner-title-visibility":"","ast-main-header-display":"","ast-hfb-above-header-display":"","ast-hfb-below-header-display":"","ast-hfb-mobile-header-display":"","site-post-title":"","ast-breadcrumbs-content":"","ast-featured-img":"","footer-sml-layout":"","ast-disable-related-posts":"","theme-transparent-header-meta":"default","adv-header-id-meta":"","stick-header-meta":"default","header-above-stick-meta":"","header-main-stick-meta":"","header-below-stick-meta":"","astra-migrate-meta-layouts":"set","ast-page-background-enabled":"default","ast-page-background-meta":{"desktop":{"background-color":"var(--ast-global-color-4)","background-image":"","background-repeat":"repeat","background-position":"center center","background-size":"auto","background-attachment":"scroll","background-type":"","background-media":"","overlay-type":"","overlay-color":"","overlay-opacity":"","overlay-gradient":""},"tablet":{"background-color":"","background-image":"","background-repeat":"repeat","background-position":"center center","background-size":"auto","background-attachment":"scroll","background-type":"","background-media":"","overlay-type":"","overlay-color":"","overlay-opacity":"","overlay-gradient":""},"mobile":{"background-color":"","background-image":"","background-repeat":"repeat","background-position":"center center","background-size":"auto","background-attachment":"scroll","background-type":"","background-media":"","overlay-type":"","overlay-color":"","overlay-opacity":"","overlay-gradient":""}},"ast-content-background-meta":{"desktop":{"background-color":"var(--ast-global-color-5)","background-image":"","background-repeat":"repeat","background-position":"center center","background-size":"auto","background-attachment":"scroll","background-type":"","background-media":"","overlay-type":"","overlay-color":"","overlay-opacity":"","overlay-gradient":""},"tablet":{"background-color":"var(--ast-global-color-5)","background-image":"","background-repeat":"repeat","background-position":"center center","background-size":"auto","background-attachment":"scroll","background-type":"","background-media":"","overlay-type":"","overlay-color":"","overlay-opacity":"","overlay-gradient":""},"mobile":{"background-color":"var(--ast-global-color-5)","background-image":"","background-repeat":"repeat","background-position":"center center","background-size":"auto","background-attachment":"scroll","background-type":"","background-media":"","overlay-type":"","overlay-color":"","overlay-opacity":"","overlay-gradient":""}},"_joinchat":[]},"product_brand":[],"product_cat":[15,286,273,305],"product_tag":[785,786],"class_list":["post-43915","product","type-product","status-publish","has-post-thumbnail","product_cat-sin-categorizar","product_cat-otros","product_cat-muebles-juveniles","product_cat-sin-categoria","product_tag-pbadal","product_tag-rpep","desktop-align-center","tablet-align-left","mobile-align-left","ast-product-gallery-layout-vertical-slider","ast-product-tabs-layout-accordion","ast-qv-on-image","first","instock","sale","shipping-taxable","purchasable","product-type-simple"],"_links":{"self":[{"href":"https:\/\/mueblesdetena.es\/ru_ru\/wp-json\/wp\/v2\/product\/43915","targetHints":{"allow":["GET"]}}],"collection":[{"href":"https:\/\/mueblesdetena.es\/ru_ru\/wp-json\/wp\/v2\/product"}],"about":[{"href":"https:\/\/mueblesdetena.es\/ru_ru\/wp-json\/wp\/v2\/types\/product"}],"replies":[{"embeddable":true,"href":"https:\/\/mueblesdetena.es\/ru_ru\/wp-json\/wp\/v2\/comments?post=43915"}],"version-history":[{"count":3,"href":"https:\/\/mueblesdetena.es\/ru_ru\/wp-json\/wp\/v2\/product\/43915\/revisions"}],"predecessor-version":[{"id":43921,"href":"https:\/\/mueblesdetena.es\/ru_ru\/wp-json\/wp\/v2\/product\/43915\/revisions\/43921"}],"wp:featuredmedia":[{"embeddable":true,"href":"https:\/\/mueblesdetena.es\/ru_ru\/wp-json\/wp\/v2\/media\/43916"}],"wp:attachment":[{"href":"https:\/\/mueblesdetena.es\/ru_ru\/wp-json\/wp\/v2\/media?parent=43915"}],"wp:term":[{"taxonomy":"product_brand","embeddable":true,"href":"https:\/\/mueblesdetena.es\/ru_ru\/wp-json\/wp\/v2\/product_brand?post=43915"},{"taxonomy":"product_cat","embeddable":true,"href":"https:\/\/mueblesdetena.es\/ru_ru\/wp-json\/wp\/v2\/product_cat?post=43915"},{"taxonomy":"product_tag","embeddable":true,"href":"https:\/\/mueblesdetena.es\/ru_ru\/wp-json\/wp\/v2\/product_tag?post=43915"}],"curies":[{"name":"wp","href":"https:\/\/api.w.org\/{rel}","templated":true}]}}