{"id":44347,"date":"2026-02-25T12:49:26","date_gmt":"2026-02-25T11:49:26","guid":{"rendered":"https:\/\/mueblesdetena.es\/?post_type=product&#038;p=44347"},"modified":"2026-06-27T08:29:38","modified_gmt":"2026-06-27T06:29:38","slug":"sofa-de-3-plazas-deslizantes-lendl188","status":"publish","type":"product","link":"https:\/\/mueblesdetena.es\/ru_ru\/sofa-de-3-plazas-deslizantes-lendl188\/","title":{"rendered":"Sofa de 3 plazas deslizantes Lendl188."},"content":{"rendered":"<p data-start=\"146\" data-end=\"258\"><strong data-start=\"146\" data-end=\"258\">Sof\u00e1 2 Plazas Deslizante Lendl 188 con Cama | Asientos Extra\u00edbles | Pata Alta | Arc\u00f3n | Cabezales Reclinables<\/strong><\/p>\n<p data-start=\"260\" data-end=\"493\">El <strong data-start=\"263\" data-end=\"304\">sof\u00e1 Lendl de 2 plazas deslizantes<\/strong> combina dise\u00f1o moderno, funcionalidad y m\u00e1ximo confort. Sus <strong data-start=\"365\" data-end=\"388\">asientos extra\u00edbles<\/strong> permiten convertirlo f\u00e1cilmente en una <strong data-start=\"428\" data-end=\"452\">cama amplia y c\u00f3moda<\/strong>, ideal para invitados o para uso diario.<\/p>\n<p data-start=\"495\" data-end=\"669\">Fabricado con <strong data-start=\"509\" data-end=\"538\">estructura de pino macizo<\/strong>, garantiza resistencia y durabilidad. Incorpora <strong data-start=\"587\" data-end=\"627\">asientos con n\u00facleo t\u00e9cnico de 32 kg<\/strong>, ofreciendo firmeza y comodidad superior.<\/p>\n<h3 data-start=\"671\" data-end=\"703\">Caracter\u00edsticas principales:<\/h3>\n<ul data-start=\"704\" data-end=\"972\">\n<li data-start=\"704\" data-end=\"743\">\n<p data-start=\"706\" data-end=\"743\">\u2705 <strong data-start=\"708\" data-end=\"743\">Asientos deslizantes extra\u00edbles<\/strong><\/p>\n<\/li>\n<li data-start=\"744\" data-end=\"761\">\n<p data-start=\"746\" data-end=\"761\">\u2705 <strong data-start=\"748\" data-end=\"761\">Pata alta<\/strong><\/p>\n<\/li>\n<li data-start=\"762\" data-end=\"800\">\n<p data-start=\"764\" data-end=\"800\">\u2705 <strong data-start=\"766\" data-end=\"800\">Brazos con arc\u00f3n de almacenaje<\/strong><\/p>\n<\/li>\n<li data-start=\"801\" data-end=\"860\">\n<p data-start=\"803\" data-end=\"860\">\u2705 <strong data-start=\"805\" data-end=\"860\">Brazo m\u00f3dulo deslizante con arc\u00f3n elevable y pist\u00f3n<\/strong><\/p>\n<\/li>\n<li data-start=\"861\" data-end=\"917\">\n<p data-start=\"863\" data-end=\"917\">\u2705 <strong data-start=\"865\" data-end=\"917\">Cabezales reclinables en 9 posiciones (90\u00ba\u2013120\u00ba)<\/strong><\/p>\n<\/li>\n<li data-start=\"918\" data-end=\"972\">\n<p data-start=\"920\" data-end=\"972\">\u2705 <strong data-start=\"922\" data-end=\"972\">Asientos, respaldos y ri\u00f1oneras desenfundables<\/strong><\/p>\n<\/li>\n<\/ul>\n<h3 data-start=\"974\" data-end=\"998\">Medidas disponibles:<\/h3>\n<ul data-start=\"999\" data-end=\"1091\">\n<li data-start=\"999\" data-end=\"1037\">\n<p data-start=\"1001\" data-end=\"1037\">Precio base para 188<strong data-start=\"1018\" data-end=\"1037\">\u00a0cm de ancho<\/strong><\/p>\n<\/li>\n<li data-start=\"1038\" data-end=\"1091\">\n<p data-start=\"1040\" data-end=\"1091\">Opciones disponibles en 168\/208\/228\/254\/284<strong data-start=\"1064\" data-end=\"1091\"> cm.<\/strong><\/p>\n<\/li>\n<\/ul>\n<p data-start=\"1093\" data-end=\"1150\">\ud83d\ude9a <strong data-start=\"1096\" data-end=\"1150\">Env\u00edo y colocaci\u00f3n opcional por 90\u20ac (hasta 15 km)<\/strong><\/p>\n<p data-start=\"1152\" data-end=\"1304\">El sof\u00e1 Lendl 188 es perfecto para quienes buscan un <strong data-start=\"1204\" data-end=\"1265\">sof\u00e1 moderno con cama, almacenaje y cabezales reclinables<\/strong>, sin renunciar al dise\u00f1o y la calidad.<\/p>","protected":false},"excerpt":{"rendered":"<h6>Sof\u00e1 3 plazas deslizante Lndl 188 con asientos extra\u00edbles que se convierten en cama amplia y c\u00f3moda. Estructura de pino macizo y n\u00facleo t\u00e9cnico de 32 kg. Cabezales reclinables 90\u00ba\u2013120\u00ba, brazos con arc\u00f3n y m\u00f3dulos elevables. Disponible en 225, 255, 285 y 315 cm. Env\u00edo y colocaci\u00f3n opcional 100\u20ac hasta 15 km.<\/h6>\n<p>&nbsp;<\/p>","protected":false},"featured_media":44348,"comment_status":"closed","ping_status":"closed","template":"","meta":{"site-sidebar-layout":"default","site-content-layout":"","ast-site-content-layout":"default","site-content-style":"default","site-sidebar-style":"default","ast-global-header-display":"","ast-banner-title-visibility":"","ast-main-header-display":"","ast-hfb-above-header-display":"","ast-hfb-below-header-display":"","ast-hfb-mobile-header-display":"","site-post-title":"","ast-breadcrumbs-content":"","ast-featured-img":"","footer-sml-layout":"","ast-disable-related-posts":"","theme-transparent-header-meta":"default","adv-header-id-meta":"","stick-header-meta":"default","header-above-stick-meta":"","header-main-stick-meta":"","header-below-stick-meta":"","astra-migrate-meta-layouts":"set","ast-page-background-enabled":"default","ast-page-background-meta":{"desktop":{"background-color":"var(--ast-global-color-4)","background-image":"","background-repeat":"repeat","background-position":"center center","background-size":"auto","background-attachment":"scroll","background-type":"","background-media":"","overlay-type":"","overlay-color":"","overlay-opacity":"","overlay-gradient":""},"tablet":{"background-color":"","background-image":"","background-repeat":"repeat","background-position":"center center","background-size":"auto","background-attachment":"scroll","background-type":"","background-media":"","overlay-type":"","overlay-color":"","overlay-opacity":"","overlay-gradient":""},"mobile":{"background-color":"","background-image":"","background-repeat":"repeat","background-position":"center center","background-size":"auto","background-attachment":"scroll","background-type":"","background-media":"","overlay-type":"","overlay-color":"","overlay-opacity":"","overlay-gradient":""}},"ast-content-background-meta":{"desktop":{"background-color":"var(--ast-global-color-5)","background-image":"","background-repeat":"repeat","background-position":"center center","background-size":"auto","background-attachment":"scroll","background-type":"","background-media":"","overlay-type":"","overlay-color":"","overlay-opacity":"","overlay-gradient":""},"tablet":{"background-color":"var(--ast-global-color-5)","background-image":"","background-repeat":"repeat","background-position":"center center","background-size":"auto","background-attachment":"scroll","background-type":"","background-media":"","overlay-type":"","overlay-color":"","overlay-opacity":"","overlay-gradient":""},"mobile":{"background-color":"var(--ast-global-color-5)","background-image":"","background-repeat":"repeat","background-position":"center center","background-size":"auto","background-attachment":"scroll","background-type":"","background-media":"","overlay-type":"","overlay-color":"","overlay-opacity":"","overlay-gradient":""}},"_joinchat":[]},"product_brand":[],"product_cat":[259,280],"product_tag":[786],"class_list":["post-44347","product","type-product","status-publish","has-post-thumbnail","product_cat-sofas-badalona","product_cat-sofas-sin-chaise-longue","product_tag-rpep","desktop-align-center","tablet-align-left","mobile-align-left","ast-product-gallery-layout-vertical-slider","ast-product-tabs-layout-accordion","ast-qv-on-image","first","instock","sale","shipping-taxable","purchasable","product-type-simple"],"_links":{"self":[{"href":"https:\/\/mueblesdetena.es\/ru_ru\/wp-json\/wp\/v2\/product\/44347","targetHints":{"allow":["GET"]}}],"collection":[{"href":"https:\/\/mueblesdetena.es\/ru_ru\/wp-json\/wp\/v2\/product"}],"about":[{"href":"https:\/\/mueblesdetena.es\/ru_ru\/wp-json\/wp\/v2\/types\/product"}],"replies":[{"embeddable":true,"href":"https:\/\/mueblesdetena.es\/ru_ru\/wp-json\/wp\/v2\/comments?post=44347"}],"version-history":[{"count":3,"href":"https:\/\/mueblesdetena.es\/ru_ru\/wp-json\/wp\/v2\/product\/44347\/revisions"}],"predecessor-version":[{"id":44353,"href":"https:\/\/mueblesdetena.es\/ru_ru\/wp-json\/wp\/v2\/product\/44347\/revisions\/44353"}],"wp:featuredmedia":[{"embeddable":true,"href":"https:\/\/mueblesdetena.es\/ru_ru\/wp-json\/wp\/v2\/media\/44348"}],"wp:attachment":[{"href":"https:\/\/mueblesdetena.es\/ru_ru\/wp-json\/wp\/v2\/media?parent=44347"}],"wp:term":[{"taxonomy":"product_brand","embeddable":true,"href":"https:\/\/mueblesdetena.es\/ru_ru\/wp-json\/wp\/v2\/product_brand?post=44347"},{"taxonomy":"product_cat","embeddable":true,"href":"https:\/\/mueblesdetena.es\/ru_ru\/wp-json\/wp\/v2\/product_cat?post=44347"},{"taxonomy":"product_tag","embeddable":true,"href":"https:\/\/mueblesdetena.es\/ru_ru\/wp-json\/wp\/v2\/product_tag?post=44347"}],"curies":[{"name":"wp","href":"https:\/\/api.w.org\/{rel}","templated":true}]}}