{"id":44400,"date":"2026-03-02T11:08:56","date_gmt":"2026-03-02T10:08:56","guid":{"rendered":"https:\/\/mueblesdetena.es\/?post_type=product&#038;p=44400"},"modified":"2026-07-05T10:16:26","modified_gmt":"2026-07-05T08:16:26","slug":"sofa-chaise-longue-doble-electrico-eden-214-cms","status":"publish","type":"product","link":"https:\/\/mueblesdetena.es\/ru_ru\/sofa-chaise-longue-doble-electrico-eden-214-cms\/","title":{"rendered":"Sofa con doble electrico Eden 214 cms."},"content":{"rendered":"<h2 data-start=\"125\" data-end=\"196\">Sof\u00e1 Eden con Asientos Relax El\u00e9ctricos en Badalona | Muebles Detena<\/h2>\n<p data-start=\"198\" data-end=\"507\">Descubre el <strong data-start=\"210\" data-end=\"244\">Sof\u00e1 Eden con relax el\u00e9ctricos<\/strong> en nuestra tienda <strong data-start=\"263\" data-end=\"293\">Muebles Detena en Badalona<\/strong>, una opci\u00f3n perfecta para quienes buscan confort, calidad y dise\u00f1o en su sal\u00f3n. Disfruta de aut\u00e9nticos momentos de descanso gracias a su sistema relax motorizado y su fabricaci\u00f3n con materiales de primera calidad.<\/p>\n<p data-start=\"509\" data-end=\"710\">Disponible en m\u00faltiples medidas y configuraciones, el Sof\u00e1 Eden se adapta a tu espacio y estilo de vida. Dise\u00f1a la composici\u00f3n ideal para tu sal\u00f3n y transforma tu hogar en una zona de confort absoluto.<\/p>\n<h3 data-start=\"712\" data-end=\"745\">\u2705 Caracter\u00edsticas principales<\/h3>\n<ul data-start=\"747\" data-end=\"1139\">\n<li data-start=\"747\" data-end=\"797\">\n<p data-start=\"749\" data-end=\"797\">Asientos con <strong data-start=\"762\" data-end=\"797\">relax el\u00e9ctricos independientes<\/strong><\/p>\n<\/li>\n<li data-start=\"798\" data-end=\"855\">\n<p data-start=\"800\" data-end=\"855\"><strong data-start=\"800\" data-end=\"830\">Botonera con USB integrada<\/strong> en el exterior del brazo<\/p>\n<\/li>\n<li data-start=\"856\" data-end=\"901\">\n<p data-start=\"858\" data-end=\"901\">Estructura resistente de <strong data-start=\"883\" data-end=\"901\">madera de pino<\/strong><\/p>\n<\/li>\n<li data-start=\"902\" data-end=\"958\">\n<p data-start=\"904\" data-end=\"958\">Suspensi\u00f3n con <strong data-start=\"919\" data-end=\"958\">muelles Ultra Box (Made in Germany)<\/strong><\/p>\n<\/li>\n<li data-start=\"959\" data-end=\"994\">\n<p data-start=\"961\" data-end=\"994\">Espuma de <strong data-start=\"971\" data-end=\"994\">alta densidad 34 kg<\/strong><\/p>\n<\/li>\n<li data-start=\"995\" data-end=\"1035\">\n<p data-start=\"997\" data-end=\"1035\">Patas de madera lacadas en color plata<\/p>\n<\/li>\n<li data-start=\"1036\" data-end=\"1093\">\n<p data-start=\"1038\" data-end=\"1093\">Brazos de 27 cm (opci\u00f3n brazo de 16 cm al mismo precio)<\/p>\n<\/li>\n<li data-start=\"1094\" data-end=\"1139\">\n<p data-start=\"1096\" data-end=\"1139\">Fabricado con materiales de primera calidad<\/p>\n<\/li>\n<\/ul>\n<blockquote data-start=\"1141\" data-end=\"1191\">\n<p data-start=\"1143\" data-end=\"1191\"><em data-start=\"1143\" data-end=\"1191\">Cojines decorativos no incluidos en la oferta.<\/em><\/p>\n<\/blockquote>\n<h3 data-start=\"1193\" data-end=\"1219\">\ud83d\udccf Medidas disponibles<\/h3>\n<ul data-start=\"1221\" data-end=\"1329\">\n<li data-start=\"1221\" data-end=\"1231\">\n<p data-start=\"1223\" data-end=\"1231\">174 cm<\/p>\n<\/li>\n<li data-start=\"1232\" data-end=\"1242\">\n<p data-start=\"1234\" data-end=\"1242\">194 cm<\/p>\n<\/li>\n<li data-start=\"1243\" data-end=\"1318\">\n<p data-start=\"1245\" data-end=\"1318\">214 cm (precio correspondiente a esta medida con doble relax el\u00e9ctrico)<\/p>\n<\/li>\n<li data-start=\"1319\" data-end=\"1329\">\n<p data-start=\"1321\" data-end=\"1329\">234 cm<\/p>\n<\/li>\n<\/ul>\n<p data-start=\"1331\" data-end=\"1353\"><strong data-start=\"1331\" data-end=\"1353\">Medidas generales:<\/strong><\/p>\n<ul data-start=\"1354\" data-end=\"1413\">\n<li data-start=\"1354\" data-end=\"1370\">\n<p data-start=\"1356\" data-end=\"1370\">Alto: 104 cm<\/p>\n<\/li>\n<li data-start=\"1371\" data-end=\"1387\">\n<p data-start=\"1373\" data-end=\"1387\">Fondo: 98 cm<\/p>\n<\/li>\n<li data-start=\"1388\" data-end=\"1413\">\n<p data-start=\"1390\" data-end=\"1413\">Fondo abierto: 154 cm<\/p>\n<\/li>\n<\/ul>\n<h3 data-start=\"1415\" data-end=\"1467\">\ud83d\ude9a Servicio de entrega en Badalona y alrededores<\/h3>\n<p data-start=\"1469\" data-end=\"1621\">\u0412 <strong data-start=\"1472\" data-end=\"1499\">Muebles Detena Badalona<\/strong> ofrecemos servicio opcional de <strong data-start=\"1531\" data-end=\"1577\">env\u00edo y colocaci\u00f3n por 110 \u20ac (hasta 15 km)<\/strong> para que no tengas que preocuparte de nada.<\/p>\n<hr data-start=\"1623\" data-end=\"1626\" \/>\n<p data-start=\"1628\" data-end=\"1808\">Si buscas un <strong data-start=\"1641\" data-end=\"1677\">sof\u00e1 relax el\u00e9ctrico en Badalona<\/strong>, ven a visitarnos a <strong data-start=\"1698\" data-end=\"1716\">Muebles Detena<\/strong> y pru\u00e9balo personalmente. Te asesoramos para que encuentres el sof\u00e1 perfecto para tu hogar.<\/p>","protected":false},"excerpt":{"rendered":"<div class=\"flex flex-col text-sm pb-25\">\n<article class=\"text-token-text-primary w-full focus:outline-none [--shadow-height:45px] has-data-writing-block:pointer-events-none has-data-writing-block:-mt-(--shadow-height) has-data-writing-block:pt-(--shadow-height) [&amp;:has([data-writing-block])&gt;*]:pointer-events-auto scroll-mt-[calc(var(--header-height)+min(200px,max(70px,20svh)))]\" dir=\"auto\" tabindex=\"-1\" data-turn-id=\"request-WEB:83ef7d6e-207f-4314-a254-9c33a866451e-9\" data-testid=\"conversation-turn-4\" data-scroll-anchor=\"true\" data-turn=\"assistant\">\n<div class=\"text-base my-auto mx-auto pb-10 [--thread-content-margin:--spacing(4)] @w-sm\/main:[--thread-content-margin:--spacing(6)] @w-lg\/main:[--thread-content-margin:--spacing(16)] px-(--thread-content-margin)\">\n<div class=\"[--thread-content-max-width:40rem] @w-lg\/main:[--thread-content-max-width:48rem] mx-auto max-w-(--thread-content-max-width) flex-1 group\/turn-messages focus-visible:outline-hidden relative flex w-full min-w-0 flex-col agent-turn\" tabindex=\"-1\">\n<div class=\"flex max-w-full flex-col grow\">\n<div class=\"min-h-8 text-message relative flex w-full flex-col items-end gap-2 text-start break-words whitespace-normal [.text-message+&amp;]:mt-1\" dir=\"auto\" data-message-author-role=\"assistant\" data-message-id=\"967960f9-165c-4e13-9f3e-8a33b689cb75\" data-message-model-slug=\"gpt-5-2\">\n<div class=\"flex w-full flex-col gap-1 empty:hidden first:pt-[1px]\">\n<div class=\"markdown prose dark:prose-invert w-full wrap-break-word light markdown-new-styling\">\n<p data-start=\"0\" data-end=\"347\" data-is-last-node=\"\" data-is-only-node=\"\">Sof\u00e1 Eden con asientos relax el\u00e9ctricos independientes y botonera USB integrada en el brazo. Estructura de madera de pino, suspensi\u00f3n con muelles Ultra Box Made in Germany y espuma de alta densidad 34 kg. Disponible en 174, 194, 214 y 234 cm. Medidas: alto 104 cm, fondo 98 cm y fondo abierto 154 cm. Env\u00edo y colocaci\u00f3n opcional 110 \u20ac hasta 15 km.<\/p>\n<\/div>\n<\/div>\n<\/div>\n<\/div>\n<div class=\"z-0 flex min-h-[46px] justify-start\"><\/div>\n<div class=\"mt-3 w-full empty:hidden\">\n<div class=\"text-center\"><\/div>\n<\/div>\n<\/div>\n<\/div>\n<\/article>\n<\/div>\n<div class=\"pointer-events-none h-px w-px absolute bottom-0\" aria-hidden=\"true\" data-edge=\"true\"><\/div>\n","protected":false},"featured_media":44401,"comment_status":"closed","ping_status":"closed","template":"","meta":{"site-sidebar-layout":"default","site-content-layout":"","ast-site-content-layout":"default","site-content-style":"default","site-sidebar-style":"default","ast-global-header-display":"","ast-banner-title-visibility":"","ast-main-header-display":"","ast-hfb-above-header-display":"","ast-hfb-below-header-display":"","ast-hfb-mobile-header-display":"","site-post-title":"","ast-breadcrumbs-content":"","ast-featured-img":"","footer-sml-layout":"","ast-disable-related-posts":"","theme-transparent-header-meta":"default","adv-header-id-meta":"","stick-header-meta":"default","header-above-stick-meta":"","header-main-stick-meta":"","header-below-stick-meta":"","astra-migrate-meta-layouts":"set","ast-page-background-enabled":"default","ast-page-background-meta":{"desktop":{"background-color":"var(--ast-global-color-4)","background-image":"","background-repeat":"repeat","background-position":"center center","background-size":"auto","background-attachment":"scroll","background-type":"","background-media":"","overlay-type":"","overlay-color":"","overlay-opacity":"","overlay-gradient":""},"tablet":{"background-color":"","background-image":"","background-repeat":"repeat","background-position":"center center","background-size":"auto","background-attachment":"scroll","background-type":"","background-media":"","overlay-type":"","overlay-color":"","overlay-opacity":"","overlay-gradient":""},"mobile":{"background-color":"","background-image":"","background-repeat":"repeat","background-position":"center center","background-size":"auto","background-attachment":"scroll","background-type":"","background-media":"","overlay-type":"","overlay-color":"","overlay-opacity":"","overlay-gradient":""}},"ast-content-background-meta":{"desktop":{"background-color":"var(--ast-global-color-5)","background-image":"","background-repeat":"repeat","background-position":"center center","background-size":"auto","background-attachment":"scroll","background-type":"","background-media":"","overlay-type":"","overlay-color":"","overlay-opacity":"","overlay-gradient":""},"tablet":{"background-color":"var(--ast-global-color-5)","background-image":"","background-repeat":"repeat","background-position":"center center","background-size":"auto","background-attachment":"scroll","background-type":"","background-media":"","overlay-type":"","overlay-color":"","overlay-opacity":"","overlay-gradient":""},"mobile":{"background-color":"var(--ast-global-color-5)","background-image":"","background-repeat":"repeat","background-position":"center center","background-size":"auto","background-attachment":"scroll","background-type":"","background-media":"","overlay-type":"","overlay-color":"","overlay-opacity":"","overlay-gradient":""}},"_joinchat":[]},"product_brand":[],"product_cat":[259,278,280],"product_tag":[1378,788],"class_list":["post-44400","product","type-product","status-publish","has-post-thumbnail","product_cat-sofas-badalona","product_cat-sofa-relax-electrico","product_cat-sofas-sin-chaise-longue","product_tag-index","product_tag-kenet","desktop-align-center","tablet-align-left","mobile-align-left","ast-product-gallery-layout-vertical-slider","ast-product-gallery-with-no-image","ast-product-tabs-layout-accordion","ast-qv-on-image","first","instock","sale","shipping-taxable","purchasable","product-type-simple"],"_links":{"self":[{"href":"https:\/\/mueblesdetena.es\/ru_ru\/wp-json\/wp\/v2\/product\/44400","targetHints":{"allow":["GET"]}}],"collection":[{"href":"https:\/\/mueblesdetena.es\/ru_ru\/wp-json\/wp\/v2\/product"}],"about":[{"href":"https:\/\/mueblesdetena.es\/ru_ru\/wp-json\/wp\/v2\/types\/product"}],"replies":[{"embeddable":true,"href":"https:\/\/mueblesdetena.es\/ru_ru\/wp-json\/wp\/v2\/comments?post=44400"}],"version-history":[{"count":2,"href":"https:\/\/mueblesdetena.es\/ru_ru\/wp-json\/wp\/v2\/product\/44400\/revisions"}],"predecessor-version":[{"id":44403,"href":"https:\/\/mueblesdetena.es\/ru_ru\/wp-json\/wp\/v2\/product\/44400\/revisions\/44403"}],"wp:featuredmedia":[{"embeddable":true,"href":"https:\/\/mueblesdetena.es\/ru_ru\/wp-json\/wp\/v2\/media\/44401"}],"wp:attachment":[{"href":"https:\/\/mueblesdetena.es\/ru_ru\/wp-json\/wp\/v2\/media?parent=44400"}],"wp:term":[{"taxonomy":"product_brand","embeddable":true,"href":"https:\/\/mueblesdetena.es\/ru_ru\/wp-json\/wp\/v2\/product_brand?post=44400"},{"taxonomy":"product_cat","embeddable":true,"href":"https:\/\/mueblesdetena.es\/ru_ru\/wp-json\/wp\/v2\/product_cat?post=44400"},{"taxonomy":"product_tag","embeddable":true,"href":"https:\/\/mueblesdetena.es\/ru_ru\/wp-json\/wp\/v2\/product_tag?post=44400"}],"curies":[{"name":"wp","href":"https:\/\/api.w.org\/{rel}","templated":true}]}}