{"id":44805,"date":"2026-03-28T20:17:08","date_gmt":"2026-03-28T19:17:08","guid":{"rendered":"https:\/\/mueblesdetena.es\/?post_type=product&#038;p=44805"},"modified":"2026-06-27T08:29:33","modified_gmt":"2026-06-27T06:29:33","slug":"sofa-con-asientos-deslizantes-duo","status":"publish","type":"product","link":"https:\/\/mueblesdetena.es\/ru_ru\/sofa-con-asientos-deslizantes-duo\/","title":{"rendered":"Sofa con asientos deslizantes Duo."},"content":{"rendered":"<h2 data-section-id=\"gk0icm\" data-start=\"158\" data-end=\"230\">Sof\u00e1 Duo con Arc\u00f3n y Asientos Extra\u00edbles en Badalona | Muebles Detena<\/h2>\n<p data-start=\"232\" data-end=\"546\">El <strong data-start=\"235\" data-end=\"247\">sof\u00e1 Duo<\/strong> es una opci\u00f3n perfecta si buscas <strong data-start=\"281\" data-end=\"326\">comodidad, almacenamiento y funcionalidad<\/strong> en un solo mueble. Disponible en nuestra tienda <strong data-start=\"375\" data-end=\"405\">Muebles Detena en Badalona<\/strong>, este sof\u00e1 destaca por su dise\u00f1o pr\u00e1ctico con <strong data-start=\"452\" data-end=\"477\">arcones en los brazos<\/strong>, ideales para guardar mantas, cojines u otros objetos del d\u00eda a d\u00eda.<\/p>\n<p data-start=\"548\" data-end=\"680\">Gracias a sus <strong data-start=\"562\" data-end=\"585\">asientos extra\u00edbles<\/strong>, el sof\u00e1 se convierte f\u00e1cilmente en una <strong data-start=\"626\" data-end=\"641\">cama c\u00f3moda<\/strong>, perfecta para invitados o uso diario.<\/p>\n<h3 data-section-id=\"1b73g8b\" data-start=\"682\" data-end=\"705\">Medidas disponibles<\/h3>\n<ul data-start=\"706\" data-end=\"842\">\n<li data-section-id=\"yx80bb\" data-start=\"706\" data-end=\"735\">Medida est\u00e1ndar: <strong data-start=\"725\" data-end=\"735\">188 cm<\/strong><\/li>\n<li data-section-id=\"mk2w6\" data-start=\"736\" data-end=\"783\">Opciones: <strong data-start=\"748\" data-end=\"783\">208 cm, 228 cm, 254 cm y 284 cm<\/strong><\/li>\n<li data-section-id=\"gwepka\" data-start=\"784\" data-end=\"842\">Disponible tambi\u00e9n en versi\u00f3n <strong data-start=\"816\" data-end=\"842\">sof\u00e1 con chaise longue<\/strong><\/li>\n<\/ul>\n<h3 data-section-id=\"v2s8st\" data-start=\"844\" data-end=\"872\">Caracter\u00edsticas t\u00e9cnicas<\/h3>\n<ul data-start=\"873\" data-end=\"1375\">\n<li data-section-id=\"cssm3f\" data-start=\"873\" data-end=\"893\">Altura: <strong data-start=\"883\" data-end=\"893\">109 cm<\/strong><\/li>\n<li data-section-id=\"1gmt3sy\" data-start=\"894\" data-end=\"913\">Fondo: <strong data-start=\"903\" data-end=\"913\">112 cm<\/strong><\/li>\n<li data-section-id=\"1gcd4wt\" data-start=\"914\" data-end=\"947\">Salida del extra\u00edble: <strong data-start=\"938\" data-end=\"947\">46 cm<\/strong><\/li>\n<li data-section-id=\"u9wvlx\" data-start=\"948\" data-end=\"998\">Estructura de <strong data-start=\"964\" data-end=\"979\">pino macizo<\/strong> (alta resistencia)<\/li>\n<li data-section-id=\"okq9dq\" data-start=\"999\" data-end=\"1070\">Asientos con <strong data-start=\"1014\" data-end=\"1041\">n\u00facleo t\u00e9cnico de 34 kg<\/strong> (gran confort y durabilidad)<\/li>\n<li data-section-id=\"1wefs43\" data-start=\"1071\" data-end=\"1123\">Asientos, respaldos y ri\u00f1oneras <strong data-start=\"1105\" data-end=\"1123\">desenfundables<\/strong><\/li>\n<li data-section-id=\"1h1vlia\" data-start=\"1124\" data-end=\"1157\">Sistema <strong data-start=\"1134\" data-end=\"1157\">deslizante al suelo<\/strong><\/li>\n<li data-section-id=\"1k288n6\" data-start=\"1158\" data-end=\"1205\">Brazos tipo almohada con <strong data-start=\"1185\" data-end=\"1205\">fibra Sense Soft<\/strong><\/li>\n<li data-section-id=\"qouscs\" data-start=\"1206\" data-end=\"1257\">Brazo con <strong data-start=\"1218\" data-end=\"1257\">m\u00f3dulo deslizante y arc\u00f3n integrado<\/strong><\/li>\n<li data-section-id=\"aarrv\" data-start=\"1258\" data-end=\"1317\"><strong data-start=\"1260\" data-end=\"1301\">Cabezales reclinables en 9 posiciones<\/strong> (de 90\u00ba a 120\u00ba)<\/li>\n<li data-section-id=\"ogvl29\" data-start=\"1318\" data-end=\"1375\">Patas de <strong data-start=\"1329\" data-end=\"1347\">madera natural<\/strong> (opci\u00f3n en acabado cromado)<\/li>\n<\/ul>\n<p data-start=\"1377\" data-end=\"1413\">\ud83d\udccc <em data-start=\"1380\" data-end=\"1413\">Las medidas pueden variar \u00b14 cm<\/em><\/p>\n<h3 data-section-id=\"q7jzwk\" data-start=\"1415\" data-end=\"1452\">Entrega en Badalona y alrededores<\/h3>\n<p data-start=\"1453\" data-end=\"1579\">Ofrecemos <strong data-start=\"1463\" data-end=\"1511\">servicio de env\u00edo y colocaci\u00f3n por solo 100\u20ac<\/strong> en un radio de hasta <strong data-start=\"1533\" data-end=\"1578\">15 km (Badalona, Barcelona y alrededores)<\/strong>.<\/p>\n<hr data-start=\"1581\" data-end=\"1584\" \/>\n<h2 data-section-id=\"16eiuqw\" data-start=\"1586\" data-end=\"1635\">\u00bfPor qu\u00e9 elegir el sof\u00e1 Duo en Muebles Detena?<\/h2>\n<ul data-start=\"1636\" data-end=\"1817\">\n<li data-section-id=\"van58\" data-start=\"1636\" data-end=\"1666\">\u2714 Sof\u00e1 con almacenaje oculto<\/li>\n<li data-section-id=\"9o8pgn\" data-start=\"1667\" data-end=\"1692\">\u2714 Funci\u00f3n cama pr\u00e1ctica<\/li>\n<li data-section-id=\"mzcwpa\" data-start=\"1693\" data-end=\"1730\">\u2714 Fabricaci\u00f3n resistente y duradera<\/li>\n<li data-section-id=\"v60qzy\" data-start=\"1731\" data-end=\"1775\">\u2714 Ideal para pisos en Badalona y Barcelona<\/li>\n<li data-section-id=\"1z0wz8p\" data-start=\"1776\" data-end=\"1817\">\u2714 Asesoramiento personalizado en tienda<\/li>\n<\/ul>","protected":false},"excerpt":{"rendered":"<p>El sof\u00e1 Duo ofrece almacenamiento en brazos con arc\u00f3n y asientos extra\u00edbles que se convierten en cama. Medidas: 188 cm (opcionales 208, 228, 254 y 284). Altura 109 cm, fondo 112 cm, extra\u00edble 46 cm. Estructura de pino macizo y asientos de alta densidad. Env\u00edo y colocaci\u00f3n opcional por 100\u20ac hasta 15 km.<\/p>","protected":false},"featured_media":44806,"comment_status":"closed","ping_status":"closed","template":"","meta":{"site-sidebar-layout":"default","site-content-layout":"","ast-site-content-layout":"default","site-content-style":"default","site-sidebar-style":"default","ast-global-header-display":"","ast-banner-title-visibility":"","ast-main-header-display":"","ast-hfb-above-header-display":"","ast-hfb-below-header-display":"","ast-hfb-mobile-header-display":"","site-post-title":"","ast-breadcrumbs-content":"","ast-featured-img":"","footer-sml-layout":"","ast-disable-related-posts":"","theme-transparent-header-meta":"default","adv-header-id-meta":"","stick-header-meta":"default","header-above-stick-meta":"","header-main-stick-meta":"","header-below-stick-meta":"","astra-migrate-meta-layouts":"set","ast-page-background-enabled":"default","ast-page-background-meta":{"desktop":{"background-color":"var(--ast-global-color-4)","background-image":"","background-repeat":"repeat","background-position":"center center","background-size":"auto","background-attachment":"scroll","background-type":"","background-media":"","overlay-type":"","overlay-color":"","overlay-opacity":"","overlay-gradient":""},"tablet":{"background-color":"","background-image":"","background-repeat":"repeat","background-position":"center center","background-size":"auto","background-attachment":"scroll","background-type":"","background-media":"","overlay-type":"","overlay-color":"","overlay-opacity":"","overlay-gradient":""},"mobile":{"background-color":"","background-image":"","background-repeat":"repeat","background-position":"center center","background-size":"auto","background-attachment":"scroll","background-type":"","background-media":"","overlay-type":"","overlay-color":"","overlay-opacity":"","overlay-gradient":""}},"ast-content-background-meta":{"desktop":{"background-color":"var(--ast-global-color-5)","background-image":"","background-repeat":"repeat","background-position":"center center","background-size":"auto","background-attachment":"scroll","background-type":"","background-media":"","overlay-type":"","overlay-color":"","overlay-opacity":"","overlay-gradient":""},"tablet":{"background-color":"var(--ast-global-color-5)","background-image":"","background-repeat":"repeat","background-position":"center center","background-size":"auto","background-attachment":"scroll","background-type":"","background-media":"","overlay-type":"","overlay-color":"","overlay-opacity":"","overlay-gradient":""},"mobile":{"background-color":"var(--ast-global-color-5)","background-image":"","background-repeat":"repeat","background-position":"center center","background-size":"auto","background-attachment":"scroll","background-type":"","background-media":"","overlay-type":"","overlay-color":"","overlay-opacity":"","overlay-gradient":""}},"_joinchat":[]},"product_brand":[],"product_cat":[259,280],"product_tag":[788,786,787],"class_list":["post-44805","product","type-product","status-publish","has-post-thumbnail","product_cat-sofas-badalona","product_cat-sofas-sin-chaise-longue","product_tag-kenet","product_tag-rpep","product_tag-ruben","desktop-align-center","tablet-align-left","mobile-align-left","ast-product-gallery-layout-vertical-slider","ast-product-tabs-layout-accordion","ast-qv-on-image","first","instock","sale","shipping-taxable","purchasable","product-type-simple"],"_links":{"self":[{"href":"https:\/\/mueblesdetena.es\/ru_ru\/wp-json\/wp\/v2\/product\/44805","targetHints":{"allow":["GET"]}}],"collection":[{"href":"https:\/\/mueblesdetena.es\/ru_ru\/wp-json\/wp\/v2\/product"}],"about":[{"href":"https:\/\/mueblesdetena.es\/ru_ru\/wp-json\/wp\/v2\/types\/product"}],"replies":[{"embeddable":true,"href":"https:\/\/mueblesdetena.es\/ru_ru\/wp-json\/wp\/v2\/comments?post=44805"}],"version-history":[{"count":3,"href":"https:\/\/mueblesdetena.es\/ru_ru\/wp-json\/wp\/v2\/product\/44805\/revisions"}],"predecessor-version":[{"id":44811,"href":"https:\/\/mueblesdetena.es\/ru_ru\/wp-json\/wp\/v2\/product\/44805\/revisions\/44811"}],"wp:featuredmedia":[{"embeddable":true,"href":"https:\/\/mueblesdetena.es\/ru_ru\/wp-json\/wp\/v2\/media\/44806"}],"wp:attachment":[{"href":"https:\/\/mueblesdetena.es\/ru_ru\/wp-json\/wp\/v2\/media?parent=44805"}],"wp:term":[{"taxonomy":"product_brand","embeddable":true,"href":"https:\/\/mueblesdetena.es\/ru_ru\/wp-json\/wp\/v2\/product_brand?post=44805"},{"taxonomy":"product_cat","embeddable":true,"href":"https:\/\/mueblesdetena.es\/ru_ru\/wp-json\/wp\/v2\/product_cat?post=44805"},{"taxonomy":"product_tag","embeddable":true,"href":"https:\/\/mueblesdetena.es\/ru_ru\/wp-json\/wp\/v2\/product_tag?post=44805"}],"curies":[{"name":"wp","href":"https:\/\/api.w.org\/{rel}","templated":true}]}}