{"id":45960,"date":"2026-05-24T12:16:29","date_gmt":"2026-05-24T10:16:29","guid":{"rendered":"https:\/\/mueblesdetena.es\/?post_type=product&#038;p=45960"},"modified":"2026-06-27T08:29:26","modified_gmt":"2026-06-27T06:29:26","slug":"sofa-3-plazas-deslizante-respaldos-multiposicion","status":"publish","type":"product","link":"https:\/\/mueblesdetena.es\/ru_ru\/sofa-3-plazas-deslizante-respaldos-multiposicion\/","title":{"rendered":"Sof\u00e1 3 Plazas Deslizante con Respaldos Multiposici\u00f3n"},"content":{"rendered":"<h2 data-section-id=\"p29zgh\" data-start=\"0\" data-end=\"71\">Sof\u00e1 deslizante de 3 plazas de gama alta con respaldos multiposici\u00f3n<\/h2>\n<p data-start=\"73\" data-end=\"382\">Sof\u00e1 de 3 plazas de dise\u00f1o moderno y elegante, fabricado con estructura maciza de gran resistencia y materiales de alta calidad. Equipado con asientos deslizantes para una mayor comodidad, respaldos multiposici\u00f3n ajustables y patas met\u00e1licas de dise\u00f1o contempor\u00e1neo que aportan un estilo sofisticado al sal\u00f3n.Densidad de asientos en 30kg para una larga vida util.<\/p>\n<p data-start=\"384\" data-end=\"598\">Incluye asientos, respaldos y brazos totalmente desenfundables, facilitando la limpieza y el mantenimiento diario. Disponible en medida de 245 cm, con opci\u00f3n xl de 275 cm para adaptarse a diferentes espacios.<\/p>\n<p data-start=\"600\" data-end=\"719\" data-is-last-node=\"\" data-is-only-node=\"\">Un sof\u00e1 c\u00f3modo, funcional y de gama alta, ideal para quienes buscan confort, durabilidad y dise\u00f1o en un mismo producto.<\/p>\n<p data-start=\"600\" data-end=\"719\" data-is-last-node=\"\" data-is-only-node=\"\">Adem\u00e1s, este sof\u00e1 est\u00e1 disponible en diferentes opciones de color y tapicer\u00edas con tratamiento antimanchas, ideales para un uso diario m\u00e1s pr\u00e1ctico y duradero. Dispone de una medida de fondo de 97 cm y una altura total de 111 cm, ofreciendo una sentada c\u00f3moda y envolvente. Tambi\u00e9n existe la opci\u00f3n de incorporar brazos con arc\u00f3n de almacenamiento por un suplemento de 30 \u20ac cada uno, aportando un extra de funcionalidad y espacio de almacenaje.<\/p>\n<p data-start=\"600\" data-end=\"719\" data-is-last-node=\"\" data-is-only-node=\"\">Sof\u00e1 3 Plazas Deslizante con Respaldos Multiposici\u00f3n y Dise\u00f1o Moderno.<\/p>\n<p data-start=\"600\" data-end=\"719\" data-is-last-node=\"\" data-is-only-node=\"\">Envio y colocaci\u00f3n opcional 100\u20ac (hasta 15 km)<\/p>\n<figure id=\"attachment_45964\" aria-describedby=\"caption-attachment-45964\" style=\"width: 300px\" class=\"wp-caption alignnone\"><img fetchpriority=\"high\" decoding=\"async\" class=\"size-medium wp-image-45964\" src=\"https:\/\/mueblesdetena.es\/wp-content\/uploads\/2026\/05\/detalle-sofa-deslizante-tapiceria-antimanchas-300x270.jpg\" alt=\"Detalle de brazo y asiento de sof\u00e1 deslizante moderno con tapicer\u00eda antimanchas\" width=\"300\" height=\"270\" srcset=\"https:\/\/mueblesdetena.es\/wp-content\/uploads\/2026\/05\/detalle-sofa-deslizante-tapiceria-antimanchas-300x270.jpg 300w, https:\/\/mueblesdetena.es\/wp-content\/uploads\/2026\/05\/detalle-sofa-deslizante-tapiceria-antimanchas-1024x922.jpg 1024w, https:\/\/mueblesdetena.es\/wp-content\/uploads\/2026\/05\/detalle-sofa-deslizante-tapiceria-antimanchas-768x691.jpg 768w, https:\/\/mueblesdetena.es\/wp-content\/uploads\/2026\/05\/detalle-sofa-deslizante-tapiceria-antimanchas-600x540.jpg 600w, https:\/\/mueblesdetena.es\/wp-content\/uploads\/2026\/05\/detalle-sofa-deslizante-tapiceria-antimanchas.jpg 1109w\" sizes=\"(max-width: 300px) 100vw, 300px\" \/><figcaption id=\"caption-attachment-45964\" class=\"wp-caption-text\">Detalle de acabados, tapicer\u00eda y dise\u00f1o moderno del sof\u00e1 deslizante<\/figcaption><\/figure>\n<hr \/>\n<p data-start=\"600\" data-end=\"719\" data-is-last-node=\"\" data-is-only-node=\"\">Si quieres ver mas ofertas de sof\u00e1 aqui esta nuestro mini catalogo\u00a0<a href=\"https:\/\/mueblesdetena.es\/sofas-badalona\/\">https:\/\/mueblesdetena.es\/sofas-badalona\/<\/a><\/p>\n<hr \/>\n<div class=\"relative basis-auto flex-col -mb-(--composer-overlap-px) pb-(--composer-overlap-px) [--composer-overlap-px:28px] grow flex\">\n<div class=\"flex flex-col text-sm\">\n<div class=\"qMYqUG_convSearchResultHighlightRoot\">\n<div class=\"\" data-turn-id-container=\"request-6a0d727a-768c-8331-aa39-d3d77abf219c-14\" data-is-intersecting=\"true\">\n<section class=\"text-token-text-primary w-full focus:outline-none has-data-writing-block:pointer-events-none [&amp;:has([data-writing-block])&gt;*]:pointer-events-auto R6Vx5W_threadScrollVars scroll-mb-[calc(var(--scroll-root-safe-area-inset-bottom,0px)+var(--thread-response-height))] scroll-mt-[calc(var(--header-height)+min(200px,max(70px,20svh)))]\" dir=\"auto\" data-turn-id=\"request-6a0d727a-768c-8331-aa39-d3d77abf219c-14\" data-turn-id-container=\"request-6a0d727a-768c-8331-aa39-d3d77abf219c-14\" data-testid=\"conversation-turn-210\" data-scroll-anchor=\"false\" data-turn=\"assistant\">\n<div class=\"text-base my-auto mx-auto pb-10 [--thread-content-margin:var(--thread-content-margin-xs,calc(var(--spacing)*4))] @w-sm\/main:[--thread-content-margin:var(--thread-content-margin-sm,calc(var(--spacing)*6))] @w-lg\/main:[--thread-content-margin:var(--thread-content-margin-lg,calc(var(--spacing)*16))] px-(--thread-content-margin)\">\n<div class=\"[--thread-content-max-width:40rem] @w-lg\/main:[--thread-content-max-width:48rem] mx-auto max-w-(--thread-content-max-width) flex-1 group\/turn-messages focus-visible:outline-hidden relative flex w-full min-w-0 flex-col agent-turn\">\n<div class=\"flex max-w-full flex-col gap-4 grow\">\n<div class=\"min-h-8 text-message relative flex w-full flex-col items-end gap-2 text-start break-words whitespace-normal outline-none keyboard-focused:focus-ring [.text-message+&amp;]:mt-1\" dir=\"auto\" tabindex=\"0\" data-message-author-role=\"assistant\" data-message-id=\"dbf05512-3440-45db-8bf5-e42205bd18b0\" data-message-model-slug=\"gpt-5-5\" data-turn-start-message=\"true\">\n<div class=\"flex w-full flex-col gap-1 empty:hidden\">\n<div class=\"markdown prose dark:prose-invert wrap-break-word w-full light markdown-new-styling\">\n<h2 data-section-id=\"ywg6pl\" data-start=\"0\" data-end=\"60\">Preguntas y consultas frecuentes<\/h2>\n<p>&nbsp;<\/p>\n<p data-start=\"62\" data-end=\"232\">\ud83d\udecb\ufe0f <strong data-start=\"66\" data-end=\"100\">\u00bfLos asientos son deslizantes?<\/strong><br data-start=\"100\" data-end=\"103\" \/>S\u00ed, este sof\u00e1 incorpora asientos deslizantes que permiten ganar profundidad y conseguir una sentada mucho m\u00e1s c\u00f3moda y relajante.<\/p>\n<p data-start=\"240\" data-end=\"420\">\ud83d\udd04 <strong data-start=\"243\" data-end=\"294\">\u00bfLos respaldos son reclinables o multiposici\u00f3n?<\/strong><br data-start=\"294\" data-end=\"297\" \/>S\u00ed, dispone de respaldos multiposici\u00f3n para adaptar la postura y mejorar el confort tanto en modo relax como en uso diario.<\/p>\n<p data-start=\"428\" data-end=\"601\">\ud83e\uddfc <strong data-start=\"431\" data-end=\"464\">\u00bfLa tapicer\u00eda es antimanchas?<\/strong><br data-start=\"464\" data-end=\"467\" \/>S\u00ed, est\u00e1 disponible en diferentes tapicer\u00edas con tratamiento antimanchas, ideales para un uso diario m\u00e1s pr\u00e1ctico y f\u00e1cil de mantener.<\/p>\n<p data-start=\"609\" data-end=\"783\">\ud83d\udce6 <strong data-start=\"612\" data-end=\"662\">\u00bfSe puede a\u00f1adir almacenamiento en los brazos?<\/strong><br data-start=\"662\" data-end=\"665\" \/>S\u00ed, existe la opci\u00f3n de brazo con arc\u00f3n por un suplemento de 30 \u20ac cada uno, perfecto para ganar espacio de almacenaje.<\/p>\n<p data-start=\"791\" data-end=\"962\">\ud83d\udccf <strong data-start=\"794\" data-end=\"825\">\u00bfQu\u00e9 medidas tiene el sof\u00e1?<\/strong><br data-start=\"825\" data-end=\"828\" \/>La medida est\u00e1ndar es de 245 cm de ancho, con opci\u00f3n xl de 245 cm. Adem\u00e1s, tiene un fondo de 97 cm y una altura total de 111 cm.<\/p>\n<p data-start=\"970\" data-end=\"1110\">\ud83c\udfa8 <strong data-start=\"973\" data-end=\"1016\">\u00bfEst\u00e1 disponible en diferentes colores?<\/strong><br data-start=\"1016\" data-end=\"1019\" \/>S\u00ed, puedes elegir entre diferentes colores y acabados para adaptarlo al estilo de tu sal\u00f3n.<\/p>\n<p data-start=\"1118\" data-end=\"1296\" data-is-last-node=\"\" data-is-only-node=\"\">\ud83c\udfd7\ufe0f <strong data-start=\"1122\" data-end=\"1165\">\u00bfEs un sof\u00e1 resistente para uso diario?<\/strong><br data-start=\"1165\" data-end=\"1168\" \/>S\u00ed, est\u00e1 fabricado con estructura maciza y materiales de alta calidad pensados para ofrecer gran durabilidad y comodidad diaria.<\/p>\n<p data-start=\"1118\" data-end=\"1296\" data-is-last-node=\"\" data-is-only-node=\"\">Sof\u00e1 3 Plazas Deslizante con Respaldos Multiposici\u00f3n<\/p>\n<\/div>\n<\/div>\n<\/div>\n<\/div>\n<div class=\"z-0 flex min-h-[46px] justify-start\"><\/div>\n<\/div>\n<\/div>\n<\/section>\n<\/div>\n<\/div>\n<\/div>\n<\/div>\n<div id=\"thread-bottom-container\" class=\"sticky bottom-0 z-10 group\/thread-bottom-container relative isolate w-full basis-auto has-data-has-thread-error:pt-2 has-data-has-thread-error:[box-shadow:var(--sharp-edge-bottom-shadow)] md:border-transparent md:pt-0 dark:border-white\/20 md:dark:border-transparent print:hidden content-fade single-line flex flex-col\">\n<div id=\"thread-bottom\">\n<div class=\"text-base mx-auto [--thread-content-margin:var(--thread-content-margin-xs,calc(var(--spacing)*4))] @w-sm\/main:[--thread-content-margin:var(--thread-content-margin-sm,calc(var(--spacing)*6))] @w-lg\/main:[--thread-content-margin:var(--thread-content-margin-lg,calc(var(--spacing)*16))] px-(--thread-content-margin)\">\n<div class=\"[--thread-content-max-width:40rem] @w-lg\/main:[--thread-content-max-width:48rem] mx-auto max-w-(--thread-content-max-width) flex-1 mb-[var(--thread-component-gap,1rem)]\">\n<div class=\"w-full\">\n<div class=\"pointer-events-auto relative z-1 flex h-(--composer-container-height,100%) max-w-full flex-(--composer-container-flex,1) flex-col\">\n<form class=\"group\/composer w-full\" data-type=\"unified-composer\">\n<div class=\"\">\n<div class=\"bg-token-bg-primary dark:bg-token-bg-elevated-primary dark-oled:bg-token-bg-primary corner-superellipse\/1.1 relative cursor-text overflow-clip bg-clip-padding p-2.5 contain-inline-size motion-safe:transition-colors motion-safe:duration-200 motion-safe:ease-in-out grid grid-cols-[auto_1fr_auto] [grid-template-areas:'header_header_header'_'leading_primary_trailing'_'._footer_.'] group-data-expanded\/composer:[grid-template-areas:'header_header_header'_'primary_primary_primary'_'leading_footer_trailing'] max-sm:[grid-template-areas:'header_header_header'_'primary_primary_primary'_'leading_footer_trailing'] shadow-short-composer\" data-composer-surface=\"true\">\n<div class=\"[grid-area:leading]\"><\/div>\n<div class=\"-my-2.5 flex overflow-x-hidden px-1.5 [grid-area:primary] group-data-expanded\/composer:mb-0 group-data-expanded\/composer:px-2.5 min-h-14 items-center\">\n<div class=\"wcDTda_prosemirror-parent text-token-text-primary max-h-[max(30svh,5rem)] max-h-52 min-h-[var(--deep-research-composer-extra-height,unset)] flex-1 overflow-auto [scrollbar-width:thin] default-browser vertical-scroll-fade-mask\">\n<p><textarea class=\"wcDTda_fallbackTextarea\" name=\"prompt-textarea\" placeholder=\"Pregunta lo que quieras\" aria-label=\"Chatear con ChatGPT\" data-virtualkeyboard=\"true\"><\/textarea><\/p>\n<div id=\"prompt-textarea\" class=\"ProseMirror\" role=\"textbox\" contenteditable=\"true\" translate=\"no\" data-virtualkeyboard=\"true\" aria-multiline=\"true\" aria-label=\"Chatear con ChatGPT\"><\/div>\n<\/div>\n<\/div>\n<\/div>\n<\/div>\n<\/form>\n<\/div>\n<\/div>\n<\/div>\n<\/div>\n<\/div>\n<\/div>\n","protected":false},"excerpt":{"rendered":"<p>Sof\u00e1 de 3 plazas con asientos deslizantes, respaldos multiposici\u00f3n y estructura maciza de alta calidad. Disponible en medidas de 245 cm y opci\u00f3n xl de 275 cm. Fondo de 97 cm y altura de 111 cm. Tapicer\u00edas antimanchas y opci\u00f3n de brazo con arc\u00f3n por 30 \u20ac cada uno. Env\u00edo y montaje opcional. Dise\u00f1o moderno, c\u00f3modo y funcional para el d\u00eda a d\u00eda.<\/p>\n<p>Sof\u00e1 3 Plazas Deslizante con Respaldos Multiposici\u00f3n<\/p>","protected":false},"featured_media":45961,"comment_status":"closed","ping_status":"closed","template":"","meta":{"site-sidebar-layout":"default","site-content-layout":"","ast-site-content-layout":"default","site-content-style":"default","site-sidebar-style":"default","ast-global-header-display":"","ast-banner-title-visibility":"","ast-main-header-display":"","ast-hfb-above-header-display":"","ast-hfb-below-header-display":"","ast-hfb-mobile-header-display":"","site-post-title":"","ast-breadcrumbs-content":"","ast-featured-img":"","footer-sml-layout":"","ast-disable-related-posts":"","theme-transparent-header-meta":"default","adv-header-id-meta":"","stick-header-meta":"default","header-above-stick-meta":"","header-main-stick-meta":"","header-below-stick-meta":"","astra-migrate-meta-layouts":"set","ast-page-background-enabled":"default","ast-page-background-meta":{"desktop":{"background-color":"var(--ast-global-color-4)","background-image":"","background-repeat":"repeat","background-position":"center center","background-size":"auto","background-attachment":"scroll","background-type":"","background-media":"","overlay-type":"","overlay-color":"","overlay-opacity":"","overlay-gradient":""},"tablet":{"background-color":"","background-image":"","background-repeat":"repeat","background-position":"center center","background-size":"auto","background-attachment":"scroll","background-type":"","background-media":"","overlay-type":"","overlay-color":"","overlay-opacity":"","overlay-gradient":""},"mobile":{"background-color":"","background-image":"","background-repeat":"repeat","background-position":"center center","background-size":"auto","background-attachment":"scroll","background-type":"","background-media":"","overlay-type":"","overlay-color":"","overlay-opacity":"","overlay-gradient":""}},"ast-content-background-meta":{"desktop":{"background-color":"var(--ast-global-color-5)","background-image":"","background-repeat":"repeat","background-position":"center center","background-size":"auto","background-attachment":"scroll","background-type":"","background-media":"","overlay-type":"","overlay-color":"","overlay-opacity":"","overlay-gradient":""},"tablet":{"background-color":"var(--ast-global-color-5)","background-image":"","background-repeat":"repeat","background-position":"center center","background-size":"auto","background-attachment":"scroll","background-type":"","background-media":"","overlay-type":"","overlay-color":"","overlay-opacity":"","overlay-gradient":""},"mobile":{"background-color":"var(--ast-global-color-5)","background-image":"","background-repeat":"repeat","background-position":"center center","background-size":"auto","background-attachment":"scroll","background-type":"","background-media":"","overlay-type":"","overlay-color":"","overlay-opacity":"","overlay-gradient":""}},"_joinchat":[]},"product_brand":[],"product_cat":[259,280],"product_tag":[785],"class_list":["post-45960","product","type-product","status-publish","has-post-thumbnail","product_cat-sofas-badalona","product_cat-sofas-sin-chaise-longue","product_tag-pbadal","desktop-align-center","tablet-align-left","mobile-align-left","ast-product-gallery-layout-vertical-slider","ast-product-tabs-layout-accordion","ast-qv-on-image","first","instock","sale","shipping-taxable","purchasable","product-type-simple"],"_links":{"self":[{"href":"https:\/\/mueblesdetena.es\/ru_ru\/wp-json\/wp\/v2\/product\/45960","targetHints":{"allow":["GET"]}}],"collection":[{"href":"https:\/\/mueblesdetena.es\/ru_ru\/wp-json\/wp\/v2\/product"}],"about":[{"href":"https:\/\/mueblesdetena.es\/ru_ru\/wp-json\/wp\/v2\/types\/product"}],"replies":[{"embeddable":true,"href":"https:\/\/mueblesdetena.es\/ru_ru\/wp-json\/wp\/v2\/comments?post=45960"}],"version-history":[{"count":5,"href":"https:\/\/mueblesdetena.es\/ru_ru\/wp-json\/wp\/v2\/product\/45960\/revisions"}],"predecessor-version":[{"id":45974,"href":"https:\/\/mueblesdetena.es\/ru_ru\/wp-json\/wp\/v2\/product\/45960\/revisions\/45974"}],"wp:featuredmedia":[{"embeddable":true,"href":"https:\/\/mueblesdetena.es\/ru_ru\/wp-json\/wp\/v2\/media\/45961"}],"wp:attachment":[{"href":"https:\/\/mueblesdetena.es\/ru_ru\/wp-json\/wp\/v2\/media?parent=45960"}],"wp:term":[{"taxonomy":"product_brand","embeddable":true,"href":"https:\/\/mueblesdetena.es\/ru_ru\/wp-json\/wp\/v2\/product_brand?post=45960"},{"taxonomy":"product_cat","embeddable":true,"href":"https:\/\/mueblesdetena.es\/ru_ru\/wp-json\/wp\/v2\/product_cat?post=45960"},{"taxonomy":"product_tag","embeddable":true,"href":"https:\/\/mueblesdetena.es\/ru_ru\/wp-json\/wp\/v2\/product_tag?post=45960"}],"curies":[{"name":"wp","href":"https:\/\/api.w.org\/{rel}","templated":true}]}}