{"id":48792,"date":"2026-08-29T20:54:03","date_gmt":"2026-08-29T18:54:03","guid":{"rendered":"https:\/\/mueblesdetena.es\/?post_type=product&#038;p=48792"},"modified":"2026-08-29T20:54:04","modified_gmt":"2026-08-29T18:54:04","slug":"mesa-de-comedor-rebel","status":"publish","type":"product","link":"https:\/\/mueblesdetena.es\/ru_ru\/mesa-de-comedor-rebel\/","title":{"rendered":"Mesa de comedor Rebel"},"content":{"rendered":"<h3 class=\"PDq2pG_selectionAnchorContainer\" data-section-id=\"nl7bd1\" data-start=\"0\" data-end=\"61\">Mesa de comedor redonda fija, robusta y de gran presencia<\/h3>\n<p data-start=\"63\" data-end=\"203\">Mesa de comedor redonda de dise\u00f1o moderno y muy s\u00f3lido, ideal para quienes buscan una pieza resistente, estable y con una est\u00e9tica elegante.<\/p>\n<p data-start=\"205\" data-end=\"450\">Destaca por su <strong data-start=\"220\" data-end=\"250\">estructura s\u00faper reforzada<\/strong> y por un sobre de gran grosor, que aporta sensaci\u00f3n de calidad y mucha presencia visual. Est\u00e1 disponible en <strong data-start=\"359\" data-end=\"391\">diferentes opciones de color<\/strong>, para adaptarse f\u00e1cilmente a distintos estilos de comedor.<\/p>\n<p data-start=\"452\" data-end=\"524\">La mesa es <strong data-start=\"463\" data-end=\"471\">fija<\/strong>, no extensible, y est\u00e1 disponible en varias medidas:<\/p>\n<ul data-start=\"526\" data-end=\"618\">\n<li data-section-id=\"ej9t8\" data-start=\"526\" data-end=\"579\"><strong data-start=\"528\" data-end=\"549\">90 cm de di\u00e1metro<\/strong> \u2014 medida del precio anunciado<\/li>\n<li data-section-id=\"yhwhi\" data-start=\"580\" data-end=\"592\"><strong data-start=\"582\" data-end=\"592\">110 cm<\/strong><\/li>\n<li data-section-id=\"nn5xth\" data-start=\"593\" data-end=\"605\"><strong data-start=\"595\" data-end=\"605\">120 cm<\/strong><\/li>\n<li data-section-id=\"1uabipf\" data-start=\"606\" data-end=\"618\"><strong data-start=\"608\" data-end=\"618\">140 cm<\/strong><\/li>\n<\/ul>\n<p data-start=\"620\" data-end=\"644\"><strong data-start=\"620\" data-end=\"644\">Altura total: 76 cm.<\/strong><\/p>\n<p data-start=\"646\" data-end=\"802\">Disponible con <strong data-start=\"661\" data-end=\"688\">sobre de 4 cm de grosor<\/strong>, y seg\u00fan versi\u00f3n con efecto de mayor grosor visual de hasta <strong data-start=\"749\" data-end=\"757\">8 cm<\/strong>, aportando un aspecto especialmente robusto.<\/p>\n<p data-start=\"804\" data-end=\"923\">Una mesa pensada para uso diario, resistente y con una base central que facilita la colocaci\u00f3n de las sillas alrededor.<\/p>\n<p data-start=\"925\" data-end=\"963\"><strong data-start=\"925\" data-end=\"963\">Env\u00edo y montaje: 90 \u20ac hasta 15 km.<\/strong><\/p>\n<p data-start=\"965\" data-end=\"1087\" data-is-last-node=\"\" data-is-only-node=\"\">Ideal para comedores modernos, n\u00f3rdicos o contempor\u00e1neos que buscan una <strong data-start=\"1037\" data-end=\"1086\">mesa redonda s\u00f3lida, elegante y muy funcional<\/strong>.<\/p>","protected":false},"excerpt":{"rendered":"<p>Mesa de comedor redonda fija, robusta y de gran presencia Mesa de comedor redonda de dise\u00f1o moderno y muy s\u00f3lido, ideal para quienes buscan una pieza resistente, estable y con una est\u00e9tica elegante. Destaca por su estructura s\u00faper reforzada y por un sobre de gran grosor, que aporta sensaci\u00f3n de calidad y mucha presencia visual. [&hellip;]<\/p>\n","protected":false},"featured_media":48789,"comment_status":"closed","ping_status":"closed","template":"","meta":{"site-sidebar-layout":"default","site-content-layout":"","ast-site-content-layout":"default","site-content-style":"default","site-sidebar-style":"default","ast-global-header-display":"","ast-banner-title-visibility":"","ast-main-header-display":"","ast-hfb-above-header-display":"","ast-hfb-below-header-display":"","ast-hfb-mobile-header-display":"","site-post-title":"","ast-breadcrumbs-content":"","ast-featured-img":"","footer-sml-layout":"","ast-disable-related-posts":"","theme-transparent-header-meta":"default","adv-header-id-meta":"","stick-header-meta":"default","header-above-stick-meta":"","header-main-stick-meta":"","header-below-stick-meta":"","astra-migrate-meta-layouts":"set","ast-page-background-enabled":"default","ast-page-background-meta":{"desktop":{"background-color":"var(--ast-global-color-4)","background-image":"","background-repeat":"repeat","background-position":"center center","background-size":"auto","background-attachment":"scroll","background-type":"","background-media":"","overlay-type":"","overlay-color":"","overlay-opacity":"","overlay-gradient":""},"tablet":{"background-color":"","background-image":"","background-repeat":"repeat","background-position":"center center","background-size":"auto","background-attachment":"scroll","background-type":"","background-media":"","overlay-type":"","overlay-color":"","overlay-opacity":"","overlay-gradient":""},"mobile":{"background-color":"","background-image":"","background-repeat":"repeat","background-position":"center center","background-size":"auto","background-attachment":"scroll","background-type":"","background-media":"","overlay-type":"","overlay-color":"","overlay-opacity":"","overlay-gradient":""}},"ast-content-background-meta":{"desktop":{"background-color":"var(--ast-global-color-5)","background-image":"","background-repeat":"repeat","background-position":"center center","background-size":"auto","background-attachment":"scroll","background-type":"","background-media":"","overlay-type":"","overlay-color":"","overlay-opacity":"","overlay-gradient":""},"tablet":{"background-color":"var(--ast-global-color-5)","background-image":"","background-repeat":"repeat","background-position":"center center","background-size":"auto","background-attachment":"scroll","background-type":"","background-media":"","overlay-type":"","overlay-color":"","overlay-opacity":"","overlay-gradient":""},"mobile":{"background-color":"var(--ast-global-color-5)","background-image":"","background-repeat":"repeat","background-position":"center center","background-size":"auto","background-attachment":"scroll","background-type":"","background-media":"","overlay-type":"","overlay-color":"","overlay-opacity":"","overlay-gradient":""}},"_joinchat":[]},"product_brand":[],"product_cat":[15],"product_tag":[],"class_list":["post-48792","product","type-product","status-publish","has-post-thumbnail","product_cat-sin-categorizar","desktop-align-center","tablet-align-left","mobile-align-left","ast-product-gallery-layout-vertical-slider","ast-product-tabs-layout-accordion","ast-qv-on-image","first","instock","sale","shipping-taxable","purchasable","product-type-simple"],"_links":{"self":[{"href":"https:\/\/mueblesdetena.es\/ru_ru\/wp-json\/wp\/v2\/product\/48792","targetHints":{"allow":["GET"]}}],"collection":[{"href":"https:\/\/mueblesdetena.es\/ru_ru\/wp-json\/wp\/v2\/product"}],"about":[{"href":"https:\/\/mueblesdetena.es\/ru_ru\/wp-json\/wp\/v2\/types\/product"}],"replies":[{"embeddable":true,"href":"https:\/\/mueblesdetena.es\/ru_ru\/wp-json\/wp\/v2\/comments?post=48792"}],"version-history":[{"count":2,"href":"https:\/\/mueblesdetena.es\/ru_ru\/wp-json\/wp\/v2\/product\/48792\/revisions"}],"predecessor-version":[{"id":48794,"href":"https:\/\/mueblesdetena.es\/ru_ru\/wp-json\/wp\/v2\/product\/48792\/revisions\/48794"}],"wp:attachment":[{"href":"https:\/\/mueblesdetena.es\/ru_ru\/wp-json\/wp\/v2\/media?parent=48792"}],"wp:term":[{"taxonomy":"product_brand","embeddable":true,"href":"https:\/\/mueblesdetena.es\/ru_ru\/wp-json\/wp\/v2\/product_brand?post=48792"},{"taxonomy":"product_cat","embeddable":true,"href":"https:\/\/mueblesdetena.es\/ru_ru\/wp-json\/wp\/v2\/product_cat?post=48792"},{"taxonomy":"product_tag","embeddable":true,"href":"https:\/\/mueblesdetena.es\/ru_ru\/wp-json\/wp\/v2\/product_tag?post=48792"}],"curies":[{"name":"wp","href":"https:\/\/api.w.org\/{rel}","templated":true}]}}