{"id":5540,"date":"2018-08-17T08:04:52","date_gmt":"2018-08-17T06:04:52","guid":{"rendered":"https:\/\/mueblesdetena.es\/?post_type=product&#038;p=5540"},"modified":"2026-08-24T11:46:39","modified_gmt":"2026-08-24T09:46:39","slug":"cama-abatible-con-armarios","status":"publish","type":"product","link":"https:\/\/mueblesdetena.es\/ru_ru\/cama-abatible-con-armarios\/","title":{"rendered":"Cama abatible con armarios: dormitorio completo que ahorra espacio"},"content":{"rendered":"<div class=\"qMYqUG_convSearchResultHighlightRoot\">\n<div class=\"\" data-turn-id-container=\"request-6a0d727a-768c-8331-aa39-d3d77abf219c-88\" data-is-intersecting=\"true\">\n<section class=\"text-token-text-primary w-full focus:outline-none has-data-writing-block:pointer-events-none [&amp;:has([data-writing-block])&gt;*]:pointer-events-auto R6Vx5W_threadScrollVars scroll-mb-[calc(var(--scroll-root-safe-area-inset-bottom,0px)+var(--thread-response-height))] scroll-mt-[calc(var(--header-height)+min(200px,max(70px,20svh)))]\" dir=\"auto\" data-turn-id=\"request-6a0d727a-768c-8331-aa39-d3d77abf219c-88\" data-turn-id-container=\"request-6a0d727a-768c-8331-aa39-d3d77abf219c-88\" data-testid=\"conversation-turn-356\" data-scroll-anchor=\"false\" data-turn=\"assistant\">\n<div class=\"text-base my-auto mx-auto pb-10 [--thread-content-margin:var(--thread-content-margin-xs,calc(var(--spacing)*4))] @w-sm\/main:[--thread-content-margin:var(--thread-content-margin-sm,calc(var(--spacing)*6))] @w-lg\/main:[--thread-content-margin:var(--thread-content-margin-lg,calc(var(--spacing)*16))] px-(--thread-content-margin)\">\n<div class=\"[--thread-content-max-width:40rem] @w-lg\/main:[--thread-content-max-width:48rem] mx-auto max-w-(--thread-content-max-width) flex-1 group\/turn-messages focus-visible:outline-hidden relative flex w-full min-w-0 flex-col agent-turn\">\n<div class=\"flex max-w-full flex-col gap-4 grow\">\n<div class=\"min-h-8 text-message relative flex w-full flex-col items-end gap-2 text-start break-words whitespace-normal outline-none keyboard-focused:focus-ring [.text-message+&amp;]:mt-1\" dir=\"auto\" tabindex=\"0\" data-message-author-role=\"assistant\" data-message-id=\"40e24091-ef66-4d83-b4ce-2bb87da86590\" data-message-model-slug=\"gpt-5-5\" data-turn-start-message=\"true\">\n<div class=\"flex w-full flex-col gap-1 empty:hidden\">\n<div class=\"markdown prose dark:prose-invert wrap-break-word w-full light markdown-new-styling\">\n<h2 data-section-id=\"83y962\" data-start=\"0\" data-end=\"111\">\ud83d\udecf\ufe0f Composici\u00f3n con cama abatible horizontal de matrimonio y armarios \u2014 m\u00e1xima capacidad y ahorro de espacio<\/h2>\n<p data-start=\"113\" data-end=\"374\">\u2728 Dormitorio moderno con cama abatible horizontal de matrimonio dise\u00f1ado para aprovechar cada cent\u00edmetro sin renunciar al confort ni al almacenaje. Una soluci\u00f3n perfecta para pisos, apartamentos, habitaciones multifuncionales o dormitorios con espacio reducido.<\/p>\n<p data-start=\"376\" data-end=\"667\">\ud83e\udeb5 Dise\u00f1o elegante y funcional con gran capacidad de almacenaje.<br data-start=\"440\" data-end=\"443\" \/>\ud83d\udecf\ufe0f Cama abatible horizontal para colch\u00f3n de 135&#215;190 cm.<br data-start=\"499\" data-end=\"502\" \/>\ud83d\udeaa Armarios superiores y laterales para mantener todo organizado.<br data-start=\"567\" data-end=\"570\" \/>\ud83d\udcda Estanter\u00edas vertical no inclu\u00edda (opcional).<br data-start=\"608\" data-end=\"611\" \/>\ud83c\udfe0 Ideal para dormitorios modernos y espacios compactos.<\/p>\n<p data-start=\"376\" data-end=\"667\">2 luces led interiores con carga usb<\/p>\n<p data-start=\"669\" data-end=\"873\">\ud83d\udccf Incluye:<br \/>\n\u2022 Armario de 2 puertas: 80 cm ancho x 220 cm alto x 57 cm fondo\/Armario de 1 puerta y cajones de 40 de ancho<\/p>\n<p data-start=\"669\" data-end=\"873\">\u2022 Cama abatible horizontal para colch\u00f3n de 135 x 190<br data-start=\"797\" data-end=\"800\" \/>\u2022 Altillo superior de 4 puertas<\/p>\n<p data-start=\"669\" data-end=\"873\">\u2022 Gran capacidad interior de almacenaje<\/p>\n<p data-start=\"875\" data-end=\"1028\">\u2705 Sistema de apertura c\u00f3modo y seguro<br data-start=\"912\" data-end=\"915\" \/>\u2705 Dise\u00f1o compacto y elegante<br data-start=\"943\" data-end=\"946\" \/>\u2705 Fabricaci\u00f3n nacional de calidad<br data-start=\"979\" data-end=\"982\" \/>\u2705 Posibilidad de diferentes acabados y colores<\/p>\n<p data-start=\"1030\" data-end=\"1074\">\ud83d\ude9a Transporte y montaje opcional seg\u00fan zona.<\/p>\n<p data-start=\"1076\" data-end=\"1197\" data-is-last-node=\"\" data-is-only-node=\"\">\ud83d\udd0e Ideal para quienes buscan una cama abatible de matrimonio con armarios integrada en un dormitorio moderno y funcional.<\/p>\n<\/div>\n<\/div>\n<\/div>\n<\/div>\n<\/div>\n<\/div>\n<\/section>\n<\/div>\n<\/div>\n<hr \/>\n<p data-start=\"1287\" data-end=\"1331\">Mas composiciones con cama abatible incluida aqui:\u00a0<a href=\"https:\/\/mueblesdetena.es\/camas-abatibles-matrimonio\/\">https:\/\/mueblesdetena.es\/camas-abatibles-matrimonio\/<\/a><\/p>\n<p data-start=\"1287\" data-end=\"1331\">Cama abatible con armarios: dormitorio completo que ahorra espacio<\/p>\n<p data-start=\"1287\" data-end=\"1331\"><img fetchpriority=\"high\" decoding=\"async\" class=\"alignnone size-medium wp-image-46008\" src=\"https:\/\/mueblesdetena.es\/wp-content\/uploads\/2018\/08\/cama-abatible-horizontal-abierta-con-estanterias-armarios-300x194.webp\" alt=\"\" width=\"300\" height=\"194\" srcset=\"https:\/\/mueblesdetena.es\/wp-content\/uploads\/2018\/08\/cama-abatible-horizontal-abierta-con-estanterias-armarios-300x194.webp 300w, https:\/\/mueblesdetena.es\/wp-content\/uploads\/2018\/08\/cama-abatible-horizontal-abierta-con-estanterias-armarios-768x496.webp 768w, https:\/\/mueblesdetena.es\/wp-content\/uploads\/2018\/08\/cama-abatible-horizontal-abierta-con-estanterias-armarios-600x387.webp 600w, https:\/\/mueblesdetena.es\/wp-content\/uploads\/2018\/08\/cama-abatible-horizontal-abierta-con-estanterias-armarios.webp 937w\" sizes=\"(max-width: 300px) 100vw, 300px\" \/><\/p>\n<hr \/>\n<div class=\"qMYqUG_convSearchResultHighlightRoot\">\n<div class=\"\" data-turn-id-container=\"request-6a0d727a-768c-8331-aa39-d3d77abf219c-89\" data-is-intersecting=\"true\">\n<section class=\"text-token-text-primary w-full focus:outline-none has-data-writing-block:pointer-events-none [&amp;:has([data-writing-block])&gt;*]:pointer-events-auto R6Vx5W_threadScrollVars scroll-mb-[calc(var(--scroll-root-safe-area-inset-bottom,0px)+var(--thread-response-height))] scroll-mt-[calc(var(--header-height)+min(200px,max(70px,20svh)))]\" dir=\"auto\" data-turn-id=\"request-6a0d727a-768c-8331-aa39-d3d77abf219c-89\" data-turn-id-container=\"request-6a0d727a-768c-8331-aa39-d3d77abf219c-89\" data-testid=\"conversation-turn-358\" data-scroll-anchor=\"false\" data-turn=\"assistant\">\n<div class=\"text-base my-auto mx-auto pb-10 [--thread-content-margin:var(--thread-content-margin-xs,calc(var(--spacing)*4))] @w-sm\/main:[--thread-content-margin:var(--thread-content-margin-sm,calc(var(--spacing)*6))] @w-lg\/main:[--thread-content-margin:var(--thread-content-margin-lg,calc(var(--spacing)*16))] px-(--thread-content-margin)\">\n<div class=\"[--thread-content-max-width:40rem] @w-lg\/main:[--thread-content-max-width:48rem] mx-auto max-w-(--thread-content-max-width) flex-1 group\/turn-messages focus-visible:outline-hidden relative flex w-full min-w-0 flex-col agent-turn\">\n<div class=\"flex max-w-full flex-col gap-4 grow\">\n<div class=\"min-h-8 text-message relative flex w-full flex-col items-end gap-2 text-start break-words whitespace-normal outline-none keyboard-focused:focus-ring [.text-message+&amp;]:mt-1\" dir=\"auto\" tabindex=\"0\" data-message-author-role=\"assistant\" data-message-id=\"a3e7a08c-148b-40c2-87db-2c980031d733\" data-message-model-slug=\"gpt-5-5\" data-turn-start-message=\"true\">\n<div class=\"flex w-full flex-col gap-1 empty:hidden\">\n<div class=\"markdown prose dark:prose-invert wrap-break-word w-full light markdown-new-styling\">\n<h3 data-section-id=\"neffpb\" data-start=\"0\" data-end=\"68\">Faqs,preguntas y consultas mas frecuentes<\/h3>\n<p>&nbsp;<\/p>\n<h3 data-section-id=\"neffpb\" data-start=\"0\" data-end=\"68\">\u2753 \u00bfQu\u00e9 ventajas tiene una cama abatible horizontal con armarios?<\/h3>\n<p data-start=\"70\" data-end=\"319\">Las camas abatibles horizontales permiten aprovechar al m\u00e1ximo el espacio disponible, ofreciendo una soluci\u00f3n pr\u00e1ctica y elegante para dormitorios peque\u00f1os o multifuncionales. Adem\u00e1s, los armarios integrados aportan una gran capacidad de almacenaje.<\/p>\n<hr data-start=\"321\" data-end=\"324\" \/>\n<h3 data-section-id=\"s63bb4\" data-start=\"326\" data-end=\"382\">\u2753 \u00bfQu\u00e9 medida de colch\u00f3n utiliza esta cama abatible?<\/h3>\n<p data-start=\"384\" data-end=\"504\">Esta composici\u00f3n est\u00e1 dise\u00f1ada para colch\u00f3n de 135 x 19 0x 22 cm, proporcionando una c\u00f3moda zona de descanso para dos personas.<\/p>\n<hr data-start=\"506\" data-end=\"509\" \/>\n<h3 data-section-id=\"18hvit7\" data-start=\"511\" data-end=\"565\">\u2753 \u00bfLa cama abatible incluye sistemas de seguridad?<\/h3>\n<p data-start=\"567\" data-end=\"666\">S\u00ed. Dispone de un sistema de apertura seguro y estable, pensado para un uso diario c\u00f3modo y fiable.<\/p>\n<hr data-start=\"668\" data-end=\"671\" \/>\n<h3 data-section-id=\"4dnzny\" data-start=\"673\" data-end=\"726\">\u2753 \u00bfSe puede fabricar en otros colores o acabados?<\/h3>\n<p data-start=\"728\" data-end=\"853\">S\u00ed, existe la posibilidad de elegir diferentes acabados y combinaciones de color para adaptarse al estilo de cada dormitorio.<\/p>\n<hr data-start=\"855\" data-end=\"858\" \/>\n<h3 data-section-id=\"lkx2eq\" data-start=\"860\" data-end=\"897\">\u2753 \u00bfOfrec\u00e9is transporte y montaje?<\/h3>\n<p data-start=\"899\" data-end=\"1018\" data-is-last-node=\"\" data-is-only-node=\"\">S\u00ed, disponemos de servicio opcional de transporte y montaje 185\u20ac hasta 15 km.Dinos tu poblaci\u00f3n y te lo calculamos exactamente<\/p>\n<\/div>\n<\/div>\n<\/div>\n<\/div>\n<div class=\"z-0 flex min-h-[46px] justify-start\"><\/div>\n<div class=\"mt-3 w-full empty:hidden\">\n<div class=\"text-center\"><\/div>\n<\/div>\n<\/div>\n<\/div>\n<\/section>\n<\/div>\n<\/div>\n<div class=\"pointer-events-none -mt-px h-px translate-y-[calc(var(--scroll-root-safe-area-inset-bottom)-14*var(--spacing))]\" aria-hidden=\"true\"><\/div>\n","protected":false},"excerpt":{"rendered":"<blockquote data-start=\"80\" data-end=\"433\">\n<p data-start=\"82\" data-end=\"433\">\u2b50\u2b50\u2b50\u2b50\u2b50 Muy valorada por su capacidad de almacenaje y aprovechamiento del espacio.<\/p>\n<p data-start=\"82\" data-end=\"433\">Laura M\u2013 12 de marzo de 2026<br \/>\nNo sab\u00edamos qu\u00e9 hacer con la habitaci\u00f3n de invitados porque\u00a0 y apenas la utiliz\u00e1bamos. Ahora tenemos una cama c\u00f3moda para cuando viene familia y durante el d\u00eda disfrutamos de much\u00edsimo espacio<\/p>\n<p data-start=\"82\" data-end=\"433\">\u2b50\u2b50\u2b50\u2b50\u2b50\u00a0Jordi y Anna R.\u2013 Girona, 3 de mayo de 2024<br \/>\nNos preocupaba instalar la cama abatible en\u00a0 pared de pladur, pero el montaje fue\u00a0 y s\u00faper profesional. Los operarios reforzaron todo correctamente y qued\u00f3 muy firme y segura. Muy contentos con todo<\/p>\n<hr \/>\n<p data-start=\"82\" data-end=\"433\">Dormitorio con cama abatible horizontal y armarios, ideal para aprovechar al m\u00e1ximo el espacio. Incluye cama para colch\u00f3n de 135&#215;190, armarios y altillo superior. Medida total: 339x220x57 cm. Fondo cama: 57 cm cerrada y 170 cm abierta. Disponible en varios acabados. Transporte y montaje opcional por 195\u20ac (hasta 15 km). Soluci\u00f3n completa y funcional.<\/p>\n<p data-start=\"82\" data-end=\"433\">Cama abatible con armarios: dormitorio completo que ahorra espacio<\/p>\n<\/blockquote>","protected":false},"featured_media":45644,"comment_status":"open","ping_status":"closed","template":"","meta":{"site-sidebar-layout":"default","site-content-layout":"","ast-site-content-layout":"default","site-content-style":"default","site-sidebar-style":"default","ast-global-header-display":"","ast-banner-title-visibility":"","ast-main-header-display":"","ast-hfb-above-header-display":"","ast-hfb-below-header-display":"","ast-hfb-mobile-header-display":"","site-post-title":"","ast-breadcrumbs-content":"","ast-featured-img":"","footer-sml-layout":"","ast-disable-related-posts":"","theme-transparent-header-meta":"default","adv-header-id-meta":"","stick-header-meta":"default","header-above-stick-meta":"","header-main-stick-meta":"","header-below-stick-meta":"","astra-migrate-meta-layouts":"set","ast-page-background-enabled":"default","ast-page-background-meta":{"desktop":{"background-color":"var(--ast-global-color-4)","background-image":"","background-repeat":"repeat","background-position":"center center","background-size":"auto","background-attachment":"scroll","background-type":"","background-media":"","overlay-type":"","overlay-color":"","overlay-opacity":"","overlay-gradient":""},"tablet":{"background-color":"","background-image":"","background-repeat":"repeat","background-position":"center center","background-size":"auto","background-attachment":"scroll","background-type":"","background-media":"","overlay-type":"","overlay-color":"","overlay-opacity":"","overlay-gradient":""},"mobile":{"background-color":"","background-image":"","background-repeat":"repeat","background-position":"center center","background-size":"auto","background-attachment":"scroll","background-type":"","background-media":"","overlay-type":"","overlay-color":"","overlay-opacity":"","overlay-gradient":""}},"ast-content-background-meta":{"desktop":{"background-color":"var(--ast-global-color-5)","background-image":"","background-repeat":"repeat","background-position":"center center","background-size":"auto","background-attachment":"scroll","background-type":"","background-media":"","overlay-type":"","overlay-color":"","overlay-opacity":"","overlay-gradient":""},"tablet":{"background-color":"var(--ast-global-color-5)","background-image":"","background-repeat":"repeat","background-position":"center center","background-size":"auto","background-attachment":"scroll","background-type":"","background-media":"","overlay-type":"","overlay-color":"","overlay-opacity":"","overlay-gradient":""},"mobile":{"background-color":"var(--ast-global-color-5)","background-image":"","background-repeat":"repeat","background-position":"center center","background-size":"auto","background-attachment":"scroll","background-type":"","background-media":"","overlay-type":"","overlay-color":"","overlay-opacity":"","overlay-gradient":""}},"_joinchat":[]},"product_brand":[],"product_cat":[266,265,258],"product_tag":[908,793,785,786],"class_list":["post-5540","product","type-product","status-publish","has-post-thumbnail","product_cat-camas-abatibles-matrimonio","product_cat-camas-abatibles","product_cat-dormitorios-matrimonio","product_tag-cama-abatible-con-armarios","product_tag-daria","product_tag-pbadal","product_tag-rpep","desktop-align-center","tablet-align-left","mobile-align-left","ast-product-gallery-layout-vertical-slider","ast-product-tabs-layout-accordion","ast-qv-on-image","first","instock","sale","shipping-taxable","purchasable","product-type-simple"],"_links":{"self":[{"href":"https:\/\/mueblesdetena.es\/ru_ru\/wp-json\/wp\/v2\/product\/5540","targetHints":{"allow":["GET"]}}],"collection":[{"href":"https:\/\/mueblesdetena.es\/ru_ru\/wp-json\/wp\/v2\/product"}],"about":[{"href":"https:\/\/mueblesdetena.es\/ru_ru\/wp-json\/wp\/v2\/types\/product"}],"replies":[{"embeddable":true,"href":"https:\/\/mueblesdetena.es\/ru_ru\/wp-json\/wp\/v2\/comments?post=5540"}],"version-history":[{"count":12,"href":"https:\/\/mueblesdetena.es\/ru_ru\/wp-json\/wp\/v2\/product\/5540\/revisions"}],"predecessor-version":[{"id":48646,"href":"https:\/\/mueblesdetena.es\/ru_ru\/wp-json\/wp\/v2\/product\/5540\/revisions\/48646"}],"wp:featuredmedia":[{"embeddable":true,"href":"https:\/\/mueblesdetena.es\/ru_ru\/wp-json\/wp\/v2\/media\/45644"}],"wp:attachment":[{"href":"https:\/\/mueblesdetena.es\/ru_ru\/wp-json\/wp\/v2\/media?parent=5540"}],"wp:term":[{"taxonomy":"product_brand","embeddable":true,"href":"https:\/\/mueblesdetena.es\/ru_ru\/wp-json\/wp\/v2\/product_brand?post=5540"},{"taxonomy":"product_cat","embeddable":true,"href":"https:\/\/mueblesdetena.es\/ru_ru\/wp-json\/wp\/v2\/product_cat?post=5540"},{"taxonomy":"product_tag","embeddable":true,"href":"https:\/\/mueblesdetena.es\/ru_ru\/wp-json\/wp\/v2\/product_tag?post=5540"}],"curies":[{"name":"wp","href":"https:\/\/api.w.org\/{rel}","templated":true}]}}