{"id":6719,"date":"2018-12-01T11:06:46","date_gmt":"2018-12-01T10:06:46","guid":{"rendered":"https:\/\/mueblesdetena.es\/?post_type=product&#038;p=6719"},"modified":"2026-07-05T10:09:07","modified_gmt":"2026-07-05T08:09:07","slug":"cama-abatible-rmb-h405","status":"publish","type":"product","link":"https:\/\/mueblesdetena.es\/ru_ru\/cama-abatible-rmb-h405\/","title":{"rendered":"HABITACION CON CAMA ABATIBLE RMB.index"},"content":{"rendered":"<p data-start=\"92\" data-end=\"167\"><strong data-start=\"92\" data-end=\"167\">Cama abatible con escritorio \u2013 funcionalidad y dise\u00f1o en un solo mueble<\/strong><\/p>\n<p data-start=\"169\" data-end=\"431\">Descubre nuestra <strong data-start=\"186\" data-end=\"228\">cama abatible con escritorio integrado<\/strong>, una soluci\u00f3n ideal para optimizar espacios sin renunciar al confort ni al estilo. Fabricada con <strong data-start=\"326\" data-end=\"378\">materiales de alta calidad y excelentes acabados<\/strong>, garantiza durabilidad y seguridad en el uso diario.<\/p>\n<p data-start=\"433\" data-end=\"441\">Incluye:<\/p>\n<ul data-start=\"442\" data-end=\"634\">\n<li data-section-id=\"1onz0ij\" data-start=\"442\" data-end=\"495\">\n<p data-start=\"444\" data-end=\"495\">Sistema de apertura con <strong data-start=\"468\" data-end=\"495\">mecanismos de seguridad<\/strong><\/p>\n<\/li>\n<li data-section-id=\"7p5p4p\" data-start=\"496\" data-end=\"547\">\n<p data-start=\"498\" data-end=\"547\"><strong data-start=\"498\" data-end=\"524\">Cinchas sujeta colch\u00f3n<\/strong> para mayor estabilidad<\/p>\n<\/li>\n<li data-section-id=\"1t4r84c\" data-start=\"548\" data-end=\"592\">\n<p data-start=\"550\" data-end=\"592\"><strong data-start=\"550\" data-end=\"581\">Somier de l\u00e1minas de madera<\/strong> resistente<\/p>\n<\/li>\n<li data-section-id=\"15nvd6r\" data-start=\"593\" data-end=\"634\">\n<p data-start=\"595\" data-end=\"634\">Amplia <strong data-start=\"602\" data-end=\"625\">variedad de colores<\/strong> a elegir<\/p>\n<\/li>\n<\/ul>\n<p data-start=\"636\" data-end=\"659\"><strong data-start=\"636\" data-end=\"659\">Medidas y opciones:<\/strong><\/p>\n<ul data-start=\"660\" data-end=\"869\">\n<li data-section-id=\"11gdcqt\" data-start=\"660\" data-end=\"707\">\n<p data-start=\"662\" data-end=\"707\">Para colch\u00f3n de <strong data-start=\"678\" data-end=\"691\">90&#215;190 cm<\/strong> (no incluido)<\/p>\n<\/li>\n<li data-section-id=\"lsea6j\" data-start=\"708\" data-end=\"752\">\n<p data-start=\"710\" data-end=\"752\">Opci\u00f3n para colch\u00f3n de <strong data-start=\"733\" data-end=\"743\">105 cm<\/strong> (+75\u20ac)<\/p>\n<\/li>\n<li data-section-id=\"337dep\" data-start=\"753\" data-end=\"794\">\n<p data-start=\"755\" data-end=\"794\">Opci\u00f3n de <strong data-start=\"765\" data-end=\"792\">fondo reducido de 37 cm<\/strong><\/p>\n<\/li>\n<li data-section-id=\"1e2tm7b\" data-start=\"795\" data-end=\"824\">\n<p data-start=\"797\" data-end=\"824\">Largo total: <strong data-start=\"810\" data-end=\"822\">2 metros<\/strong><\/p>\n<\/li>\n<li data-section-id=\"1wl9bi2\" data-start=\"825\" data-end=\"869\">\n<p data-start=\"827\" data-end=\"869\">Medida total de la composici\u00f3n: <strong data-start=\"859\" data-end=\"869\">290 cm<\/strong><\/p>\n<\/li>\n<\/ul>\n<p data-start=\"871\" data-end=\"885\"><strong data-start=\"871\" data-end=\"885\">Servicios:<\/strong><\/p>\n<ul data-start=\"886\" data-end=\"936\">\n<li data-section-id=\"1h7u87c\" data-start=\"886\" data-end=\"936\">\n<p data-start=\"888\" data-end=\"936\"><strong data-start=\"888\" data-end=\"922\">Env\u00edo y montaje opcional: 175\u20ac<\/strong> (hasta 15 km)<\/p>\n<\/li>\n<\/ul>\n<p data-start=\"938\" data-end=\"1002\">\u26a0\ufe0f <strong data-start=\"941\" data-end=\"956\">Importante:<\/strong> Solo realizamos ventas dentro de <strong data-start=\"990\" data-end=\"1002\">Catalu\u00f1a<\/strong><\/p>","protected":false},"excerpt":{"rendered":"<p>Cama abatible con escritorio, fabricada con materiales de alta calidad y sistemas de seguridad. Incluye somier de l\u00e1minas, cinchas sujeta colch\u00f3n y opci\u00f3n de varios colores. Para colch\u00f3n de 90&#215;190 cm (no incluido), opci\u00f3n 105 (+75\u20ac). Medida total 290 cm, largo 2 m, fondo opcional 37 cm. Env\u00edo y montaje: 175\u20ac (hasta 15 km). Solo en Catalu\u00f1a.<\/p>\n<p>Dise\u00f1amos en 3D tu proyecto de modo gratuito.<\/p>","protected":false},"featured_media":44722,"comment_status":"closed","ping_status":"closed","template":"","meta":{"site-sidebar-layout":"default","site-content-layout":"","ast-site-content-layout":"default","site-content-style":"default","site-sidebar-style":"default","ast-global-header-display":"","ast-banner-title-visibility":"","ast-main-header-display":"","ast-hfb-above-header-display":"","ast-hfb-below-header-display":"","ast-hfb-mobile-header-display":"","site-post-title":"","ast-breadcrumbs-content":"","ast-featured-img":"","footer-sml-layout":"","ast-disable-related-posts":"","theme-transparent-header-meta":"default","adv-header-id-meta":"","stick-header-meta":"default","header-above-stick-meta":"","header-main-stick-meta":"","header-below-stick-meta":"","astra-migrate-meta-layouts":"set","ast-page-background-enabled":"default","ast-page-background-meta":{"desktop":{"background-color":"var(--ast-global-color-4)","background-image":"","background-repeat":"repeat","background-position":"center center","background-size":"auto","background-attachment":"scroll","background-type":"","background-media":"","overlay-type":"","overlay-color":"","overlay-opacity":"","overlay-gradient":""},"tablet":{"background-color":"","background-image":"","background-repeat":"repeat","background-position":"center center","background-size":"auto","background-attachment":"scroll","background-type":"","background-media":"","overlay-type":"","overlay-color":"","overlay-opacity":"","overlay-gradient":""},"mobile":{"background-color":"","background-image":"","background-repeat":"repeat","background-position":"center center","background-size":"auto","background-attachment":"scroll","background-type":"","background-media":"","overlay-type":"","overlay-color":"","overlay-opacity":"","overlay-gradient":""}},"ast-content-background-meta":{"desktop":{"background-color":"var(--ast-global-color-5)","background-image":"","background-repeat":"repeat","background-position":"center center","background-size":"auto","background-attachment":"scroll","background-type":"","background-media":"","overlay-type":"","overlay-color":"","overlay-opacity":"","overlay-gradient":""},"tablet":{"background-color":"var(--ast-global-color-5)","background-image":"","background-repeat":"repeat","background-position":"center center","background-size":"auto","background-attachment":"scroll","background-type":"","background-media":"","overlay-type":"","overlay-color":"","overlay-opacity":"","overlay-gradient":""},"mobile":{"background-color":"var(--ast-global-color-5)","background-image":"","background-repeat":"repeat","background-position":"center center","background-size":"auto","background-attachment":"scroll","background-type":"","background-media":"","overlay-type":"","overlay-color":"","overlay-opacity":"","overlay-gradient":""}},"_joinchat":[]},"product_brand":[],"product_cat":[265,268,285,273],"product_tag":[1378,787],"class_list":["post-6719","product","type-product","status-publish","has-post-thumbnail","product_cat-camas-abatibles","product_cat-camas-abatibles-individuales-madera","product_cat-composiciones-juveniles","product_cat-muebles-juveniles","product_tag-index","product_tag-ruben","desktop-align-center","tablet-align-left","mobile-align-left","ast-product-gallery-layout-vertical-slider","ast-product-tabs-layout-accordion","ast-qv-on-image","first","instock","sale","shipping-taxable","purchasable","product-type-simple"],"_links":{"self":[{"href":"https:\/\/mueblesdetena.es\/ru_ru\/wp-json\/wp\/v2\/product\/6719","targetHints":{"allow":["GET"]}}],"collection":[{"href":"https:\/\/mueblesdetena.es\/ru_ru\/wp-json\/wp\/v2\/product"}],"about":[{"href":"https:\/\/mueblesdetena.es\/ru_ru\/wp-json\/wp\/v2\/types\/product"}],"replies":[{"embeddable":true,"href":"https:\/\/mueblesdetena.es\/ru_ru\/wp-json\/wp\/v2\/comments?post=6719"}],"version-history":[{"count":6,"href":"https:\/\/mueblesdetena.es\/ru_ru\/wp-json\/wp\/v2\/product\/6719\/revisions"}],"predecessor-version":[{"id":47491,"href":"https:\/\/mueblesdetena.es\/ru_ru\/wp-json\/wp\/v2\/product\/6719\/revisions\/47491"}],"wp:featuredmedia":[{"embeddable":true,"href":"https:\/\/mueblesdetena.es\/ru_ru\/wp-json\/wp\/v2\/media\/44722"}],"wp:attachment":[{"href":"https:\/\/mueblesdetena.es\/ru_ru\/wp-json\/wp\/v2\/media?parent=6719"}],"wp:term":[{"taxonomy":"product_brand","embeddable":true,"href":"https:\/\/mueblesdetena.es\/ru_ru\/wp-json\/wp\/v2\/product_brand?post=6719"},{"taxonomy":"product_cat","embeddable":true,"href":"https:\/\/mueblesdetena.es\/ru_ru\/wp-json\/wp\/v2\/product_cat?post=6719"},{"taxonomy":"product_tag","embeddable":true,"href":"https:\/\/mueblesdetena.es\/ru_ru\/wp-json\/wp\/v2\/product_tag?post=6719"}],"curies":[{"name":"wp","href":"https:\/\/api.w.org\/{rel}","templated":true}]}}