{"id":7813,"date":"2019-03-10T01:13:03","date_gmt":"2019-03-10T00:13:03","guid":{"rendered":"https:\/\/mueblesdetena.es\/?post_type=product&#038;p=7813"},"modified":"2026-07-31T09:37:23","modified_gmt":"2026-07-31T07:37:23","slug":"litera-conntriple-cama-dean","status":"publish","type":"product","link":"https:\/\/mueblesdetena.es\/ru_ru\/litera-conntriple-cama-dean\/","title":{"rendered":"LITERA CON CAMA EXTRAIBLE RMB."},"content":{"rendered":"<div class=\"flex flex-col text-sm pb-25\">\n<article class=\"text-token-text-primary w-full focus:outline-none [--shadow-height:45px] has-data-writing-block:pointer-events-none has-data-writing-block:-mt-(--shadow-height) has-data-writing-block:pt-(--shadow-height) [&amp;:has([data-writing-block])&gt;*]:pointer-events-auto scroll-mt-[calc(var(--header-height)+min(200px,max(70px,20svh)))]\" dir=\"auto\" tabindex=\"-1\" data-turn-id=\"request-WEB:0c94307b-4c16-4a06-8527-b1db5fbb88f5-11\" data-testid=\"conversation-turn-8\" data-scroll-anchor=\"true\" data-turn=\"assistant\">\n<div class=\"text-base my-auto mx-auto pb-10 [--thread-content-margin:--spacing(4)] @w-sm\/main:[--thread-content-margin:--spacing(6)] @w-lg\/main:[--thread-content-margin:--spacing(16)] px-(--thread-content-margin)\">\n<div class=\"[--thread-content-max-width:40rem] @w-lg\/main:[--thread-content-max-width:48rem] mx-auto max-w-(--thread-content-max-width) flex-1 group\/turn-messages focus-visible:outline-hidden relative flex w-full min-w-0 flex-col agent-turn\" tabindex=\"-1\">\n<div class=\"flex max-w-full flex-col grow\">\n<div class=\"min-h-8 text-message relative flex w-full flex-col items-end gap-2 text-start break-words whitespace-normal [.text-message+&amp;]:mt-1\" dir=\"auto\" data-message-author-role=\"assistant\" data-message-id=\"37eac6bb-4eb5-42ff-8bd6-2481626279c8\" data-message-model-slug=\"gpt-5-2\">\n<div class=\"flex w-full flex-col gap-1 empty:hidden first:pt-[1px]\">\n<div class=\"markdown prose dark:prose-invert w-full wrap-break-word light markdown-new-styling\">\n<p data-start=\"189\" data-end=\"542\">Litera juvenil super reforzada con cajones de gran capacidad, opci\u00f3n de tercera cama inferior de arrastre con ruedas y patas desplegables, modelo de gama alta con excelentes acabados, para colchones de 90&#215;190 (colchones no incluidos en la oferta), diferente opci\u00f3n de color a elegir. Incluye plaf\u00f3n trasero que cubre y protege todo el hueco de la pared.<\/p>\n<p data-start=\"544\" data-end=\"602\">Opci\u00f3n para colchones de 105 y para colchones de 2 metros.<\/p>\n<p data-start=\"604\" data-end=\"653\">Transporte y montaje opcional 120\u20ac (hasta 15 km).<\/p>\n<p data-start=\"655\" data-end=\"685\">LITERA CON CAMA EXTRAIBLE RMB.<\/p>\n<p data-start=\"687\" data-end=\"719\">No entregamos fuera de Catalu\u00f1a.<\/p>\n<p data-start=\"721\" data-end=\"1124\">Esta <strong data-start=\"726\" data-end=\"763\">litera juvenil con cama extra\u00edble<\/strong> es la soluci\u00f3n perfecta para optimizar el espacio en <a href=\"https:\/\/mueblesdetena.es\/muebles-juveniles\/\">dormitorios infantiles y juveniles<\/a>. Gracias a su estructura super reforzada, garantiza estabilidad, seguridad y durabilidad, ideal para el uso diario. Sus <strong data-start=\"972\" data-end=\"1001\">cajones de gran capacidad<\/strong> permiten mantener la habitaci\u00f3n ordenada, ofreciendo un pr\u00e1ctico espacio de almacenaje para ropa, juguetes o ropa de cama.<\/p>\n<p data-start=\"1126\" data-end=\"1423\">La opci\u00f3n de <strong data-start=\"1139\" data-end=\"1174\">tercera cama inferior extra\u00edble<\/strong> convierte esta litera en una alternativa funcional para familias numerosas, habitaciones compartidas o segundas residencias. Es perfecta si buscas una <strong data-start=\"1326\" data-end=\"1364\">litera triple moderna y resistente<\/strong> en Catalu\u00f1a, con dise\u00f1o actual y acabados de alta calidad.<\/p>\n<p data-start=\"1425\" data-end=\"1618\">Disponible en varios colores, se adapta f\u00e1cilmente a diferentes estilos de decoraci\u00f3n juvenil. Su dise\u00f1o incorpora plaf\u00f3n trasero protector, aportando mayor seguridad y un acabado m\u00e1s est\u00e9tico.<\/p>\n<p data-start=\"1620\" data-end=\"1950\" data-is-last-node=\"\" data-is-only-node=\"\">En <strong data-start=\"1623\" data-end=\"1641\">Muebles Detena<\/strong>, en Badalona, seleccionamos muebles juveniles de alta calidad que combinan dise\u00f1o, funcionalidad y precio competitivo. Si buscas una litera resistente, pr\u00e1ctica y duradera en Catalu\u00f1a, esta litera con cama extra\u00edble RMB es una excelente elecci\u00f3n para aprovechar al m\u00e1ximo el espacio sin renunciar al confort.<\/p>\n<\/div>\n<\/div>\n<\/div>\n<\/div>\n<div class=\"z-0 flex min-h-[46px] justify-start\"><\/div>\n<div class=\"mt-3 w-full empty:hidden\">\n<div class=\"text-center\"><\/div>\n<\/div>\n<\/div>\n<\/div>\n<\/article>\n<\/div>\n<div class=\"pointer-events-none h-px w-px absolute bottom-0\" aria-hidden=\"true\" data-edge=\"true\"><\/div>\n<p>&nbsp;<\/p>\n","protected":false},"excerpt":{"rendered":"<p><strong>Puede financiar su compra en c\u00f3modas cuotas si lo prefiere!!<\/strong><\/p>\n<p>Litera Con triple Cama Rmb en Badalona, es una <strong data-start=\"213\" data-end=\"245\">soluci\u00f3n funcional y robusta<\/strong> que maximiza el espacio en dormitorios juveniles o familiares. Con <strong data-start=\"313\" data-end=\"359\">tercera cama inferior extra\u00edble con ruedas<\/strong>, opci\u00f3n de <strong data-start=\"371\" data-end=\"399\">cajones nido o con gu\u00edas<\/strong>, y acabados de alta calidad, ofrece versatilidad y confort para colchones de 90\u00d7190 (opciones 105 y 2 m disponibles). Disponible en varios colores y con <strong data-start=\"553\" data-end=\"586\">transporte y montaje opcional<\/strong>.<\/p>\n<p>&nbsp;<\/p>\n<p>Dise\u00f1amos en 3D tu proyecto de modo gratuito.<\/p>","protected":false},"featured_media":44033,"comment_status":"closed","ping_status":"closed","template":"","meta":{"site-sidebar-layout":"default","site-content-layout":"","ast-site-content-layout":"default","site-content-style":"default","site-sidebar-style":"default","ast-global-header-display":"","ast-banner-title-visibility":"","ast-main-header-display":"","ast-hfb-above-header-display":"","ast-hfb-below-header-display":"","ast-hfb-mobile-header-display":"","site-post-title":"","ast-breadcrumbs-content":"","ast-featured-img":"","footer-sml-layout":"","ast-disable-related-posts":"","theme-transparent-header-meta":"default","adv-header-id-meta":"","stick-header-meta":"default","header-above-stick-meta":"","header-main-stick-meta":"","header-below-stick-meta":"","astra-migrate-meta-layouts":"set","ast-page-background-enabled":"default","ast-page-background-meta":{"desktop":{"background-color":"var(--ast-global-color-4)","background-image":"","background-repeat":"repeat","background-position":"center center","background-size":"auto","background-attachment":"scroll","background-type":"","background-media":"","overlay-type":"","overlay-color":"","overlay-opacity":"","overlay-gradient":""},"tablet":{"background-color":"","background-image":"","background-repeat":"repeat","background-position":"center center","background-size":"auto","background-attachment":"scroll","background-type":"","background-media":"","overlay-type":"","overlay-color":"","overlay-opacity":"","overlay-gradient":""},"mobile":{"background-color":"","background-image":"","background-repeat":"repeat","background-position":"center center","background-size":"auto","background-attachment":"scroll","background-type":"","background-media":"","overlay-type":"","overlay-color":"","overlay-opacity":"","overlay-gradient":""}},"ast-content-background-meta":{"desktop":{"background-color":"var(--ast-global-color-5)","background-image":"","background-repeat":"repeat","background-position":"center center","background-size":"auto","background-attachment":"scroll","background-type":"","background-media":"","overlay-type":"","overlay-color":"","overlay-opacity":"","overlay-gradient":""},"tablet":{"background-color":"var(--ast-global-color-5)","background-image":"","background-repeat":"repeat","background-position":"center center","background-size":"auto","background-attachment":"scroll","background-type":"","background-media":"","overlay-type":"","overlay-color":"","overlay-opacity":"","overlay-gradient":""},"mobile":{"background-color":"var(--ast-global-color-5)","background-image":"","background-repeat":"repeat","background-position":"center center","background-size":"auto","background-attachment":"scroll","background-type":"","background-media":"","overlay-type":"","overlay-color":"","overlay-opacity":"","overlay-gradient":""}},"_joinchat":[]},"product_brand":[],"product_cat":[285,257,256,273],"product_tag":[786],"class_list":["post-7813","product","type-product","status-publish","has-post-thumbnail","product_cat-composiciones-juveniles","product_cat-estructura-madera","product_cat-literas","product_cat-muebles-juveniles","product_tag-rpep","desktop-align-center","tablet-align-left","mobile-align-left","ast-product-gallery-layout-vertical-slider","ast-product-tabs-layout-accordion","ast-qv-on-image","first","instock","sale","shipping-taxable","purchasable","product-type-simple"],"_links":{"self":[{"href":"https:\/\/mueblesdetena.es\/ru_ru\/wp-json\/wp\/v2\/product\/7813","targetHints":{"allow":["GET"]}}],"collection":[{"href":"https:\/\/mueblesdetena.es\/ru_ru\/wp-json\/wp\/v2\/product"}],"about":[{"href":"https:\/\/mueblesdetena.es\/ru_ru\/wp-json\/wp\/v2\/types\/product"}],"replies":[{"embeddable":true,"href":"https:\/\/mueblesdetena.es\/ru_ru\/wp-json\/wp\/v2\/comments?post=7813"}],"version-history":[{"count":11,"href":"https:\/\/mueblesdetena.es\/ru_ru\/wp-json\/wp\/v2\/product\/7813\/revisions"}],"predecessor-version":[{"id":48172,"href":"https:\/\/mueblesdetena.es\/ru_ru\/wp-json\/wp\/v2\/product\/7813\/revisions\/48172"}],"wp:featuredmedia":[{"embeddable":true,"href":"https:\/\/mueblesdetena.es\/ru_ru\/wp-json\/wp\/v2\/media\/44033"}],"wp:attachment":[{"href":"https:\/\/mueblesdetena.es\/ru_ru\/wp-json\/wp\/v2\/media?parent=7813"}],"wp:term":[{"taxonomy":"product_brand","embeddable":true,"href":"https:\/\/mueblesdetena.es\/ru_ru\/wp-json\/wp\/v2\/product_brand?post=7813"},{"taxonomy":"product_cat","embeddable":true,"href":"https:\/\/mueblesdetena.es\/ru_ru\/wp-json\/wp\/v2\/product_cat?post=7813"},{"taxonomy":"product_tag","embeddable":true,"href":"https:\/\/mueblesdetena.es\/ru_ru\/wp-json\/wp\/v2\/product_tag?post=7813"}],"curies":[{"name":"wp","href":"https:\/\/api.w.org\/{rel}","templated":true}]}}